{"id":3787,"date":"2024-10-19T19:53:21","date_gmt":"2024-10-19T19:53:21","guid":{"rendered":"https:\/\/www.cltweb.org\/biblioteca-de-recursos\/sul-global\/brasil\/projeto-do-termo-territorial-coletivo\/"},"modified":"2024-10-19T19:53:55","modified_gmt":"2024-10-19T19:53:55","slug":"projeto-do-termo-territorial-coletivo","status":"publish","type":"page","link":"https:\/\/www.cltweb.org\/pt-br\/biblioteca-de-recursos\/sul-global\/brasil\/projeto-do-termo-territorial-coletivo\/","title":{"rendered":"Projeto do Termo Territorial Coletivo"},"content":{"rendered":"\n<p>O Projeto do Termo Territorial Coletivo nasceu em 2018, pouco tempo depois da cidade do Rio de Janeiro passar pela maior onda de remo\u00e7\u00f5es da sua hist\u00f3ria. Na ocasi\u00e3o, cerca de 80.000 pessoas foram retiradas de suas casas, o que justifica a necessidade de preparar a cidade para os megaeventos que foram realizados aqui, em especial as Olimp\u00edadas de 2016. A gigantesca dimens\u00e3o dessa pol\u00edtica de remo\u00e7\u00f5es, aliada a um processo de gentrifica\u00e7\u00e3o que vinha atingindo diversas favelas da cidade, deixou clara a incapacidade dos instrumentos fundi\u00e1rios existentes em garantir a perman\u00eancia dos moradores em seus espa\u00e7os. Diante desse cen\u00e1rio, ao buscar novas maneiras de fortalecer a seguran\u00e7a da posse das comunidades da cidade, nos deparamos com um modelo inovador que surgiu nos Estados Unidos nos anos 1960, e que hoje \u00e9 amplamente utilizado em diversas regi\u00f5es do planeta: o Termo Territorial Coletivo (TTC).   <\/p>\n\n<p>O potencial do TTC para as favelas e outras ocupa\u00e7\u00f5es urbanas foi demonstrado com a experi\u00eancia das comunidades do Ca\u00f1o Mart\u00edn Pe\u00f1a, em Porto Rico, na qual um conjunto de favelas decidiu adotar o modelo como forma de regularizar seu territ\u00f3rio, chamando-o de Fideicomiso de la Tierra. A partir da instaura\u00e7\u00e3o do TTC, os moradores passaram a exercer a gest\u00e3o coletiva do territ\u00f3rio, com a garantia da seguran\u00e7a da posse contra processos de remo\u00e7\u00e3o pelo Estado ou especula\u00e7\u00e3o imobili\u00e1ria e gentrifica\u00e7\u00e3o, um risco iminente por conta da centralidade da \u00e1rea que eles ocupam e pelas interven\u00e7\u00f5es p\u00fablicas no local. <\/p>\n\n<p>A experi\u00eancia de Porto Rico mostrou que o TTC pode se encaixar muito bem na realidade de assentamentos informais que passam por processos de regulariza\u00e7\u00e3o, desviando assim da aplica\u00e7\u00e3o cl\u00e1ssica do modelo no Norte Global. Inspirados pela experi\u00eancia, em agosto de 2018, a ONG Comunidades Catalisadoras convidou uma coletiva de membros do Fideicomiso de la Tierra Ca\u00f1o Mart\u00edn Pe\u00f1a para o Rio de Janeiro, para oferecer uma s\u00e9rie de oficinas a atores locais. O objetivo dessas oficinas foi aprender com a experi\u00eancia porto-riquenha, para melhor conhecer o TTC e discutir como ele poderia ser efetivo na promo\u00e7\u00e3o de moradia acess\u00edvel no Brasil.  <\/p>\n\n<p>Ap\u00f3s 5 dias de oficinas, foi decidido que seria formado um Grupo de Trabalho permanente, com reuni\u00f5es regulares, para estudar com mais profundidade o Termo Territorial Coletivo, difundir conhecimento sobre ele e pensar como ele poderia ser implementado no Brasil. A composi\u00e7\u00e3o do grupo j\u00e1 come\u00e7ou bastante diversa, incluindo lideran\u00e7as comunit\u00e1rias, representantes de \u00f3rg\u00e3os p\u00fablicos, universidades, arquitetos e urbanistas e estudantes. Logo no in\u00edcio, foram definidas duas frentes de trabalho principais: mobiliza\u00e7\u00e3o (destinada a organizar atividades nas comunidades interessadas) e legisla\u00e7\u00e3o (destinada a pensar solu\u00e7\u00f5es jur\u00eddicas para a implementa\u00e7\u00e3o do TTC, e construir propostas de regulamenta\u00e7\u00e3o legal do modelo).  <\/p>\n\n<p>Logo de in\u00edcio, foi necess\u00e1rio adotar uma outra nomenclatura para o modelo. O termo Community Land Trust n\u00e3o poderia ser replicado literalmente para o portugu\u00eas, n\u00e3o s\u00f3 por sua dif\u00edcil compreens\u00e3o, mas tamb\u00e9m por diferen\u00e7as entre os sistemas jur\u00eddicos do Brasil e dos EUA. Assim, foi cunhado o nome Termo Territorial Coletivo, por conseguir capturar a ess\u00eancia do modelo: seu car\u00e1ter consensual e de livre manifesta\u00e7\u00e3o da vontade &#8211; um acordo, um termo -, o objeto sob o qual se pretende operar &#8211; o territ\u00f3rio -, e, por fim, seu aspecto comunit\u00e1rio e forma de organiza\u00e7\u00e3o &#8211; fundamentalmente coletiva. N\u00e3o se trata de uma mera tradu\u00e7\u00e3o, mas sim uma adapta\u00e7\u00e3o do modelo para a realidade brasileira, mantendo suas caracter\u00edsticas fundamentais, mas introduzindo novos elementos.   <\/p>\n\n<p>Assim nasceu o Projeto TTC, cuja estrutura se manteve at\u00e9 os dias de hoje. A diversidade de atores que participam do GT \u00e9 um dos pontos mais positivos do projeto, e permitiu a cria\u00e7\u00e3o de um ambiente f\u00e9rtil de troca e colabora\u00e7\u00e3o. Logo de in\u00edcio, duas comunidades do Rio de Janeiro se apresentaram como poss\u00edveis projetos piloto, nas quais passou a ser desenvolvido um processo longo de mobiliza\u00e7\u00e3o comunit\u00e1ria, com ampla participa\u00e7\u00e3o dos moradores.  <\/p>\n\n<p>Atualmente, o Grupo de Trabalho conta com mais de 200 membros, entre moradores de favelas, ativistas de movimentos sociais, lideran\u00e7as, pesquisadores, membros de \u00f3rg\u00e3os p\u00fablicos e aliados t\u00e9cnicos. De 2018 para c\u00e1, obtivemos diversas conquistas. O interesse acerca do Termo Territorial Coletivo cresceu bastante, ultrapassando as fronteiras do Rio de Janeiro, e hoje mantemos contato com atores em diferentes estados do pa\u00eds que desejam trabalhar com o modelo. Em 2021 vimos a aprova\u00e7\u00e3o da primeira lei que regulamenta o instrumento no Brasil.   <\/p>\n\n<p>O Grupo de Trabalho do Projeto Termo Territorial Coletivo est\u00e1 aberto e todos que desejarem contribuir podem participar!<\/p>\n","protected":false},"excerpt":{"rendered":"<p>O Projeto do Termo Territorial Coletivo nasceu em 2018, pouco tempo depois da cidade do Rio de Janeiro passar pela maior onda de remo\u00e7\u00f5es da sua hist\u00f3ria. Na ocasi\u00e3o, cerca [&hellip;]<\/p>\n","protected":false},"author":1,"featured_media":0,"parent":3744,"menu_order":0,"comment_status":"closed","ping_status":"closed","template":"","meta":{"give_campaign_id":0,"_tec_requires_first_save":true,"_kad_blocks_custom_css":"","_kad_blocks_head_custom_js":"","_kad_blocks_body_custom_js":"","_kad_blocks_footer_custom_js":"","_EventAllDay":false,"_EventTimezone":"","_EventStartDate":"","_EventEndDate":"","_EventStartDateUTC":"","_EventEndDateUTC":"","_EventShowMap":false,"_EventShowMapLink":false,"_EventURL":"","_EventCost":"","_EventCostDescription":"","_EventCurrencySymbol":"","_EventCurrencyCode":"","_EventCurrencyPosition":"","_EventDateTimeSeparator":"","_EventTimeRangeSeparator":"","_EventOrganizerID":[],"_EventVenueID":[],"_OrganizerEmail":"","_OrganizerPhone":"","_OrganizerWebsite":"","_VenueAddress":"","_VenueCity":"","_VenueCountry":"","_VenueProvince":"","_VenueState":"","_VenueZip":"","_VenuePhone":"","_VenueURL":"","_VenueStateProvince":"","_VenueLat":"","_VenueLng":"","_VenueShowMap":false,"_VenueShowMapLink":false,"_tribe_blocks_recurrence_rules":"","_tribe_blocks_recurrence_description":"","_tribe_blocks_recurrence_exclusions":"","footnotes":""},"categories":[],"tags":[],"class_list":["post-3787","page","type-page","status-publish","hentry"],"blocksy_meta":[],"yoast_head":"<!-- This site is optimized with the Yoast SEO Premium plugin v27.5 (Yoast SEO v27.5) - https:\/\/yoast.com\/product\/yoast-seo-premium-wordpress\/ -->\n<title>Projeto do Termo Territorial Coletivo - International Center for Community Land Trusts<\/title>\n<meta name=\"robots\" content=\"index, follow, max-snippet:-1, max-image-preview:large, max-video-preview:-1\" \/>\n<link rel=\"canonical\" href=\"https:\/\/www.cltweb.org\/pt-br\/biblioteca-de-recursos\/sul-global\/brasil\/projeto-do-termo-territorial-coletivo\/\" \/>\n<meta property=\"og:locale\" content=\"pt_BR\" \/>\n<meta property=\"og:type\" content=\"article\" \/>\n<meta property=\"og:title\" content=\"Projeto do Termo Territorial Coletivo\" \/>\n<meta property=\"og:description\" content=\"O Projeto do Termo Territorial Coletivo nasceu em 2018, pouco tempo depois da cidade do Rio de Janeiro passar pela maior onda de remo\u00e7\u00f5es da sua hist\u00f3ria. Na ocasi\u00e3o, cerca [&hellip;]\" \/>\n<meta property=\"og:url\" content=\"https:\/\/www.cltweb.org\/pt-br\/biblioteca-de-recursos\/sul-global\/brasil\/projeto-do-termo-territorial-coletivo\/\" \/>\n<meta property=\"og:site_name\" content=\"International Center for Community Land Trusts\" \/>\n<meta property=\"article:publisher\" content=\"https:\/\/www.facebook.com\/cltcenter\" \/>\n<meta property=\"article:modified_time\" content=\"2024-10-19T19:53:55+00:00\" \/>\n<meta name=\"twitter:card\" content=\"summary_large_image\" \/>\n<meta name=\"twitter:site\" content=\"@Center4CLTs\" \/>\n<meta name=\"twitter:label1\" content=\"Est. tempo de leitura\" \/>\n\t<meta name=\"twitter:data1\" content=\"4 minutos\" \/>\n<script type=\"application\/ld+json\" class=\"yoast-schema-graph\">{\"@context\":\"https:\\\/\\\/schema.org\",\"@graph\":[{\"@type\":\"WebPage\",\"@id\":\"https:\\\/\\\/www.cltweb.org\\\/pt-br\\\/biblioteca-de-recursos\\\/sul-global\\\/brasil\\\/projeto-do-termo-territorial-coletivo\\\/\",\"url\":\"https:\\\/\\\/www.cltweb.org\\\/pt-br\\\/biblioteca-de-recursos\\\/sul-global\\\/brasil\\\/projeto-do-termo-territorial-coletivo\\\/\",\"name\":\"Projeto do Termo Territorial Coletivo - International Center for Community Land Trusts\",\"isPartOf\":{\"@id\":\"https:\\\/\\\/www.cltweb.org\\\/pt-br\\\/#website\"},\"datePublished\":\"2024-10-19T19:53:21+00:00\",\"dateModified\":\"2024-10-19T19:53:55+00:00\",\"breadcrumb\":{\"@id\":\"https:\\\/\\\/www.cltweb.org\\\/pt-br\\\/biblioteca-de-recursos\\\/sul-global\\\/brasil\\\/projeto-do-termo-territorial-coletivo\\\/#breadcrumb\"},\"inLanguage\":\"pt-BR\",\"potentialAction\":[{\"@type\":\"ReadAction\",\"target\":[\"https:\\\/\\\/www.cltweb.org\\\/pt-br\\\/biblioteca-de-recursos\\\/sul-global\\\/brasil\\\/projeto-do-termo-territorial-coletivo\\\/\"]}]},{\"@type\":\"BreadcrumbList\",\"@id\":\"https:\\\/\\\/www.cltweb.org\\\/pt-br\\\/biblioteca-de-recursos\\\/sul-global\\\/brasil\\\/projeto-do-termo-territorial-coletivo\\\/#breadcrumb\",\"itemListElement\":[{\"@type\":\"ListItem\",\"position\":1,\"name\":\"Home\",\"item\":\"https:\\\/\\\/www.cltweb.org\\\/pt-br\\\/\"},{\"@type\":\"ListItem\",\"position\":2,\"name\":\"Biblioteca de recursos\",\"item\":\"https:\\\/\\\/www.cltweb.org\\\/pt-br\\\/biblioteca-de-recursos\\\/\"},{\"@type\":\"ListItem\",\"position\":3,\"name\":\"Sul Global\",\"item\":\"https:\\\/\\\/www.cltweb.org\\\/pt-br\\\/biblioteca-de-recursos\\\/sul-global\\\/\"},{\"@type\":\"ListItem\",\"position\":4,\"name\":\"Brasil\",\"item\":\"https:\\\/\\\/www.cltweb.org\\\/pt-br\\\/biblioteca-de-recursos\\\/sul-global\\\/brasil\\\/\"},{\"@type\":\"ListItem\",\"position\":5,\"name\":\"Projeto do Termo Territorial Coletivo\"}]},{\"@type\":\"WebSite\",\"@id\":\"https:\\\/\\\/www.cltweb.org\\\/pt-br\\\/#website\",\"url\":\"https:\\\/\\\/www.cltweb.org\\\/pt-br\\\/\",\"name\":\"International Center for Community Land Trusts\",\"description\":\"\",\"publisher\":{\"@id\":\"https:\\\/\\\/www.cltweb.org\\\/pt-br\\\/#organization\"},\"potentialAction\":[{\"@type\":\"SearchAction\",\"target\":{\"@type\":\"EntryPoint\",\"urlTemplate\":\"https:\\\/\\\/www.cltweb.org\\\/pt-br\\\/?s={search_term_string}\"},\"query-input\":{\"@type\":\"PropertyValueSpecification\",\"valueRequired\":true,\"valueName\":\"search_term_string\"}}],\"inLanguage\":\"pt-BR\"},{\"@type\":\"Organization\",\"@id\":\"https:\\\/\\\/www.cltweb.org\\\/pt-br\\\/#organization\",\"name\":\"International Center for Community Land Trusts\",\"url\":\"https:\\\/\\\/www.cltweb.org\\\/pt-br\\\/\",\"logo\":{\"@type\":\"ImageObject\",\"inLanguage\":\"pt-BR\",\"@id\":\"https:\\\/\\\/www.cltweb.org\\\/pt-br\\\/#\\\/schema\\\/logo\\\/image\\\/\",\"url\":\"https:\\\/\\\/www.cltweb.org\\\/wp-content\\\/uploads\\\/2024\\\/11\\\/New-CLT-Center-Text-logo.png\",\"contentUrl\":\"https:\\\/\\\/www.cltweb.org\\\/wp-content\\\/uploads\\\/2024\\\/11\\\/New-CLT-Center-Text-logo.png\",\"width\":227,\"height\":80,\"caption\":\"International Center for Community Land Trusts\"},\"image\":{\"@id\":\"https:\\\/\\\/www.cltweb.org\\\/pt-br\\\/#\\\/schema\\\/logo\\\/image\\\/\"},\"sameAs\":[\"https:\\\/\\\/www.facebook.com\\\/cltcenter\",\"https:\\\/\\\/x.com\\\/Center4CLTs\",\"https:\\\/\\\/www.instagram.com\\\/cltcenter\\\/\",\"https:\\\/\\\/www.linkedin.com\\\/company\\\/cltcenter\",\"https:\\\/\\\/www.youtube.com\\\/@centerforcltinnovation5313\"],\"description\":\"The International Center for Community Land Trusts is a not-for-profit nongovernmental organization established in 2018 to promote and to support community land trusts and similar strategies of community-led development on community-owned land in countries throughout the world.\",\"email\":\"info@communitylandtrust.net\",\"legalName\":\"International Center for Community Land Trusts\",\"foundingDate\":\"2018-12-01\",\"taxID\":\"84-3858933\",\"numberOfEmployees\":{\"@type\":\"QuantitativeValue\",\"minValue\":\"1\",\"maxValue\":\"10\"}}]}<\/script>\n<!-- \/ Yoast SEO Premium plugin. -->","yoast_head_json":{"title":"Projeto do Termo Territorial Coletivo - International Center for Community Land Trusts","robots":{"index":"index","follow":"follow","max-snippet":"max-snippet:-1","max-image-preview":"max-image-preview:large","max-video-preview":"max-video-preview:-1"},"canonical":"https:\/\/www.cltweb.org\/pt-br\/biblioteca-de-recursos\/sul-global\/brasil\/projeto-do-termo-territorial-coletivo\/","og_locale":"pt_BR","og_type":"article","og_title":"Projeto do Termo Territorial Coletivo","og_description":"O Projeto do Termo Territorial Coletivo nasceu em 2018, pouco tempo depois da cidade do Rio de Janeiro passar pela maior onda de remo\u00e7\u00f5es da sua hist\u00f3ria. Na ocasi\u00e3o, cerca [&hellip;]","og_url":"https:\/\/www.cltweb.org\/pt-br\/biblioteca-de-recursos\/sul-global\/brasil\/projeto-do-termo-territorial-coletivo\/","og_site_name":"International Center for Community Land Trusts","article_publisher":"https:\/\/www.facebook.com\/cltcenter","article_modified_time":"2024-10-19T19:53:55+00:00","twitter_card":"summary_large_image","twitter_site":"@Center4CLTs","twitter_misc":{"Est. tempo de leitura":"4 minutos"},"schema":{"@context":"https:\/\/schema.org","@graph":[{"@type":"WebPage","@id":"https:\/\/www.cltweb.org\/pt-br\/biblioteca-de-recursos\/sul-global\/brasil\/projeto-do-termo-territorial-coletivo\/","url":"https:\/\/www.cltweb.org\/pt-br\/biblioteca-de-recursos\/sul-global\/brasil\/projeto-do-termo-territorial-coletivo\/","name":"Projeto do Termo Territorial Coletivo - International Center for Community Land Trusts","isPartOf":{"@id":"https:\/\/www.cltweb.org\/pt-br\/#website"},"datePublished":"2024-10-19T19:53:21+00:00","dateModified":"2024-10-19T19:53:55+00:00","breadcrumb":{"@id":"https:\/\/www.cltweb.org\/pt-br\/biblioteca-de-recursos\/sul-global\/brasil\/projeto-do-termo-territorial-coletivo\/#breadcrumb"},"inLanguage":"pt-BR","potentialAction":[{"@type":"ReadAction","target":["https:\/\/www.cltweb.org\/pt-br\/biblioteca-de-recursos\/sul-global\/brasil\/projeto-do-termo-territorial-coletivo\/"]}]},{"@type":"BreadcrumbList","@id":"https:\/\/www.cltweb.org\/pt-br\/biblioteca-de-recursos\/sul-global\/brasil\/projeto-do-termo-territorial-coletivo\/#breadcrumb","itemListElement":[{"@type":"ListItem","position":1,"name":"Home","item":"https:\/\/www.cltweb.org\/pt-br\/"},{"@type":"ListItem","position":2,"name":"Biblioteca de recursos","item":"https:\/\/www.cltweb.org\/pt-br\/biblioteca-de-recursos\/"},{"@type":"ListItem","position":3,"name":"Sul Global","item":"https:\/\/www.cltweb.org\/pt-br\/biblioteca-de-recursos\/sul-global\/"},{"@type":"ListItem","position":4,"name":"Brasil","item":"https:\/\/www.cltweb.org\/pt-br\/biblioteca-de-recursos\/sul-global\/brasil\/"},{"@type":"ListItem","position":5,"name":"Projeto do Termo Territorial Coletivo"}]},{"@type":"WebSite","@id":"https:\/\/www.cltweb.org\/pt-br\/#website","url":"https:\/\/www.cltweb.org\/pt-br\/","name":"International Center for Community Land Trusts","description":"","publisher":{"@id":"https:\/\/www.cltweb.org\/pt-br\/#organization"},"potentialAction":[{"@type":"SearchAction","target":{"@type":"EntryPoint","urlTemplate":"https:\/\/www.cltweb.org\/pt-br\/?s={search_term_string}"},"query-input":{"@type":"PropertyValueSpecification","valueRequired":true,"valueName":"search_term_string"}}],"inLanguage":"pt-BR"},{"@type":"Organization","@id":"https:\/\/www.cltweb.org\/pt-br\/#organization","name":"International Center for Community Land Trusts","url":"https:\/\/www.cltweb.org\/pt-br\/","logo":{"@type":"ImageObject","inLanguage":"pt-BR","@id":"https:\/\/www.cltweb.org\/pt-br\/#\/schema\/logo\/image\/","url":"https:\/\/www.cltweb.org\/wp-content\/uploads\/2024\/11\/New-CLT-Center-Text-logo.png","contentUrl":"https:\/\/www.cltweb.org\/wp-content\/uploads\/2024\/11\/New-CLT-Center-Text-logo.png","width":227,"height":80,"caption":"International Center for Community Land Trusts"},"image":{"@id":"https:\/\/www.cltweb.org\/pt-br\/#\/schema\/logo\/image\/"},"sameAs":["https:\/\/www.facebook.com\/cltcenter","https:\/\/x.com\/Center4CLTs","https:\/\/www.instagram.com\/cltcenter\/","https:\/\/www.linkedin.com\/company\/cltcenter","https:\/\/www.youtube.com\/@centerforcltinnovation5313"],"description":"The International Center for Community Land Trusts is a not-for-profit nongovernmental organization established in 2018 to promote and to support community land trusts and similar strategies of community-led development on community-owned land in countries throughout the world.","email":"info@communitylandtrust.net","legalName":"International Center for Community Land Trusts","foundingDate":"2018-12-01","taxID":"84-3858933","numberOfEmployees":{"@type":"QuantitativeValue","minValue":"1","maxValue":"10"}}]}},"campaignId":"","taxonomy_info":[],"featured_image_src_large":false,"author_info":{"display_name":"cltredesign_0jp0l4","author_link":"https:\/\/www.cltweb.org\/pt-br\/author\/cltredesign_0jp0l4\/"},"comment_info":0,"jetpack_sharing_enabled":true,"jetpack-related-posts":[{"id":3778,"url":"https:\/\/www.cltweb.org\/resources\/global-south\/brazil\/projeto-do-termo-territorial-coletivo\/","url_meta":{"origin":3787,"position":0},"title":"Projeto do Termo Territorial Coletivo","author":"cltredesign_0jp0l4","date":"19 de outubro de 2024","format":false,"excerpt":"O Projeto do Termo Territorial Coletivo nasceu em 2018, pouco tempo depois da cidade do Rio de Janeiro passar pela maior onda de remo\u00e7\u00f5es da sua hist\u00f3ria. Na ocasi\u00e3o, cerca de 80.000 pessoas foram retiradas das suas casas, sob justificativa da necessidade de preparar a cidade para os megaeventos que\u2026","rel":"","context":"Post similar","block_context":{"text":"Post similar","link":""},"img":{"alt_text":"","src":"","width":0,"height":0},"classes":[]},{"id":3789,"url":"https:\/\/www.cltweb.org\/de\/ressourcenbibliothek\/globaler-sueden\/brasilien\/projeto-do-termo-territorial-coletivo\/","url_meta":{"origin":3787,"position":1},"title":"Projeto do Termo Territorial Coletivo","author":"cltredesign_0jp0l4","date":"19 de outubro de 2024","format":false,"excerpt":"O Projeto do Termo Territorial Coletivo nasceu em 2018, pouco tempo depois da cidade do Rio de Janeiro passar pela maior onda de remo\u00e7\u00f5es da sua hist\u00f3ria. Bei dieser Gelegenheit wurden ca. 80.000 Menschen aus ihren H\u00e4usern vertrieben, was die Notwendigkeit unterstreicht, die Stadt auf die Mega-Events vorzubereiten, die hier\u2026","rel":"","context":"Post similar","block_context":{"text":"Post similar","link":""},"img":{"alt_text":"","src":"","width":0,"height":0},"classes":[]},{"id":3763,"url":"https:\/\/www.cltweb.org\/pt-br\/biblioteca-de-recursos\/sul-global\/brasil\/fundo-de-terras-da-comunidade-da-favela\/","url_meta":{"origin":3787,"position":2},"title":"Fundo de Terras da Comunidade da Favela","author":"cltredesign_0jp0l4","date":"19 de outubro de 2024","format":false,"excerpt":"O projeto Favela Community Land Trust (Favela-CLT) nasceu em agosto de 2018, logo ap\u00f3s a cidade do Rio de Janeiro ter passado pela maior onda de despejos de sua hist\u00f3ria. Na ocasi\u00e3o, cerca de 80.000 pessoas foram removidas de suas casas, justificadas pela suposta necessidade de preparar a cidade para\u2026","rel":"","context":"Post similar","block_context":{"text":"Post similar","link":""},"img":{"alt_text":"","src":"","width":0,"height":0},"classes":[]},{"id":3744,"url":"https:\/\/www.cltweb.org\/pt-br\/biblioteca-de-recursos\/sul-global\/brasil\/","url_meta":{"origin":3787,"position":3},"title":"Brasil","author":"cltredesign_0jp0l4","date":"19 de outubro de 2024","format":false,"excerpt":"Termo Territorial ColetivoLiderados pela Catalytic Communities, os fundos comunit\u00e1rios de terras est\u00e3o sendo estabelecidos no Rio de Janeiro - e um novo movimento nacional est\u00e1 sendo constru\u00eddo. O projeto brasileiro Favela Community Land Trust(Termo Territorial Coletivo), desenvolvido pela Catalytic Communities em parceria com v\u00e1rios \u00f3rg\u00e3os p\u00fablicos, institui\u00e7\u00f5es privadas, universidades e\u2026","rel":"","context":"Em &quot;Sul Global&quot;","block_context":{"text":"Sul Global","link":"https:\/\/www.cltweb.org\/pt-br\/category\/sul-global\/"},"img":{"alt_text":"","src":"https:\/\/i0.wp.com\/www.cltweb.org\/wp-content\/uploads\/2024\/10\/TTC-logo.png?resize=350%2C200&ssl=1","width":350,"height":200},"classes":[]},{"id":4203,"url":"https:\/\/www.cltweb.org\/pt-br\/biblioteca-de-recursos\/raizes-da-clt\/precursores-internacionais\/cidades-jardim\/","url_meta":{"origin":3787,"position":4},"title":"Cidades Jardim na Inglaterra","author":"cltredesign_0jp0l4","date":"22 de outubro de 2024","format":false,"excerpt":"Em 1898, um ingl\u00eas autodidata chamado Ebenezer Howard, que havia sido influenciado pelos escritos de Edward Bellamy e Henry George, publicou Tomorrow: A Peaceful Path to Real Reform. Revisado e reeditado em 1902 com um novo t\u00edtulo, Garden Cities of To-Morrow, o livro de Howard tornou-se um texto seminal no\u2026","rel":"","context":"Em &quot;Precursores internacionais&quot;","block_context":{"text":"Precursores internacionais","link":"https:\/\/www.cltweb.org\/pt-br\/category\/precursores-internacionais\/"},"img":{"alt_text":"","src":"","width":0,"height":0},"classes":[]},{"id":3735,"url":"https:\/\/www.cltweb.org\/resources\/global-south\/brazil\/","url_meta":{"origin":3787,"position":5},"title":"Brazil","author":"cltredesign_0jp0l4","date":"19 de outubro de 2024","format":false,"excerpt":"Termo Territorial ColetivoLed by Catalytic Communities, community land trusts are being established in Rio de Janeiro -- and a new national movement is being built. Brazil's Favela Community Land Trust project (Termo Territorial Coletivo), developed by\u00a0Catalytic Communities\u00a0in partnership with several public agencies, private institutions, universities, and community leaders, is inspired\u2026","rel":"","context":"Em &quot;Global South&quot;","block_context":{"text":"Global South","link":"https:\/\/www.cltweb.org\/category\/global-south\/"},"img":{"alt_text":"","src":"https:\/\/i0.wp.com\/www.cltweb.org\/wp-content\/uploads\/2024\/10\/TTC-logo.png?resize=350%2C200&ssl=1","width":350,"height":200},"classes":[]}],"_links":{"self":[{"href":"https:\/\/www.cltweb.org\/pt-br\/wp-json\/wp\/v2\/pages\/3787","targetHints":{"allow":["GET"]}}],"collection":[{"href":"https:\/\/www.cltweb.org\/pt-br\/wp-json\/wp\/v2\/pages"}],"about":[{"href":"https:\/\/www.cltweb.org\/pt-br\/wp-json\/wp\/v2\/types\/page"}],"author":[{"embeddable":true,"href":"https:\/\/www.cltweb.org\/pt-br\/wp-json\/wp\/v2\/users\/1"}],"replies":[{"embeddable":true,"href":"https:\/\/www.cltweb.org\/pt-br\/wp-json\/wp\/v2\/comments?post=3787"}],"version-history":[{"count":1,"href":"https:\/\/www.cltweb.org\/pt-br\/wp-json\/wp\/v2\/pages\/3787\/revisions"}],"predecessor-version":[{"id":3788,"href":"https:\/\/www.cltweb.org\/pt-br\/wp-json\/wp\/v2\/pages\/3787\/revisions\/3788"}],"up":[{"embeddable":true,"href":"https:\/\/www.cltweb.org\/pt-br\/wp-json\/wp\/v2\/pages\/3744"}],"wp:attachment":[{"href":"https:\/\/www.cltweb.org\/pt-br\/wp-json\/wp\/v2\/media?parent=3787"}],"wp:term":[{"taxonomy":"category","embeddable":true,"href":"https:\/\/www.cltweb.org\/pt-br\/wp-json\/wp\/v2\/categories?post=3787"},{"taxonomy":"post_tag","embeddable":true,"href":"https:\/\/www.cltweb.org\/pt-br\/wp-json\/wp\/v2\/tags?post=3787"}],"curies":[{"name":"wp","href":"https:\/\/api.w.org\/{rel}","templated":true}]}}