{"id":3811,"date":"2024-10-19T20:01:37","date_gmt":"2024-10-19T20:01:37","guid":{"rendered":"https:\/\/www.cltweb.org\/o-que-os-clts-fazem\/sul-global\/porto-rico\/"},"modified":"2025-01-09T15:38:18","modified_gmt":"2025-01-09T15:38:18","slug":"porto-rico","status":"publish","type":"page","link":"https:\/\/www.cltweb.org\/pt-br\/biblioteca-de-recursos\/sul-global\/porto-rico\/","title":{"rendered":"Porto Rico"},"content":{"rendered":"<style>.wp-block-kadence-column.kb-section-dir-horizontal > .kt-inside-inner-col > .kt-info-box3807_17e70d-f1 .kt-blocks-info-box-link-wrap{max-width:unset;}.kt-info-box3807_17e70d-f1 .kt-blocks-info-box-link-wrap{border-top:5px solid var(--global-palette7, #eeeeee);border-right:5px solid var(--global-palette7, #eeeeee);border-bottom:5px solid var(--global-palette7, #eeeeee);border-left:5px solid var(--global-palette7, #eeeeee);border-top-left-radius:30px;border-top-right-radius:30px;border-bottom-right-radius:30px;border-bottom-left-radius:30px;background:#ffffff;padding-top:var(--global-kb-spacing-xs, 1rem);padding-right:var(--global-kb-spacing-xs, 1rem);padding-bottom:var(--global-kb-spacing-xs, 1rem);padding-left:var(--global-kb-spacing-xs, 1rem);}.kt-info-box3807_17e70d-f1.wp-block-kadence-infobox{max-width:100%;}.kt-info-box3807_17e70d-f1 .kadence-info-box-image-inner-intrisic-container{max-width:150px;}.kt-info-box3807_17e70d-f1 .kadence-info-box-image-inner-intrisic-container .kadence-info-box-image-intrisic{padding-bottom:31.2227%;width:1374px;height:0px;max-width:100%;}.kt-info-box3807_17e70d-f1 .kadence-info-box-icon-container .kt-info-svg-icon, .kt-info-box3807_17e70d-f1 .kt-info-svg-icon-flip, .kt-info-box3807_17e70d-f1 .kt-blocks-info-box-number{font-size:50px;}.kt-info-box3807_17e70d-f1 .kt-blocks-info-box-media{border-top-width:0px;border-right-width:0px;border-bottom-width:0px;border-left-width:0px;padding-top:20px;padding-right:20px;padding-bottom:20px;padding-left:20px;margin-top:0px;margin-right:20px;margin-bottom:0px;margin-left:0px;}.kt-info-box3807_17e70d-f1 .kt-infobox-textcontent h2.kt-blocks-info-box-title{padding-top:0px;padding-right:0px;padding-bottom:0px;padding-left:0px;margin-top:5px;margin-right:0px;margin-bottom:10px;margin-left:0px;}.kt-info-box3807_17e70d-f1 .kt-blocks-info-box-learnmore{background:transparent;border-width:0px 0px 0px 0px;padding-top:4px;padding-right:8px;padding-bottom:4px;padding-left:8px;margin-top:10px;margin-right:0px;margin-bottom:10px;margin-left:0px;}@media all and (max-width: 1024px){.kt-info-box3807_17e70d-f1 .kt-blocks-info-box-link-wrap{border-top:5px solid var(--global-palette7, #eeeeee);border-right:5px solid var(--global-palette7, #eeeeee);border-bottom:5px solid var(--global-palette7, #eeeeee);border-left:5px solid var(--global-palette7, #eeeeee);}}@media all and (max-width: 767px){.kt-info-box3807_17e70d-f1 .kt-blocks-info-box-link-wrap{border-top:5px solid var(--global-palette7, #eeeeee);border-right:5px solid var(--global-palette7, #eeeeee);border-bottom:5px solid var(--global-palette7, #eeeeee);border-left:5px solid var(--global-palette7, #eeeeee);}}<\/style>\n<div class=\"wp-block-kadence-infobox kt-info-box3807_17e70d-f1\"><span class=\"kt-blocks-info-box-link-wrap info-box-link kt-blocks-info-box-media-align-left kt-info-halign-left\"><div class=\"kt-blocks-info-box-media-container\"><div class=\"kt-blocks-info-box-media kt-info-media-animate-none\"><div class=\"kadence-info-box-image-inner-intrisic-container\"><div class=\"kadence-info-box-image-intrisic kt-info-animate-none\"><div class=\"kadence-info-box-image-inner-intrisic\"><img loading=\"lazy\" decoding=\"async\" src=\"https:\/\/www.cltweb.org\/wp-content\/uploads\/2024\/10\/cano-martin-pena-clt-logo.png\" alt=\"Logo for the Cano Mart&#xED;n Pe&#xF1;a CLT\" width=\"1374\" height=\"429\" class=\"kt-info-box-image wp-image-4789\" srcset=\"https:\/\/www.cltweb.org\/wp-content\/uploads\/2024\/10\/cano-martin-pena-clt-logo.png 1374w, https:\/\/www.cltweb.org\/wp-content\/uploads\/2024\/10\/cano-martin-pena-clt-logo-300x94.png 300w, https:\/\/www.cltweb.org\/wp-content\/uploads\/2024\/10\/cano-martin-pena-clt-logo-1024x320.png 1024w, https:\/\/www.cltweb.org\/wp-content\/uploads\/2024\/10\/cano-martin-pena-clt-logo-768x240.png 768w\" sizes=\"auto, (max-width: 1374px) 100vw, 1374px\" \/><\/div><\/div><\/div><\/div><\/div><div class=\"kt-infobox-textcontent\"><h2 class=\"kt-blocks-info-box-title\">Fideicomiso de la Tierra del Ca\u00f1o Mart\u00edn Pe\u00f1a<\/h2><p class=\"kt-blocks-info-box-text\">O Ca\u00f1o Mart\u00edn Pe\u00f1a Land Trust, em San Juan, Porto Rico, desenvolveu uma abordagem piloto para os fundos fiduci\u00e1rios comunit\u00e1rios em comunidades informais que est\u00e1 inspirando esfor\u00e7os em todo o Sul Global.<\/p><\/div><\/span><\/div>\n\n<div class=\"wp-block-columns is-layout-flex wp-container-core-columns-is-layout-28f84493 wp-block-columns-is-layout-flex\">\n<div class=\"wp-block-column is-layout-flow wp-block-column-is-layout-flow\">\n<p><strong>INTRODU\u00c7\u00c3O:<\/strong> El Fideicomiso de la Tierra del Ca\u00f1o Mart\u00edn Pe\u00f1a (Fideicomiso del Ca\u00f1o) es un fideicomiso comunitario de tierras dise\u00f1ado, creado y administrado por residentes de ocho barrios aleda\u00f1os al Ca\u00f1o Mart\u00edn Pe\u00f1a: um canal de \u00e1gua sumamente contaminado que faz parte de um sistema estuarino e que discorre pelo centro de San Juan, a capital de Porto Rico. Foi criado com o objetivo de regularizar a titularidade de terras e evitar a gentrifica\u00e7\u00e3o e o desalojamento involunt\u00e1rio, que ocorreram em raz\u00e3o do plano para os trabalhos de arrasto e limpeza do campo. A cria\u00e7\u00e3o do Fideicomiso del Ca\u00f1o e a restaura\u00e7\u00e3o ecol\u00f3gica do canal s\u00e3o os principais elementos da ampla agenda de trabalho participativo do Projeto ENLACE do Ca\u00f1o Mart\u00edn Pe\u00f1a. Essa iniciativa reuniu os moradores da comunidade e aliados dos setores p\u00fablico e privado com o objetivo de implementar um plano de desenvolvimento integral elaborado por meio de um processo de planejamento participativo com o objetivo de revitalizar uma \u00e1rea marginalizada historicamente e transformar essa zona urbana em um espa\u00e7o mais habit\u00e1vel, justo, participativo e com seus moradores como protagonistas de sua hist\u00f3ria. Para saber mais, voc\u00ea pode visitar seu <strong><a href=\"\" target=\"\" rel=\"\">site<\/a><\/strong> ou suas redes sociais em <strong><a href=\"\" target=\"\" rel=\"\">Facebook<\/a><\/strong>e no <strong><a href=\"\" target=\"\" rel=\"\">Instagram<\/a><\/strong> e no <strong><a href=\"\" target=\"\" rel=\"\">Twitter<\/a><\/strong>.      <\/p>\n<\/div>\n\n\n\n<div class=\"wp-block-column is-layout-flow wp-block-column-is-layout-flow\">\n<p><strong>INTRODU\u00c7\u00c3O:<\/strong> O Ca\u00f1o Mart\u00edn Pe\u00f1a Land Trust (Ca\u00f1o Trust) \u00e9 um fundo comunit\u00e1rio de terras concebido, criado e administrado pelos moradores de oito bairros que circundam o Ca\u00f1o Mart\u00edn Pe\u00f1a: um estu\u00e1rio de mar\u00e9 altamente polu\u00eddo que atravessa o centro de San Juan, a capital de Porto Rico. O Ca\u00f1o CLT foi criado com o objetivo de regularizar a propriedade da terra e evitar a gentrifica\u00e7\u00e3o e o deslocamento involunt\u00e1rio, que ocorreriam como resultado do plano de dragagem e limpeza do canal. A cria\u00e7\u00e3o do CLT Ca\u00f1o e a restaura\u00e7\u00e3o ecol\u00f3gica do canal s\u00e3o os principais elementos da extensa agenda de trabalho participativo do Projeto ENLACE Ca\u00f1o Mart\u00edn Pe\u00f1a. Essa iniciativa reuniu moradores da comunidade e aliados dos setores p\u00fablico e privado para implementar um plano de desenvolvimento abrangente projetado por meio de um processo de planejamento participativo para revitalizar uma \u00e1rea historicamente marginalizada e transformar essa \u00e1rea urbana em um espa\u00e7o mais habit\u00e1vel, justo e participativo para todos os seus moradores. Para saber mais, voc\u00ea pode visitar o <a href=\"\" target=\"\" rel=\"\"><strong>site<\/strong><\/a>ou visit\u00e1-los nas m\u00eddias sociais: <strong><a href=\"https:\/\/www.facebook.com\/ProyectoEnlaceCMP\" target=\"_blank\" rel=\"noreferrer noopener\">Facebook<\/a><\/strong>, <a href=\"\" target=\"\" rel=\"\"><strong>Instagram<\/strong><\/a>ou <strong><a href=\"https:\/\/twitter.com\/CanoMartinPena\" target=\"_blank\" rel=\"noreferrer noopener\">Twitter<\/a><\/strong>.    <\/p>\n<\/div>\n<\/div>\n<style>.wp-block-kadence-spacer.kt-block-spacer-3807_0adf16-7b .kt-block-spacer{height:20px;}.wp-block-kadence-spacer.kt-block-spacer-3807_0adf16-7b .kt-divider{border-top-width:7px;height:1px;border-top-color:#eee;width:80%;border-top-style:solid;}<\/style>\n<div class=\"wp-block-kadence-spacer aligncenter kt-block-spacer-3807_0adf16-7b\"><div class=\"kt-block-spacer kt-block-spacer-halign-center\"><hr class=\"kt-divider\"\/><\/div><\/div>\n\n<h3 class=\"wp-block-heading\" id=\"h-book-chapters-journal-articles-academic-papers\" style=\"font-size:clamp(15.747px, 0.984rem + ((1vw - 3.2px) * 0.645), 24px);\">Cap\u00edtulos de livros \/ Artigos de peri\u00f3dicos \/ Trabalhos acad\u00eamicos<\/h3>\n\n<ul class=\"wp-block-list\">\n<li><a href=\"https:\/\/www.lincolninst.edu\/pt-br\/publications\/working-papers\/community-land-trusts-informal-settlements\" target=\"_blank\" rel=\"noreferrer noopener\">Community Land Trusts and Informal Settlements<\/a>, Line Algoed, Alejandro Cott\u00e9 Morales, Tarcyla Fidalgo Ribeiro, Mar\u00eda E. Hern\u00e1ndez Torrales, Lyvia Rodr\u00edguez Del Valle e Theresa Williamson, Lincoln Institute of Land Policy, maio de 2021<\/li>\n\n\n\n<li><a href=\"https:\/\/www.cltweb.org\/wp-content\/uploads\/2024\/11\/CH11.pdf\" data-type=\"attachment\" data-id=\"6966\" target=\"_blank\" rel=\"noreferrer noopener\">Seeding the CLT in Latin America and the Caribbean: Origins, Achievements, and the Proof-of-Concept of the Ca\u00f1o Martin Pena CLT<\/a>, Mar\u00eda E. Hern\u00e1ndez-Torrales, Lyvia Rodr\u00edguez Del Valle, Line Algoed, and Karla Torres Sueiro, <em>Terra Nostra Press<\/em>, 2020<\/li>\n\n\n\n<li><a href=\"https:\/\/www.cambridge.org\/core\/journals\/social-policy-and-society\/article\/abs\/collective-property-rights-and-social-citizenship-recent-trends-in-urban-latin-america\/F13ED1CF6D7754A439C579F9774122D4#access-block\" target=\"_blank\" rel=\"noreferrer noopener\">Collective Property Rights and Social Citizenship: Tend\u00eancias recentes na Am\u00e9rica Latina urbana<\/a>, Diane E. Davis e Jos\u00e9 Carlos Fern\u00e1ndez, <em>Pol\u00edtica Social e Sociedade<\/em>, 26 de novembro de 2019<\/li>\n\n\n\n<li><a href=\"https:\/\/radicalhousingjournal.org\/wp-content\/uploads\/2019\/04\/02_Long-Read_Algoed-et-al_29-47.pdf\" target=\"_blank\" rel=\"noreferrer noopener\">Lessons from the Ca\u00f1o Mart\u00edn Pe\u00f1a Community Land Trust<\/a>, Line Algoed, Mar\u00eda E. Hern\u00e1ndez Torrales, <em>Radical Housing Journal<\/em>, abril de 2019<\/li>\n\n\n\n<li><a href=\"https:\/\/go.gale.com\/ps\/i.do?id=GALE%7CA247530571&amp;sid=googleScholar&amp;v=2.1&amp;it=r&amp;linkaccess=abs&amp;issn=10741917&amp;p=AONE&amp;sw=w&amp;userGroupName=anon%7E14ddd403\" target=\"_blank\" rel=\"noreferrer noopener\">Community (dis)empowerment: the Cano Martin Pena project<\/a>, Christine Letts, Harvard Journal of Hispanic Policy, 2010<\/li>\n<\/ul>\n\n<h3 class=\"wp-block-heading\" id=\"h-news-articles\" style=\"font-size:clamp(15.747px, 0.984rem + ((1vw - 3.2px) * 0.645), 24px);\">Artigos de not\u00edcias<\/h3>\n\n<ul class=\"wp-block-list\">\n<li><a href=\"https:\/\/www.womenbuildcommunity.org\/case\/grupo-de-las-ocho-comunidades-aledanas-al-cano-martin-pena-g8\/\" target=\"_blank\" rel=\"noreferrer noopener\">Grupo de las Ocho Comunidades Aleda\u00f1as al Ca\u00f1o Mart\u00edn Pe\u00f1a (G8)<\/a>, entrevista com Lucy Cruz, Women&#8217;s Leadership in Community Development e Centro Prat, 26 de mar\u00e7o de 2021<\/li>\n\n\n\n<li><a href=\"https:\/\/www.theweeklyjournal.com\/business-gallery\/ciapr-hands-over-sustainable-homes-for-ca-o-mart-n-pe-a-community\/article_0155582c-76bc-11eb-a45e-6f54e4140bf5.html\" target=\"_blank\" rel=\"noreferrer noopener\">CIAPR entrega casas sustent\u00e1veis para a comunidade de Ca\u00f1o Mart\u00edn Pe\u00f1a<\/a>, <em>The Weekly Journal<\/em>, 24 de fevereiro de 2021<\/li>\n\n\n\n<li>O crescimento do movimento global CLT, Parte 5: Em Porto Rico, uma Favela-CLT ganha reconhecimento global, Patricia Basile, Priscilla Mayrink, <em>RioOnWatch<\/em>, 6 de outubro de 2019<\/li>\n\n\n\n<li><a href=\"https:\/\/radicalhousingjournal.org\/wp-content\/uploads\/2019\/04\/02_Long-Read_Algoed-et-al_29-47.pdf\" target=\"_blank\" rel=\"noreferrer noopener\">A terra \u00e9 nossa. Vulnerabiliza\u00e7\u00e3o e resist\u00eancia em assentamentos informais em Porto Rico:  <\/a><\/li>\n\n\n\n<li><a href=\"https:\/\/shelterforce.org\/2019\/02\/28\/community-land-trusts-in-the-age-of-climate-change\/\" target=\"_blank\" rel=\"noreferrer noopener\">Community Land Trusts in the Age of Climate Change<\/a>, Hortense Leon, <em>Shelterforce<\/em>, 28 de fevereiro de 2019<\/li>\n\n\n\n<li><a href=\"https:\/\/www.resilience.org\/stories\/2018-10-15\/puerto-rico-spirited-community-response\/\" target=\"_blank\" rel=\"noreferrer noopener\">Puerto Rico &#8211; spirited community response<\/a>, Susan Witt, <em>Resilience\/Post Carbon Institute<\/em>, 15 de outubro de 2018<\/li>\n\n\n\n<li><a href=\"https:\/\/nextcity.org\/urbanist-news\/the-role-of-community-land-trusts-after-hurricane-maria\" target=\"_blank\" rel=\"noreferrer noopener\">The Role of Community Land Trusts After Hurricane Maria &#8211; for emergency relief and beyond<\/a>, Zoe Sullivan, <em>Next City<\/em>, 1\u00ba de junho de 2018<\/li>\n\n\n\n<li><a href=\"https:\/\/archive.thinkprogress.org\/puerto-rico-enlace-cano-martin-pena-gentrificaton-7e83433658df\/\" target=\"_blank\" rel=\"noreferrer noopener\">As comunidades mais vulner\u00e1veis de Porto Rico trabalham juntas para sobreviver, p\u00f3s-Maria<\/a>, E.A. Crunden, <em>ThinkProgress<\/em>, 23 de maio de 2018<\/li>\n\n\n\n<li><a href=\"https:\/\/www.forbes.com\/sites\/marlenahartz\/2018\/03\/19\/why-hurricane-maria-is-no-match-for-this-mighty-community-in-puerto-rico\/?sh=4a0e0fee3ce1\" target=\"_blank\" rel=\"noreferrer noopener\">Por que o furac\u00e3o Maria n\u00e3o \u00e9 p\u00e1reo para esta poderosa comunidade em Porto Rico<\/a>, Marlena Hartz, <em>Forbes<\/em>, 19 de mar\u00e7o de 2018<\/li>\n\n\n\n<li><a href=\"https:\/\/www.academyofurbanism.org.uk\/people-taking-back-control-in-puerto-rico-line-algoed\/\" target=\"_blank\" rel=\"noreferrer noopener\">Pessoas retomando o controle em Porto Rico<\/a>, Line Algoed, <em>The Academy of Urbanism<\/em>, 12 de janeiro de 2018<\/li>\n\n\n\n<li><a href=\"https:\/\/brooklynrail.org\/special\/River_Rail_Puerto_Rico\/river-rail\/To-the-Rescue-of-an-Estuarine-Ecosystem-Community-Action-in-the-Fight-for-the-Restoration-of-Cao-Martn-Pea\" target=\"_blank\" rel=\"noreferrer noopener\">Ca\u00f1o Mart\u00edn Pe\u00f1a: um estudo de caso de a\u00e7\u00e3o comunit\u00e1ria: To the Rescue of an Estuarine E<\/a>cosystem. por Katia R. Avil\u00e9s V\u00e1zquez, Mar\u00eda T. Rodr\u00edguez Mattei, Ana E. P\u00e9rez Quintero, Lituania Alicea Bernard e Estrella Santiago P\u00e9rez, com contribui\u00e7\u00f5es de l\u00edderes do Grupo das Oito Comunidades que cercam Ca\u00f1o Mart\u00edn Pe\u00f1a (G8, Inc.).   <em>The Brooklyn Rail, 2018.<\/em><\/li>\n\n\n\n<li><a href=\"https:\/\/urbanwaterslearningnetwork.org\/resources\/proyecto-enlace-del-cano-martin-pena-restoring-ecosystem-building-resilient-communities-puerto-rico\/\" target=\"_blank\" rel=\"noreferrer noopener\">Projeto ENLACE do Ca\u00f1o Martin Pe\u00f1a: Restaurando um ecossistema e construindo comunidades resilientes em Porto Rico<\/a>, Maria Brodine, <em>Rede de Aprendizagem de \u00c1guas Urbanas<\/em>, 22 de dezembro de 2017<\/li>\n\n\n\n<li><a href=\"https:\/\/www.rollingstone.com\/culture\/culture-features\/hurricane-maria-inside-a-puerto-rican-barrios-fight-to-survive-201428\/\" target=\"_blank\" rel=\"noreferrer noopener\">Hurricane Maria: Inside a Puerto Rican Barrio&#8217;s Fight to Survive<\/a>, Alexander Zaitchik, <em>RollingStone<\/em>, 17 de outubro de 2017<\/li>\n\n\n\n<li><a href=\"https:\/\/www.motherjones.com\/politics\/2017\/10\/puerto-ricos-poorest-communities-are-doing-the-rebuilding-the-trump-administration-wont\/\" target=\"_blank\" rel=\"noreferrer noopener\">Puerto Rico&#8217;s Poorest Communities Are Doing the Rebuilding the Trump Administration Won&#8217;t<\/a>, AJ Vicens, <em>Mother Jones<\/em>, 5 de outubro de 2017<\/li>\n\n\n\n<li><a href=\"https:\/\/labgov.city\/theurbanmedialab\/the-favela-as-a-community-land-trust-the-case-of-san-juan-puerto-rico\/\" target=\"_blank\" rel=\"noreferrer noopener\">Um assentamento informal como um Community Land Trust. O caso de San Juan, Porto Rico<\/a>, Monica Bernardi, The Urban Media Lab, 18 de julho de 2017<\/li>\n\n\n\n<li><a href=\"https:\/\/rioonwatch.org\/?p=36081\" target=\"_blank\" rel=\"noreferrer noopener\">Um assentamento informal em Porto Rico se tornou o primeiro fundo de terra comunit\u00e1rio de favela do mundo<\/a>, Laura Bachmann, <em>RioOnWatch<\/em>, 28 de abril de 2017<\/li>\n\n\n\n<li><a href=\"https:\/\/www.theguardian.com\/cities\/2017\/jan\/18\/people-power-puerto-rico-canal-community-escaped-gentrification\" target=\"_blank\" rel=\"noreferrer noopener\">People power in Puerto Rico: how a canal community escaped gentrification (Poder popular em Porto Rico: como uma comunidade de canal escapou da gentrifica\u00e7\u00e3o<\/a>), The Guardian, 18 de janeiro de 2017<\/li>\n\n\n\n<li><a href=\"https:\/\/www.dailykos.com\/stories\/2016\/5\/17\/1527473\/-Bernie-in-Puerto-Rico-part-4\" target=\"_blank\" rel=\"noreferrer noopener\">Bernie em Porto Rico &#8211; parte 4<\/a>, <em>Daily Kos<\/em>, 17 de maio de 2016<\/li>\n\n\n\n<li><a href=\"https:\/\/www.nfg.org\/r_land_trust_wins_2015-16_un_world_habitat_award\" target=\"_blank\" rel=\"noreferrer noopener\">Innovative community land trust from Puerto Rico wins 2015-16 UN World Habitat Award<\/a>, <em>Neighborhood Funders Group<\/em>, 1 de mar\u00e7o de 2016<\/li>\n\n\n\n<li><a href=\"https:\/\/www.nbcnews.com\/news\/latino\/puerto-rico-community-land-trust-awarded-un-world-habitat-award-n528031\" target=\"_blank\" rel=\"noreferrer noopener\">Puerto Rico Community Land Trust Awarded UN World Habitat Award<\/a>, Daniela Franco, <em>NBC News<\/em>, 29 de fevereiro de 2016<\/li>\n\n\n\n<li><a href=\"https:\/\/www.mountsinai.org\/about\/newsroom\/2014\/team-from-the-icahn-school-of-medicine-at-mount-sinai-conducts-health-impact-assessment-for-the-cao-martn-pea-ecosystem-restoration-project-in-puerto-rico\" target=\"_blank\" rel=\"noreferrer noopener\">Equipe da Escola de Medicina Icahn do Monte Sinai realiza avalia\u00e7\u00e3o de impacto na sa\u00fade para o projeto de restaura\u00e7\u00e3o do ecossistema Ca\u00f1o Mart\u00edn Pe\u00f1a em Porto Rico<\/a>, <em>Monte Sinai<\/em>, 16 de maio de 2014<\/li>\n\n\n\n<li><a href=\"https:\/\/world-habitat.org\/world-habitat-awards\/winners-and-finalists\/cano-martin-pena-community-land-trust\/\" target=\"_blank\" rel=\"noreferrer noopener\">Fundo Comunit\u00e1rio de Terras Ca\u00f1o Mart\u00edn Pe\u00f1a &#8211; Pr\u00eamio Habitat Mundial<\/a>, Habitat Mundial, 2015<\/li>\n<\/ul>\n\n<h3 class=\"wp-block-heading\" id=\"h-documents\" style=\"font-size:clamp(15.747px, 0.984rem + ((1vw - 3.2px) * 0.645), 24px);\">Documentos<\/h3>\n\n<ul class=\"wp-block-list\">\n<li><strong>Contencioso<\/strong>\n<ul class=\"wp-block-list\">\n<li><a href=\"https:\/\/caselaw.findlaw.com\/us-1st-circuit\/1520025.html\" target=\"_blank\" rel=\"noreferrer noopener\">Fideicomiso de la Tierra del Ca\u00f1o Martin Pe\u00f1a v. Fortu\u00f1o<\/a>, Tribunal de Apela\u00e7\u00f5es dos EUA &#8211; Primeiro Circuito, 28 de abril de 2010<\/li>\n<\/ul>\n<\/li>\n\n\n\n<li><strong>Documentos organizacionais<\/strong>\n<ul class=\"wp-block-list\">\n<li><a href=\"https:\/\/www.cltweb.org\/wp-content\/uploads\/2025\/01\/surface-rights-lease.pdf\" target=\"_blank\" rel=\"noreferrer noopener\">Escritura de direitos de superf\u00edcie<\/a><\/li>\n\n\n\n<li><a href=\"https:\/\/www.cltweb.org\/wp-content\/uploads\/2025\/01\/Cano-Rules-Regulations-Spanish.pdf\" target=\"_blank\" rel=\"noreferrer noopener\">Regulamento geral para o funcionamento do Fideicomiso de la Tierra del Ca\u00f1o Mart\u00edn Pe\u00f1a<\/a><\/li>\n<\/ul>\n<\/li>\n<\/ul>\n\n<h3 class=\"wp-block-heading\" id=\"h-videos\" style=\"font-size:clamp(15.747px, 0.984rem + ((1vw - 3.2px) * 0.645), 24px);\">V\u00eddeos<\/h3>\n\n<ul class=\"wp-block-list\">\n<li><a href=\"https:\/\/youtu.be\/QrzZWtC7yww\" target=\"_blank\" rel=\"noreferrer noopener\">Detallan hist\u00f3rica asignaci\u00f3n de $163 millones al proyecto de restauraci\u00f3n del Ca\u00f1o Mart\u00edn Pe\u00f1a<\/a>, Notis\u00e9is 360 PR, January 21, 2022<\/li>\n\n\n\n<li><a href=\"https:\/\/youtu.be\/cnXttIrwo2s\" target=\"_blank\" rel=\"noreferrer noopener\">55 Do campo: Ca\u00f1o Mart\u00edn Pe\u00f1a<\/a>, Corpo de Engenheiros do Ex\u00e9rcito dos EUA, 29 de junho de 2021<\/li>\n\n\n\n<li><a href=\"https:\/\/youtu.be\/WtN0UrLNEkQ\" target=\"_blank\" rel=\"noreferrer noopener\">Garantia dos direitos \u00e0 terra: Community Land Trusts in Informal Settlements<\/a>, World Habitat, outubro de 2020<\/li>\n\n\n\n<li><a href=\"https:\/\/youtu.be\/_6_1M_vwJVs\" target=\"_blank\" rel=\"noreferrer noopener\">Hist\u00f3ria de Ca\u00f1o Mart\u00edn Pe\u00f1a<\/a>, Metro Pavia Health, 8 de agosto de 2020<\/li>\n\n\n\n<li><a href=\"https:\/\/youtu.be\/Y2XVOowNEvo\" target=\"_blank\" rel=\"noreferrer noopener\">Krystal \u00e9 o futuro do l\u00edder comunit\u00e1rio no Ca\u00f1o Mart\u00edn Pe\u00f1a<\/a>, Sagrado Coraz\u00f3n, 21 de dezembro de 2018<\/li>\n\n\n\n<li><a href=\"https:\/\/youtu.be\/LsZbi9Cidow\" target=\"_blank\" rel=\"noreferrer noopener\">Aileen se sente como l\u00edder comunit\u00e1ria no Ca\u00f1o Mart\u00edn Pe\u00f1a<\/a>, Sagrado Coraz\u00f3n, 21 de dezembro de 2018<\/li>\n\n\n\n<li><a href=\"https:\/\/youtu.be\/0M8nkuhSAJ8\" target=\"_blank\" rel=\"noreferrer noopener\">O empresariado presente nas comunidades do Ca\u00f1o Mart\u00edn Pe\u00f1a<\/a>, Sagrado Coraz\u00f3n, 21 de dezembro de 2018<\/li>\n\n\n\n<li><a href=\"https:\/\/youtu.be\/wuu9mOBq57o\" target=\"_blank\" rel=\"noreferrer noopener\">Mario naci\u00f3 para servir a su gente en el Ca\u00f1o Mart\u00edn Pe\u00f1a<\/a>, Sagrado Coraz\u00f3n, December 21, 2018<\/li>\n\n\n\n<li><a href=\"https:\/\/youtu.be\/rjr1TzN7NNY\" target=\"_blank\" rel=\"noreferrer noopener\">Jerald, um l\u00edder comunit\u00e1rio desde pequeno no Ca\u00f1o Mart\u00edn Pe\u00f1a<\/a>, Sagrado Coraz\u00f3n, 21 de dezembro de 2018<\/li>\n\n\n\n<li><a href=\"https:\/\/youtu.be\/qC7sq44kJMc\" target=\"_blank\" rel=\"noreferrer noopener\">Jos\u00e9 Caraballo vive a transforma\u00e7\u00e3o do Ca\u00f1o Mart\u00edn Pe\u00f1a<\/a>, Sagrado Coraz\u00f3n, 21 de dezembro de 2018<\/li>\n\n\n\n<li><a href=\"https:\/\/youtu.be\/JHpaoUentXc\" target=\"_blank\" rel=\"noreferrer noopener\">Fideicomiso de la Tierra &#8211; CC: Portugu\u00eas<\/a>, Proyecto Enlace del Ca\u00f1o Mart\u00edn Pe\u00f1a, 20 de dezembro de 2018<\/li>\n\n\n\n<li><a href=\"https:\/\/youtu.be\/3m322Lyb72Y\" target=\"_blank\" rel=\"noreferrer noopener\">Fideicomiso de la Tierra del Ca\u00f1o Mart\u00edn Pe\u00f1a | Communities Thrive Challenge Grantee<\/a>, Funda\u00e7\u00e3o Rockefeller, 4 de dezembro de 2018<\/li>\n\n\n\n<li><a href=\"https:\/\/youtu.be\/At0bS5osTcs\" target=\"_blank\" rel=\"noreferrer noopener\">Proyecto ENLACE del Ca\u00f1o Mart\u00edn Pe\u00f1a<\/a>, Proyecto ENLACE del Ca\u00f1o Mart\u00edn Pe\u00f1a, 11 de outubro de 2018<\/li>\n\n\n\n<li><a href=\"https:\/\/youtu.be\/KlSlFShn5aU\" target=\"_blank\" rel=\"noreferrer noopener\">Comunidades aleda\u00f1as al Ca\u00f1o Mart\u00edn Pe\u00f1a exigen continuaci\u00f3n de dragado<\/a>, Notis\u00e9is 360 PR, 18 de julho de 2018<\/li>\n\n\n\n<li><a href=\"https:\/\/youtu.be\/vpWnoHpfZx4\" target=\"_blank\" rel=\"noreferrer noopener\">\u00a1Dragado Ya! Voc\u00ea continua lutando para melhorar o ambiente e o fluxo de \u00e1gua do Ca\u00f1o Martin Pe\u00f1a<\/a>, Aqu\u00ed en la Fila, 25 de junho de 2018<\/li>\n\n\n\n<li><a href=\"https:\/\/youtu.be\/mo7umxuCZPY\" target=\"_blank\" rel=\"noreferrer noopener\">Ca\u00f1o Mart\u00edn Pe\u00f1a: A Blueprint for Better<\/a>, Instituto Americano de Arquitetos, 18 de junho de 2018<\/li>\n\n\n\n<li><a href=\"https:\/\/www.aljazeera.com\/videos\/2017\/10\/7\/puerto-rican-communities-fear-for-their-future\" target=\"_blank\" rel=\"noreferrer noopener\">As comunidades porto-riquenhas temem por seu futuro: Muitos porto-riquenhos est\u00e3o preocupados com o que acontecer\u00e1 com suas comunidades<\/a>. Shihab Rattans, Al Jazeera, 7 de outubro de 2017 <\/li>\n\n\n\n<li><a href=\"https:\/\/youtu.be\/VbjoJEz1wcs\" target=\"_blank\" rel=\"noreferrer noopener\">Ca\u00f1o Mart\u00edn Pe\u00f1a: participaci\u00f3n y sostenibilidad en San Juan<\/a>, LA Network, 19 de mar\u00e7o de 2017<\/li>\n\n\n\n<li><a href=\"https:\/\/youtu.be\/ivu7HekEqHA\" target=\"_blank\" rel=\"noreferrer noopener\">Ca\u00f1o Mart\u00edn Pe\u00f1a criou um fundo de terras comunit\u00e1rio<\/a>, Newsy, 7 de fevereiro de 2017<\/li>\n\n\n\n<li><a href=\"https:\/\/youtu.be\/prinuXM9sh0\" target=\"_blank\" rel=\"noreferrer noopener\">Interc\u00e2mbio entre pares &#8211; Ca\u00f1o Mart\u00edn Pe\u00f1a Community Land Trust, Porto Rico<\/a>, World Habitat, fevereiro de 2017<\/li>\n\n\n\n<li><a href=\"https:\/\/youtu.be\/8D6mVCt8n0g\" target=\"_blank\" rel=\"noreferrer noopener\">O caminho para a resili\u00eancia &#8211; Funda\u00e7\u00e3o Rockefeller<\/a>, Proyecto ENLACE del Ca\u00f1o Mart\u00edn Pe\u00f1a, 11 de abril de 2016<\/li>\n\n\n\n<li><a href=\"https:\/\/youtu.be\/mNbjXzgnR88\" target=\"_blank\" rel=\"noreferrer noopener\">Ca\u00f1o Mart\u00edn Pe\u00f1a CLT\/Fideicomiso de la Tierra &#8211; Porto Rico<\/a>, World Habitat, fevereiro de 2016<\/li>\n\n\n\n<li><a href=\"https:\/\/youtu.be\/_naav6Ro3eo\" target=\"_blank\" rel=\"noreferrer noopener\">Proyecto ENLACE del Ca\u00f1o Mart\u00edn Pe\u00f1a<\/a>, Proyecto ENLACE del Ca\u00f1o Mart\u00edn Pe\u00f1a, 2 de dezembro de 2015<\/li>\n\n\n\n<li><a href=\"https:\/\/youtu.be\/u9wjFFrrhKc\" target=\"_blank\" rel=\"noreferrer noopener\">Agua Mala<\/a>, CDCSagrado, agosto de 2014<\/li>\n\n\n\n<li><a href=\"https:\/\/youtu.be\/NYbD87jmODU\" target=\"_blank\" rel=\"noreferrer noopener\">Especial La Tierra es Nuestra &#8211; Ca\u00f1o Mart\u00edn Pe\u00f1a &#8211; Parte 3<\/a>, Noticentro 4, 9 de agosto de 2013<\/li>\n\n\n\n<li><a href=\"https:\/\/youtu.be\/JAYTUkOSIRQ\" target=\"_blank\" rel=\"noreferrer noopener\">Especial La Tierra es Nuestra &#8211; Ca\u00f1o Mart\u00edn Pe\u00f1a &#8211; Parte 2<\/a>, Noticentro 4, 9 de agosto de 2013<\/li>\n\n\n\n<li><a href=\"https:\/\/youtu.be\/HFLQK9DATO0\" target=\"_blank\" rel=\"noreferrer noopener\">Especial La Tierra es Nuestra &#8211; Ca\u00f1o Mart\u00edn Pe\u00f1a &#8211; Parte 1<\/a>, Noticentro 4, 9 de agosto de 2013<\/li>\n\n\n\n<li><a href=\"https:\/\/youtu.be\/s_aCouU2oJ4\" target=\"_blank\" rel=\"noreferrer noopener\">Depoimentos de Aliados e Volunt\u00e1rios do Projeto ENLACE do Ca\u00f1o Mart\u00edn Pe\u00f1a<\/a>, Projeto ENLACE do Ca\u00f1o Mart\u00edn Pe\u00f1a, 14 de maio de 2013<\/li>\n\n\n\n<li><a href=\"https:\/\/youtu.be\/yMpNi55hJtU\" target=\"_blank\" rel=\"noreferrer noopener\">Comisi\u00f3n cameral discute medida a favor da comunidade do Ca\u00f1o Mart\u00edn Pe\u00f1a<\/a>, C\u00e1mara de Representantes PR, 12 de abril de 2013<\/li>\n\n\n\n<li><a href=\"https:\/\/youtu.be\/tFLx03iwEj8\" target=\"_blank\" rel=\"noreferrer noopener\">Projeto ENLACE do Ca\u00f1o Mart\u00edn Pe\u00f1a &#8211; V\u00eddeo Institucional<\/a>, Projeto ENLACE do Ca\u00f1o Mart\u00edn Pe\u00f1a, 1\u00ba de abril de 2013<\/li>\n\n\n\n<li><a href=\"https:\/\/youtu.be\/RUqQL_Vi49I\" target=\"_blank\" rel=\"noreferrer noopener\">Historia Oral del Ca\u00f1o Mart\u00edn Pe\u00f1a &#8211; Parte 4<\/a>, Projeto ENLACE do Ca\u00f1o Mart\u00edn Pe\u00f1a, 4 de mar\u00e7o de 2013<\/li>\n\n\n\n<li><a href=\"https:\/\/youtu.be\/EeTcdk-eaKo\" target=\"_blank\" rel=\"noreferrer noopener\">Historia Oral del Ca\u00f1o Mart\u00edn Pe\u00f1a &#8211; Parte 3<\/a>, Projeto ENLACE do Ca\u00f1o Mart\u00edn Pe\u00f1a, 4 de mar\u00e7o de 2013<\/li>\n\n\n\n<li><a href=\"https:\/\/youtu.be\/miqQlYmrang\" target=\"_blank\" rel=\"noreferrer noopener\">Historia Oral del Ca\u00f1o Mart\u00edn Pe\u00f1a &#8211; Parte 2<\/a>, Projeto ENLACE do Ca\u00f1o Mart\u00edn Pe\u00f1a, 4 de mar\u00e7o de 2013<\/li>\n\n\n\n<li><a href=\"https:\/\/youtu.be\/7JGmctf_Pg8\" target=\"_blank\" rel=\"noreferrer noopener\">Historia Oral del Ca\u00f1o Mart\u00edn Pe\u00f1a &#8211; Parte 1<\/a>, Projeto ENLACE do Ca\u00f1o Mart\u00edn Pe\u00f1a, 4 de mar\u00e7o de 2013<\/li>\n\n\n\n<li><a href=\"https:\/\/youtu.be\/0VcvwHMgxBk\" target=\"_blank\" rel=\"noreferrer noopener\">El Ca\u00f1o se Transforma &#8211; Parte 1<\/a>, Projeto ENLACE do Ca\u00f1o Mart\u00edn Pe\u00f1a, 15 de outubro de 2012<\/li>\n\n\n\n<li><a href=\"https:\/\/youtu.be\/YciUI32g92Q\" target=\"_blank\" rel=\"noreferrer noopener\">Pr\u00eamios APA 2009: Distrito de Planejamento Especial Cano Martin Pena &#8211; San Juan, Porto Rico<\/a>, Associa\u00e7\u00e3o Americana de Planejamento, 15 de janeiro de 2010<\/li>\n<\/ul>\n\n<h3 class=\"wp-block-heading\" id=\"h-websites\" style=\"font-size:clamp(15.747px, 0.984rem + ((1vw - 3.2px) * 0.645), 24px);\">Sites<\/h3>\n\n<ul class=\"wp-block-list\">\n<li><a href=\"https:\/\/world-habitat.org\/world-habitat-awards\/winners-and-finalists\/cano-martin-pena-community-land-trust\/\" target=\"_blank\" rel=\"noreferrer noopener\">Ca\u00f1o Mart\u00edn Pe\u00f1a Community Land Trust &#8211; Pr\u00eamio Mundial do Habitat<\/a><\/li>\n\n\n\n<li><a href=\"http:\/\/cano3punto7.org\/\" target=\"_blank\" rel=\"noreferrer noopener\">Corpora\u00e7\u00e3o do Projeto ENLACE do Ca\u00f1o Mart\u00edn Pe\u00f1a<\/a><\/li>\n\n\n\n<li><a href=\"http:\/\/fideicomisomartinpena.org\/\" target=\"_blank\" rel=\"noreferrer noopener\">Fideicomiso de la Tierra del Ca\u00f1o Mart\u00edn Pe\u00f1a<\/a><\/li>\n\n\n\n<li><a href=\"http:\/\/g8pr.org\/\" target=\"_blank\" rel=\"noreferrer noopener\">G-8: Grupo das Ocas Comunidades Alheias ao Ca\u00f1o Mart\u00edn Pe\u00f1a<\/a><\/li>\n<\/ul>\n","protected":false},"excerpt":{"rendered":"<p>INTRODU\u00c7\u00c3O: El Fideicomiso de la Tierra del Ca\u00f1o Mart\u00edn Pe\u00f1a (Fideicomiso del Ca\u00f1o) es un fideicomiso comunitario de tierras dise\u00f1ado, creado y administrado por residentes de ocho barrios aleda\u00f1os al [&hellip;]<\/p>\n","protected":false},"author":1,"featured_media":0,"parent":3142,"menu_order":0,"comment_status":"closed","ping_status":"closed","template":"","meta":{"give_campaign_id":0,"_tec_requires_first_save":true,"_kad_blocks_custom_css":"","_kad_blocks_head_custom_js":"","_kad_blocks_body_custom_js":"","_kad_blocks_footer_custom_js":"","_EventAllDay":false,"_EventTimezone":"","_EventStartDate":"","_EventEndDate":"","_EventStartDateUTC":"","_EventEndDateUTC":"","_EventShowMap":false,"_EventShowMapLink":false,"_EventURL":"","_EventCost":"","_EventCostDescription":"","_EventCurrencySymbol":"","_EventCurrencyCode":"","_EventCurrencyPosition":"","_EventDateTimeSeparator":"","_EventTimeRangeSeparator":"","_EventOrganizerID":[],"_EventVenueID":[],"_OrganizerEmail":"","_OrganizerPhone":"","_OrganizerWebsite":"","_VenueAddress":"","_VenueCity":"","_VenueCountry":"","_VenueProvince":"","_VenueState":"","_VenueZip":"","_VenuePhone":"","_VenueURL":"","_VenueStateProvince":"","_VenueLat":"","_VenueLng":"","_VenueShowMap":false,"_VenueShowMapLink":false,"_tribe_blocks_recurrence_rules":"","_tribe_blocks_recurrence_description":"","_tribe_blocks_recurrence_exclusions":"","footnotes":""},"categories":[157],"tags":[],"class_list":["post-3811","page","type-page","status-publish","hentry","category-sul-global"],"blocksy_meta":[],"yoast_head":"<!-- This site is optimized with the Yoast SEO Premium plugin v27.5 (Yoast SEO v27.5) - https:\/\/yoast.com\/product\/yoast-seo-premium-wordpress\/ -->\n<title>Porto Rico - International Center for Community Land Trusts<\/title>\n<meta name=\"robots\" content=\"index, follow, max-snippet:-1, max-image-preview:large, max-video-preview:-1\" \/>\n<link rel=\"canonical\" href=\"https:\/\/www.cltweb.org\/pt-br\/biblioteca-de-recursos\/sul-global\/porto-rico\/\" \/>\n<meta property=\"og:locale\" content=\"pt_BR\" \/>\n<meta property=\"og:type\" content=\"article\" \/>\n<meta property=\"og:title\" content=\"Porto Rico\" \/>\n<meta property=\"og:description\" content=\"INTRODU\u00c7\u00c3O: El Fideicomiso de la Tierra del Ca\u00f1o Mart\u00edn Pe\u00f1a (Fideicomiso del Ca\u00f1o) es un fideicomiso comunitario de tierras dise\u00f1ado, creado y administrado por residentes de ocho barrios aleda\u00f1os al [&hellip;]\" \/>\n<meta property=\"og:url\" content=\"https:\/\/www.cltweb.org\/pt-br\/biblioteca-de-recursos\/sul-global\/porto-rico\/\" \/>\n<meta property=\"og:site_name\" content=\"International Center for Community Land Trusts\" \/>\n<meta property=\"article:publisher\" content=\"https:\/\/www.facebook.com\/cltcenter\" \/>\n<meta property=\"article:modified_time\" content=\"2025-01-09T15:38:18+00:00\" \/>\n<meta property=\"og:image\" content=\"https:\/\/www.cltweb.org\/wp-content\/uploads\/2024\/10\/cano-martin-pena-clt-logo.png\" \/>\n\t<meta property=\"og:image:width\" content=\"1374\" \/>\n\t<meta property=\"og:image:height\" content=\"429\" \/>\n\t<meta property=\"og:image:type\" content=\"image\/png\" \/>\n<meta name=\"twitter:card\" content=\"summary_large_image\" \/>\n<meta name=\"twitter:site\" content=\"@Center4CLTs\" \/>\n<meta name=\"twitter:label1\" content=\"Est. tempo de leitura\" \/>\n\t<meta name=\"twitter:data1\" content=\"10 minutos\" \/>\n<script type=\"application\/ld+json\" class=\"yoast-schema-graph\">{\"@context\":\"https:\\\/\\\/schema.org\",\"@graph\":[{\"@type\":\"WebPage\",\"@id\":\"https:\\\/\\\/www.cltweb.org\\\/pt-br\\\/biblioteca-de-recursos\\\/sul-global\\\/porto-rico\\\/\",\"url\":\"https:\\\/\\\/www.cltweb.org\\\/pt-br\\\/biblioteca-de-recursos\\\/sul-global\\\/porto-rico\\\/\",\"name\":\"Porto Rico - International Center for Community Land Trusts\",\"isPartOf\":{\"@id\":\"https:\\\/\\\/www.cltweb.org\\\/pt-br\\\/#website\"},\"primaryImageOfPage\":{\"@id\":\"https:\\\/\\\/www.cltweb.org\\\/pt-br\\\/biblioteca-de-recursos\\\/sul-global\\\/porto-rico\\\/#primaryimage\"},\"image\":{\"@id\":\"https:\\\/\\\/www.cltweb.org\\\/pt-br\\\/biblioteca-de-recursos\\\/sul-global\\\/porto-rico\\\/#primaryimage\"},\"thumbnailUrl\":\"https:\\\/\\\/www.cltweb.org\\\/wp-content\\\/uploads\\\/2024\\\/10\\\/cano-martin-pena-clt-logo.png\",\"datePublished\":\"2024-10-19T20:01:37+00:00\",\"dateModified\":\"2025-01-09T15:38:18+00:00\",\"breadcrumb\":{\"@id\":\"https:\\\/\\\/www.cltweb.org\\\/pt-br\\\/biblioteca-de-recursos\\\/sul-global\\\/porto-rico\\\/#breadcrumb\"},\"inLanguage\":\"pt-BR\",\"potentialAction\":[{\"@type\":\"ReadAction\",\"target\":[\"https:\\\/\\\/www.cltweb.org\\\/pt-br\\\/biblioteca-de-recursos\\\/sul-global\\\/porto-rico\\\/\"]}]},{\"@type\":\"ImageObject\",\"inLanguage\":\"pt-BR\",\"@id\":\"https:\\\/\\\/www.cltweb.org\\\/pt-br\\\/biblioteca-de-recursos\\\/sul-global\\\/porto-rico\\\/#primaryimage\",\"url\":\"https:\\\/\\\/www.cltweb.org\\\/wp-content\\\/uploads\\\/2024\\\/10\\\/cano-martin-pena-clt-logo.png\",\"contentUrl\":\"https:\\\/\\\/www.cltweb.org\\\/wp-content\\\/uploads\\\/2024\\\/10\\\/cano-martin-pena-clt-logo.png\"},{\"@type\":\"BreadcrumbList\",\"@id\":\"https:\\\/\\\/www.cltweb.org\\\/pt-br\\\/biblioteca-de-recursos\\\/sul-global\\\/porto-rico\\\/#breadcrumb\",\"itemListElement\":[{\"@type\":\"ListItem\",\"position\":1,\"name\":\"Home\",\"item\":\"https:\\\/\\\/www.cltweb.org\\\/pt-br\\\/\"},{\"@type\":\"ListItem\",\"position\":2,\"name\":\"Biblioteca de recursos\",\"item\":\"https:\\\/\\\/www.cltweb.org\\\/pt-br\\\/biblioteca-de-recursos\\\/\"},{\"@type\":\"ListItem\",\"position\":3,\"name\":\"Sul Global\",\"item\":\"https:\\\/\\\/www.cltweb.org\\\/pt-br\\\/biblioteca-de-recursos\\\/sul-global\\\/\"},{\"@type\":\"ListItem\",\"position\":4,\"name\":\"Porto Rico\"}]},{\"@type\":\"WebSite\",\"@id\":\"https:\\\/\\\/www.cltweb.org\\\/pt-br\\\/#website\",\"url\":\"https:\\\/\\\/www.cltweb.org\\\/pt-br\\\/\",\"name\":\"International Center for Community Land Trusts\",\"description\":\"\",\"publisher\":{\"@id\":\"https:\\\/\\\/www.cltweb.org\\\/pt-br\\\/#organization\"},\"potentialAction\":[{\"@type\":\"SearchAction\",\"target\":{\"@type\":\"EntryPoint\",\"urlTemplate\":\"https:\\\/\\\/www.cltweb.org\\\/pt-br\\\/?s={search_term_string}\"},\"query-input\":{\"@type\":\"PropertyValueSpecification\",\"valueRequired\":true,\"valueName\":\"search_term_string\"}}],\"inLanguage\":\"pt-BR\"},{\"@type\":\"Organization\",\"@id\":\"https:\\\/\\\/www.cltweb.org\\\/pt-br\\\/#organization\",\"name\":\"International Center for Community Land Trusts\",\"url\":\"https:\\\/\\\/www.cltweb.org\\\/pt-br\\\/\",\"logo\":{\"@type\":\"ImageObject\",\"inLanguage\":\"pt-BR\",\"@id\":\"https:\\\/\\\/www.cltweb.org\\\/pt-br\\\/#\\\/schema\\\/logo\\\/image\\\/\",\"url\":\"https:\\\/\\\/www.cltweb.org\\\/wp-content\\\/uploads\\\/2024\\\/11\\\/New-CLT-Center-Text-logo.png\",\"contentUrl\":\"https:\\\/\\\/www.cltweb.org\\\/wp-content\\\/uploads\\\/2024\\\/11\\\/New-CLT-Center-Text-logo.png\",\"width\":227,\"height\":80,\"caption\":\"International Center for Community Land Trusts\"},\"image\":{\"@id\":\"https:\\\/\\\/www.cltweb.org\\\/pt-br\\\/#\\\/schema\\\/logo\\\/image\\\/\"},\"sameAs\":[\"https:\\\/\\\/www.facebook.com\\\/cltcenter\",\"https:\\\/\\\/x.com\\\/Center4CLTs\",\"https:\\\/\\\/www.instagram.com\\\/cltcenter\\\/\",\"https:\\\/\\\/www.linkedin.com\\\/company\\\/cltcenter\",\"https:\\\/\\\/www.youtube.com\\\/@centerforcltinnovation5313\"],\"description\":\"The International Center for Community Land Trusts is a not-for-profit nongovernmental organization established in 2018 to promote and to support community land trusts and similar strategies of community-led development on community-owned land in countries throughout the world.\",\"email\":\"info@communitylandtrust.net\",\"legalName\":\"International Center for Community Land Trusts\",\"foundingDate\":\"2018-12-01\",\"taxID\":\"84-3858933\",\"numberOfEmployees\":{\"@type\":\"QuantitativeValue\",\"minValue\":\"1\",\"maxValue\":\"10\"}}]}<\/script>\n<!-- \/ Yoast SEO Premium plugin. -->","yoast_head_json":{"title":"Porto Rico - International Center for Community Land Trusts","robots":{"index":"index","follow":"follow","max-snippet":"max-snippet:-1","max-image-preview":"max-image-preview:large","max-video-preview":"max-video-preview:-1"},"canonical":"https:\/\/www.cltweb.org\/pt-br\/biblioteca-de-recursos\/sul-global\/porto-rico\/","og_locale":"pt_BR","og_type":"article","og_title":"Porto Rico","og_description":"INTRODU\u00c7\u00c3O: El Fideicomiso de la Tierra del Ca\u00f1o Mart\u00edn Pe\u00f1a (Fideicomiso del Ca\u00f1o) es un fideicomiso comunitario de tierras dise\u00f1ado, creado y administrado por residentes de ocho barrios aleda\u00f1os al [&hellip;]","og_url":"https:\/\/www.cltweb.org\/pt-br\/biblioteca-de-recursos\/sul-global\/porto-rico\/","og_site_name":"International Center for Community Land Trusts","article_publisher":"https:\/\/www.facebook.com\/cltcenter","article_modified_time":"2025-01-09T15:38:18+00:00","og_image":[{"width":1374,"height":429,"url":"https:\/\/www.cltweb.org\/wp-content\/uploads\/2024\/10\/cano-martin-pena-clt-logo.png","type":"image\/png"}],"twitter_card":"summary_large_image","twitter_site":"@Center4CLTs","twitter_misc":{"Est. tempo de leitura":"10 minutos"},"schema":{"@context":"https:\/\/schema.org","@graph":[{"@type":"WebPage","@id":"https:\/\/www.cltweb.org\/pt-br\/biblioteca-de-recursos\/sul-global\/porto-rico\/","url":"https:\/\/www.cltweb.org\/pt-br\/biblioteca-de-recursos\/sul-global\/porto-rico\/","name":"Porto Rico - International Center for Community Land Trusts","isPartOf":{"@id":"https:\/\/www.cltweb.org\/pt-br\/#website"},"primaryImageOfPage":{"@id":"https:\/\/www.cltweb.org\/pt-br\/biblioteca-de-recursos\/sul-global\/porto-rico\/#primaryimage"},"image":{"@id":"https:\/\/www.cltweb.org\/pt-br\/biblioteca-de-recursos\/sul-global\/porto-rico\/#primaryimage"},"thumbnailUrl":"https:\/\/www.cltweb.org\/wp-content\/uploads\/2024\/10\/cano-martin-pena-clt-logo.png","datePublished":"2024-10-19T20:01:37+00:00","dateModified":"2025-01-09T15:38:18+00:00","breadcrumb":{"@id":"https:\/\/www.cltweb.org\/pt-br\/biblioteca-de-recursos\/sul-global\/porto-rico\/#breadcrumb"},"inLanguage":"pt-BR","potentialAction":[{"@type":"ReadAction","target":["https:\/\/www.cltweb.org\/pt-br\/biblioteca-de-recursos\/sul-global\/porto-rico\/"]}]},{"@type":"ImageObject","inLanguage":"pt-BR","@id":"https:\/\/www.cltweb.org\/pt-br\/biblioteca-de-recursos\/sul-global\/porto-rico\/#primaryimage","url":"https:\/\/www.cltweb.org\/wp-content\/uploads\/2024\/10\/cano-martin-pena-clt-logo.png","contentUrl":"https:\/\/www.cltweb.org\/wp-content\/uploads\/2024\/10\/cano-martin-pena-clt-logo.png"},{"@type":"BreadcrumbList","@id":"https:\/\/www.cltweb.org\/pt-br\/biblioteca-de-recursos\/sul-global\/porto-rico\/#breadcrumb","itemListElement":[{"@type":"ListItem","position":1,"name":"Home","item":"https:\/\/www.cltweb.org\/pt-br\/"},{"@type":"ListItem","position":2,"name":"Biblioteca de recursos","item":"https:\/\/www.cltweb.org\/pt-br\/biblioteca-de-recursos\/"},{"@type":"ListItem","position":3,"name":"Sul Global","item":"https:\/\/www.cltweb.org\/pt-br\/biblioteca-de-recursos\/sul-global\/"},{"@type":"ListItem","position":4,"name":"Porto Rico"}]},{"@type":"WebSite","@id":"https:\/\/www.cltweb.org\/pt-br\/#website","url":"https:\/\/www.cltweb.org\/pt-br\/","name":"International Center for Community Land Trusts","description":"","publisher":{"@id":"https:\/\/www.cltweb.org\/pt-br\/#organization"},"potentialAction":[{"@type":"SearchAction","target":{"@type":"EntryPoint","urlTemplate":"https:\/\/www.cltweb.org\/pt-br\/?s={search_term_string}"},"query-input":{"@type":"PropertyValueSpecification","valueRequired":true,"valueName":"search_term_string"}}],"inLanguage":"pt-BR"},{"@type":"Organization","@id":"https:\/\/www.cltweb.org\/pt-br\/#organization","name":"International Center for Community Land Trusts","url":"https:\/\/www.cltweb.org\/pt-br\/","logo":{"@type":"ImageObject","inLanguage":"pt-BR","@id":"https:\/\/www.cltweb.org\/pt-br\/#\/schema\/logo\/image\/","url":"https:\/\/www.cltweb.org\/wp-content\/uploads\/2024\/11\/New-CLT-Center-Text-logo.png","contentUrl":"https:\/\/www.cltweb.org\/wp-content\/uploads\/2024\/11\/New-CLT-Center-Text-logo.png","width":227,"height":80,"caption":"International Center for Community Land Trusts"},"image":{"@id":"https:\/\/www.cltweb.org\/pt-br\/#\/schema\/logo\/image\/"},"sameAs":["https:\/\/www.facebook.com\/cltcenter","https:\/\/x.com\/Center4CLTs","https:\/\/www.instagram.com\/cltcenter\/","https:\/\/www.linkedin.com\/company\/cltcenter","https:\/\/www.youtube.com\/@centerforcltinnovation5313"],"description":"The International Center for Community Land Trusts is a not-for-profit nongovernmental organization established in 2018 to promote and to support community land trusts and similar strategies of community-led development on community-owned land in countries throughout the world.","email":"info@communitylandtrust.net","legalName":"International Center for Community Land Trusts","foundingDate":"2018-12-01","taxID":"84-3858933","numberOfEmployees":{"@type":"QuantitativeValue","minValue":"1","maxValue":"10"}}]}},"campaignId":"","taxonomy_info":{"category":[{"value":157,"label":"Sul Global"}]},"featured_image_src_large":false,"author_info":{"display_name":"cltredesign_0jp0l4","author_link":"https:\/\/www.cltweb.org\/pt-br\/author\/cltredesign_0jp0l4\/"},"comment_info":0,"jetpack_sharing_enabled":true,"jetpack-related-posts":[{"id":3142,"url":"https:\/\/www.cltweb.org\/pt-br\/biblioteca-de-recursos\/sul-global\/","url_meta":{"origin":3811,"position":0},"title":"Sul Global","author":"cltredesign_0jp0l4","date":"4 de outubro de 2024","format":false,"excerpt":"Fundos de Terras Comunit\u00e1rios no Sul Global Gra\u00e7as ao trabalho pioneiro do Tanzania-Bondeni Community Land Trust, no Qu\u00eania, do Fideicomiso de la Tierra del Ca\u00f1o Mart\u00edn Pe\u00f1a, em Porto Rico, e das Comunidades Catalisadoras, no Brasil, h\u00e1 um grande potencial para a expans\u00e3o dos fundos fiduci\u00e1rios comunit\u00e1rios de terras no\u2026","rel":"","context":"Em &quot;Biblioteca de recursos&quot;","block_context":{"text":"Biblioteca de recursos","link":"https:\/\/www.cltweb.org\/pt-br\/category\/biblioteca-de-recursos\/"},"img":{"alt_text":"","src":"","width":0,"height":0},"classes":[]},{"id":862,"url":"https:\/\/www.cltweb.org\/pt-br\/sobre-nos\/diretoria\/","url_meta":{"origin":3811,"position":1},"title":"Diretoria e equipe","author":"cltredesign_0jp0l4","date":"26 de julho de 2024","format":false,"excerpt":"A equipe que est\u00e1 liderando o trabalho do Centro CLT.","rel":"","context":"Em &quot;Sobre n\u00f3s&quot;","block_context":{"text":"Sobre n\u00f3s","link":"https:\/\/www.cltweb.org\/pt-br\/category\/sobre-nos\/"},"img":{"alt_text":"","src":"","width":0,"height":0},"classes":[]},{"id":1584,"url":"https:\/\/www.cltweb.org\/pt-br\/terra-nostra-press\/catalogo\/fundos-de-terras-comunitarios-e-assentamentos-informais-no-sul-global\/","url_meta":{"origin":3811,"position":2},"title":"Fundos de Terras Comunit\u00e1rios e Assentamentos Informais no Sul Global","author":"cltredesign_0jp0l4","date":"29 de julho de 2024","format":false,"excerpt":"Dispon\u00edvel agora em todo o mundo, 158 pp.PAPERBACK ISBN 9781736275917 $15.00 USEBOOK ISBN 9781736275924 $5.00 US Voc\u00ea pode obter descontos para pedidos em massa para ONGs. Para obter mais informa\u00e7\u00f5es e fazer seu pedido, acesse nossa p\u00e1gina de pedidos em massa. Community Land Trusts and Informal Settlements in the Global\u2026","rel":"","context":"Em &quot;Cat\u00e1logo&quot;","block_context":{"text":"Cat\u00e1logo","link":"https:\/\/www.cltweb.org\/pt-br\/category\/catalogo\/"},"img":{"alt_text":"Global South Book Cover","src":"https:\/\/i0.wp.com\/www.cltweb.org\/wp-content\/uploads\/2024\/10\/Global-South-Cover.jpg?resize=350%2C200&ssl=1","width":350,"height":200,"srcset":"https:\/\/i0.wp.com\/www.cltweb.org\/wp-content\/uploads\/2024\/10\/Global-South-Cover.jpg?resize=350%2C200&ssl=1 1x, https:\/\/i0.wp.com\/www.cltweb.org\/wp-content\/uploads\/2024\/10\/Global-South-Cover.jpg?resize=525%2C300&ssl=1 1.5x, https:\/\/i0.wp.com\/www.cltweb.org\/wp-content\/uploads\/2024\/10\/Global-South-Cover.jpg?resize=700%2C400&ssl=1 2x, https:\/\/i0.wp.com\/www.cltweb.org\/wp-content\/uploads\/2024\/10\/Global-South-Cover.jpg?resize=1050%2C600&ssl=1 3x, https:\/\/i0.wp.com\/www.cltweb.org\/wp-content\/uploads\/2024\/10\/Global-South-Cover.jpg?resize=1400%2C800&ssl=1 4x"},"classes":[]},{"id":1746,"url":"https:\/\/www.cltweb.org\/pt-br\/paises-com-clts\/porto-rico\/","url_meta":{"origin":3811,"position":3},"title":"Porto Rico","author":"cltredesign_0jp0l4","date":"29 de julho de 2024","format":false,"excerpt":"","rel":"","context":"Em &quot;Pa\u00edses&quot;","block_context":{"text":"Pa\u00edses","link":"https:\/\/www.cltweb.org\/pt-br\/category\/paises-pt-br\/"},"img":{"alt_text":"","src":"","width":0,"height":0},"classes":[]},{"id":1750,"url":"https:\/\/www.cltweb.org\/fr\/pays-avec-clt\/porto-rico\/","url_meta":{"origin":3811,"position":4},"title":"Porto Rico","author":"cltredesign_0jp0l4","date":"29 de julho de 2024","format":false,"excerpt":"","rel":"","context":"Em &quot;Pays&quot;","block_context":{"text":"Pays","link":"https:\/\/www.cltweb.org\/fr\/category\/pays\/"},"img":{"alt_text":"","src":"","width":0,"height":0},"classes":[]},{"id":3815,"url":"https:\/\/www.cltweb.org\/fr\/bibliotheque-de-ressources\/sud-mondial\/porto-rico\/","url_meta":{"origin":3811,"position":5},"title":"Porto Rico","author":"cltredesign_0jp0l4","date":"19 de outubro de 2024","format":false,"excerpt":"Comit\u00e9 de la Terre du Ca\u00f1o Mart\u00edn Pe\u00f1aLe Ca\u00f1o Mart\u00edn Pe\u00f1a Land Trust de San Juan, \u00e0 Porto Rico, a pilot\u00e9 une approche des fiducies fonci\u00e8res communautaires dans les communaut\u00e9s informelles qui inspire des efforts dans l'ensemble des pays du Sud. INTRODUCCI\u00d3N : El Fideicomiso de la Tierra del Ca\u00f1o\u2026","rel":"","context":"Em &quot;Sud mondial&quot;","block_context":{"text":"Sud mondial","link":"https:\/\/www.cltweb.org\/fr\/category\/sud-mondial\/"},"img":{"alt_text":"Logo for the Cano Mart\u00edn Pe\u00f1a CLT","src":"https:\/\/i0.wp.com\/www.cltweb.org\/wp-content\/uploads\/2024\/10\/cano-martin-pena-clt-logo.png?resize=350%2C200&ssl=1","width":350,"height":200,"srcset":"https:\/\/i0.wp.com\/www.cltweb.org\/wp-content\/uploads\/2024\/10\/cano-martin-pena-clt-logo.png?resize=350%2C200&ssl=1 1x, https:\/\/i0.wp.com\/www.cltweb.org\/wp-content\/uploads\/2024\/10\/cano-martin-pena-clt-logo.png?resize=525%2C300&ssl=1 1.5x, https:\/\/i0.wp.com\/www.cltweb.org\/wp-content\/uploads\/2024\/10\/cano-martin-pena-clt-logo.png?resize=700%2C400&ssl=1 2x, https:\/\/i0.wp.com\/www.cltweb.org\/wp-content\/uploads\/2024\/10\/cano-martin-pena-clt-logo.png?resize=1050%2C600&ssl=1 3x"},"classes":[]}],"_links":{"self":[{"href":"https:\/\/www.cltweb.org\/pt-br\/wp-json\/wp\/v2\/pages\/3811","targetHints":{"allow":["GET"]}}],"collection":[{"href":"https:\/\/www.cltweb.org\/pt-br\/wp-json\/wp\/v2\/pages"}],"about":[{"href":"https:\/\/www.cltweb.org\/pt-br\/wp-json\/wp\/v2\/types\/page"}],"author":[{"embeddable":true,"href":"https:\/\/www.cltweb.org\/pt-br\/wp-json\/wp\/v2\/users\/1"}],"replies":[{"embeddable":true,"href":"https:\/\/www.cltweb.org\/pt-br\/wp-json\/wp\/v2\/comments?post=3811"}],"version-history":[{"count":12,"href":"https:\/\/www.cltweb.org\/pt-br\/wp-json\/wp\/v2\/pages\/3811\/revisions"}],"predecessor-version":[{"id":8505,"href":"https:\/\/www.cltweb.org\/pt-br\/wp-json\/wp\/v2\/pages\/3811\/revisions\/8505"}],"up":[{"embeddable":true,"href":"https:\/\/www.cltweb.org\/pt-br\/wp-json\/wp\/v2\/pages\/3142"}],"wp:attachment":[{"href":"https:\/\/www.cltweb.org\/pt-br\/wp-json\/wp\/v2\/media?parent=3811"}],"wp:term":[{"taxonomy":"category","embeddable":true,"href":"https:\/\/www.cltweb.org\/pt-br\/wp-json\/wp\/v2\/categories?post=3811"},{"taxonomy":"post_tag","embeddable":true,"href":"https:\/\/www.cltweb.org\/pt-br\/wp-json\/wp\/v2\/tags?post=3811"}],"curies":[{"name":"wp","href":"https:\/\/api.w.org\/{rel}","templated":true}]}}