{"id":4399,"date":"2024-10-22T19:49:46","date_gmt":"2024-10-22T19:49:46","guid":{"rendered":"https:\/\/www.cltweb.org\/biblioteca-de-recursos\/entrevistas\/david-ireland-e-jerry-maldonado-2020\/"},"modified":"2024-10-22T20:47:49","modified_gmt":"2024-10-22T20:47:49","slug":"david-ireland-e-jerry-maldonado-2020","status":"publish","type":"page","link":"https:\/\/www.cltweb.org\/pt-br\/biblioteca-de-recursos\/entrevistas\/david-ireland-e-jerry-maldonado-2020\/","title":{"rendered":"David Ireland e Jerry Maldonado (2020)"},"content":{"rendered":"\n<p><strong>Transcri\u00e7\u00e3o da entrevista com Jerry Maldonado, da Funda\u00e7\u00e3o Ford, e David Ireland, da World Habitat, conduzida por <\/strong><strong>Mar\u00eda E. Hern\u00e1ndez Torrales do Centro de Inova\u00e7\u00e3o CLT (<\/strong><strong>15 de outubro de 2020)<\/strong><strong> <\/strong><\/p>\n\n<p><strong>Mar\u00eda E. Hern\u00e1ndez Torrales: <\/strong>Bom dia, Jerry.<\/p>\n\n<p><strong>Jerry Maldonado: <\/strong>Bom dia.<\/p>\n\n<p><strong>Mar\u00eda E. Hern\u00e1ndez Torrales: <\/strong>E bom dia (embora eu ache que seja boa tarde), David.<\/p>\n\n<p><strong>David Ireland: <\/strong>Boa tarde para voc\u00ea do Reino Unido, mas bom dia, Maria.<\/p>\n\n<p><strong>Mar\u00eda E. Hern\u00e1ndez Torrales: <\/strong>Bem-vindos, voc\u00eas dois. \u00c9 \u00f3timo ter voc\u00eas dois e ter a oportunidade de fazer esta entrevista, que \u00e9 mais uma conversa. <\/p>\n\n<p>Como coeditor do <em>On Common Ground<\/em>, devo come\u00e7ar agradecendo a voc\u00eas dois por contribu\u00edrem com pref\u00e1cios t\u00e3o perspicazes e instigantes para o nosso livro. Al\u00e9m disso, agrade\u00e7o a voc\u00eas por terem disponibilizado tempo para esta conversa. <\/p>\n\n<p>Para o p\u00fablico que eventualmente ter\u00e1 acesso a essa conversa, gostaria de salientar que as diferentes forma\u00e7\u00f5es de voc\u00eas, Jerry e David, os expuseram a uma s\u00e9rie de experi\u00eancias que est\u00e3o refletidas em seus respectivos pref\u00e1cios. Jerry chama nossa aten\u00e7\u00e3o para a singularidade do movimento CLT. Ele diz que o movimento \u00e9 mais do que moradia e abrange a autodetermina\u00e7\u00e3o da comunidade. E eu devo enfatizar a autodetermina\u00e7\u00e3o da comunidade. David, por sua vez, faz uma pergunta filos\u00f3fica sobre o que \u00e9 uma boa moradia. Em seguida, ele se concentra no CLT e o descreve como uma das ideias mais importantes do s\u00e9culo passado, no sentido de que ele n\u00e3o apenas muda a forma como a terra \u00e9 possu\u00edda e a moradia se desenvolve, mas tamb\u00e9m protege a comunidade. Enfatizo aqui a prote\u00e7\u00e3o da comunidade. Temos a autodetermina\u00e7\u00e3o da comunidade e temos a prote\u00e7\u00e3o da comunidade.       <\/p>\n\n<p>Dito isso, vou come\u00e7ar com minha primeira pergunta. Voc\u00eas dois passaram anos defendendo o trabalho dos fundos comunit\u00e1rios de terras. Qual foi <em>a primeira vez<\/em> que voc\u00ea conheceu uma organiza\u00e7\u00e3o estruturada e operada como um community land trust? E o que esse CLT tinha que chamou a aten\u00e7\u00e3o de voc\u00eas e despertou seu interesse por essa forma incomum de posse?   <\/p>\n\n<p><strong>David Ireland: <\/strong>Eu j\u00e1 conhecia os fundos de terras comunit\u00e1rios h\u00e1 muitos e muitos anos. \u00c9 um termo que soa bem. Todas as tr\u00eas palavras soam bem.  <\/p>\n\n<p>Acho que a primeira que visitei foi em um trabalho anterior que fiz, que consistia em fazer com que casas vazias voltassem a ser usadas. Fazer com que as casas voltem a ser usadas n\u00e3o \u00e9 t\u00e3o dif\u00edcil se voc\u00ea n\u00e3o se importar com a finalidade delas. Mas o que est\u00e1vamos tentando fazer era coloc\u00e1-las em uso para fins econ\u00f4micos para pessoas com necessidade de moradia. E isso \u00e9 mais dif\u00edcil.   <\/p>\n\n<p>H\u00e1 uma organiza\u00e7\u00e3o fant\u00e1stica chamada Canopy [Housing] em Leeds, no Reino Unido. Eles treinam pessoas sem-teto para reformar propriedades vazias. Depois, eles os alugam como uma forma de moradia social. Na verdade, eles n\u00e3o s\u00e3o um community land trust, [but] eles est\u00e3o ultrapassando os limites absolutos disso. Est\u00e3o ampliando a defini\u00e7\u00e3o. Eles descobriram uma maneira de us\u00e1-la para tornar essas casas que estavam sendo recolocadas em uso permanentemente acess\u00edveis e criar uma comunidade entre as pessoas que moravam nelas. Acho que \u00e9 uma ideia fant\u00e1stica e, depois disso, aprendi e explorei muito mais sobre o assunto.      <\/p>\n\n<p>Mas o c\u00edrculo se completou. Voc\u00ea se lembra, Maria, quando o Ca\u00f1o Mart\u00edn Pe\u00f1a CLT ganhou o Pr\u00eamio Mundial do Habitat? O outro vencedor na \u00e9poca foi o Canopy, de Leeds. Foi bom poder reconhec\u00ea-los todos esses anos depois.   <\/p>\n\n<p><strong>Jerry Maldonado: <\/strong>De minha parte, a Ford tem sido uma apoiadora de longa data dos CLTs, muito antes de eu trabalhar na Ford. Mas minha primeira experi\u00eancia pessoal com CLTs foi, na verdade, em 2008. E 2008 foi um ano importante, certo? Foi o ano da crise das execu\u00e7\u00f5es hipotec\u00e1rias aqui nos Estados Unidos. Lembro-me de que, naquele momento, muitos dos bairros com os quais eu estava intimamente familiarizado estavam sendo devastados por essa onda de execu\u00e7\u00f5es hipotec\u00e1rias que estava atingindo especialmente as comunidades negras e pardas. Conheci muitas fam\u00edlias que foram afetadas diretamente e estavam perdendo suas casas.     <\/p>\n\n<p>E, nesse contexto, lembro-me de ter visitado a Dudley Street Neighborhood Initiative. Isso foi durante a confer\u00eancia da National Community Land Trust Network em 2008, em Boston. O que eu vi foi um estudo de contraste. Eu estava vendo toda essa devasta\u00e7\u00e3o ao meu redor com a crise das execu\u00e7\u00f5es hipotec\u00e1rias, [but] eu estava vendo esperan\u00e7a <em>nessa<\/em> comunidade. Enquanto eu via fam\u00edlias negras e pardas sendo despejadas de suas casas, eu via a solidariedade de negros e pardos em uma comunidade. Eles n\u00e3o estavam apenas esperando, mas construindo&#8230; e construindo uma solidariedade.     <\/p>\n\n<p>O que eu vi foi simplesmente comovente e fundamentalmente inspirador. Para mim, foi um belo momento em que senti a organiza\u00e7\u00e3o se encontrar com o planejamento, com a pol\u00edtica e os pol\u00edticos, como em uma estrutura e um recipiente. <\/p>\n\n<p>Isso inspirou o trabalho que levei adiante. Esse foi realmente o meu espa\u00e7o de abertura. Comecei a fazer essas perguntas mais amplas sobre desenvolvimento, terra, poder. Quem decide? Quem se beneficia. Esse foi o momento para mim. Essa foi a fa\u00edsca.      <\/p>\n\n<p><strong>Mar\u00eda E. Hern\u00e1ndez Torrales: <\/strong>Agrade\u00e7o a voc\u00ea por suas respostas. Jerry, em seu Pref\u00e1cio voc\u00ea afirma que os CLTs n\u00e3o funcionam apenas como ferramentas para evitar o deslocamento e preservar a acessibilidade de longo prazo, mas tamb\u00e9m como ve\u00edculos para delibera\u00e7\u00e3o coletiva, a\u00e7\u00e3o e responsabilidade que ajudam a &#8220;dobrar o arco do desenvolvimento em dire\u00e7\u00e3o \u00e0 justi\u00e7a&#8221;. Gosto muito dessas palavras. Voc\u00ea poderia falar mais sobre isso?   <\/p>\n\n<p><strong>Jerry Maldonado: <\/strong>Vou come\u00e7ar com minha pr\u00f3pria experi\u00eancia pessoal, como filho de migrantes porto-riquenhos que foram deslocados de Porto Rico durante a Opera\u00e7\u00e3o Bootstrap. Meu pr\u00f3prio tipo de hist\u00f3ria vivida faz parte de uma hist\u00f3ria mais ampla de ciclos de migra\u00e7\u00e3o e deslocamentos. Refletindo sobre minha pr\u00f3pria experi\u00eancia e a experi\u00eancia das muitas comunidades em que trabalho, todos sabemos que a pol\u00edtica p\u00fablica desempenha um papel fundamental na forma\u00e7\u00e3o do comportamento do mercado e na condu\u00e7\u00e3o do desenvolvimento de uma forma que pode nos aproximar da equidade ou perpetuar o racismo estrutural, a exclus\u00e3o e a desigualdade.  <\/p>\n\n<p>Infelizmente, a realidade da pol\u00edtica de uso da terra e desenvolvimento nos EUA e em Porto Rico no s\u00e9culo passado tem sido uma pol\u00edtica de desenvolvimento, terra e habita\u00e7\u00e3o usada para perpetuar a segrega\u00e7\u00e3o racial e a desigualdade; desde o tipo de pol\u00edticas discriminat\u00f3rias de habita\u00e7\u00e3o e uso da terra que impediram as fam\u00edlias negras e pardas de serem propriet\u00e1rias de im\u00f3veis nos EUA, at\u00e9 o revestimento vermelho e a renova\u00e7\u00e3o urbana; at\u00e9 a mais recente onda de fuga e retorno dos brancos; deslocamento. E agora, com as mudan\u00e7as clim\u00e1ticas e a COVID, o que vemos s\u00e3o esses ciclos perp\u00e9tuos de deslocamento de corpos, de comunidades. <\/p>\n\n<p>Portanto, para mim, o que \u00e9 realmente importante \u00e9 reconhecer que essas s\u00e3o decis\u00f5es conscientes. Muitas vezes, falamos sobre o mercado como se ele fosse esse tipo de coisa abstrata e invis\u00edvel. Mas a m\u00e3o invis\u00edvel do mercado \u00e9, na verdade, muito vis\u00edvel e \u00e9 moldada por pol\u00edticas, pol\u00edticos e for\u00e7as poderosas que beneficiam determinados interesses em detrimento de outros. Voc\u00ea est\u00e1 certo?   <\/p>\n\n<p>Portanto, quando penso em fundos de terras comunit\u00e1rios, eles s\u00e3o, em sua melhor forma, n\u00e3o <em>apenas<\/em> ve\u00edculos para a produ\u00e7\u00e3o de moradias. David, acho que isso remete ao que voc\u00ea disse anteriormente. Construir unidades habitacionais \u00e9 algo que sabemos fazer. N\u00e3o h\u00e1 m\u00e1gica na engenharia de constru\u00e7\u00e3o. Mas o que esse movimento almeja n\u00e3o \u00e9 apenas construir moradias, mas sim articular uma vis\u00e3o diferente de desenvolvimento.    <\/p>\n\n<p>Portanto, na melhor das hip\u00f3teses, para mim, os CLTs s\u00e3o ve\u00edculos de organiza\u00e7\u00e3o, vis\u00e3o, planejamento e concilia\u00e7\u00e3o de interesses conflitantes entre a comunidade, os interesses p\u00fablicos e os interesses privados; setor p\u00fablico, governo e comunidade; residentes e outras partes interessadas. Eles criam um ve\u00edculo e um recipiente para negociar esses interesses. Mas tamb\u00e9m um recipiente para garantir que uma vis\u00e3o da comunidade possa ser articulada e, em seguida, protegida e preservada a longo prazo. Isso desafia certas coisas que consideramos normais em rela\u00e7\u00e3o ao desenvolvimento. E torna mais vis\u00edveis alguns dos fatores subjacentes da desigualdade.    <\/p>\n\n<p><strong>Mar\u00eda E. Hern\u00e1ndez Torrales: <\/strong>Excelente. Isso nos leva \u00e0 autodetermina\u00e7\u00e3o da comunidade. Muito obrigada a voc\u00ea.  <\/p>\n\n<p>David, voc\u00ea representou a comunidade como a \u00fanica que pode proteger as casas das pessoas e caracterizou o CLT como uma resposta democr\u00e1tica e poderosa baseada no princ\u00edpio de que as pessoas s\u00e3o mais fortes quando trabalham juntas e quando controlam coletivamente a terra onde suas casas s\u00e3o constru\u00eddas. Como, a partir dessa perspectiva, o CLT aborda os tr\u00eas fatores que voc\u00ea mencionou que prejudicam o acesso \u00e0 moradia: o enfraquecimento dos direitos legais, que, posso dizer, tamb\u00e9m \u00e9 o acesso \u00e0 justi\u00e7a; a hostilidade dos mercados privados; e as emerg\u00eancias das mudan\u00e7as clim\u00e1ticas? <\/p>\n\n<p><strong>David Ireland: <\/strong>O mundo est\u00e1 se tornando perigoso, n\u00e3o \u00e9? E parece estar ficando cada vez mais perigoso. \u00c9 por isso que acho que os fundos de terras comunit\u00e1rios e o movimento habitacional liderado pela comunidade em geral s\u00e3o t\u00e3o importantes, pois s\u00e3o uma forma de oferecer alguma prote\u00e7\u00e3o contra algumas dessas amea\u00e7as, em que as pessoas podem levar uma vida normal e administrar uma comunidade da maneira que quiserem, em vez de sofrerem amea\u00e7as constantes.  <\/p>\n\n<p>E concordo com o que Jerry disse. Estou no setor imobili\u00e1rio h\u00e1 muito tempo. Durante esse tempo, a habita\u00e7\u00e3o se tornou algo muito diferente. No in\u00edcio de minha carreira, a habita\u00e7\u00e3o era geralmente apenas um lugar onde as pessoas moravam. Mas ela se tornou um ve\u00edculo de investimento que este s\u00e9culo tem acelerado cada vez mais. As pessoas costumavam investir em a\u00e7\u00f5es e coisas do g\u00eanero. Se estivessem investindo em outras coisas, seriam em belas artes, vinhos antigos ou coisas que n\u00e3o tinham nenhum efeito sobre as pessoas normais. N\u00e3o importava se essas coisas aumentassem muito de valor.       <\/p>\n\n<p>Ao longo deste s\u00e9culo, os investidores entraram no mercado [real estate] cada vez mais &#8211; e agora eles ditam o pre\u00e7o. Eles ditam os termos. E para fazer com que o mercado funcione para eles, recorreram ao governo e conseguiram que as prote\u00e7\u00f5es das moradias das pessoas fossem reduzidas para facilitar a negocia\u00e7\u00e3o.  <\/p>\n\n<p>Para onde voc\u00ea pode ir se n\u00e3o for rico? Onde voc\u00ea pode ir para se proteger dessas for\u00e7as? N\u00e3o h\u00e1 muitas op\u00e7\u00f5es. Quero dizer, seria \u00f3timo se houvesse um grande e extenso menu com todos os tipos de op\u00e7\u00f5es diferentes que as pessoas pudessem ter. Acho que n\u00e3o h\u00e1 muitas.    <\/p>\n\n<p>Acho que um fundo comunit\u00e1rio de terras &#8230;. Eu disse que achava que era uma das ideias mais importantes do s\u00e9culo passado. E acho que <em>\u00e9<\/em> por isso que ela \u00e9, porque h\u00e1 muito poucas outras. H\u00e1 pouqu\u00edssimas outras maneiras pelas quais uma comunidade pode se isolar dessas for\u00e7as e as pessoas podem levar a vida normal que desejam.  <\/p>\n\n<p><strong>Mar\u00eda E. Hern\u00e1ndez Torrales: <\/strong>Obrigada a voc\u00ea. Obrigada a voc\u00ea. Voc\u00ea foi muito atencioso na resposta.  <\/p>\n\n<p>Jerry, no Pref\u00e1cio, voc\u00ea chamou nossa aten\u00e7\u00e3o para o ciclo de expans\u00e3o e retra\u00e7\u00e3o do investimento e desenvolvimento imobili\u00e1rio predat\u00f3rio que marginaliza muitas comunidades. Voc\u00ea tamb\u00e9m falou sobre os danos que est\u00e3o sendo causados \u00e0s comunidades em todo o mundo pelo que chamou de &#8220;mistura t\u00f3xica&#8221; de racismo estrutural, segrega\u00e7\u00e3o e fundamentalismo de mercado. <\/p>\n\n<p>Quando comparados a problemas enormes como esses, os CLTs parecem pequenos e insignificantes. Na sua opini\u00e3o, os CLTs podem realmente fazer a diferen\u00e7a? Voc\u00ea imagina a organiza\u00e7\u00e3o CLT como uma forma justa de fazer isso?  <\/p>\n\n<p><strong>Jerry Maldonado: <\/strong>Acho que vou me basear em muito do que o David disse. Acho que se trata dessas tend\u00eancias em dire\u00e7\u00e3o \u00e0 mercantiliza\u00e7\u00e3o do que deveria ser um direito humano b\u00e1sico. Precisamos come\u00e7ar por a\u00ed. Maria, como voc\u00ea disse, os desafios s\u00e3o enormes. Mas eu sempre acho que nesses momentos de grandes desafios, o que \u00e9 necess\u00e1rio \u00e9 uma grande e radical reimagina\u00e7\u00e3o. E nos EUA estamos nesse momento, outro momento de ajuste de contas racial, com o movimento Black Lives Matter (Vidas Negras Importam) realmente iluminando esses ciclos de neglig\u00eancia legitimada. Esse foi um termo usado no livro pelo autor ao escrever sobre as favelas; essa neglig\u00eancia legitimada de comunidades habitadas por corpos negros e pardos. Esse \u00e9 um fen\u00f4meno global. E, mais uma vez, isso replica e refor\u00e7a a desigualdade racista estrutural existente, em que temos comunidades que s\u00e3o mal atendidas, segregadas, superpoliciadas, marginalizadas e usadas e extra\u00eddas por seu trabalho. Depois, s\u00e3o descartadas e deslocadas por outros interesses, seja um interesse imobili\u00e1rio especulativo ou outro empreendimento.         <\/p>\n\n<p>Portanto, temos esses ciclos. E nos EUA estamos em um momento em que estamos fazendo perguntas fundamentais sobre <em>o<\/em> que precisamos desinvestir e <em>no<\/em> que precisamos investir. E acho que o movimento de desinvestimento\/investimento pode ser pensado de forma mais ampla. N\u00e3o se trata apenas de policiamento e seguran\u00e7a p\u00fablica. Mas, fundamentalmente, repensar os tipos de comunidades, o tipo de sociedade. Essas s\u00e3o grandes quest\u00f5es sobre o que estamos tentando construir.     <\/p>\n\n<p>Repensar os tipos de comunidades e o tipo de sociedade que desejamos ser nos obriga a fazer perguntas realmente dif\u00edceis sobre desenvolvimento. E \u00e9 a\u00ed que as coisas ficam realmente dif\u00edceis, certo? Porque o desenvolvimento tem a ver com dinheiro. Tem a ver com a extra\u00e7\u00e3o de riqueza. Tem a ver com identidade.    <\/p>\n\n<p>E, nos EUA, neste momento, somos for\u00e7ados a repensar toda a nossa rede de seguran\u00e7a social. O que vimos em seu momento p\u00f3s-COVID, com essa poss\u00edvel pr\u00f3xima onda de despejos e execu\u00e7\u00f5es hipotec\u00e1rias, \u00e9 que nossa rede de seguran\u00e7a <em>n\u00e3o funciona <\/em>em habita\u00e7\u00e3o, educa\u00e7\u00e3o e sa\u00fade. Certo? Precisamos mudar para uma estrutura que seja menos baseada na extra\u00e7\u00e3o m\u00e1xima de lucros, na concorr\u00eancia e no indiv\u00edduo, para uma que realmente nos leve a uma economia de solidariedade, de comunidade. Isso cria uma rede de seguran\u00e7a que \u00e9 resiliente e n\u00e3o entra em colapso nesses momentos de crise, momentos que, na minha opini\u00e3o, se tornar\u00e3o cada vez mais frequentes \u00e0 medida que pensarmos nisso. David, voc\u00ea mencionou a mudan\u00e7a clim\u00e1tica. Essas crises s\u00f3 v\u00e3o se tornar cada vez mais intensas, certo?      <\/p>\n\n<p>Portanto, a grande quest\u00e3o \u00e9: temos esses enormes desafios, ent\u00e3o onde o tipo de movimento CLT se encaixa em tudo isso? Sempre gosto de refletir sobre uma de minhas cita\u00e7\u00f5es favoritas de Helen Keller: &#8220;A heresia de hoje \u00e9 a ortodoxia de amanh\u00e3&#8221;. Nesse contexto, eu sempre brinco dizendo que o movimento CLT \u00e9 como os hereges da habita\u00e7\u00e3o de hoje. \u00c9 como <strong><em>o<\/em><\/strong> movimento her\u00e9tico. \u00c9 pequeno, ainda est\u00e1 crescendo, mas est\u00e1 desafiando algumas dessas ideias firmemente arraigadas sobre moradia e terra como um direito privado individual. E realmente nos desafia a pensar sobre isso como um bem <em>da comunidade<\/em>. Est\u00e1 nos desafiando a pensar sobre o bem p\u00fablico, sobre a moradia como um bem individual versus a moradia como um bem comunit\u00e1rio. Isso nos desafia a pensar em como financiamos isso, qual \u00e9 a estrutura, quais s\u00e3o os mecanismos legais para garantir essas coisas.       <\/p>\n\n<p>Tamb\u00e9m est\u00e1 nos desafiando a sermos mais ousados em rela\u00e7\u00e3o ao <em>horizonte de tempo<\/em>. Quando pensamos em desenvolvimento, geralmente pensamos nesses desenvolvimentos a curto prazo. A acessibilidade, no contexto dos EUA, \u00e9 de 15 a 30 anos para moradias acess\u00edveis. Mas o que temos visto \u00e9 que 15 a 30 anos \u00e9 tempo suficiente para gentrificar uma comunidade e desencadear outra onda de deslocamento.   <\/p>\n\n<p>Portanto, eu diria que, embora o movimento ainda esteja florescendo, crescendo e fazendo experimentos &#8211; e, nos EUA, ainda \u00e9 relativamente pequeno em compara\u00e7\u00e3o com o setor habitacional tradicional -, ele est\u00e1 se destacando em termos de ideias. Est\u00e1 experimentando de maneiras criativas. <\/p>\n\n<p>Acho que, em \u00faltima an\u00e1lise, isso nos leva a um tipo diferente de caminho, se pudermos gerar a vontade pol\u00edtica que precisa ser gerada para transformar ideias em pol\u00edticas e pr\u00e1ticas.<\/p>\n\n<p><strong>Mar\u00eda E. Hern\u00e1ndez Torrales: <\/strong>David, voc\u00ea descreveu o sistema habitacional moderno como &#8220;disfuncional&#8221;, que deixou aqueles que n\u00e3o podem pagar por uma casa particular a pre\u00e7o de mercado para se defender e at\u00e9 mesmo enfrentar a falta de moradia. Voc\u00ea poderia expandir? Por que voc\u00ea v\u00ea a organiza\u00e7\u00e3o CLT como uma resposta poderosa para proteger os lares?  <\/p>\n\n<p><strong>David Ireland: <\/strong>Claro. O que quero dizer com &#8220;disfuncional&#8221; \u00e9 que quando uma pessoa comum n\u00e3o pode pagar por uma casa comum, algo deu errado. E isso est\u00e1 errado em todos os lugares. N\u00e3o \u00e9 apenas, voc\u00ea sabe, no Reino Unido e nos Estados Unidos. \u00c9 em todos os pa\u00edses que voc\u00ea visitar. Os mesmos problemas est\u00e3o em jogo.     <\/p>\n\n<p>E \u00e9 pelos mesmos motivos de muitos anos atr\u00e1s, quando houve uma onda. Sempre houve pessoas pobres que n\u00e3o tinham condi\u00e7\u00f5es de comprar uma casa decente. Mas o que mudou \u00e9 que a pessoa comum agora est\u00e1 competindo contra as for\u00e7as de investimento e especula\u00e7\u00e3o. N\u00e3o s\u00e3o apenas as pessoas pobres que n\u00e3o podem mais pagar por uma casa decente. A pessoa comum n\u00e3o pode mais pagar por uma casa decente. Quando se chega a essa situa\u00e7\u00e3o, voc\u00ea tem de concluir que o sistema n\u00e3o est\u00e1 funcionando. Algo deu muito errado.      <\/p>\n\n<p>E o efeito disso \u00e9 que as pessoas pobres s\u00e3o empurradas para terras cada vez mais marginalizadas e para uma exist\u00eancia cada vez mais prec\u00e1ria. E elas se tornam mais vulner\u00e1veis a todos os choques de que falamos anteriormente. E voc\u00ea n\u00e3o pode ter um sistema que continue fazendo isso. Voc\u00ea precisa realmente questionar os fundamentos do sistema.   <\/p>\n\n<p>Acho que \u00e9 por isso que o community land trust \u00e9 uma ideia t\u00e3o poderosa, porque responde a isso, tem um conjunto diferente de valores democr\u00e1ticos, que n\u00e3o se baseiam em quanto dinheiro voc\u00ea pode extrair da propriedade ou da terra. N\u00e3o \u00e9 ditado por quanto as pessoas podem pagar. \u00c9 ditado por um tipo de sistema democr\u00e1tico com o qual as pessoas concordaram. E no qual as pessoas podem pagar por uma casa decente e ter uma vida decente.   <\/p>\n\n<p>Pode ser um nicho pequeno no momento, mas \u00e9 uma ideia poderosa. Em momentos como este, as pessoas est\u00e3o procurando por ideias poderosas. Acho que h\u00e1 um enorme potencial para propor essa resposta a muitos dos males da sociedade e uma maneira de construir um futuro melhor, p\u00f3s-COVID.  <\/p>\n\n<p><strong>Jerry Maldonado: <\/strong>Maria, posso fazer uma pergunta ao David? Estou curiosa, David, estamos enfrentando desafios muito semelhantes nos EUA e no Reino Unido em muitas frentes, inclusive em nossa lideran\u00e7a. Gostaria de saber se voc\u00ea poderia falar um pouco mais sobre o que considera ser os principais obst\u00e1culos no Reino Unido para que esse modelo seja realmente integrado. O que voc\u00ea v\u00ea? O que voc\u00ea acha que seria necess\u00e1rio para que ele passasse de uma ideia pequena e poderosa para a corrente principal?    <\/p>\n\n<p><strong>David Ireland: <\/strong>Acho que h\u00e1 duas coisas. O Reino Unido, como a maior parte da Europa Ocidental, tem um sistema de bem-estar e um sistema de habita\u00e7\u00e3o social razoavelmente fortes. Ele est\u00e1 enfraquecido e n\u00e3o \u00e9 mais o que era, mas ainda existe. Diferentemente de outras partes do mundo, as pessoas mais pobres n\u00e3o acabam todas nas ruas. Elas n\u00e3o precisam construir suas pr\u00f3prias casas. Existe um sistema. Portanto, no momento, voc\u00ea n\u00e3o se sente em uma situa\u00e7\u00e3o de emerg\u00eancia.      <\/p>\n\n<p>O outro problema, conversando com pessoas que trabalham com pol\u00edtica e habita\u00e7\u00e3o, \u00e9 que muitas pessoas gostam da ideia de um fundo comunit\u00e1rio de terras, mas parece muito complicado. E toda a experi\u00eancia que elas t\u00eam \u00e9 que, quando veem fundos fundi\u00e1rios comunit\u00e1rios, eles demoram muito. Eles levam anos e anos e anos para serem constru\u00eddos. Acho que o problema \u00e9 que, como eles ainda s\u00e3o um nicho, cada comunidade tem que inventar suas pr\u00f3prias regras. N\u00e3o existe um livro de regras. Voc\u00ea tem que escrever o seu pr\u00f3prio livro todas as vezes.     <\/p>\n\n<p>E \u00e9 por isso que leva tanto tempo. Voc\u00ea precisa ter uma escala, o que come\u00e7a a criar um c\u00edrculo virtuoso. E voc\u00ea precisa fazer com que o governo e os governos locais aceitem a ideia e, fundamentalmente, disponibilizem a terra para esse tipo de abordagem a um pre\u00e7o razo\u00e1vel.  <\/p>\n\n<p>N\u00e3o acho que isso seja inating\u00edvel. S\u00f3 que, no momento, voc\u00ea precisa chegar a um ponto de inflex\u00e3o em que se torne &#8220;Sim, isso \u00e9 o que deve ser feito. Essa \u00e9 a maneira de resolver esse problema&#8221;. Ainda n\u00e3o chegamos l\u00e1.  <\/p>\n\n<p><strong>Mar\u00eda E. Hern\u00e1ndez Torrales: <\/strong>Minha pr\u00f3xima pergunta est\u00e1 relacionada a isso. Nos dois pa\u00edses de voc\u00eas, h\u00e1 centenas de ONGs e provedores de habita\u00e7\u00e3o social. Qual \u00e9 o nicho especial ocupado pelos community land trusts nesse denso cen\u00e1rio organizacional? O que os CLTs trazem de diferente e digno de nota para o concorrido campo da habita\u00e7\u00e3o popular e do desenvolvimento comunit\u00e1rio? Provavelmente, dever\u00edamos come\u00e7ar com Jerry.    <\/p>\n\n<p><strong>Jerry Maldonado: <\/strong>Claro. Para mim, acho que o movimento CLT realmente nos leva de volta \u00e0s origens, em muitos aspectos, do movimento CDC [Community Development Corporation]. Ele est\u00e1 conciliando um tipo de moradia e terra com um tipo mais amplo de direitos civis de justi\u00e7a racial e um conjunto de lutas por justi\u00e7a econ\u00f4mica. E esses tr\u00eas componentes, certo? Ele centraliza as pessoas da comunidade, a terra e a confian\u00e7a &#8211; tanto a estrutura quanto o tipo de solidariedade. Penso em &#8220;confian\u00e7a&#8221; tanto em termos de estrutura quanto do tipo de solidariedade que essa unidade est\u00e1 tentando construir; realmente tentando nos ajudar a reconciliar e recuperar as origens do movimento habitacional nos EUA, que tem se tornado cada vez mais profissionalizado.     <\/p>\n\n<p>A profissionaliza\u00e7\u00e3o \u00e9 muito boa e \u00e9 realmente importante padronizar, certo? <em>E<\/em>, ao mesmo tempo, voltando ao que voc\u00ea disse sobre o desafio da escala, nos EUA ainda n\u00e3o mobilizamos a vontade pol\u00edtica ou a lideran\u00e7a na escala necess\u00e1ria para movimentar os tipos de recursos do setor p\u00fablico de que precisamos para dimensionar isso.<\/p>\n\n<p>Por isso, muitas vezes falamos que o modelo em si \u00e9 muito espec\u00edfico e de butique. Acho que <em>todo o<\/em> desenvolvimento \u00e9 espec\u00edfico e de butique. A quest\u00e3o \u00e9: como voc\u00ea o incentiva? Como o setor p\u00fablico est\u00e1 subsidiando ou n\u00e3o est\u00e1 subsidiando? E como o setor p\u00fablico est\u00e1, na verdade, subsidiando fluxos concorrentes de desenvolvimento que, na verdade, prejudicam e s\u00e3o contr\u00e1rios.    <\/p>\n\n<p>Acho que, para mim, o movimento CLT \u00e9 \u00fanico em alguns fatores. Primeiro, \u00e9 um modelo de governan\u00e7a que realmente tenta criar um ve\u00edculo para a delibera\u00e7\u00e3o democr\u00e1tica, o que \u00e9 confuso e leva algum tempo. Mas, no final das contas, se for bem feito, ele cria um recipiente para conciliar interesses conflitantes em um local: interesses conflitantes de uso da terra; interesses econ\u00f4micos conflitantes; interesses conflitantes de planejamento.  <\/p>\n\n<p>[Second]O conceito de administra\u00e7\u00e3o \u00e9 bastante singular em sua vis\u00e3o e em seu horizonte de tempo. N\u00e3o se trata apenas de produ\u00e7\u00e3o e preserva\u00e7\u00e3o. Na verdade, trata-se de construir uma comunidade mais ampla e proteg\u00ea-la como um ativo comunit\u00e1rio a longo prazo. Isso \u00e9 realmente \u00fanico.   <\/p>\n\n<p>Acho que a terceira coisa que ele traz &#8211; e essa \u00e9 a parte que ainda n\u00e3o percebemos totalmente &#8211; \u00e9 que o modelo em si desafia a pol\u00edtica p\u00fablica e a maneira como financiamos a habita\u00e7\u00e3o neste pa\u00eds, que muitas vezes depende tanto do capital privado, do capital especulativo e de incentivos fiscais que subsidiam um determinado tipo de desenvolvimento.<\/p>\n\n<p>Para mim, esse \u00e9 um dos maiores desafios para que voc\u00ea passe de um modelo de boutique de nicho menor para o mainstream. \u00c9 um desafio ideol\u00f3gico. Passar da habita\u00e7\u00e3o como mercadoria para o direito humano, em que a habita\u00e7\u00e3o para todos \u00e9 um direito humano b\u00e1sico. Al\u00e9m disso, h\u00e1 um desafio b\u00e1sico de pol\u00edtica p\u00fablica e finan\u00e7as que, para mim, \u00e9 fundamentalmente um desafio pol\u00edtico.   <\/p>\n\n<p>Voltando novamente \u00e0s minhas origens na Dudley Street ou ao que vejo quando penso no Fideicomiso ou no G-8 [o grupo de oito comunidades adjacentes ao canal Mart\u00edn Pe\u00f1a], \u00e9 que, em \u00faltima an\u00e1lise, esses movimentos foram todos um movimento popular. Portanto, essa \u00e9 a origem, onde as mudan\u00e7as nas moradias, nas pol\u00edticas, na pol\u00edtica come\u00e7am &#8211; com essa organiza\u00e7\u00e3o profunda. N\u00e3o podemos encurtar isso. Porque, se o fizermos, poderemos criar um ve\u00edculo <em>vazio<\/em> e um cont\u00eainer que produzir\u00e1 widgets. Voc\u00ea pode ter uma vit\u00f3ria, mas a quest\u00e3o \u00e9: at\u00e9 que ponto essa vit\u00f3ria \u00e9 sustent\u00e1vel e resiliente? Ser\u00e1 que podemos proteger essas vit\u00f3rias a longo prazo?     <\/p>\n\n<p>Aqui, na comunidade progressista, voc\u00ea sempre v\u00ea muitas vit\u00f3rias. H\u00e1 campanhas que voc\u00ea apoia e que s\u00e3o vitoriosas. Mas voc\u00ea n\u00e3o construiu uma base para ela que realmente proteja essas vit\u00f3rias quando os ventos pol\u00edticos mudarem. Voc\u00ea est\u00e1 certo?   <\/p>\n\n<p>E, em Porto Rico, com as muitas lutas e dificuldades pelas quais o land trust passou, a raz\u00e3o pela qual ele est\u00e1 onde est\u00e1 \u00e9 devido a todo o trabalho de constru\u00e7\u00e3o da comunidade que foi feito no in\u00edcio e a maneira como isso continua a ser centralizado como parte do modelo de desenvolvimento.<\/p>\n\n<p><strong>Mar\u00eda E. Hern\u00e1ndez Torrales: <\/strong>David?<\/p>\n\n<p><strong>David Ireland: <\/strong>Voc\u00ea perguntou o que h\u00e1 de especial nos community land trusts no contexto europeu. E acho que o que vi foi que em todos os community land trusts que visitei &#8211; na verdade, em todos os empreendimentos habitacionais liderados pela comunidade que visitei &#8211; as pessoas est\u00e3o felizes. As pessoas <em>gostam de<\/em> viver nessas comunidades. Isso torna a vida melhor. Voc\u00ea n\u00e3o pode contestar isso.    <\/p>\n\n<p>H\u00e1 muito do que h\u00e1 de bom em moradias sociais na Europa. E h\u00e1 algumas moradias sociais fant\u00e1sticas, algumas pessoas fant\u00e1sticas envolvidas. Mas acho que voc\u00ea n\u00e3o pode dizer <em>isso<\/em> sobre isso.  <\/p>\n\n<p>Voc\u00ea sabe, trabalhei em moradias sociais durante grande parte da minha vida. E muito disso \u00e9 feito <em>para<\/em> as pessoas. As pessoas s\u00e3o colocadas em moradias sociais; n\u00e3o lhes \u00e9 dada muita escolha; elas n\u00e3o t\u00eam voz ativa; n\u00e3o t\u00eam voz ativa no que acontece. Na extremidade <em>menos bem-sucedida<\/em>, pode n\u00e3o ser um \u00f3timo lugar para se viver.   <\/p>\n\n<p>Portanto, acho que o que \u00e9 t\u00e3o importante sobre os fundos de terras comunit\u00e1rios \u00e9 que eles s\u00e3o moldados pela comunidade de acordo com o que funciona para ela. \u00c9 a comunidade deles. S\u00e3o as pessoas que t\u00eam uma palavra a dizer e uma propriedade, literal e metaf\u00f3rica, sobre ela. Acho que isso o torna t\u00e3o importante.   <\/p>\n\n<p>A situa\u00e7\u00e3o atual, certamente no Reino Unido e em muitos pa\u00edses europeus, \u00e9 que as \u00fanicas pessoas que t\u00eam tempo, espa\u00e7o e recursos para se envolver em fundos fiduci\u00e1rios comunit\u00e1rios s\u00e3o aquelas que n\u00e3o t\u00eam grande necessidade de moradia. Portanto, s\u00e3o pessoas que querem isso para seu estilo de vida e podem dedicar muito tempo a isso. Elas podem superar todos os obst\u00e1culos para fazer com que um community land trust funcione.  <\/p>\n\n<p>H\u00e1 muitas outras comunidades que precisam de ajuda e que seriam mais felizes se tivessem um community land trust. Mas elas precisam do apoio que o governo, o governo local, uma grande associa\u00e7\u00e3o de moradias ou um provedor de moradias sociais poderiam oferecer. <\/p>\n\n<p>Acho que h\u00e1 espa\u00e7o para que as pessoas continuem no controle e tenham voz ativa, mas, na verdade, h\u00e1 alguns recursos e apoio para permitir que as pessoas desenvolvam a comunidade que desejam.<\/p>\n\n<p><strong>Mar\u00eda E. Hern\u00e1ndez Torrales: <\/strong>A World Habitat e a Funda\u00e7\u00e3o Ford t\u00eam sido as principais financiadoras das associa\u00e7\u00f5es comerciais que representam e promovem os fundos fiduci\u00e1rios comunit\u00e1rios em seus respectivos pa\u00edses &#8211; a National CLT Network na Gr\u00e3-Bretanha e a Grounded Solutions Network nos Estados Unidos. Qual \u00e9 o valor de ter uma associa\u00e7\u00e3o de CLTs em funcionamento em n\u00edvel nacional? <\/p>\n\n<p><strong>Jerry Maldonado: <\/strong>Vou come\u00e7ar. Acho que isso \u00e9 realmente fundamental para criar uma rede de pares de sonhadores, realizadores, colaboradores e co-conspiradores. Voc\u00ea sabe, o ve\u00edculo \u00e9 dif\u00edcil. Para mim, foi uma verdadeira honra ver o movimento continuar a evoluir na \u00faltima d\u00e9cada, desde a National Community Land Trust Network at\u00e9 a Grounded Solutions, e ver a maneira como a pr\u00f3pria Rede criou um espa\u00e7o para apoiar a experimenta\u00e7\u00e3o em diferentes regi\u00f5es geogr\u00e1ficas. Para compartilhar esses aprendizados e essas melhores pr\u00e1ticas.    <\/p>\n\n<p>David, voltando ao que voc\u00ea disse, como podemos apoiar as comunidades que mais precisam dessas ferramentas? Porque elas n\u00e3o s\u00e3o f\u00e1ceis, necessariamente. S\u00e3o estruturas legais espec\u00edficas, estruturas sem fins lucrativos, pol\u00edticas e pr\u00e1ticas. Portanto, \u00e9 muito importante ter uma infraestrutura que possa dar suporte \u00e0 assist\u00eancia t\u00e9cnica e \u00e0s melhores pr\u00e1ticas, extrair as melhores li\u00e7\u00f5es e come\u00e7ar a articular uma agenda de pol\u00edticas em n\u00edvel municipal, estadual e, esperamos, cada vez mais em n\u00edvel federal.   <\/p>\n\n<p>Isso, para mim, tem sido a maior vantagem, o fato de ser um guarda-chuva para a experimenta\u00e7\u00e3o de baixo para cima, o compartilhamento e o sonho final de ampliar isso e torn\u00e1-lo uma parte mais permanente da nossa infraestrutura habitacional.<\/p>\n\n<p><strong>David Ireland: <\/strong>Financiamos v\u00e1rias organiza\u00e7\u00f5es como essa: a rede de moradias m\u00f3veis no Leste Europeu. N\u00f3s as financiamos. A CoHabitat Network, que \u00e9 internacional.  <\/p>\n\n<p>Concordo com o que Jerry diz. Sem d\u00favida. Acho que o motivo \u00e9 que muitos desses problemas que as comunidades enfrentam j\u00e1 foram resolvidos por outras pessoas. Criar uma rede na qual as pessoas possam compartilhar ideias e experi\u00eancias ajuda.   <\/p>\n\n<p>Eu estava em um evento da CoHabitat Network em Nair\u00f3bi no ano passado. Eles estavam comemorando as conquistas da Nig\u00e9ria, do Qu\u00eania, do Zimb\u00e1bue, de todos os tipos de lugares. Eu nem sabia que existiam fundos comunit\u00e1rios de terras nesses pa\u00edses. H\u00e1 tantas coisas fant\u00e1sticas acontecendo em todo o mundo que est\u00e3o fora do radar. E se algu\u00e9m reunir as pessoas, \u00e9 como se voc\u00ea estivesse em um grande movimento aqui, um movimento internacional. H\u00e1 muitas pessoas em todo o mundo fazendo o mesmo que voc\u00ea. Isso ajuda a encorajar e motivar as pessoas quando voc\u00ea tamb\u00e9m pode encontrar uma solu\u00e7\u00e3o pr\u00e1tica. Ent\u00e3o, sim, temos o prazer de apoi\u00e1-los.       <\/p>\n\n<p><strong>Mar\u00eda E. Hern\u00e1ndez Torrales: <\/strong>Obrigada a voc\u00ea. Agora quero levar essa conversa para San Juan, Porto Rico. Voc\u00eas dois fizeram visitas pessoais ao Fideicomiso de la Tierra del Ca\u00f1o Mart\u00edn Pe\u00f1a; ambos destacaram esse fundo comunit\u00e1rio de terras em seus respectivos pref\u00e1cios; e ambos ajudaram a apoiar nossos esfor\u00e7os aqui. Acho que voc\u00eas dois concordam que o Ca\u00f1o CLT teve um impacto local ao evitar o deslocamento involunt\u00e1rio, garantir terras e salvar casas para centenas de fam\u00edlias que vivem em assentamentos informais &#8211; sete comunidades pobres e muito carentes em Porto Rico que come\u00e7aram como assentamentos informais. Hoje, temos dois outros fundos comunit\u00e1rios de terras em Porto Rico que est\u00e3o trabalhando para desenvolver outra \u00e1rea em dificuldades aqui em San Juan &#8211; R\u00edo Piedras. E temos outro fundo comunit\u00e1rio de terras trabalhando para garantir terras para a agricultura sustent\u00e1vel.     <\/p>\n\n<p>Mas voc\u00ea v\u00ea um impacto ou uma influ\u00eancia maior do nosso trabalho <em>al\u00e9m de<\/em> Porto Rico, especificamente como um instrumento para ajudar a regularizar assentamentos informais?<\/p>\n\n<p><strong>David Ireland: <\/strong>Tenho esse trabalho extremamente privilegiado e posso ver todas essas coisas incr\u00edveis e fant\u00e1sticas. Quando fui a Porto Rico, o que nos levou a conceder o Pr\u00eamio Mundial do Habitat ao Ca\u00f1o Mart\u00edn Pe\u00f1a CLT, acho que foi realmente uma das visitas mais marcantes que j\u00e1 tive. <\/p>\n\n<p>Digo isso, sabendo que temos dois porto-riquenhos aqui, mas realmente acho que \u00e9 uma das mais significativas, porque o que voc\u00eas fizeram, como a Canopy, que eu vi pela primeira vez como um fundo de terra comunit\u00e1rio, voc\u00eas ultrapassaram os limites para resolver um problema diferente. E o potencial do que foi feito em Porto Rico \u00e9 enorme. Quero dizer, h\u00e1 mais de 1 bilh\u00e3o de pessoas no planeta que vivem em assentamentos informais. \u00c9 um mundo de moradias que est\u00e1 crescendo de longe mais rapidamente; a maioria das novas casas \u00e9 informal. E as pessoas que vivem em assentamentos informais est\u00e3o l\u00e1 por capricho dos propriet\u00e1rios de terras ou do governo, que podem acabar com sua posse em um instante, sem consulta, sem compensa\u00e7\u00e3o. Portanto, poder usar um fundo comunit\u00e1rio de terras para fornecer uma resposta, uma resposta a isso, uma prote\u00e7\u00e3o para esses bilh\u00f5es de pessoas em todo o mundo que se encontram em situa\u00e7\u00f5es semelhantes, o potencial \u00e9 enorme. \u00c9 absolutamente enorme.      <\/p>\n\n<p>Estamos trabalhando com uma comunidade no Rio de Janeiro, que voc\u00eas tamb\u00e9m conhecem, que se inspirou diretamente no que aconteceu em Porto Rico. E se voc\u00ea conseguir estabelecer um fundo comunit\u00e1rio de terras nas favelas do Rio, o potencial de replicar isso no Rio, na Am\u00e9rica Latina e no Sul Global \u00e9 absolutamente enorme. <\/p>\n\n<p>Eu adoraria voltar aqui daqui a 20 anos e pensar, bem, como \u00e9 o movimento de fundos comunit\u00e1rios de terras agora. Na verdade, eu me pergunto se poderia ser assim: se a maioria dos community land trusts em que a maioria das pessoas vive est\u00e1 em assentamentos informais, que foram regularizados, melhorados e estabelecidos como resultado do community land trust. <\/p>\n\n<p><strong>Jerry Maldonado: <\/strong>David, concordo cem por cento. Sempre me sinto muito inspirado quando vou visitar o Fideicomiso. Eles costumam descrev\u00ea-lo como <em>proyecto de pa\u00eds<\/em> &#8211; ou um modelo de desenvolvimento nacional &#8211; porque o que est\u00e3o fazendo aqui n\u00e3o se refere apenas aos bairros; trata-se de demonstrar um modelo de desenvolvimento, um modelo que tem <strong><em>nacional<\/em><\/strong> nacional para a ilha e que tem implica\u00e7\u00f5es <strong><em>internacionais<\/em><\/strong> implica\u00e7\u00f5es internacionais.  <\/p>\n\n<p>E eu vejo as coisas dessa forma, Maria. Quer dizer, \u00e9 isso que sempre me intrigou. As coisas \u00fanicas que o Fideicomiso estabeleceu &#8211; o fundo, o G-8 e os lotes do p\u00fablico &#8211; essas tr\u00eas partes s\u00e3o incrivelmente \u00fanicas. Elas solucionam diferentes pe\u00e7as de um quebra-cabe\u00e7a de desenvolvimento que s\u00e3o muito, muito importantes. Para mim, essa estrutura, incluindo o fundo, \u00e9 um modelo real que se desenvolver\u00e1 de diferentes maneiras. Mas isso nos ajuda a responder a essa pergunta: como podemos trazer o setor p\u00fablico? Como podemos garantir que a comunidade esteja centrada? Como criamos o tipo de cont\u00eainer, os mecanismos legais? Acho que, por esses motivos, ele \u00e9 incrivelmente \u00fanico.        <\/p>\n\n<p>Outra coisa que \u00e9 realmente importante em n\u00edvel global \u00e9 que, mais uma vez, isso nos for\u00e7a a fazer perguntas b\u00e1sicas sobre direitos de propriedade, seguran\u00e7a e posse da terra. Porque eu acho que a &#8220;sabedoria padr\u00e3o&#8221; \u00e9 que voc\u00ea aumenta a seguran\u00e7a de algu\u00e9m dando a ele um t\u00edtulo de terra individual, uma escritura de propriedade. E o que sabemos \u00e9 que isso n\u00e3o \u00e9 verdade; que estamos resolvendo a <em>coisa errada<\/em>se o que estamos tentando resolver \u00e9 a seguran\u00e7a da terra, o uso da terra, e n\u00e3o apenas para a pegada individual, mas para a comunidade. As favelas s\u00e3o comunidades negras. As comunidades ao redor do Ca\u00f1o Mart\u00edn Pe\u00f1a s\u00e3o todas comunidades pobres, negras, pardas, de classe trabalhadora. Se estivermos tentando resolver um desafio em n\u00edvel comunit\u00e1rio, precisamos de solu\u00e7\u00f5es em n\u00edvel comunit\u00e1rio. Por esse motivo, acho que \u00e9 incrivelmente replic\u00e1vel e realmente importante estabelecer precedentes.      <\/p>\n\n<p>E me sinto inspirado pelo que vejo acontecendo no Rio. (Gra\u00e7as ao apoio, David, que voc\u00eas est\u00e3o dando a eles.) Tamb\u00e9m fiquei muito inspirado &#8211; acho que foi em 2019, Maria, no ano passado; parece que foi h\u00e1 muito tempo &#8211; pela reuni\u00e3o que foi realizada em Porto Rico. Reunimos v\u00e1rios de nossos benefici\u00e1rios. (A Ford tem escrit\u00f3rios em todo o mundo.) Foi muito importante ver parceiros do Brasil, da \u00c1frica do Sul, do Sul da \u00c1sia e da Indon\u00e9sia aprendendo juntos sobre o modelo e realmente vendo sua aplicabilidade direta ao trabalho que est\u00e3o fazendo. Portanto, sim, \u00e9 definitivamente parte de um movimento global mais amplo.      <\/p>\n\n<p><strong>Mar\u00eda E. Hern\u00e1ndez Torrales: <\/strong>Obrigada a voc\u00ea. Tenho muito orgulho de fazer parte do CLT Ca\u00f1o Mart\u00edn Pe\u00f1a. <\/p>\n\n<p>E agora quero chamar a aten\u00e7\u00e3o para o nosso livro. As organiza\u00e7\u00f5es de voc\u00eas, sob sua lideran\u00e7a, ajudaram a tornar financeiramente poss\u00edvel que John Davis, Line Algoed e eu produz\u00edssemos <em>On Common Ground<\/em> e o oferec\u00eassemos a grupos comunit\u00e1rios e ONGs por um pre\u00e7o com grande desconto, devido ao nosso interesse em que esse livro fosse para eles. A World Habitat forneceu o capital inicial para voc\u00ea come\u00e7ar. A Funda\u00e7\u00e3o Ford financiou a tradu\u00e7\u00e3o de nosso livro para o espanhol. Gostaria de perguntar a cada um de voc\u00eas <em>por que<\/em>apoiaram nossa publica\u00e7\u00e3o.    <\/p>\n\n<p>Vamos come\u00e7ar com David. A World Habitat normalmente n\u00e3o investe dinheiro na publica\u00e7\u00e3o de aventuras como a nossa. Por que voc\u00ea fez isso? O que fez voc\u00ea acreditar que um novo livro sobre programas de terras comunit\u00e1rias valeria a pena e promoveria os objetivos da World Habitat?   <\/p>\n\n<p><strong>David Ireland: <\/strong>Bem, n\u00e3o somos realmente um financiador. Investimos em atividades que acreditamos que ajudar\u00e3o a melhorar a moradia para pessoas com necessidades habitacionais. Acho que a ideia desse livro foi muito oportuna. Falamos hoje sobre a import\u00e2ncia deste momento e como um movimento crescente tem o potencial de crescer muito mais e ajudar muito mais pessoas. Isso n\u00e3o acontecer\u00e1 a menos que as pessoas saibam disso e vejam o potencial.    <\/p>\n\n<p>Portanto, acho que um livro \u00e9 uma \u00f3tima ideia. Faz muito tempo que n\u00e3o h\u00e1 uma edi\u00e7\u00e3o anterior. H\u00e1 toda uma nova gera\u00e7\u00e3o de pessoas. E o movimento mudou muito. \u00c9 um movimento internacional de uma forma que n\u00e3o era quando a primeira edi\u00e7\u00e3o foi lan\u00e7ada, todos aqueles anos atr\u00e1s. Por isso, tivemos o prazer de ajudar um pouco no in\u00edcio do lan\u00e7amento. Estamos muito satisfeitos e orgulhosos por estarmos envolvidos. Parab\u00e9ns a todos que escreveram, ajudaram e facilitaram a elabora\u00e7\u00e3o deste livro, pois acho que ele \u00e9 muito importante.       <\/p>\n\n<p><strong>Mar\u00eda E. Hern\u00e1ndez Torrales: <\/strong>Obrigada a voc\u00ea. Ficamos muito gratos. Jerry, vou fazer uma pergunta semelhante a voc\u00ea. Por que voc\u00ea acreditou que uma edi\u00e7\u00e3o em espanhol do livro que hav\u00edamos planejado seria uma ferramenta \u00fatil e oportuna?   <\/p>\n\n<p><strong>Jerry Maldonado: <\/strong>Entrei para a filantropia na Ford ap\u00f3s os furac\u00f5es Katrina e Rita. Depois de passar por essa devasta\u00e7\u00e3o e ver como o processo de recupera\u00e7\u00e3o realmente revelou todo esse hist\u00f3rico de desigualdade, centrado novamente na quest\u00e3o da terra e do desenvolvimento. E com uma enorme desocupa\u00e7\u00e3o em toda a ilha.  <\/p>\n\n<p>O que vimos depois disso, vimos muitos, muitos outros desastres naturais desde aquele momento.  [Hurricane]  Sandy, certo? Vimos os furac\u00f5es no Texas. Simultaneamente aos desastres, h\u00e1 um modelo de capitalismo de desastre que se aproveitou desses momentos de desastre em que os sistemas est\u00e3o desmoronando para perpetuar um determinado modelo de desenvolvimento, um modelo neoliberal de desenvolvimento ainda mais extrativista que centraliza a privatiza\u00e7\u00e3o de todos os bens: moradia, terra, educa\u00e7\u00e3o e assist\u00eancia m\u00e9dica.  <\/p>\n\n<p>Portanto, estou vivendo com esse contexto, quando, h\u00e1 alguns anos, [Hurricane] Maria atingiu a ilha. Exatamente as mesmas for\u00e7as do capitalismo de desastre se apoderaram daquele momento. A migra\u00e7\u00e3o em massa de porto-riquenhos da ilha para o continente. Fiquei sentado com esses sentimentos conflitantes. Era uma esp\u00e9cie de d\u00e9j\u00e0 vu. Senti um pouco de estresse p\u00f3s-traum\u00e1tico, quando voc\u00ea v\u00ea o mesmo filme se repetir v\u00e1rias vezes.     <\/p>\n\n<p>Com Porto Rico, com o Ca\u00f1o, com a hist\u00f3ria dos fundos fiduci\u00e1rios de terras, h\u00e1 esse modelo que \u00e9 mais ou menos adequado para ser ampliado no momento. Mas neste momento, em que o modelo de desenvolvimento da ilha est\u00e1 em quest\u00e3o, podemos seguir um modelo que centraliza as zonas de oportunidade e os incentivos fiscais para os mais ricos e desloca as comunidades em Lo\u00edza, ao longo da costa, nas montanhas. Ou podemos centralizar um modelo diferente de desenvolvimento e um modelo diferente de posse de terra.  <\/p>\n\n<p>Ent\u00e3o, para mim, Maria, quando voc\u00ea e o John me procuraram, eu disse que isso era algo \u00f3bvio. Esta \u00e9 uma oportunidade para centralizarmos as vozes das pessoas e as experi\u00eancias das pessoas que est\u00e3o desenvolvendo esse modelo que, na minha opini\u00e3o, \u00e9 absolutamente replic\u00e1vel. Ele \u00e9 escal\u00e1vel. E, neste momento, h\u00e1 um p\u00fablico para ele em toda a ilha.   <\/p>\n\n<p>Ent\u00e3o, minha ideia inicial era dizer: como podemos usar isso como um ve\u00edculo para espalhar essa ideia pelas ilhas, para continuar a nacionalizar esse debate, esse discurso e para apoiar um movimento incipiente? E fazer a ponte de l\u00e1 para o resto da Am\u00e9rica Latina \u00e9 um pulo, um pulo e um pulo, certo? Porque todas essas comunidades est\u00e3o enfrentando desafios de desenvolvimento de longo prazo muito semelhantes, assentamentos informais e melhorias &#8211; juntamente com o novo desafio da mudan\u00e7a clim\u00e1tica e da resili\u00eancia.  <\/p>\n\n<p>Portanto, para mim, foi importante poder centralizar isso na linguagem das comunidades que precisam disso e que est\u00e3o articulando sua pr\u00f3pria vis\u00e3o. Acho que esse \u00e9 outro tipo de desafio que temos no movimento habitacional e no movimento mais amplo: como descolonizamos a linguagem, descolonizamos as experi\u00eancias, para podermos centralizar as pessoas de modo que elas possam sonhar em seu pr\u00f3prio idioma? <\/p>\n\n<p>Portanto, foi uma honra poder contribuir com esse pequeno papel.<\/p>\n\n<p><strong>Mar\u00eda E. Hern\u00e1ndez Torrales: <\/strong>Muito obrigada a voc\u00ea por essa contribui\u00e7\u00e3o. Devo dizer a voc\u00ea que j\u00e1 est\u00e1 quase pronto, [translating] todos os cap\u00edtulos em espanhol. <\/p>\n\n<p>Como pergunta final, gostaria de pedir que voc\u00ea desse um passo atr\u00e1s e refletisse sobre o crescimento global dos fundos de terras comunit\u00e1rios. Qual \u00e9 a sua maior <em>satisfa\u00e7\u00e3o<\/em> ao olhar para o movimento que voc\u00ea ajudou a fomentar? Qual \u00e9 a sua maior <em>decep\u00e7\u00e3o<\/em>. . e o que voc\u00ea precisa fazer nos pr\u00f3ximos anos para que esse movimento internacional de CLT atinja seu potencial?   <\/p>\n\n<p><strong>David Ireland: <\/strong>Se voc\u00ea olhar para tr\u00e1s nos \u00faltimos anos, ver\u00e1 um crescimento realmente interessante de uma ideia e como ela foi adaptada em todo o mundo de diferentes maneiras para atender aos desafios de diferentes comunidades. \u00c9 emocionante quando voc\u00ea v\u00ea isso acontecer. \u00c9 fant\u00e1stico.  <\/p>\n\n<p>O que \u00e9, n\u00e3o uma frustra\u00e7\u00e3o, mas uma reflex\u00e3o, \u00e9 que a escala da necessidade est\u00e1 em um n\u00edvel completamente diferente. E o que vimos este ano tornou isso ainda mais evidente. Jerry se referiu ao movimento Black Lives Matter (Vidas Negras Importam). As coisas que vimos este ano deixaram claro como algumas comunidades s\u00e3o tratadas de forma muito mais ruim do que outras. E os efeitos do coronav\u00edrus, acho que s\u00f3 agora come\u00e7amos a v\u00ea-los. N\u00e3o estou falando tanto dos impactos sobre a sa\u00fade, mas do impacto econ\u00f4mico. O n\u00edvel de pobreza que ser\u00e1 criado pela perda de empregos, pela execu\u00e7\u00e3o de hipotecas e pelo despejo de pessoas \u00e9 bastante assustador quando olhamos para o futuro e vemos o que est\u00e1 vindo em nossa dire\u00e7\u00e3o.     <\/p>\n\n<p>Portanto, qualquer coisa que esteja dispon\u00edvel no momento e que possa oferecer uma resposta para um mundo melhor, temos que falar sobre isso, gritar sobre isso como algo que queremos ver. Temos uma vis\u00e3o diferente de um mundo no futuro. <\/p>\n\n<p>Se voc\u00ea olhar para tr\u00e1s, ver\u00e1 o que aconteceu ap\u00f3s a Segunda Guerra Mundial em meu pa\u00eds e em outros. Houve uma grande reformula\u00e7\u00e3o sobre como a sociedade deveria ser administrada. Neste pa\u00eds, criamos o Servi\u00e7o Nacional de Sa\u00fade. Criamos todo um sistema de habita\u00e7\u00e3o social. Fornecemos toda uma infraestrutura para garantir que tiv\u00e9ssemos uma rede de seguran\u00e7a para que as pessoas n\u00e3o ca\u00edssem e acabassem na mis\u00e9ria.    <\/p>\n\n<p>Precisamos de algo novamente. Precisamos de algo novo para o mundo em que estamos entrando. E acho que o community land trust se encaixa perfeitamente nessa narrativa. \u00c9 uma disposi\u00e7\u00e3o sobre comunidades que n\u00e3o s\u00e3o deixadas \u00e0 merc\u00ea das for\u00e7as do mercado nem de quaisquer preconceitos existentes, mas que recebem o poder de moldar suas pr\u00f3prias decis\u00f5es e suas pr\u00f3prias linhas.   <\/p>\n\n<p>Acho que \u00e9 muito mais do que uma quest\u00e3o de moradia. \u00c9 uma quest\u00e3o de sociedade. Acho que a ideia de um fundo fundi\u00e1rio comunit\u00e1rio est\u00e1 chegando. Precisamos falar sobre isso com muito, muito vigor e realmente buscar uma esp\u00e9cie de vis\u00e3o sobre o tipo de sociedade que queremos no futuro.   <\/p>\n\n<p><strong>Jerry Maldonado: <\/strong>Concordo plenamente, David. Acho que o momento para grandes ideias \u00e9 <em>agora<\/em>. Porque os desafios s\u00e3o enormes. Para mim, voltando \u00e0 minha primeira experi\u00eancia com CLTs em 2008 at\u00e9 agora, h\u00e1 algumas coisas que realmente se destacam.   <\/p>\n\n<p>Primeiro, tem sido muito gratificante para mim ver o movimento CLT nos EUA lidar mais diretamente com quest\u00f5es de ra\u00e7a e classe dentro do movimento. David, acho que voc\u00ea deu a entender algo: que havia um sentimento de que viver em uma casa ou comunidade CLT era uma esp\u00e9cie de luxo. Mas essa n\u00e3o foi a origem do movimento.  <\/p>\n\n<p>Portanto, houve conversas dif\u00edceis que foram e continuam sendo mantidas dentro do movimento ao pensarmos sobre os tipos de mercados em que os CLTs s\u00e3o aplic\u00e1veis. E o que eu vi foi essa grande expans\u00e3o da conceitua\u00e7\u00e3o. Minha primeira experi\u00eancia em Boston foi o CLT em um mercado fraco; n\u00e3o era um mercado quente. Na verdade, era um mercado fraco. Voc\u00ea n\u00e3o pode dizer que El Ca\u00f1o \u00e9 um mercado quente. A \u00e1rea ao redor \u00e9 quente, mas era uma comunidade pobre e deprimida.     <\/p>\n\n<p>Portanto, conciliar essa quest\u00e3o de ra\u00e7a, capacita\u00e7\u00e3o e autodetermina\u00e7\u00e3o dentro do modelo foi algo que evoluiu. E vi o modelo decolar no imagin\u00e1rio popular e em comunidades como a Fruit Best [CLT] em Buffalo ou Oakland. Lideradas por comunidades n\u00e3o brancas, as pessoas que mais precisam est\u00e3o adotando esse modelo. Isso \u00e9 incr\u00edvel e incrivelmente gratificante. Para mim, tem sido gratificante ver a maneira como todos esses CLTs diferentes fizeram experi\u00eancias. Na verdade, \u00e9 lindo. Eles criaram todos os tipos de moradia. N\u00e3o se trata apenas de casa pr\u00f3pria. \u00c9 aluguel, comercial, agr\u00edcola, agropecu\u00e1ria. Isso \u00e9 lindo. Porque, novamente, voc\u00ea est\u00e1 pensando em como uma ferramenta pode ser usada n\u00e3o apenas para criar um determinado tipo de posse, mas um tipo de comunidade. Qual \u00e9 a comunidade que queremos construir juntos? Para mim, foi muito gratificante ver toda essa experimenta\u00e7\u00e3o.            <\/p>\n\n<p>Quanto \u00e0 decep\u00e7\u00e3o ou ao desafio, acho que isso remete a algo que voc\u00ea disse, David: como continuamos a integrar esse modelo? Como podemos realmente dar a ele a escala de recursos de que precisa? <\/p>\n\n<p>Ent\u00e3o, para mim, h\u00e1 duas coisas. Primeiro, acho que precisamos ter cuidado para n\u00e3o repetir os erros do passado, mesmo no movimento do CDC e do CLT. Porque o movimento do CDC tem muitas coisas bonitas e tamb\u00e9m muitas coisas desafiadoras que aprendemos sobre escala, sobre priorizar a parte t\u00e9cnica em detrimento da organiza\u00e7\u00e3o, a parte comunit\u00e1ria. Portanto, temos de ser capazes de equilibrar essas coisas: ser capazes de pensar sobre como produzir moradias e construir comunidades na escala necess\u00e1ria de uma forma que tamb\u00e9m continue a centralizar as vozes dos mais marginalizados.   <\/p>\n\n<p>Acho que o maior desafio para mim continua sendo o das pol\u00edticas p\u00fablicas. Nesse ponto, sinto que a pr\u00f3xima etapa desse movimento precisa ir <em>al\u00e9m da<\/em> troca de li\u00e7\u00f5es sobre ferramentas e pr\u00e1ticas recomendadas. Na verdade, \u00e9 uma quest\u00e3o de saber qual \u00e9 o grupo pol\u00edtico que precisa ser criado para que possamos movimentar a escala de recursos de que precisamos para realmente nos tornarmos populares.  <\/p>\n\n<p>Para mim, a escala nunca ser\u00e1 obtida por meio de filantropia, de forma alguma. Ela n\u00e3o ser\u00e1 adquirida por meio de financiamento privado, em que voc\u00ea fica \u00e0 merc\u00ea dos caprichos do mercado. Isso exigir\u00e1 um investimento muito maior por parte do setor p\u00fablico. E isso requer um eleitorado pol\u00edtico organizado. Para mim, esse \u00e9 o pr\u00f3ximo desafio: continuar a incorporar isso em um movimento mais amplo de sa\u00fade para todos, educa\u00e7\u00e3o para todos, justi\u00e7a tribut\u00e1ria. Isso precisa ser outro pilar dessa agenda.     <\/p>\n\n<p><strong>Mar\u00eda E. Hern\u00e1ndez Torrales: <\/strong>Obrigada a voc\u00ea, Jerry. Acho que \u00e9 \u00f3timo sentir que fazemos parte da cria\u00e7\u00e3o de um sistema totalmente novo. <\/p>\n\n<p>Como coment\u00e1rio final, devo dizer que gostei de ler os dois pref\u00e1cios e que, embora voc\u00ea estivesse escrevendo em dois continentes diferentes, esses pref\u00e1cios pareciam seguir um fio condutor.<\/p>\n\n<p>Jerry nos fez um apelo para que reimaginemos a rela\u00e7\u00e3o entre pessoas, comunidades e terra de forma a centralizar a dignidade, a prosperidade compartilhada e a administra\u00e7\u00e3o de longo prazo de nossos ativos naturais. E David se concentrou na felicidade das pessoas comuns. Essas duas ideias nos levam de volta ao ponto de partida: autodetermina\u00e7\u00e3o da comunidade e prote\u00e7\u00e3o da comunidade.  <\/p>\n\n<p>Com isso, nossa entrevista chega ao fim. Muito obrigado a Jerry e David e ao Center for CLT Innovation por patrocinar e gravar esta conversa. Devo dizer tamb\u00e9m que, por favor, pegue um exemplar do nosso livro. Tenho certeza de que voc\u00ea vai gostar.   <\/p>\n\n<p><em>Para aqueles que preferem obter o livro em espanhol, comunicamos que estamos trabalhando para que voc\u00ea possa ter essa vers\u00e3o muito em breve. Os cap\u00edtulos j\u00e1 foram traduzidos e estamos identificando os recursos para a publica\u00e7\u00e3o. Obrigado novamente a Jerry e a David. At\u00e9 breve.   <\/em><\/p>\n","protected":false},"excerpt":{"rendered":"<p>David Ireland e Jerry Maldonado t\u00eam sido os principais apoiadores do movimento de fundos de terras comunit\u00e1rios e contribu\u00edram com o pref\u00e1cio de On Common Ground. David \u00e9 Diretor Executivo da World Habitat, uma institui\u00e7\u00e3o de caridade internacional com sede no Reino Unido que ajuda a ampliar as solu\u00e7\u00f5es para os problemas habitacionais do mundo, desde a melhoria de favelas at\u00e9 moradias p\u00f3s-desastres e falta de moradia. Sua organiza\u00e7\u00e3o tamb\u00e9m opera o World Habitat Awards em parceria com a UN-Habitat e executa programas que visam acabar com a falta de moradia e ampliar a habita\u00e7\u00e3o liderada pela comunidade. Jerry \u00e9 Diretor do Programa de Cidades e Estados da Funda\u00e7\u00e3o Ford. Ele ingressou na Ford ap\u00f3s a passagem dos furac\u00f5es Katrina e Rita, supervisionando a Iniciativa de Transforma\u00e7\u00e3o da Costa do Golfo da Funda\u00e7\u00e3o. Na \u00faltima d\u00e9cada, ele desenvolveu e gerenciou v\u00e1rias iniciativas de concess\u00e3o de subs\u00eddios nacionais, regionais e estaduais da Funda\u00e7\u00e3o, trabalhando na interse\u00e7\u00e3o do desenvolvimento equitativo e do envolvimento c\u00edvico.     <\/p>\n","protected":false},"author":1,"featured_media":0,"parent":4032,"menu_order":0,"comment_status":"closed","ping_status":"closed","template":"","meta":{"give_campaign_id":0,"_tec_requires_first_save":true,"_kad_blocks_custom_css":"","_kad_blocks_head_custom_js":"","_kad_blocks_body_custom_js":"","_kad_blocks_footer_custom_js":"","_EventAllDay":false,"_EventTimezone":"","_EventStartDate":"","_EventEndDate":"","_EventStartDateUTC":"","_EventEndDateUTC":"","_EventShowMap":false,"_EventShowMapLink":false,"_EventURL":"","_EventCost":"","_EventCostDescription":"","_EventCurrencySymbol":"","_EventCurrencyCode":"","_EventCurrencyPosition":"","_EventDateTimeSeparator":"","_EventTimeRangeSeparator":"","_EventOrganizerID":[],"_EventVenueID":[],"_OrganizerEmail":"","_OrganizerPhone":"","_OrganizerWebsite":"","_VenueAddress":"","_VenueCity":"","_VenueCountry":"","_VenueProvince":"","_VenueState":"","_VenueZip":"","_VenuePhone":"","_VenueURL":"","_VenueStateProvince":"","_VenueLat":"","_VenueLng":"","_VenueShowMap":false,"_VenueShowMapLink":false,"_tribe_blocks_recurrence_rules":"","_tribe_blocks_recurrence_description":"","_tribe_blocks_recurrence_exclusions":"","footnotes":""},"categories":[206],"tags":[],"class_list":["post-4399","page","type-page","status-publish","hentry","category-entrevistas-pt-br"],"blocksy_meta":[],"yoast_head":"<!-- This site is optimized with the Yoast SEO Premium plugin v27.5 (Yoast SEO v27.5) - https:\/\/yoast.com\/product\/yoast-seo-premium-wordpress\/ -->\n<title>David Ireland e Jerry Maldonado (2020) - International Center for Community Land Trusts<\/title>\n<meta name=\"robots\" content=\"index, follow, max-snippet:-1, max-image-preview:large, max-video-preview:-1\" \/>\n<link rel=\"canonical\" href=\"https:\/\/www.cltweb.org\/pt-br\/biblioteca-de-recursos\/entrevistas\/david-ireland-e-jerry-maldonado-2020\/\" \/>\n<meta property=\"og:locale\" content=\"pt_BR\" \/>\n<meta property=\"og:type\" content=\"article\" \/>\n<meta property=\"og:title\" content=\"David Ireland e Jerry Maldonado (2020)\" \/>\n<meta property=\"og:description\" content=\"David Ireland e Jerry Maldonado t\u00eam sido os principais apoiadores do movimento de fundos de terras comunit\u00e1rios e contribu\u00edram com o pref\u00e1cio de On Common Ground. David \u00e9 Diretor Executivo da World Habitat, uma institui\u00e7\u00e3o de caridade internacional com sede no Reino Unido que ajuda a ampliar as solu\u00e7\u00f5es para os problemas habitacionais do mundo, desde a melhoria de favelas at\u00e9 moradias p\u00f3s-desastres e falta de moradia. Sua organiza\u00e7\u00e3o tamb\u00e9m opera o World Habitat Awards em parceria com a UN-Habitat e executa programas que visam acabar com a falta de moradia e ampliar a habita\u00e7\u00e3o liderada pela comunidade. Jerry \u00e9 Diretor do Programa de Cidades e Estados da Funda\u00e7\u00e3o Ford. Ele ingressou na Ford ap\u00f3s a passagem dos furac\u00f5es Katrina e Rita, supervisionando a Iniciativa de Transforma\u00e7\u00e3o da Costa do Golfo da Funda\u00e7\u00e3o. Na \u00faltima d\u00e9cada, ele desenvolveu e gerenciou v\u00e1rias iniciativas de concess\u00e3o de subs\u00eddios nacionais, regionais e estaduais da Funda\u00e7\u00e3o, trabalhando na interse\u00e7\u00e3o do desenvolvimento equitativo e do envolvimento c\u00edvico.\" \/>\n<meta property=\"og:url\" content=\"https:\/\/www.cltweb.org\/pt-br\/biblioteca-de-recursos\/entrevistas\/david-ireland-e-jerry-maldonado-2020\/\" \/>\n<meta property=\"og:site_name\" content=\"International Center for Community Land Trusts\" \/>\n<meta property=\"article:publisher\" content=\"https:\/\/www.facebook.com\/cltcenter\" \/>\n<meta property=\"article:modified_time\" content=\"2024-10-22T20:47:49+00:00\" \/>\n<meta name=\"twitter:card\" content=\"summary_large_image\" \/>\n<meta name=\"twitter:site\" content=\"@Center4CLTs\" \/>\n<meta name=\"twitter:label1\" content=\"Est. tempo de leitura\" \/>\n\t<meta name=\"twitter:data1\" content=\"43 minutos\" \/>\n<script type=\"application\/ld+json\" class=\"yoast-schema-graph\">{\"@context\":\"https:\\\/\\\/schema.org\",\"@graph\":[{\"@type\":\"WebPage\",\"@id\":\"https:\\\/\\\/www.cltweb.org\\\/pt-br\\\/biblioteca-de-recursos\\\/entrevistas\\\/david-ireland-e-jerry-maldonado-2020\\\/\",\"url\":\"https:\\\/\\\/www.cltweb.org\\\/pt-br\\\/biblioteca-de-recursos\\\/entrevistas\\\/david-ireland-e-jerry-maldonado-2020\\\/\",\"name\":\"David Ireland e Jerry Maldonado (2020) - International Center for Community Land Trusts\",\"isPartOf\":{\"@id\":\"https:\\\/\\\/www.cltweb.org\\\/pt-br\\\/#website\"},\"datePublished\":\"2024-10-22T19:49:46+00:00\",\"dateModified\":\"2024-10-22T20:47:49+00:00\",\"breadcrumb\":{\"@id\":\"https:\\\/\\\/www.cltweb.org\\\/pt-br\\\/biblioteca-de-recursos\\\/entrevistas\\\/david-ireland-e-jerry-maldonado-2020\\\/#breadcrumb\"},\"inLanguage\":\"pt-BR\",\"potentialAction\":[{\"@type\":\"ReadAction\",\"target\":[\"https:\\\/\\\/www.cltweb.org\\\/pt-br\\\/biblioteca-de-recursos\\\/entrevistas\\\/david-ireland-e-jerry-maldonado-2020\\\/\"]}]},{\"@type\":\"BreadcrumbList\",\"@id\":\"https:\\\/\\\/www.cltweb.org\\\/pt-br\\\/biblioteca-de-recursos\\\/entrevistas\\\/david-ireland-e-jerry-maldonado-2020\\\/#breadcrumb\",\"itemListElement\":[{\"@type\":\"ListItem\",\"position\":1,\"name\":\"Home\",\"item\":\"https:\\\/\\\/www.cltweb.org\\\/pt-br\\\/\"},{\"@type\":\"ListItem\",\"position\":2,\"name\":\"Biblioteca de recursos\",\"item\":\"https:\\\/\\\/www.cltweb.org\\\/pt-br\\\/biblioteca-de-recursos\\\/\"},{\"@type\":\"ListItem\",\"position\":3,\"name\":\"Entrevistas\",\"item\":\"https:\\\/\\\/www.cltweb.org\\\/pt-br\\\/biblioteca-de-recursos\\\/entrevistas\\\/\"},{\"@type\":\"ListItem\",\"position\":4,\"name\":\"David Ireland e Jerry Maldonado (2020)\"}]},{\"@type\":\"WebSite\",\"@id\":\"https:\\\/\\\/www.cltweb.org\\\/pt-br\\\/#website\",\"url\":\"https:\\\/\\\/www.cltweb.org\\\/pt-br\\\/\",\"name\":\"International Center for Community Land Trusts\",\"description\":\"\",\"publisher\":{\"@id\":\"https:\\\/\\\/www.cltweb.org\\\/pt-br\\\/#organization\"},\"potentialAction\":[{\"@type\":\"SearchAction\",\"target\":{\"@type\":\"EntryPoint\",\"urlTemplate\":\"https:\\\/\\\/www.cltweb.org\\\/pt-br\\\/?s={search_term_string}\"},\"query-input\":{\"@type\":\"PropertyValueSpecification\",\"valueRequired\":true,\"valueName\":\"search_term_string\"}}],\"inLanguage\":\"pt-BR\"},{\"@type\":\"Organization\",\"@id\":\"https:\\\/\\\/www.cltweb.org\\\/pt-br\\\/#organization\",\"name\":\"International Center for Community Land Trusts\",\"url\":\"https:\\\/\\\/www.cltweb.org\\\/pt-br\\\/\",\"logo\":{\"@type\":\"ImageObject\",\"inLanguage\":\"pt-BR\",\"@id\":\"https:\\\/\\\/www.cltweb.org\\\/pt-br\\\/#\\\/schema\\\/logo\\\/image\\\/\",\"url\":\"https:\\\/\\\/www.cltweb.org\\\/wp-content\\\/uploads\\\/2024\\\/11\\\/New-CLT-Center-Text-logo.png\",\"contentUrl\":\"https:\\\/\\\/www.cltweb.org\\\/wp-content\\\/uploads\\\/2024\\\/11\\\/New-CLT-Center-Text-logo.png\",\"width\":227,\"height\":80,\"caption\":\"International Center for Community Land Trusts\"},\"image\":{\"@id\":\"https:\\\/\\\/www.cltweb.org\\\/pt-br\\\/#\\\/schema\\\/logo\\\/image\\\/\"},\"sameAs\":[\"https:\\\/\\\/www.facebook.com\\\/cltcenter\",\"https:\\\/\\\/x.com\\\/Center4CLTs\",\"https:\\\/\\\/www.instagram.com\\\/cltcenter\\\/\",\"https:\\\/\\\/www.linkedin.com\\\/company\\\/cltcenter\",\"https:\\\/\\\/www.youtube.com\\\/@centerforcltinnovation5313\"],\"description\":\"The International Center for Community Land Trusts is a not-for-profit nongovernmental organization established in 2018 to promote and to support community land trusts and similar strategies of community-led development on community-owned land in countries throughout the world.\",\"email\":\"info@communitylandtrust.net\",\"legalName\":\"International Center for Community Land Trusts\",\"foundingDate\":\"2018-12-01\",\"taxID\":\"84-3858933\",\"numberOfEmployees\":{\"@type\":\"QuantitativeValue\",\"minValue\":\"1\",\"maxValue\":\"10\"}}]}<\/script>\n<!-- \/ Yoast SEO Premium plugin. -->","yoast_head_json":{"title":"David Ireland e Jerry Maldonado (2020) - International Center for Community Land Trusts","robots":{"index":"index","follow":"follow","max-snippet":"max-snippet:-1","max-image-preview":"max-image-preview:large","max-video-preview":"max-video-preview:-1"},"canonical":"https:\/\/www.cltweb.org\/pt-br\/biblioteca-de-recursos\/entrevistas\/david-ireland-e-jerry-maldonado-2020\/","og_locale":"pt_BR","og_type":"article","og_title":"David Ireland e Jerry Maldonado (2020)","og_description":"David Ireland e Jerry Maldonado t\u00eam sido os principais apoiadores do movimento de fundos de terras comunit\u00e1rios e contribu\u00edram com o pref\u00e1cio de On Common Ground. David \u00e9 Diretor Executivo da World Habitat, uma institui\u00e7\u00e3o de caridade internacional com sede no Reino Unido que ajuda a ampliar as solu\u00e7\u00f5es para os problemas habitacionais do mundo, desde a melhoria de favelas at\u00e9 moradias p\u00f3s-desastres e falta de moradia. Sua organiza\u00e7\u00e3o tamb\u00e9m opera o World Habitat Awards em parceria com a UN-Habitat e executa programas que visam acabar com a falta de moradia e ampliar a habita\u00e7\u00e3o liderada pela comunidade. Jerry \u00e9 Diretor do Programa de Cidades e Estados da Funda\u00e7\u00e3o Ford. Ele ingressou na Ford ap\u00f3s a passagem dos furac\u00f5es Katrina e Rita, supervisionando a Iniciativa de Transforma\u00e7\u00e3o da Costa do Golfo da Funda\u00e7\u00e3o. Na \u00faltima d\u00e9cada, ele desenvolveu e gerenciou v\u00e1rias iniciativas de concess\u00e3o de subs\u00eddios nacionais, regionais e estaduais da Funda\u00e7\u00e3o, trabalhando na interse\u00e7\u00e3o do desenvolvimento equitativo e do envolvimento c\u00edvico.","og_url":"https:\/\/www.cltweb.org\/pt-br\/biblioteca-de-recursos\/entrevistas\/david-ireland-e-jerry-maldonado-2020\/","og_site_name":"International Center for Community Land Trusts","article_publisher":"https:\/\/www.facebook.com\/cltcenter","article_modified_time":"2024-10-22T20:47:49+00:00","twitter_card":"summary_large_image","twitter_site":"@Center4CLTs","twitter_misc":{"Est. tempo de leitura":"43 minutos"},"schema":{"@context":"https:\/\/schema.org","@graph":[{"@type":"WebPage","@id":"https:\/\/www.cltweb.org\/pt-br\/biblioteca-de-recursos\/entrevistas\/david-ireland-e-jerry-maldonado-2020\/","url":"https:\/\/www.cltweb.org\/pt-br\/biblioteca-de-recursos\/entrevistas\/david-ireland-e-jerry-maldonado-2020\/","name":"David Ireland e Jerry Maldonado (2020) - International Center for Community Land Trusts","isPartOf":{"@id":"https:\/\/www.cltweb.org\/pt-br\/#website"},"datePublished":"2024-10-22T19:49:46+00:00","dateModified":"2024-10-22T20:47:49+00:00","breadcrumb":{"@id":"https:\/\/www.cltweb.org\/pt-br\/biblioteca-de-recursos\/entrevistas\/david-ireland-e-jerry-maldonado-2020\/#breadcrumb"},"inLanguage":"pt-BR","potentialAction":[{"@type":"ReadAction","target":["https:\/\/www.cltweb.org\/pt-br\/biblioteca-de-recursos\/entrevistas\/david-ireland-e-jerry-maldonado-2020\/"]}]},{"@type":"BreadcrumbList","@id":"https:\/\/www.cltweb.org\/pt-br\/biblioteca-de-recursos\/entrevistas\/david-ireland-e-jerry-maldonado-2020\/#breadcrumb","itemListElement":[{"@type":"ListItem","position":1,"name":"Home","item":"https:\/\/www.cltweb.org\/pt-br\/"},{"@type":"ListItem","position":2,"name":"Biblioteca de recursos","item":"https:\/\/www.cltweb.org\/pt-br\/biblioteca-de-recursos\/"},{"@type":"ListItem","position":3,"name":"Entrevistas","item":"https:\/\/www.cltweb.org\/pt-br\/biblioteca-de-recursos\/entrevistas\/"},{"@type":"ListItem","position":4,"name":"David Ireland e Jerry Maldonado (2020)"}]},{"@type":"WebSite","@id":"https:\/\/www.cltweb.org\/pt-br\/#website","url":"https:\/\/www.cltweb.org\/pt-br\/","name":"International Center for Community Land Trusts","description":"","publisher":{"@id":"https:\/\/www.cltweb.org\/pt-br\/#organization"},"potentialAction":[{"@type":"SearchAction","target":{"@type":"EntryPoint","urlTemplate":"https:\/\/www.cltweb.org\/pt-br\/?s={search_term_string}"},"query-input":{"@type":"PropertyValueSpecification","valueRequired":true,"valueName":"search_term_string"}}],"inLanguage":"pt-BR"},{"@type":"Organization","@id":"https:\/\/www.cltweb.org\/pt-br\/#organization","name":"International Center for Community Land Trusts","url":"https:\/\/www.cltweb.org\/pt-br\/","logo":{"@type":"ImageObject","inLanguage":"pt-BR","@id":"https:\/\/www.cltweb.org\/pt-br\/#\/schema\/logo\/image\/","url":"https:\/\/www.cltweb.org\/wp-content\/uploads\/2024\/11\/New-CLT-Center-Text-logo.png","contentUrl":"https:\/\/www.cltweb.org\/wp-content\/uploads\/2024\/11\/New-CLT-Center-Text-logo.png","width":227,"height":80,"caption":"International Center for Community Land Trusts"},"image":{"@id":"https:\/\/www.cltweb.org\/pt-br\/#\/schema\/logo\/image\/"},"sameAs":["https:\/\/www.facebook.com\/cltcenter","https:\/\/x.com\/Center4CLTs","https:\/\/www.instagram.com\/cltcenter\/","https:\/\/www.linkedin.com\/company\/cltcenter","https:\/\/www.youtube.com\/@centerforcltinnovation5313"],"description":"The International Center for Community Land Trusts is a not-for-profit nongovernmental organization established in 2018 to promote and to support community land trusts and similar strategies of community-led development on community-owned land in countries throughout the world.","email":"info@communitylandtrust.net","legalName":"International Center for Community Land Trusts","foundingDate":"2018-12-01","taxID":"84-3858933","numberOfEmployees":{"@type":"QuantitativeValue","minValue":"1","maxValue":"10"}}]}},"campaignId":"","taxonomy_info":{"category":[{"value":206,"label":"Entrevistas"}]},"featured_image_src_large":false,"author_info":{"display_name":"cltredesign_0jp0l4","author_link":"https:\/\/www.cltweb.org\/pt-br\/author\/cltredesign_0jp0l4\/"},"comment_info":0,"jetpack_sharing_enabled":true,"jetpack-related-posts":[{"id":1574,"url":"https:\/\/www.cltweb.org\/pt-br\/terra-nostra-press\/noticias-e-avaliacoes\/","url_meta":{"origin":4399,"position":0},"title":"Not\u00edcias e avalia\u00e7\u00f5es","author":"cltredesign_0jp0l4","date":"30 de julho de 2024","format":false,"excerpt":"Artigos e resenhas das publica\u00e7\u00f5es da Terra Nostra Press.","rel":"","context":"Em &quot;Terra Nostra Press&quot;","block_context":{"text":"Terra Nostra Press","link":"https:\/\/www.cltweb.org\/pt-br\/category\/terra-nostra-press-pt-br\/"},"img":{"alt_text":"","src":"","width":0,"height":0},"classes":[]},{"id":4396,"url":"https:\/\/www.cltweb.org\/es\/biblioteca-de-recursos\/entrevistas\/david-ireland-y-jerry-maldonado-2020\/","url_meta":{"origin":4399,"position":1},"title":"David Ireland y Jerry Maldonado (2020)","author":"cltredesign_0jp0l4","date":"22 de outubro de 2024","format":false,"excerpt":"David Ireland y Jerry Maldonado han sido partidarios clave del movimiento de fideicomisos de tierras comunitarias, y han contribuido al pr\u00f3logo de On Common Ground. David es Director Ejecutivo de H\u00e1bitat Mundial, una organizaci\u00f3n ben\u00e9fica internacional para la vivienda con sede en el Reino Unido que ayuda a ampliar las\u2026","rel":"","context":"Em &quot;Entrevistas&quot;","block_context":{"text":"Entrevistas","link":"https:\/\/www.cltweb.org\/es\/category\/entrevistas\/"},"img":{"alt_text":"","src":"","width":0,"height":0},"classes":[]},{"id":1634,"url":"https:\/\/www.cltweb.org\/pt-br\/terra-nostra-press\/catalogo\/en-terreno-comun-perspectivas-internacionales-sobre-los-fideicomisos-comunitarios-de-tierras\/","url_meta":{"origin":4399,"position":2},"title":"Em um terreno comum","author":"cltredesign_0jp0l4","date":"29 de julho de 2024","format":false,"excerpt":"Em terreno comum: Perspectivas internacionais sobre os fideicomissos comunit\u00e1rios de terras A moradia representa mais do que um teto sob o qual voc\u00ea pode viver. A moradia digna \u00e9 necess\u00e1ria para o exerc\u00edcio de direitos fundamentais como a sa\u00fade e a educa\u00e7\u00e3o. Atado \u00e0 moradia est\u00e1 o tema da posse\u2026","rel":"","context":"Em &quot;Cat\u00e1logo&quot;","block_context":{"text":"Cat\u00e1logo","link":"https:\/\/www.cltweb.org\/pt-br\/category\/catalogo\/"},"img":{"alt_text":"Cover for en terreno comun","src":"https:\/\/i0.wp.com\/www.cltweb.org\/wp-content\/uploads\/2024\/10\/En-terreno-comun-cover.jpg?resize=350%2C200&ssl=1","width":350,"height":200},"classes":[]},{"id":852,"url":"https:\/\/www.cltweb.org\/pt-br\/sobre-nos\/historia\/","url_meta":{"origin":4399,"position":3},"title":"Nossa hist\u00f3ria","author":"cltredesign_0jp0l4","date":"26 de julho de 2024","format":false,"excerpt":"Uma linha do tempo da evolu\u00e7\u00e3o do movimento internacional do CLT.","rel":"","context":"Em &quot;Sobre n\u00f3s&quot;","block_context":{"text":"Sobre n\u00f3s","link":"https:\/\/www.cltweb.org\/pt-br\/category\/sobre-nos\/"},"img":{"alt_text":"","src":"","width":0,"height":0},"classes":[]},{"id":1580,"url":"https:\/\/www.cltweb.org\/es\/terra-nostra-press\/noticias-y-resenas\/","url_meta":{"origin":4399,"position":4},"title":"Noticias y rese\u00f1as","author":"cltredesign_0jp0l4","date":"30 de julho de 2024","format":false,"excerpt":"Art\u00edculos y rese\u00f1as de las publicaciones de Terra Nostra Press.","rel":"","context":"Em &quot;Terra Nostra Press&quot;","block_context":{"text":"Terra Nostra Press","link":"https:\/\/www.cltweb.org\/es\/category\/terra-nostra-press-es\/"},"img":{"alt_text":"","src":"","width":0,"height":0},"classes":[]},{"id":4401,"url":"https:\/\/www.cltweb.org\/de\/ressourcenbibliothek\/interviews\/david-ireland-und-jerry-maldonado-2020\/","url_meta":{"origin":4399,"position":5},"title":"David Ireland und Jerry Maldonado (2020)","author":"cltredesign_0jp0l4","date":"22 de outubro de 2024","format":false,"excerpt":"David Ireland und Jerry Maldonado sind wichtige Unterst\u00fctzer der Community Land Trust Bewegung und haben das Vorwort zu On Common Ground geschrieben. David Ireland ist Chief Executive von World Habitat, einer in Gro\u00dfbritannien ans\u00e4ssigen internationalen Wohlt\u00e4tigkeitsorganisation, die sich f\u00fcr die L\u00f6sung der weltweiten Wohnungsprobleme einsetzt, von der Sanierung von Slums\u2026","rel":"","context":"Em &quot;Interviews&quot;","block_context":{"text":"Interviews","link":"https:\/\/www.cltweb.org\/de\/category\/interviews-de\/"},"img":{"alt_text":"","src":"","width":0,"height":0},"classes":[]}],"_links":{"self":[{"href":"https:\/\/www.cltweb.org\/pt-br\/wp-json\/wp\/v2\/pages\/4399","targetHints":{"allow":["GET"]}}],"collection":[{"href":"https:\/\/www.cltweb.org\/pt-br\/wp-json\/wp\/v2\/pages"}],"about":[{"href":"https:\/\/www.cltweb.org\/pt-br\/wp-json\/wp\/v2\/types\/page"}],"author":[{"embeddable":true,"href":"https:\/\/www.cltweb.org\/pt-br\/wp-json\/wp\/v2\/users\/1"}],"replies":[{"embeddable":true,"href":"https:\/\/www.cltweb.org\/pt-br\/wp-json\/wp\/v2\/comments?post=4399"}],"version-history":[{"count":1,"href":"https:\/\/www.cltweb.org\/pt-br\/wp-json\/wp\/v2\/pages\/4399\/revisions"}],"predecessor-version":[{"id":4400,"href":"https:\/\/www.cltweb.org\/pt-br\/wp-json\/wp\/v2\/pages\/4399\/revisions\/4400"}],"up":[{"embeddable":true,"href":"https:\/\/www.cltweb.org\/pt-br\/wp-json\/wp\/v2\/pages\/4032"}],"wp:attachment":[{"href":"https:\/\/www.cltweb.org\/pt-br\/wp-json\/wp\/v2\/media?parent=4399"}],"wp:term":[{"taxonomy":"category","embeddable":true,"href":"https:\/\/www.cltweb.org\/pt-br\/wp-json\/wp\/v2\/categories?post=4399"},{"taxonomy":"post_tag","embeddable":true,"href":"https:\/\/www.cltweb.org\/pt-br\/wp-json\/wp\/v2\/tags?post=4399"}],"curies":[{"name":"wp","href":"https:\/\/api.w.org\/{rel}","templated":true}]}}