{"id":4438,"date":"2024-10-22T19:56:08","date_gmt":"2024-10-22T19:56:08","guid":{"rendered":"https:\/\/www.cltweb.org\/biblioteca-de-recursos\/entrevistas\/os-fideicomissos-comunitarios-da-terra-e-os-valores-que-contribuem-para-o-coletivo-humano-2020\/"},"modified":"2024-10-22T20:46:35","modified_gmt":"2024-10-22T20:46:35","slug":"os-fideicomissos-comunitarios-da-terra-e-os-valores-que-contribuem-para-o-coletivo-humano-2020","status":"publish","type":"page","link":"https:\/\/www.cltweb.org\/pt-br\/biblioteca-de-recursos\/entrevistas\/os-fideicomissos-comunitarios-da-terra-e-os-valores-que-contribuem-para-o-coletivo-humano-2020\/","title":{"rendered":"Os Fideicomissos Comunit\u00e1rios da Terra e os Valores que Contribuem para o Coletivo Humano (2020)"},"content":{"rendered":"\n<p><strong>Transcri\u00e7\u00e3o da conversa\/do painel<\/strong><br\/><strong>Os Fideicomissos Comunit\u00e1rios da Terra e os Valores que Ajudam o Coletivo Humano <\/strong> <\/p>\n\n<p>Licenciada Mar\u00eda E. Hern\u00e1ndez Torrales, mentora do Pro Bono Ca\u00f1o\/Cauce<br\/>Natalia M. Ortiz Berm\u00fadez, portavoz do Pro Bono Ca\u00f1o\/Cauce<br\/>Naudelis Fern\u00e1ndez Reyes, portavoz do Pro Bono Ca\u00f1o\/Cauce<\/p>\n\n<p>Reproduzir v\u00eddeo<\/p>\n\n<p><strong>Painelistas:<\/strong><\/p>\n\n<p>Doutora Mariolga Reyes Cruz, presidente da Junta de Fiduci\u00e1rios do Fideicomiso de Tierras Comunitarias para la Agricultura Sostenible;<br\/>Planificadora Cristina Miranda Palacios, presidente da Junta de Fiduci\u00e1rios do Fideicomiso para el Desarrollo de R\u00edo Piedras;<\/p>\n\n<p>Licenciada Sarah Delgado Brayfield, presidente da Junta de Fiduci\u00e1rios do Fideicomiso de la Tierra del Ca\u00f1o Mart\u00edn Pe\u00f1a;<br\/>Se\u00f1or Mario N\u00fa\u00f1ez Mercado, diretor executivo da Corpora\u00e7\u00e3o do Projeto ENLACE do Ca\u00f1o Mart\u00edn Pe\u00f1a e diretor executivo do Fideicomiso de la Tierra del Ca\u00f1o Mart\u00edn Pe\u00f1a;<\/p>\n\n<p>Licenciada Niria Berm\u00fadez, gerente de Projetos Especiais nos Fideic\u00f4mios da Terra do Ca\u00f1o Mart\u00edn Pe\u00f1a<\/p>\n\n<p>Licenciada Mar\u00eda E. Hern\u00e1ndez Torrales: bienvenidas y bienvenidos al conversatorio sobre los fideicomisos comunitarios de tierra y los valores que esta forma de tenencia de la tierra aporta al colectivo humano. Meu nome \u00e9 Mar\u00eda Hern\u00e1ndez Torrales, dirijo o Programa Pro Bono da Escuela de Derecho e tenho a honra de ser a mentora do Pro Bono Ca\u00f1o\/Cauce. Uma sauda\u00e7\u00e3o muito especial para as pessoas ilustres e distintas que comp\u00f5em este painel, amigos e amigas, todos; para a diretora Mariolga Reyes, presidente da Junta de Fiduci\u00e1rios do Fideicomiso de Tierras Comunitarias para la Agricultura Sostenible; \u00e0 planejadora, Cristina Miranda Palacios, presidente da Junta de Fiduci\u00e1rios do Fideicomiso para el Desarrollo de R\u00edo Piedras; \u00e0 licenciada, Sara Delgado Brayfiled, presidente da Junta de Fiduci\u00e1rios do Fideicomiso da Tierra del Ca\u00f1o Mart\u00edn Pe\u00f1a; ao senhor Mario N\u00fa\u00f1ez Mercado, diretor executivo da Corpora\u00e7\u00e3o do Projeto ENLACE do Ca\u00f1o Mart\u00edn Pe\u00f1a e diretor executivo do Fideicomiso da Terra do Ca\u00f1o Mart\u00edn Pe\u00f1a, tamb\u00e9m, \u00e0 licenciada N\u00edria Berm\u00fadez Zaccheus, gerente de Projetos Especiais no Fideicomiso da Terra do Ca\u00f1o Mart\u00edn Pe\u00f1a. Bienvenidos y bienvenidas, un saludo muy especial a todas las personas que nos est\u00e1n acompa\u00f1ando mediante las plataformas virtuales.   <\/p>\n\n<p>Ao pensarmos em todas as condi\u00e7\u00f5es em nosso entorno, tanto em Porto Rico quanto no mundo inteiro, poder\u00edamos dizer que vivemos em um planeta roto e que essa deteriora\u00e7\u00e3o tanto f\u00edsica quanto moral \u00e9 atribu\u00edvel a n\u00f3s, \u00e0 pr\u00f3pria humanidade. Podemos mencionar, entre outros, um sistema de alimenta\u00e7\u00e3o corrupto, um sistema em que a moradia n\u00e3o \u00e9 mais do que uma estrutura em que garantir um investimento n\u00e3o importa se h\u00e1 gente que vive ou n\u00e3o. O sistema para o cuidado da sa\u00fade \u00e9 apenas para quem pode pag\u00e1-lo e o dinheiro que vai para a educa\u00e7\u00e3o vai encher o bolso sem importar se as meninas ou os meninos aprendem ou n\u00e3o aprendem, mas continuamos buscando mais al\u00e9m de todas as trag\u00e9dias e finalmente encontramos gente, gente comum, gente boa que est\u00e1 fazendo coisas diferentes, que est\u00e1 agindo para encontrar solu\u00e7\u00f5es para as desigualdades que nos levam a injusti\u00e7as, a graves injusti\u00e7as. \u00c9 por isso que hoje queremos destacar os tr\u00eas fideicomissos de terra comunit\u00e1rios que foram criados em Porto Rico para satisfazer as necessidades dos moradores de nossa ilha, especificamente, atendendo a quest\u00f5es pontuais como a moradia sustent\u00e1vel, a seguran\u00e7a alimentar e o desenvolvimento econ\u00f4mico comunit\u00e1rio. Os fideic\u00f4mios comunit\u00e1rios de terra s\u00e3o uma figura nova em Porto Rico, mas nos Estados Unidos t\u00eam pouco mais de 50 anos desde sua cria\u00e7\u00e3o e existem cerca de 260 fideic\u00f4mios comunit\u00e1rios. Existem na Inglaterra, aqui em um n\u00famero maior do que nos Estados Unidos, em Br\u00facelas, no Canad\u00e1, conhecemos um no Qu\u00eania, todos focados na provis\u00e3o do que \u00e9 a moradia sustent\u00e1vel e terras para garantir a agricultura sustent\u00e1vel, e conhecemos um em Honduras, onde seu objetivo \u00e9 garantir terras onde haja fontes hidrogr\u00e1ficas para fornecer \u00e1gua e garantir \u00e1gua para as pessoas de baixa renda. Os fideicomissos comunit\u00e1rios t\u00eam como primeiro componente o povo, a comunidade e a participa\u00e7\u00e3o da comunidade nas decis\u00f5es que s\u00e3o tomadas e que afetam. Seu enfoque \u00e9 o bem comum, \u00e9 o bem-estar geral e, por isso, dizemos que aportam valores ao coletivo humano e nos ensinam uma nova \u00e9tica necess\u00e1ria para diminuir e, na maior das aspira\u00e7\u00f5es, reverter todo o dano e o sofrimento que causamos ao nosso planeta e \u00e0 nossa pr\u00f3pria humanidade.       <\/p>\n\n<p>Ao finalizar as palestras e a discuss\u00e3o das perguntas, este painel nos deixar\u00e1 inspirados e inspiradores, olhando para o futuro com uma grande esperan\u00e7a de que nem tudo est\u00e1 perdido e que, se n\u00f3s mesmos n\u00e3o propusermos, teremos um futuro melhor, um futuro mais justo, um futuro sem desigualdades injustas. O painel consiste em duas partes: na primeira, conheceremos cada fideicomisso e sua raz\u00e3o de ser; depois, os alunos do Pro Bono Ca\u00f1o\/Cauce abrir\u00e3o uma discuss\u00e3o com perguntas dirigidas ao painel. Vamos come\u00e7ar com o Fideicomiso Ca\u00f1o\/Cauce, perd\u00e3o, vamos come\u00e7ar com o Fideicomiso de Tierras Comunitarias para la Agricultura Sostenible, depois seguimos com o Fideicomiso para el Desarrollo de R\u00edo Piedras e, finalmente, o Fideicomiso de la Tierra del Ca\u00f1o Mart\u00edn Pe\u00f1a. Pedimos que voc\u00ea tamb\u00e9m envie suas perguntas e coment\u00e1rios para que fa\u00e7am parte desta conversa. N\u00e3o quero encerrar esta interven\u00e7\u00e3o sem agradecer aos integrantes do Pro Bono Ca\u00f1o\/Cauce, \u00e0s porta vozes do Pro Bono, Natalia Ortiz Berm\u00fadez e Naudelis Fern\u00e1ndez pela organiza\u00e7\u00e3o deste evento. Obrigado a elas, obrigado aos demais integrantes do Pro Bono Ca\u00f1o\/Cauce, obrigado aos nossos palestrantes e, agora, gostaria de dizer \u00e0 primeira palestrante, a doutora Mariolga Reyes, muito obrigado e que voc\u00ea desfrute deste bate-papo.     <\/p>\n\n<p>Doutora Mariolga Reyes Cruz: Saludos, muchas gracias por este invitaci\u00f3n y este esfuerzo, la verdad es que me pongo nerviosa porque voy hacer la primera y este es el fideicomiso yo creo que m\u00e1s jovencito. Assim, compartilho nossa experi\u00eancia, meu nome \u00e9 Mariolga Reyes Cruz e sou uma das gestoras do Fideicomiso de Tierras Comunitarias para la Agricultura Sostenible, este \u00e9 o primeiro fideicomiso agr\u00edcola de Porto Rico e a primeira pergunta que nos fazem \u00e9: Por que voc\u00ea formou o Fideicomiso? <\/p>\n\n<p>\u00c9 sabido pela maioria das pessoas, neste ponto me parece que em Porto Rico, que importamos os oitenta e cinco por cento (85%) dos alimentos que comemos. Essa depend\u00eancia das importa\u00e7\u00f5es de alimentos nos coloca em uma situa\u00e7\u00e3o muito vulner\u00e1vel diante de eventos clim\u00e1ticos extremos, tanto nos pa\u00edses onde importamos a comida quanto em nosso pr\u00f3prio pa\u00eds. Se voc\u00ea acredita na cadeia do sistema alimentar global e nos eventos que temos visto nas not\u00edcias e em nosso entorno, inc\u00eandios florestais, sequ\u00eancias extremas, ciclones, inunda\u00e7\u00f5es, tudo isso afeta a cadeia dos alimentos. Portanto, em parte, uma das coisas que temos de reconhecer \u00e9 que a intensidade e a frequ\u00eancia desses eventos aumentam na medida em que o planeta continua a se acalmar e a aprofundar essa crise clim\u00e1tica. Essa depend\u00eancia das importa\u00e7\u00f5es n\u00e3o garantiu o direito \u00e0 alimenta\u00e7\u00e3o; uma ter\u00e7a parte de nossa popula\u00e7\u00e3o vive com inseguran\u00e7a alimentar e sabemos que muito mais da metade vive abaixo dos n\u00edveis de pobreza. Assim, diante disso, a agricultura familiar e de pequena escala, que cuida dos solos e do ecossistema, \u00e9 realmente a \u00fanica que pode desacelerar o aquecimento do planeta e alimentar mais pessoas. O Fideicomiso de Tierras Comunitarias para la Agricultura Sostenible, que voc\u00ea chamar\u00e1 de agora em diante de Fideicomiso Agr\u00edcola, \u00e9 uma entidade sem fins lucrativos, fundada no final do ano passado, em 2019 como uma iniciativa ciudadana entre pessoas ativas no movimento agroecol\u00f3gico e outros setores para impulsionar a seguran\u00e7a sobre o invent\u00e1rio de Porto Rico, garantindo o acesso das agricultoras ecol\u00f3gicas sem terra e sem capital a terras cultiv\u00e1veis como bienes comunes. Esse \u00e9 um esfor\u00e7o de transi\u00e7\u00e3o justo diante da crise clim\u00e1tica que tem grande valor p\u00fablico, pois, por um lado, potencializa a forma de sembrar em harmonia com a natureza, inclusive formas que sequestram carbono em vez de liberar mais carbono, promover a produ\u00e7\u00e3o de alimentos para a dieta b\u00e1sica de nossa popula\u00e7\u00e3o, ter o potencial de estimular a economia comunit\u00e1ria em torno da agricultura sustent\u00e1vel e proteger as terras cultiv\u00e1veis, n\u00e3o apenas para as gera\u00e7\u00f5es atuais, mas tamb\u00e9m para as futuras.       <\/p>\n\n<p>Em Porto Rico, a cada ano se formam cientistas de jovens que se dedicam \u00e0 agricultura sustent\u00e1vel, do Josco Gravo, da UPR em Utuado, da UPR de Mayag\u00fcez e de muitas outras iniciativas de base comunit\u00e1ria, mas as terras cultiv\u00e1veis n\u00e3o est\u00e3o ao seu alcance. O n\u00famero de fazendas agr\u00edcolas em Porto Rico tem se reduzido constantemente nos \u00faltimos 100 anos, enquanto o pre\u00e7o da terra est\u00e1 sujeito \u00e0 especula\u00e7\u00e3o do mercado de biocombust\u00edveis e \u00e0s pol\u00edticas que prejudicam os solos cultiv\u00e1veis. Embora uma agricultora sem terra possa come\u00e7ar a alocar terras p\u00fablicas \u00e0 autoridade de terras, de acordo com o mesmo secret\u00e1rio de agricultura, o agr\u00f4nomo Carlos Flores Ortega, n\u00e3o h\u00e1 terras com menos de 50 (cinquenta) hectares dispon\u00edveis. A maioria dessas fazendas n\u00e3o conta com a infraestrutura b\u00e1sica de agricultura, como acesso \u00e0 \u00e1gua, de modo que a pessoa que a comenta enfrenta a necessidade de fazer um investimento inicial que pode chegar a US$ 50.000. Al\u00e9m disso, as pessoas que cultivam essas fazendas n\u00e3o podem construir moradias permanentes no local, o que aumenta muito mais o custo de come\u00e7ar a semear e de semear em geral, inclusive para as pessoas que j\u00e1 t\u00eam experi\u00eancia. Portanto, para efeitos pr\u00e1ticos, n\u00e3o h\u00e1 terras p\u00fablicas dispon\u00edveis para que agricultores e fazendeiros sem capital possam viver e desenvolver projetos de pequena escala. Quem embarca de forma agroecol\u00f3gica trabalha com a natureza para cuidar da sa\u00fade dos solos e dos ecossistemas que rodeiam a fazenda e sustentam esses cultivos. As organiza\u00e7\u00f5es internacionais reconhecem que \u00e9 precisamente a agricultura familiar de pequena escala que alimenta as grandes maiorias da popula\u00e7\u00e3o mundial. No caso do Caribe, chega a setenta por cento (70%), enquanto voc\u00ea cuida dos solos, da \u00e1gua, dos bois e de seus habitantes. Nos \u00faltimos anos, os relatores especiais das Na\u00e7\u00f5es Unidas sobre o direito \u00e0 alimenta\u00e7\u00e3o t\u00eam insistido que as na\u00e7\u00f5es devem promover a agroecologia por ser o tipo de agricultura que pode enfraquecer o planeta, ao mesmo tempo em que cuida dos biomas naturais e alivia a maioria das pessoas. Esse tipo de agricultura requer tempo, esfor\u00e7o, cuidado e, por isso, tamb\u00e9m tem o potencial de gerar mais trabalho do que a agricultura convencional, mas sem acesso permanente \u00e0 terra e sem seguran\u00e7a habitacional nas proximidades das fazendas, \u00e9 dif\u00edcil sustentar os projetos agroecol\u00f3gicos para produzir alimentos para o consumo local. De acordo com o \u00faltimo censo agr\u00edcola que foi realizado neste ano, a maioria dos operadores de fazendas, que podem ser propriet\u00e1rios ou pessoas que trabalham com elas, ganham menos de 20.000 d\u00f3lares por ano e sua idade m\u00e9dia \u00e9 de 61 anos, de modo que temos tamb\u00e9m um ponto de transi\u00e7\u00e3o entre gera\u00e7\u00f5es de agricultores. Portanto, o Fideicomiso Agr\u00edcola se prop\u00f5e precisamente a enfrentar esse desafio, estabelecendo zonas de terras agroecol\u00f3gicas em diferentes regi\u00f5es de nossa ilha, onde projetos aut\u00f4nomos e aleat\u00f3rios poder\u00e3o ser desenvolvidos sem comprometer o acesso \u00e0 terra das pr\u00f3ximas gera\u00e7\u00f5es.            <\/p>\n\n<p>Natalia Ortiz Berm\u00fadez: Muchas gracias Mariolga, agora vamos falar com Cristina, por favor.<\/p>\n\n<p>Planificadora Cristina Miranda Palacios: (proyecta presentaci\u00f3n de Fideicomiso para el Desarrollo de R\u00edo Piedras) Muy buenas tardes a todos y a todas, honrada y agradecida de la invitaci\u00f3n. Seguindo a Mariolga, voc\u00ea acredita que somos os segundos beb\u00eas em rela\u00e7\u00e3o ao tempo em que levamos o fideicomiso, de modo que falaremos um pouco sobre quem somos n\u00f3s e o que estamos fazendo; primeiramente, falaremos um pouco sobre o contexto do Fide, como n\u00f3s o dizemos carinhosamente ao nosso Fideicomiso. O Fideicomiso nasce de uma vis\u00e3o estrat\u00e9gica da comunidade, que foi realizada na comunidade de n\u00f3s em R\u00edo Piedras; existe a Lei n\u00ba 75, que \u00e9 a lei que determina a revitaliza\u00e7\u00e3o da \u00e1rea do Casco Urbano de R\u00edo Piedras, conforme definido pela lei, que s\u00e3o oito comunidades. Por isso, a comunidade queria fazer esse processo de revis\u00e3o dessa lei de pol\u00edtica p\u00fablica e, de baixo para cima, come\u00e7ou um processo para emendar a lei. Seguindo essa vis\u00e3o estrat\u00e9gica, em 2016 foram registradas importantes emendas \u00e0 Lei n\u00ba 75, que foram o resultado de muitas reuni\u00f5es comunit\u00e1rias, diferentes tipos de conversas, reuni\u00f5es de liberdades, tomada de decis\u00f5es e, obviamente, bons modelos e li\u00e7\u00f5es aprendidas. Sempre reconhecemos o impacto que teve em nossa comunidade e na concep\u00e7\u00e3o do Fideicomiso para el Desarrollo de R\u00edo Piedras a exist\u00eancia e as li\u00e7\u00f5es aprendidas do Ca\u00f1o Mart\u00edn Pe\u00f1a. N\u00f3s temos esse Fideicomiso como modelo, devemos, assim como sempre damos nosso agradecimento por realmente termos modelado nosso Fideicomiso no Ca\u00f1o Mart\u00edn Pe\u00f1a, com a salva\u00e7\u00e3o de que o Fideicomiso do Ca\u00f1o Mart\u00edn Pe\u00f1a est\u00e1 mais focado na posse das terras e n\u00f3s em outras estrat\u00e9gias de desenvolvimento. Somos uma comunidade geogr\u00e1fica pequena, que abrange outras comunidades e, apesar de sermos outras comunidades, realmente somos uma \u00fanica equipe de trabalho e em R\u00edo Piedras, assim como no Ca\u00f1o, existem diferentes entidades que est\u00e3o trabalhando para o mesmo bem comum do desenvolvimento integral que queremos para nossa comunidade. A entidade l\u00edder \u00e9 a Junta Comunit\u00e1ria do Caso Urbano, que re\u00fane os l\u00edderes das oito comunidades de R\u00edo Piedras, mas que tamb\u00e9m re\u00fane os grupos especiais, como estudantes, empres\u00e1rios e organiza\u00e7\u00f5es sem fins lucrativos. Na verdade, a Junta Comunit\u00e1ria \u00e9 a voz da comunidade, de modo que n\u00f3s sempre, no fideicomisso, dizemos que a Junta Comunit\u00e1ria \u00e9 nosso chefe, somos um bra\u00e7o operacional da Junta. Este \u00e9 o Corpo Consultivo, que \u00e9 um ente que tamb\u00e9m se reconhece na lei que est\u00e1 chamado a atualizar este plano de desenvolvimento integral de nossa comunidade, que \u00e9 um plano que data do mesmo ano de 1995. El R\u00edo Piedras de 1995 y el R\u00edo Piedras de 2020 son dos espacios diferentes a pesar de que seguimos enfrentando situaciones similares y entonces est\u00e1 el fideicomiso que les voy hablar, esta Cauce que es el representante de la Universidad de Puerto Rico, no recinto de R\u00edo Piedras e um comit\u00ea interagencial que re\u00fane representantes de diferentes ag\u00eancias estaduais e municipais para viabilizar e facilitar o acesso a solu\u00e7\u00f5es de nossa comunidade.             <\/p>\n\n<p>As promulga\u00e7\u00f5es da lei 75 t\u00eam diferentes elementos importantes, entre os quais se destaca a cria\u00e7\u00e3o do Fideicomiso para o Desenvolvimento de R\u00edo Piedras. Se bem que a lei tenha sido promulgada em 2016, o Fideicomiso come\u00e7ar\u00e1 em 2017. A licenciada Sara Delgado foi a pessoa que preparou nossa reda\u00e7\u00e3o, de modo que tamb\u00e9m sempre estamos agradecidos \u00e0 licenciada, de modo que em 2017 \u00e9 que o Fideicomiso ser\u00e1 implantado. N\u00f3s temos como vis\u00e3o que a gest\u00e3o foi feita a partir de um processo de planejamento estrat\u00e9gico, quando come\u00e7amos a querer ser estrat\u00e9gicos em nossos processos e as pessoas queriam que come\u00e7\u00e1ssemos a adquirir propriedades e n\u00f3s decidimos adquirir propriedades com o que e para o que, primeiro t\u00ednhamos que ter uma vis\u00e3o estrat\u00e9gica. Por isso, nossa vis\u00e3o est\u00e1 focada em &#8220;Ser um modelo de sustentabilidade, focado no desenvolvimento comunit\u00e1rio de R\u00edo Piedras, com a participa\u00e7\u00e3o cidad\u00e3 e a equidade como base filos\u00f3fica para a transforma\u00e7\u00e3o urbana&#8221;. N\u00f3s sempre destacamos a quest\u00e3o da sustentabilidade, porque o Fideicomiso \u00e9 um ente de desenvolvimento, e o desenvolvimento n\u00e3o \u00e9 ruim, o desenvolvimento \u00e9 bom sempre e quando \u00e9 um desenvolvimento que tem um sentido para a comunidade. A vis\u00e3o de n\u00f3s \u00e9 ser um modelo sustent\u00e1vel e, obviamente, a participa\u00e7\u00e3o cidad\u00e3 e a equidade. Nossa miss\u00e3o se desprende dos objetivos da lei, que \u00e9 &#8220;Adquirir, administrar e conservar propriedades que propiciem o desenvolvimento de R\u00edo Piedras, para atender aos princ\u00edpios e objetivos estabelecidos na Lei 75-1995 e em seu Plano de Desenvolvimento Integral&#8221;. Temos, pela lei, quatro objetivos principais, que s\u00e3o os seguintes: recuperar estruturas e terrenos, solares em desuso ou abandonados para o desenvolvimento, adquirir propriedades, facilitar a reconstru\u00e7\u00e3o e a valoriza\u00e7\u00e3o dos espa\u00e7os urbanos e adquirir terrenos e solares baldios. A ideia \u00e9 que n\u00f3s possamos ser como este ente que adquire e que asigna ou que vende ou que permite a diferentes grupos que queiram tamb\u00e9m vir a desenvolver nossa comunidade. N\u00f3s temos uma junta composta por tr\u00eas membros, cinco residentes, eu estou na Junta, ocupo um dos espa\u00e7os de resid\u00eancia, moro aqui na comunidade em R\u00edo Piedras, moro em Santa Rita e temos, portanto, um representante na IUPI de Rio Piedras, um representante do munic\u00edpio de San Juan, um da Junta Comunit\u00e1ria, um do Conselho Consultivo, um representante estudantil, um representante do setor empresarial e dois representantes especialistas. Assim, como voc\u00ea v\u00ea, \u00e9 uma Junta que est\u00e1 variada e que representa a comunidade. \u00c9 uma associa\u00e7\u00e3o bastante ativa, n\u00f3s nos reunimos uma vez por m\u00eas, nunca deixamos de nos reunir, nos reunimos uma vez por m\u00eas no m\u00ednimo, \u00e9 uma associa\u00e7\u00e3o bastante ativa e comprometida. Uma das coisas interessantes de nosso fideicomisso \u00e9 que temos um mecanismo de representatividade para poder garantir essa comunica\u00e7\u00e3o constante entre os diferentes atores. Por isso, \u00e9 que nosso fideicomiso tem um representante da Junta Comunit\u00e1ria que s\u00e3o os chefes de n\u00f3s, do munic\u00edpio, do corpo consultivo e da universidade, porque \u00e9 uma maneira de garantir ou facilitar ou viabilizar a comunica\u00e7\u00e3o entre os diferentes grupos. O que for discutido e acordado no fideicomisso, esses representantes, por sua vez, compartilham com seus grupos. Dentro do que conquistamos, apesar de termos nascido em 2017 com o furac\u00e3o Maria acima de n\u00f3s, conquistamos grandes coisas.                 Sentimo-nos muito orgulhosos pelo planejamento estrat\u00e9gico, pela obten\u00e7\u00e3o de fundos do munic\u00edpio de San Juan que s\u00e3o reconhecidos por lei, mas tivemos que fazer um processo para conseguir esse dinheiro. Recebemos doa\u00e7\u00f5es, e um dos principais resultados, obviamente, \u00e9 a aquisi\u00e7\u00e3o de propriedades excedidas pelo munic\u00edpio de San Juan. Esta semana, a autoridade anunciou que vamos transferir La Milagrosa, que \u00e9 a alegria da coroa de R\u00edo Piedras, para quem n\u00e3o a conhece, \u00e9 uma igreja\/escola que esteve fechada por mais de 10 anos. \u00c9 um espa\u00e7o enorme para desenvolvimento que tem mais de uma \u00e1rea de terreno, \u00e9 mais grande do que a pra\u00e7a do mercado com edif\u00edcios que t\u00eam diferentes morfologias que nos permitir\u00e3o desenvolver um projeto de usos combinados para a comunidade. Por isso, estamos pensando em ter um projeto educacional, criar um centro educacional, uma universidade que aumente o fluxo tur\u00edstico diurno e noturno, mas tamb\u00e9m queremos fazer moradias e tamb\u00e9m um projeto de arte. Se voc\u00ea conseguiu a se\u00e7\u00e3o do Paradise como parte do DTOP, isso tamb\u00e9m foi um grande sucesso, pois come\u00e7amos esse processo de reabilita\u00e7\u00e3o por meio dos estudos estruturais que estamos fazendo e tamb\u00e9m fomos bem-sucedidos em assumir uma postura p\u00fablica como filho do plano de CDBG-DR, o reglamente conjunto 2020 da Junta de Planejamento que poderia ser um desastre para nossas comunidades e para o pa\u00eds e outras coisas que estamos fazendo, incluindo o desenvolvimento de um programa de qualidade de vida. N\u00f3s temos que guiar nossos esfor\u00e7os de desenvolvimento pelo programa de Desenvolvimento Integral de R\u00edo Piedras, mas, como voc\u00ea mencionou, \u00e9 um programa de 1995, de modo que gostar\u00edamos de ter um documento mais novo que nos permitisse agir estrategicamente nos pr\u00f3ximos anos.      <\/p>\n\n<p>Dentro de nossos \u00eaxitos organizacionais, obviamente, tudo o que voc\u00ea tem a ver com a regulamenta\u00e7\u00e3o interna, as auditorias e, h\u00e1 dois meses, contratamos um Diretor Executivo, o que tamb\u00e9m \u00e9 um grande avan\u00e7o para o fideicomisso, porque tudo o que conquistamos foi conquistado por meio do trabalho volunt\u00e1rio da Junta de Fiduci\u00e1rios. Contar com um Diretor Executivo em tempo integral permitir\u00e1 viabilizar e maximizar os impactos que estamos tendo na comunidade. Esta \u00e9 a vis\u00e3o do programa de Calidad de Vida, voc\u00ea pode enviar este documento, mas n\u00f3s estamos apostando em uma comunidade segura, limpa, acess\u00edvel e de renda variada que acolhe os alunos, familiares e pessoas de todas as idades a seus pr\u00f3speros bairros, todos solidamente vinculados a um n\u00facleo comercial ativo e a um Rio Piedras bem conectado. Essa vis\u00e3o foi desenvolvida em um processo de planejamento participativo por meio de um exerc\u00edcio que durou meses, foi bastante longo, mas agora temos um documento s\u00f3lido que apresenta quatro projetos estrat\u00e9gicos fundamentais para nossa comunidade. O primeiro \u00e9 visibilizar R\u00edo Piedras, porque muito do que acontece em nossa comunidade tem a ver com uma quest\u00e3o de percep\u00e7\u00e3o de como as pessoas percebem R\u00edo Piedras, que R\u00edo Piedras est\u00e1 morto e que aqui n\u00e3o acontece nada, portanto, estamos trabalhando com eles. Por outro lado, o desenvolvimento da avenida Ponce de Le\u00f3n e do paseo de Diego, agora a reabilita\u00e7\u00e3o do recinto de La Milagrosa e a reabilita\u00e7\u00e3o e repovoamento de resid\u00eancias vazias. Todos esses esfor\u00e7os est\u00e3o sendo feitos desde a comunidade. Portanto, como isso \u00e9 um pouco mais do que voc\u00ea pensa sobre quem somos n\u00f3s em R\u00edo Piedras, posso ent\u00e3o enviar aos interessados o programa de Calidad de Vida, para que o vejam, obviamente o processo de desmembramento foi interrompido com a chegada da COVID a Porto Rico e ao mundo. N\u00f3s t\u00ednhamos um processo delineado, agora tudo \u00e9 feito por meio do Zoom, mas para aqueles que se interessarem, voc\u00ea pode chegar l\u00e1. Esse \u00e9 o nosso futuro.         <\/p>\n\n<p>Naudelis Fern\u00e1ndez Reyes: Muito obrigado, Cristina, podemos continuar com o Fideicomiso del Ca\u00f1o Mart\u00edn Pe\u00f1a.<\/p>\n\n<p>Licenciada Sarah Delgado Brayfield: Ol\u00e1, muito boas tardes a todas e a todos. Para mim \u00e9 um grande privil\u00e9gio estar aqui com voc\u00eas, sou Sarah Delgado Brayfield, presidente da Junta de Fiduci\u00e1rios. Tenho a honra de dizer que mantenho um relacionamento estreito com o Fideicomiso para el Desarrollo de R\u00edo Piedras e com o Fideicomiso de Tierras Comunitarias para la Agricultura Sostenible, gra\u00e7as ao nosso apoio comum que \u00e9 o que est\u00e1 possibilitando isso hoje, a licenciada e professora Mar\u00eda Hern\u00e1ndez Torrales, a quem dirijo um cordial abra\u00e7o e meus maiores respeitos e admira\u00e7\u00e3o por ser uma pe\u00e7a essencial em cada um desses projetos.  <\/p>\n\n<p>Por que voc\u00ea formou o Fideicomiso e o que \u00e9 exatamente o Fideicomiso de la Tierra del Ca\u00f1o Mart\u00edn Pe\u00f1a? O Fideicomiso de Tierra \u00e9 uma organiza\u00e7\u00e3o privada, sem fins lucrativos, com personalidade jur\u00eddica independente e exist\u00eancia perp\u00e9tua, que foi criada em virtude de uma lei, a Lei 489 de 2004, conhecida como a lei para o desenvolvimento integral do distrito de planejamento especial do Ca\u00f1o Martin Pe\u00f1a. O Fideicomiso de la Tierra del Ca\u00f1o foi o modelo selecionado pelos moradores de sete das oito comunidades aldeadas ao Ca\u00f1o Martin Pe\u00f1a, que, casualmente, tamb\u00e9m s\u00e3o oito, igual ao caso de R\u00edo Piedras. S\u00e3o elas Barrio Obrero, Barrio Obrero-Marina, Buena Vista-Santurce, Parada 27, Las Monjas, Buena Vista-Hato Reye Israel e Bitumul. Foi criado com o prop\u00f3sito de administrar e liderar o desenvolvimento de mais de doscientas (200) cuerdas de terreno, que est\u00e3o densamente pobladas e localizadas dentro da zona urbana da cidade de San Juan, com o objetivo de evitar o deslocamento f\u00edsico e econ\u00f4mico dos residentes dessa zona. Devido \u00e0 localiza\u00e7\u00e3o estrat\u00e9gica em que se encontram essas comunidades, a \u00e1rea do Ca\u00f1o Martin Pe\u00f1a, para aqueles que n\u00e3o a conhecem, vai de Hato Rey at\u00e9 Santurce, passando por tr\u00e1s da milla de oro, sendo esta uma localiza\u00e7\u00e3o privilegiada e desejada. Essas comunidades se formaram de maneira espont\u00e2nea e, por isso, muitos residentes se preocupam com t\u00edtulos formais, o que, somado \u00e0 localiza\u00e7\u00e3o estrat\u00e9gica, facilita o desplazamento pelos grandes interesses. Ao escolher o modelo de fideicomisso que foi informado dentro de um modelo de participa\u00e7\u00e3o cidad\u00e3 de reuni\u00f5es e reuni\u00f5es por calle, por calle, a comunidade entendeu que o fideicomiso era o mais ben\u00e9fico para eles, porque al\u00e9m de proteger seu t\u00edtulo de propriedade, evitando o desalojamento e a desintegra\u00e7\u00e3o das comunidades, existem outras qualidades. Por exemplo, garantir moradias acess\u00edveis no distrito para fam\u00edlias e indiv\u00edduos de baixa renda, de modo que sejam criados recursos avali\u00e1veis e individuais e coletivos derivados da terra, Al\u00e9m disso, garante que os filhos e netos dos residentes das comunidades possam herdar tal riqueza e tal utiliza\u00e7\u00e3o das terras, fortalecendo dessa forma a comunidade em longo prazo. Tamb\u00e9m \u00e9 poss\u00edvel a recupera\u00e7\u00e3o ambiental do ecossistema do Ca\u00f1o Mart\u00edn Pe\u00f1a e o arraste e a canaliza\u00e7\u00e3o desse corpo d&#8217;\u00e1gua, evitando a frequ\u00eancia de inunda\u00e7\u00f5es com \u00e1guas contaminadas e que, na maioria dos casos, afetam as resid\u00eancias da comunidade. \u00c9 poss\u00edvel a implanta\u00e7\u00e3o do plano de desenvolvimento integral do uso do solo do distrito de planejamento especial do Ca\u00f1o Martin Pe\u00f1a, que foi desenvolvido com a participa\u00e7\u00e3o efetiva e informada dos moradores, facilita a participa\u00e7\u00e3o dos moradores em assuntos que afetam as comunidades e tamb\u00e9m facilita a invers\u00e3o estrat\u00e9gica do setor privado e a reconstru\u00e7\u00e3o dos espa\u00e7os urbanos, entre outras coisas. Em consequ\u00eancia, o fideicomisso evitar\u00e1 que as for\u00e7as do mercado desalojem os moradores quando aumentar o valor das terras onde est\u00e3o suas casas, situadas no cora\u00e7\u00e3o da \u00e1rea metropolitana, a passos do distrito financeiro de Hato Rey e do trem urbano, porque o futuro dragado do Ca\u00f1o Mart\u00edn Pe\u00f1a ter\u00e1 que restaurar o meio ambiente e o fluxo de \u00e1gua entre a lagoa San Jos\u00e9 e a ba\u00eda de San Juan. Voc\u00ea dever\u00e1 propiciar o desenvolvimento tur\u00edstico, recreativo, financeiro, comercial, inclusive a infraestrutura da zona.             O Fideicomiso de la Tierra tem duas entidades irm\u00e3s, que s\u00e3o a Corpora\u00e7\u00e3o do projeto ENLACE do Ca\u00f1o Mart\u00edn Pe\u00f1a e o grupo das oito comunidades alde\u00e3s do Ca\u00f1o Martin Pe\u00f1a, que s\u00e3o as sete que mais mencionam a Pen\u00ednsula de Cantera, que tem seu pr\u00f3prio plano de desenvolvimento; e temos uma subsidi\u00e1ria que \u00e9 a Desarrollo Mart\u00edn Pe\u00f1a que se encarrega do desenvolvimento de novas moradias para garantir que as fam\u00edlias n\u00e3o tenham que sair da comunidade.<\/p>\n\n<p>Al\u00e9m de tudo isso, por que voc\u00ea escolheu esse tipo de modelo em vez de um modelo corriente na comunidade para regularizar sua posse de terra? Quando comecei a trabalhar no Fideicomiso de la Tierra como advogado not\u00e1rio h\u00e1 7 anos, aprendi que os modelos tradicionais, como o t\u00edtulo de propriedade individual, \u00e0s vezes podem implicar e garantir o desalojamento da comunidade mediante a compra de propriedades a pre\u00e7os de especula\u00e7\u00e3o. As comunidades do Ca\u00f1o t\u00eam em suas mem\u00f3rias hist\u00f3rias dos casos das comunidades de T\u00f3quio na \u00e1rea de Hato Rey, onde est\u00e1 a constru\u00e7\u00e3o do Aqua Expreso por toda parte pelo Coliseo, que agora conta com cinco condom\u00ednios de moradia Walkups e um condom\u00ednio de luxo ao lado da esta\u00e7\u00e3o de servi\u00e7o p\u00fablico. Outra comunidade que as comunidades do Ca\u00f1o desapareceram foi a Comunidad del Fanguito, onde se encontra o cano San Juan Gas em Miramar. Foi essa lembran\u00e7a que fez florescer o apego e o senso de pertencimento das comunidades do G-8 e do pessoal catal\u00edtico, para que as comunidades buscassem uma solu\u00e7\u00e3o para o problema da falta de titularidade do terreno que surge dos assentamentos informais. Entre os projetos que realizamos, para n\u00f3s o projeto mais importante \u00e9 o Direito de Superficie. Um dos principais prop\u00f3sitos do fideicomisso \u00e9 facilitar o acesso legal \u00e0 terra e \u00e9 que a comunidade foi formada por fam\u00edlias humildes desde o in\u00edcio do s\u00e9culo XX. Elas passaram a ocupar os terrenos do Ca\u00f1o por falta de moradia adequada e muitas, em sua maioria, n\u00e3o possuem t\u00edtulos de propriedade das terras e das casas que ocupam e, portanto, isso impede o acesso a pagamentos, acesso a permiss\u00f5es de constru\u00e7\u00e3o necess\u00e1rias para melhorar as casas etc. O Fideicomiso, portanto, possibilitar\u00e1 o desenvolvimento e o acesso a uma moradia digna por meio do mecanismo legal do Direito de Superficie. O Direito de Superf\u00edcie \u00e9 concedido com perpetuidade e \u00e9 uma figura muito pouco usada em Porto Rico, que antes estava apenas em um pequeno artigo no regulamento geral para a execu\u00e7\u00e3o da ley hipotecaria del 1979 y luego fue incorporado a la ley de registro de la propiedad inmobiliaria en el 2015 y en el nuevo c\u00f3digo civil del 2020 est\u00e1 incorporada la figura de Derecho de Superficie. O Derecho de Superficie \u00e9 constitutivo, o que significa que, para que exista, voc\u00ea deve estar inscrito no Registro de la Propiedad, e os residentes do Ca\u00f1o, ao obterem seu Derecho de Superficie por meio do registro da escritura, devem ter um t\u00edtulo formal no Registro de la Propiedad. As escrituras p\u00fablicas de Derecho de Superficie s\u00e3o autorizadas por not\u00e1rios volunt\u00e1rios, que se desejarem podem obter cr\u00e9dito Pro Bono perante o Tribunal Supremo de Porto Rico por meio do Colegio de Notario, e foi assim que voc\u00ea chegou no ano de 2014-2015 como not\u00e1rio volunt\u00e1rio. Esta estrat\u00e9gia legal foi concebida com a participa\u00e7\u00e3o de professores e juristas destacados e registradores da propriedade e, at\u00e9 o presente momento, j\u00e1 emitimos 115 escrituras de Direito de Superf\u00edcie que est\u00e3o sendo escritas no Registro da Propriedade. Dessas 115 escrituras, 23 delas foram para fam\u00edlias de realojo como parte das medidas dentro do plano integral para viabilizar o arrasto do Ca\u00f1o Mart\u00edn Pe\u00f1a. Obviamente, temos um enorme trabalho de administra\u00e7\u00e3o de propriedades e \u00e9 que herdamos mediante a lei 489 todas as terras do distrito que pertencem ao governo de Porto Rico, incluindo a Cruz, a Autoridade de Terra, o Munic\u00edpio de San Juan.               Estamos falando de cerca de 280 \u00e1reas de terreno densamente ocupadas com propriedades comerciais e residenciais. A administra\u00e7\u00e3o de todas essas propriedades ocupa grande parte do tempo do fideicomiso do pessoal do fideicomiso, incluindo tamb\u00e9m o manejo de solares bald\u00edo. <\/p>\n\n<p>Como voc\u00ea menciona o desenvolvimento de moradias, recentemente constru\u00edmos duas moradias ecologicamente amig\u00e1veis para habita\u00e7\u00e3o familiar de alto padr\u00e3o, que possuem uma s\u00e9rie de caracter\u00edsticas que se destacam por sua estrutura resiliente e que est\u00e3o de acordo com a pol\u00edtica institucional de contribuir para a constru\u00e7\u00e3o de edif\u00edcios que tenham o menor impacto poss\u00edvel no meio ambiente.<\/p>\n\n<p>Natalia M. Ortiz Berm\u00fadez: Licenciada, discordo que a interrup\u00e7\u00e3o, mas \u00e9 que agora, devido ao prazo que temos, est\u00e1 um pouco reduzido, porque em breve teremos outra atividade tamb\u00e9m. Toda a informa\u00e7\u00e3o que estamos dando \u00e9 extremamente valiosa e tenho certeza de que todo o grupo est\u00e1 disposto e interessado, mas para seguir na pr\u00f3xima etapa. <\/p>\n\n<p>Licenciada Sarah Delgado Brayfield: Sim, claro que sim.<\/p>\n\n<p>Natalia M. Ortiz Berm\u00fadez: Depois de culminar com a etapa de que expusieran m\u00e1s o menos de que se tratan cada uno de sus Fideicomisos, pues se puede decir que los Fideicomisos se han caracterizado como herramienta para prevenir problem\u00e1ticas como lo son la gentrificaci\u00f3n y preservar la asequibilidad a largo plazo y tambi\u00e9n han servido como veh\u00edculos para la deliberaci\u00f3n colectiva. A partir de suas respectivas experi\u00eancias, como esse mecanismo tem servido para ampliar a democracia e o poder nas comunidades? Podemos come\u00e7ar com Cristina, porque a conex\u00e3o com Mariolga foi interrompida.  <\/p>\n\n<p>Planejadora Cristina Miranda Palacios: Mariolga acaba de entrar se voc\u00ea quiser sair com ela primeiro.<\/p>\n\n<p>Natalia M. Ortiz Berm\u00fadez: Se voc\u00ea n\u00e3o escutar a pergunta, poder\u00e1 escrev\u00ea-la pelo bate-papo.<\/p>\n\n<p>Planejadora Cristina Miranda Palacios: Okey, se voc\u00ea puder repetir a pergunta, j\u00e1 que voc\u00ea estava ansioso para entrar em Mariolga.<\/p>\n\n<p>Natalia M. Ortiz Berm\u00fadez: Claro, os Fideicomisos n\u00e3o s\u00f3 se caracterizaram como uma ferramenta para prevenir problemas como a gentrifica\u00e7\u00e3o e preservar a seguran\u00e7a a longo prazo, mas tamb\u00e9m serviram como ve\u00edculos para a delibera\u00e7\u00e3o coletiva. A partir de suas respectivas experi\u00eancias, como esse mecanismo tem servido para ampliar a democracia e o poder nas comunidades? <\/p>\n\n<p>Planejadora Cristina Miranda Palacios: Pues en el caso del Fide, su creaci\u00f3n es el mejor ejemplo de este mecanismo para ampliar la democracia, como mencion\u00e9 en la presentaci\u00f3n, el fideicomiso nace como petici\u00f3n y una exigencia de la comunidad que se insert\u00f3 en el proceso de revisar la pol\u00edtica p\u00fablica del estado para enmendarla y atemperarla a sus necesidades y deseo. Em nosso caso, nossa cria\u00e7\u00e3o do fideicomisso se deu por um esfor\u00e7o da comunidade e foi criado por meio de uma lei especial, tendo como objetivo principal dessa lei a reabilita\u00e7\u00e3o de R\u00edo Piedras. Isso faz com que sejamos um fideicomisso bastante particular tamb\u00e9m, porque n\u00e3o nos regemos pelas disposi\u00e7\u00f5es da Lei de Fideicomisso de Porto Rico, mas pela Lei 75. Assim, este fideicomiso de n\u00f3s se gesta da comunidade e se desenha a partir da comunidade para fazer o principal instrumento da reabilita\u00e7\u00e3o de R\u00edo Piedras, buscando tamb\u00e9m prevenir a gentrifica\u00e7\u00e3o, porque uma das coisas que se especifica na lei \u00e9 que ante a escala de desenvolvimento que se vai desenvolver em R\u00edo Piedras, nosso Fideicomiso deve estar alerta para que essas obras n\u00e3o resultem no desalojamento involunt\u00e1rio de residentes, comerciantes ou atividades sem fins lucrativos que estejam habitando nossa comunidade ou operando em R\u00edo Piedras, apesar das condi\u00e7\u00f5es decadentes que nos afetaram por muitos anos. Temos que nos assegurar de que tudo o que fizermos n\u00e3o termine em um desalojamento das pessoas que vivem aqui h\u00e1 anos, o que tamb\u00e9m se aplica, por exemplo, ao fato de termos uma popula\u00e7\u00e3o bastante alta de pessoas que se alugam, n\u00e3o pode ser que os processos de desenvolvimento que realizamos terminem sacando do mercado as pessoas que voc\u00ea definiu e que viveram em R\u00edo Piedras durante tantos anos. Assim, desde esse ponto de vista, a cria\u00e7\u00e3o de nosso Fideicomiso \u00e9, em si mesma, um exerc\u00edcio de poder e democracia e, sem d\u00favida, contribuiu para ampliar a participa\u00e7\u00e3o, a democracia e o poder da comunidade. A participa\u00e7\u00e3o da comunidade para n\u00f3s \u00e9 um de nossos principais objetivos e isso tamb\u00e9m \u00e9 evidenciado pelo fato de a composi\u00e7\u00e3o da Junta de n\u00f3s ter cinco residentes das diversas comunidades de R\u00edo Piedras, mas tamb\u00e9m representantes dos setores especiais de nossa comunidade. Essa composi\u00e7\u00e3o potencializa o poder que a comunidade obteve com a cria\u00e7\u00e3o do fideicomisso. O fideicomisso \u00e9 um instrumento da comunidade. N\u00f3s, nesse sentido, somos esse suporte e esperamos continuar a faz\u00ea-lo dessa forma.         <\/p>\n\n<p>Natalia M. Ortiz Berm\u00fadez: Muito obrigada, se voc\u00ea quiser continuar com a licen\u00e7a, por favor.<\/p>\n\n<p>Licenciada Sarah Delgado Brayfield: \u00bfCon la misma pregunta?<\/p>\n\n<p>Natalia M. Ortiz Berm\u00fadez: Se voc\u00ea quiser abundar algo, s\u00ed.<\/p>\n\n<p>Licenciada Sarah Delgado Brayfield: Em nosso caso, n\u00e3o se toma uma decis\u00e3o sem consultar primeiramente a comunidade, temos muito presente que as terras s\u00e3o da comunidade e que devemos \u00e0 comunidade, e o fato de que a participa\u00e7\u00e3o cidad\u00e3 se d\u00e1 tanto por meio das consultas comunit\u00e1rias que fazemos diretamente nas chamadas do distrito, assim como aquelas que correspondem \u00e0 Junta de Fiduci\u00e1rios que contam com a representa\u00e7\u00e3o de membros do Fideicomiso de la Tierra, assim como do G8, coloca a popula\u00e7\u00e3o que \u00e9 afetada por essas determina\u00e7\u00f5es na medula da tomada das mesmas. Voc\u00ea ganha confian\u00e7a na institui\u00e7\u00e3o, o que a motiva a se envolver ainda mais e a estar informada sobre tudo o que acontece e, assim, se converte em pequenos fiscais que proporcionam uma administra\u00e7\u00e3o segura e a tomada de decis\u00f5es de acordo com suas necessidades e regulamentos. N\u00e3o sei se Niria ou Mario querem acrescentar algo. N\u00e3o quero monopolizar, temos tr\u00eas aqui no Ca\u00f1o.   <\/p>\n\n<p>Se\u00f1or Mario N\u00fa\u00f1ez Mercado: Seguindo o que Cristina disse, obviamente este Fideicomiso surge de uma necessidade de regularizar uma ocupa\u00e7\u00e3o da terra, de modo que, de alguma forma, a comunidade \u00e9 a protagonista em todos os processos decis\u00f3rios, pois isso promove a democracia participativa e voc\u00ea acredita que isso consolida a Pol\u00edtica da Corpora\u00e7\u00e3o de conseguir uma participa\u00e7\u00e3o real e efetiva em todos os processos que s\u00e3o conduzidos a cabo a partir das diferentes comunidades e das diferentes institui\u00e7\u00f5es, incluindo Fideicomiso, G8 e Corpora\u00e7\u00e3o. Assim, nesse processo democr\u00e1tico, como disse a licenciada Sarah Delgado Brayfield, a composi\u00e7\u00e3o da Junta de Fiduci\u00e1rios do Fideicomiso da Terra do Ca\u00f1o Mart\u00edn Pe\u00f1a, os membros, em sua maioria, s\u00e3o membros de registro de membros das comunidades e do G8. Por que tanto a Corpora\u00e7\u00e3o quanto o G8 t\u00eam um representante nessa Junta de Fiduci\u00e1rios e os demais membros obviamente recebem recomenda\u00e7\u00f5es, representando ambos os setores, tanto o lado norte quanto o lado sul do Ca\u00f1o. As\u00ed que, si no promovemos la participaci\u00f3n no estamos hablando de procesos democr\u00e1ticos y en esa direcci\u00f3n yo creo que estamos en armon\u00eda, creo que todos los fideicomisos en que estos elementos donde el rol protag\u00f3nico es de la comunidad, no son de las instituciones, las instituciones algunas est\u00e1n a perpetuidad otras son transitorias como ser\u00eda el caso de la Corporaci\u00f3n. Portanto, de alguma forma, essas decis\u00f5es devem ser tomadas com base na comunidade e em seus residentes.    <\/p>\n\n<p>Naudelis Fern\u00e1ndez Reyes: Gracias Mario, temos outra pergunta dentro dessa mesma categoria que Mariolga poderia contestar. O modelo econ\u00f4mico atual tem participado da marginaliza\u00e7\u00e3o de muitas comunidades em Porto Rico, o que tem propiciado o racismo estrutural e a exclus\u00e3o social. Diante desses problemas, voc\u00ea acha que os Fideicomisos podem marcar a diferen\u00e7a? A organiza\u00e7\u00e3o do Fideicomiso \u00e9 um caminho vi\u00e1vel para alcan\u00e7ar a justi\u00e7a social?   <\/p>\n\n<p>Doutora Mariolga Reyes Cruz: A la pregunta, quiero un poco abordar, otras preguntas que hab\u00edan planteado por lo menos que nos hab\u00edan tra\u00eddo antes. El Fideicomiso Agr\u00edcola es un poco distinto a los fideicomisos comunitarios hermanos que est\u00e1n aqu\u00ed presentes en el sentido de que empiezan de una iniciativa ciudadana sin una Ley que los mueva, sin tierra ni capital, realmente empieza como un sue\u00f1o de que haya acceso permanente a las tierras cultivables. Esse tem sido um tema de conversa entre pessoas ativas no (se perdi\u00f3 el audio) por muito tempo e o tema de poder permanecer na terra \u00e9 fundamental porque o trabalho \u00e9 com a terra e na terra. Trata-se de um trabalho que \u00e9 interrompido cada vez que um agricultor ou agricultora precisa ir porque n\u00e3o pode pagar o aluguel ou a hipoteca, ou porque os contratos n\u00e3o s\u00e3o renovados, ou est\u00e3o sujeitos \u00e0 produtividade a partir de modelos convencionais de agricultura ou se voc\u00ea vive muito longe da terra que cultiva. Nesse sentido, o acesso \u00e0 terra \u00e9 um acesso tamb\u00e9m de justi\u00e7a, porque o acesso \u00e0 terra est\u00e1 previsto na propriedade privada e no capital. Para n\u00f3s, em grande medida, o processo de identifica\u00e7\u00e3o da estrutura que mais nos atra\u00eda envolveu conversas muito antes de Maria, incluindo uma conversa com o companheiro Juan Delgado na Casa Pueblo, a\u00f1os atr\u00e1s para reconhecer que tipos de estruturas legais facilitavam a posse coletiva de terra e aqui falamos de servid\u00e3o de conserva\u00e7\u00e3o, de compra coletiva e de fideicomissos de terras, tamb\u00e9m exploramos sociedades cooperativas, corpora\u00e7\u00f5es de trabalho, trabalhadores e trabalhadoras. Todos os instrumentos que poderiam democratizar os processos de tomada de decis\u00f5es e ampliar a participa\u00e7\u00e3o das pessoas. Escolhemos o fideicomiso porque nos pareceu que era o recurso que garantiria esse acesso e essa democratiza\u00e7\u00e3o dos processos, n\u00e3o apenas para quem est\u00e1 presente agora, mas tamb\u00e9m para quem vir\u00e1 e isso \u00e9 fundamental na \u00e1rea da agricultura, porque h\u00e1 um problema de transi\u00e7\u00e3o de uma gera\u00e7\u00e3o para outra de agricultores e agriculturas e porque at\u00e9 agora as terras s\u00e3o vistas e se tornam preponderantes, como capital com a possibilidade de gerar capital dentro de uma fam\u00edlia. Quando voc\u00ea v\u00ea isso, a terra agr\u00edcola se coloca em risco de uma gera\u00e7\u00e3o para outra. Por isso, a figura do fideicomisso para n\u00f3s \u00e9 o instrumento que atualmente garante esse presente e esse futuro. N\u00e3o sei se respondi exatamente \u00e0 sua pergunta.          <\/p>\n\n<p>Naudelis Fern\u00e1ndez Reyes: Sim, perfeito. No s\u00e9 si Cristina quisiera abundar m\u00e1s sobre essa pregunta. <\/p>\n\n<p>Planejadora Cristina Miranda Palacios: N\u00f3s, pela experi\u00eancia que tivemos na Fide, realmente nascemos em 2017, mas podemos dizer que o modelo do fideicomisso pode marcar essa diferen\u00e7a, porque permite aportar a cerrar la brecha de la desigualdad y ofrecer oportunidades a sectores sociales que hoy no tienen acceso a la vivienda, el empleo y a la recreaci\u00f3n o espacios culturales, pero cerrar esa brecha tambi\u00e9n es complicado, porque el fideicomiso tambi\u00e9n necesita acceso a capital. Assim, voc\u00ea pode ter a estrutura ideal, mas ter a estrutura ideal n\u00e3o garante que voc\u00ea tenha os recursos para viabilizar essa estrutura. Damos um passo adiante, assim como os demais colegas e parceiros com os fideicomissos, temos o recurso de que precisamos para realizar as atividades que temos de fazer, mas, de novo, n\u00e3o \u00e9 uma garantia de que voc\u00ea conseguir\u00e1, porque h\u00e1 muitas intercess\u00f5es que temos de atender para poder viabilizar esse recurso; mas, na verdade, \u00e9 uma estrutura de democratiza\u00e7\u00e3o, \u00e9 um recurso que permite o acesso a essa justi\u00e7a social que perseguimos, mas n\u00e3o funciona em um v\u00e1cuo. Quero ser transparente com isso porque n\u00e3o operamos em um v\u00e1cuo, operamos dentro de um ecossistema e dependemos de outras realidades, mas, sim, voc\u00ea certamente ap\u00f3ia essa brecha.   <\/p>\n\n<p>Natalia M. Ortiz Berm\u00fadez: Perfeito. Com rela\u00e7\u00e3o a esta categoria de fideicomisso e democracia, pergunto \u00e0 licenciada Sara Delgado ou a Mario se voc\u00ea est\u00e1 preparado para responder. Na medida em que os Fideicomisos est\u00e3o trabalhando para a seguran\u00e7a alimentar, para proporcionar moradias acess\u00edveis e para a revitaliza\u00e7\u00e3o econ\u00f4mica, est\u00e3o fazendo um trabalho que corresponde ao governo, o que voc\u00ea espera tanto do governo estadual quanto do municipal em termos de colabora\u00e7\u00e3o e recursos?  <\/p>\n\n<p>Licenciada Sarah Delgado Brayfield: Niria voc\u00ea quer contestar essa pergunta. Niria elaborou uma resposta para essa pergunta. <\/p>\n\n<p>Licenciada N\u00edria Berm\u00fadez: O que consideramos \u00e9 que principalmente o governo, tanto central quanto municipal, deve informar sobre esses outros modelos alternativos que existem. Dado que nossa experi\u00eancia tem sido muito frustrante, a verdade \u00e9 que lidar com essas estruturas que j\u00e1 est\u00e3o dadas em cada uma das ag\u00eancias em que estamos n\u00e3o precisa necessariamente nos envolver, porque tudo est\u00e1 sistematizado e, como nossa lei, o distrito de planejamento especial tem suas particularidades. Constantemente, fazemos todo tipo de transfer\u00eancia por meio eletr\u00f4nico, porque tudo isso foi levantado em uma plataforma digital, mas n\u00e3o resultou em nada. Voc\u00ea tem que fazer o tr\u00e2nsito digital e, em seguida, recorrer \u00e0 ag\u00eancia de todas as maneiras e explicar \u00e0s pessoas que nos atendem o que est\u00e1 acontecendo, o que \u00e9 o Fideicomiso, o que \u00e9 o distrito de planejamento especial, o que implica a lei e como funciona. Voc\u00ea j\u00e1 enfrentou isso desde o CRIM, OPER, Registro de Propriedade, na verdade&#8230;    <\/p>\n\n<p>Licenciada Sarah Delgado Brayfield: o pr\u00f3prio munic\u00edpio.<\/p>\n\n<p>Licenciada N\u00edria Berm\u00fadez: Minha principal exorta\u00e7\u00e3o para o governo, tanto central quanto municipal, \u00e9 que amplie suas plataformas e seus conhecimentos com rela\u00e7\u00e3o a alguns modelos alternativos, porque nem tudo precisa se enquadrar nesse quadrado.<\/p>\n\n<p>Se\u00f1or Mario N\u00fa\u00f1ez Mercado: Natalia, se voc\u00ea me permitir. Natalia M. Ortiz Berm\u00fadez: Claro, adiante. <\/p>\n\n<p>Se\u00f1or Mario N\u00fa\u00f1ez Mercado: Marcando a responsabilidade do estado e do munic\u00edpio, o munic\u00edpio e o estado n\u00e3o podem se afastar neste trabalho que estamos fazendo. Agora mesmo estas estruturas e estas entidades est\u00e3o cumprindo com as responsabilidades que correspondem ao estado, De alguma forma, voc\u00ea precisa ter um reconhecimento tanto do estado quanto do munic\u00edpio para os trabalhos que s\u00e3o realizados nessas entidades e, ao mesmo tempo, elas precisam estar na mesa de trabalho, pois seria muito f\u00e1cil fazer com que essas entidades cumpram o que corresponde a elas. Para essas empresas, voc\u00ea tem um or\u00e7amento anual bilion\u00e1rio e, muitas vezes, n\u00e3o traduz servi\u00e7os para elas. Portanto, voc\u00ea acredita que essas entidades buscam preencher um espa\u00e7o, atender a necessidades, oferecer justi\u00e7a social \u00e0s comunidades e o estado deve estar apoiando essas gest\u00f5es, e n\u00e3o pode ser que essas organiza\u00e7\u00f5es, juntamente com as comunidades, sejam solit\u00e1rias. Por isso, voc\u00ea acredita que h\u00e1 que reclamar que o estado est\u00e1 na mesa do trabalho.    <\/p>\n\n<p>Planejadora Cristina Miranda Palacios: Natalia, se voc\u00ea puder dizer algo r\u00e1pido, estou completamente de acordo com Niria e com Mario, acredito que realmente o que falta ao governo \u00e9 a facilita\u00e7\u00e3o e o reconhecimento de que, para conseguir a transforma\u00e7\u00e3o desejada, \u00e9 preciso trabalhar em equipe com a comunidade, liderando o projeto da vis\u00e3o e do desenvolvimento. O apoio n\u00e3o \u00e9 apenas por meio de fundos, n\u00e3o \u00e9 por meio de sec\u00e7\u00f5es de propriedades, mas tamb\u00e9m fornecendo e mantendo essa infraestrutura, que \u00e9 responsabilidade do estado tanto central quanto municipal, para que seja atraente para a comunidade e para os principais investidores. Portanto, essa facilita\u00e7\u00e3o de reconhecimento dos atores e agentes na mesa \u00e9 medular, essa facilita\u00e7\u00e3o e viabiliza\u00e7\u00e3o, de modo que estou completamente de acordo com os colegas.  <\/p>\n\n<p>Se\u00f1or Mario N\u00fa\u00f1ez Mercado: Cristina, e um pouco dos processos, \u00e0s vezes o tr\u00e2mite de permiss\u00e3o nessas ag\u00eancias \u00e9 t\u00e3o burocr\u00e1tico que voc\u00ea pode demorar seis, oito, nove meses. N\u00e3o \u00e9 que nos seja negado um tratamento r\u00e1pido, mas voc\u00ea deve ter algumas considera\u00e7\u00f5es e um tratamento especial para que, quando isso chegar a uma determinada entidade estadual ou municipal, pelo menos n\u00e3o a coloque em uma bandeja e a atienda, quando ent\u00e3o o funcion\u00e1rio decidir v\u00ea-la conforme, mas deve ter algumas prioridades. <\/p>\n\n<p>Planificadora Cristina Miranda Palacios: Voc\u00ea acredita que deve ser r\u00e1pido, Mario, porque realmente \u00e9 o retorno de investimento de apoiar modelos como o nosso, na verdade, para o estado e o governo municipal, o retorno de investimento de apoiar entidades como n\u00f3s, \u00e9 mais, \u00e9 brutal. Voc\u00ea pode, ent\u00e3o, nos ajudar, nos viabilizar, realmente \u00e9 como uma bola de neve que est\u00e1 crescendo. Assim, se esse reconhecimento for medular, voc\u00ea poder\u00e1 nos ver como atores-chave no desenvolvimento de nossas comunidades.  <\/p>\n\n<p>Naudelis Fern\u00e1ndez Reyes: Excelente. Agora voc\u00ea gostaria de entrar no pr\u00f3ximo tema, que \u00e9 o fideicomisso diante dos eventos extremos que afetam as comunidades. Vamos falar, especificamente, do Hurac\u00e1n Mar\u00eda e agora que estamos passando pela pandemia, pelo COVID-19 e a primeira pergunta seria: Que medidas voc\u00ea adotou ou pensou em adotar para mitigar os danos causados por esses eventos? Voc\u00ea poderia come\u00e7ar com Mariolga.   <\/p>\n\n<p>Doutora Mariolga Reyes Cruz: O Fideicomiso Agr\u00edcola agora \u00e9 um sonho, estamos trabalhando para estabelecer a estrutura organizacional para poder adquirir terras que far\u00e3o parte do Fideicomiso e torn\u00e1-las dispon\u00edveis para os agricultores e agricultoras que n\u00e3o t\u00eam terra nem capital para semear de forma sustent\u00e1vel. Fazer isso \u00e9 vital para garantir o acesso \u00e0 comida, especialmente diante de eventos catastr\u00f3ficos como furac\u00f5es e pandemia. Isso n\u00e3o s\u00f3 nos afeta diretamente, mas tamb\u00e9m afeta as cadeias globais de supermercados. S\u00e3o precisamente as sementeiras diversificadas, distribu\u00eddas por todo o arquip\u00e9lago, a agrofloresta, a cria\u00e7\u00e3o de pequenos rumores, a socializa\u00e7\u00e3o dos conhecimentos sobre como conservar alimentos cultivados em nossas pr\u00f3prias terras, o desenvolvimento de rela\u00e7\u00f5es diretas com os agricultores e as agricultoras, o que nos fortalecer\u00e1 e nos ajudar\u00e1 a ter uma seguran\u00e7a e uma soberania alimentar. Assim, para n\u00f3s, o que estamos apostando \u00e9 que haja fazendas diversificadas com barreras boscosas, que s\u00e3o menos suscet\u00edveis aos impactos dos furac\u00f5es do que as fazendas de monocultivos sem \u00e1rboles e, por meio desse processo, contribuir para a resili\u00eancia comunit\u00e1ria e tanto das comunidades agr\u00edcolas que se constroem, se constituyan en el territorio en el Fideicomiso Agr\u00edcola, como las comunidades vecinas que tambi\u00e9n se beneficiaran de este proceso.    <\/p>\n\n<p>Naudelis Fern\u00e1ndez Reyes: Obrigado, Mariolga. Agora voc\u00ea poderia ser um representante do Ca\u00f1o, abundar mais em sua pergunta. <\/p>\n\n<p>Licenciada Sarah Delgado Brayfield: Seguro. Temos dois programas muito bons, um para cada um dos desastres que voc\u00ea gostaria de mencionar. Um \u00e9 o Programa de Techo Digno que surgiu em 2016, mas de 2017 para c\u00e1 tem sido uma forma de adquirir tempo doado, materiais e m\u00e3o de obra para fazer as melhorias necess\u00e1rias aos moradores e resid\u00eancias do distrito e aos membros do Fideicomiso que sofreram danos em suas estruturas. Tamb\u00e9m temos diante da pandemia, em colabora\u00e7\u00e3o com o G-8, repartimos mais de 8.000 compras e a cada um de nossos membros foi oferecido um incentivo ou um aux\u00edlio econ\u00f4mico de US$ 75 d\u00f3lares por fam\u00edlia. Por isso, voc\u00ea sempre estar\u00e1 dispon\u00edvel para o que for preciso, basta abrir a porta e voc\u00ea estar\u00e1 ajudando.    <\/p>\n\n<p>Se\u00f1or Mario N\u00fa\u00f1ez Mercado: Se voc\u00ea me permite um momento, Natalia e Naurelis, no caso&#8230;<\/p>\n\n<p>Naudelis Fern\u00e1ndez Reyes: S\u00ed, Claro<\/p>\n\n<p>Se\u00f1or Mario N\u00fa\u00f1ez Mercado: No caso do Ca\u00f1o Mart\u00edn Pe\u00f1a, t\u00e3o marcado pelos eventos atmosf\u00e9ricos do Hurac\u00e1n Mar\u00eda e agora com o COVID, acredito que tamb\u00e9m nossas organiza\u00e7\u00f5es devem criar espa\u00e7os dentro das comunidades que sejam mais resistentes a esses fen\u00f4menos. Explico: no caso do efeito do Hurac\u00e1n Mar\u00eda, as comunidades ficaram at\u00e9 fevereiro sem servi\u00e7o de energia el\u00e9trica. Por isso, uma das coisas que tivemos de fazer foi colocar pain\u00e9is solares em tr\u00eas centros dentro das comunidades, de modo que pudessem servir como local de encontro. Temos muitas fam\u00edlias de imigrantes aqui, cerca de 25%. Naquele momento, obviamente, diante da falta de energia el\u00e9trica, voc\u00ea n\u00e3o podia se comunicar com sua fam\u00edlia no exterior, pois estava na Rep\u00fablica Dominicana, nos Estados Unidos, e os mesmos portugueses que viviam nessas comunidades, que tamb\u00e9m tinham fam\u00edlia nos Estados Unidos, n\u00e3o tinham mecanismos de comunica\u00e7\u00e3o. Pelo menos o fato de voc\u00ea colocar essas infraestruturas com placas solares permite energiz\u00e1-las, estabelecer pontos de acesso e viabilizar, em primeiro lugar, as comunica\u00e7\u00f5es com nossos familiares no exterior, mas tamb\u00e9m que era um local de encontro da comunidade, j\u00e1 que tudo estava cerrado e inoperante para que voc\u00ea pudesse pegar seus telefones, compartilhar alimentos e, em muitos casos, distribuir comida quente em muitos desses centros. Tudo isso faz com que voc\u00ea acredite que est\u00e1 se esfor\u00e7ando um pouco para eslabonar essas redes de solidariedade diante dos momentos de emerg\u00eancia, como diz a licenciada Sara Delgado Brayfield, entre a Fideicomiso e, obviamente, entre as outras institui\u00e7\u00f5es de apoio, corporaci\u00f3n y G8, porque tamb\u00e9m repartimos Kit para la prevenci\u00f3n con mascarillas, hand sanitizer, guantes, alcohol, necesarios para poder controlar una pandemia como la que estamos viendo a nivel mundial. Al\u00e9m disso, tamb\u00e9m o apoio t\u00e9cnico a nossos comerciantes, obviamente, h\u00e1 uma economia informal no bairro, pessoas que s\u00e3o pequenos comerciantes, chiriperos, guag\u00fcitas que fazem gastos de verduras e suas opera\u00e7\u00f5es foram afetadas e, para viabilizar que suas opera\u00e7\u00f5es se restabelecessem com medidas de seguran\u00e7a, tivemos que dar apoio \u00e0 prepara\u00e7\u00e3o dos planos para que eles fossem apresentados ao Estado e o Estado permitisse operar em um ritmo menor ou com menor capacidade. Tudo isso foi direcionado para fortalecer essas redes entre essas mesmas comunidades e entre os moradores do bairro.        <\/p>\n\n<p>Naudelis Fern\u00e1ndez Reyes: Temos tempo para que a Fide conclua esta categoria.<\/p>\n\n<p>Planejadora Cristina Miranda Palacios: N\u00f3s, com o Hurac\u00e1n Mar\u00eda, apoiamos uma atividade de solidariedade incr\u00edvel, a igreja batista, a junta comunit\u00e1ria, muita gente, de modo que conseguimos reabilitar mais de cento e cinquenta t\u00e9cnicos e concluir duas casas que haviam sido destru\u00eddas pelos furac\u00f5es. Al\u00e9m disso, acessamos e gerenciamos fundos para atender \u00e0s situa\u00e7\u00f5es provocadas pela COVID. N\u00f3s do Fideicomiso, em nosso caso, contamos com um agente fiscal e fomos muito cautelosos em n\u00e3o entrar em assuntos de servi\u00e7o direto porque para isso est\u00e1 a junta comunit\u00e1ria, de modo que, o que fazemos \u00e9 servir como agente fiscal e como facilitador para acessar esses fundos, e esses fundos permitiram que voc\u00ea fornecesse alimenta\u00e7\u00e3o e medicamentos a muitas fam\u00edlias nos oito bairros. Al\u00e9m disso, o traspasso da Casa Ruth pelo munic\u00edpio de San Juan inclui uma cl\u00e1usula de que a Casa Ruth deve servir como centro de atendimento \u00e0 comunidade em caso de um evento natural, como ciclones ou sismo. Assim, com o munic\u00edpio que estamos preparando agora com placas solares, ser\u00e1 interessante porque \u00e9 uma casa hist\u00f3rica de madeira e isso \u00e9 interessante nesse processo, mas tamb\u00e9m temos que pensar em estrat\u00e9gias claras para come\u00e7ar o desenvolvimento econ\u00f4mico e ajudar os comerciantes que est\u00e3o sobrevivendo com todas as interseccionalidades que voc\u00ea sabe que acontecem no pa\u00eds e que est\u00e3o saindo da crise dos furac\u00f5es, COVID, mas tamb\u00e9m as crises de governos e, obviamente, a crise fiscal e econ\u00f4mica. Os esfor\u00e7os em que a Fideicomisos est\u00e1 trabalhando est\u00e3o focados em medidas de longo prazo para atender aos impactos dessas cat\u00e1strofes e da pandemia. Porque, na verdade, a COVID recentemente, voc\u00ea como lo veo, a COVID recentemente come\u00e7ar\u00e1, e n\u00f3s estaremos sofrendo os estragos da COVID por muito tempo, de modo que, se voc\u00ea tiver que usar a m\u00e1scara e lavar as m\u00e3os, mas tamb\u00e9m temos que pensar em como o pa\u00eds vai enfrentar essa nova realidade de distanciamento social no desenvolvimento econ\u00f4mico, no desenvolvimento cultural e at\u00e9 nas atividades l\u00fadicas das crian\u00e7as, que \u00e9 t\u00e3o importante. Estamos trabalhando como agente facilitador e tamb\u00e9m integrando em nossos planos essa nova realidade.       <\/p>\n\n<p>Natalia M. Ortiz Berm\u00fadez: Si definitivamente el COVID ha sido algo, tanto el Hurac\u00e1n Mar\u00eda desde el 2017 bueno desde antes, pero Mar\u00eda marco un periodo de crisis en Puerto Rico sumamente importante, pero me alegro que Fideicomisos como ustedes han existido para darle la cara ante el Gobierno que en ocasiones como esa que verdaderamente que el pueblo lo necesita pues ellos no est\u00e1n. Portanto, vamos agora com a categoria de vit\u00f3ria diante da adversidade. A figura social que impera atualmente \u00e9 evidente que a estrutura\u00e7\u00e3o de seus respectivos Fideicomiso tem sido uma tarefa f\u00e1cil. No entanto, voc\u00ea conseguiu que as comunidades recuperassem seu poder. Ent\u00e3o, depois de tudo isso, quais foram suas maiores satisfa\u00e7\u00f5es, quais foram suas maiores decep\u00e7\u00f5es e como voc\u00ea se projeta para o futuro? Podemos come\u00e7ar com Mariolga, se voc\u00ea quiser.<\/p>\n\n<p>Doutora Mariolga Reyes Cruz: Sim, bem, como voc\u00ea disse antes, n\u00f3s apenas cumprimos um ano em novembro e come\u00e7amos a operar em janeiro, porque come\u00e7amos a operar em meio a um engarrafamento s\u00edsmico e depois com a COVID. Literalmente, est\u00e1vamos na Hacienda tramitando a isen\u00e7\u00e3o contributiva e nos evacuaram por causa dos sismos. Assim, n\u00f3s estamos trabalhando sem capital, todo o trabalho \u00e9 volunt\u00e1rio da Junta, que tamb\u00e9m \u00e9 o grupo gestor e tem sido muito bem cuidado, mas estamos muito contentes porque a realidade \u00e9 que a quantidade de apoio, de \u00e1nimos, de pessoas que deram seus conhecimentos, seu tempo e esfor\u00e7o para nos ajudar \u00e9 extraordin\u00e1ria. N\u00f3s j\u00e1 obtivemos a aprova\u00e7\u00e3o local e federal. Temos uma primeira subse\u00e7\u00e3o da Fundaci\u00f3n Segarra Boerman pela qual estamos realizando dois projetos, um de consultas a agricultores e fazendeiros sobre a posse de terras em comum e a governan\u00e7a dessas terras e outro de identifica\u00e7\u00e3o de fazendas em zonas priorit\u00e1rias para o fideicomisso. Estamos trabalhando com seis organiza\u00e7\u00f5es distintas que ap\u00f3iam organiza\u00e7\u00f5es como a nossa e tamb\u00e9m estamos no processo de gerenciar o que seriam os instrumentos para implementar o fideicomisso, o que estamos fazendo em parte tamb\u00e9m com o apoio da Cl\u00ednica e tamb\u00e9m como resultado dessas consultas que estamos fazendo. Assim, foi uma grande satisfa\u00e7\u00e3o ver que essa ideia, que parece uma ideia local, teve uma grande resson\u00e2ncia entre os diferentes setores que, de alguma forma ou de outra, se reconheceram nesse esfor\u00e7o e um reconhecimento de que \u00e9 necess\u00e1rio e que \u00e9 hora de faz\u00ea-lo. Voc\u00ea est\u00e1 se sentindo muito bem. Las mayores decepciones, yo no dir\u00eda decepci\u00f3n a este punto, pero si reto, es saber y ver el panorama de todo lo que queda por hacer y ir caminando a paso de caracol. Literalmente, n\u00e3o tenho que dizer o que implicou a pandemia para o povo; no meu caso, que sou a pessoa que dedica tempo todos os dias \u00e0 Fideicomiso, tamb\u00e9m estou criando, na escola, em casa, etc., voc\u00ea pode fazer isso. Assim, realmente \u00e9 um desafio e voc\u00ea quer se mover mais r\u00e1pido do que realmente \u00e9 poss\u00edvel. Olhando para o futuro, estamos apostando em que contemos com empresas agroecol\u00f3gicas em cada regi\u00e3o, em cada ponto do pa\u00eds, empresas com projetos aut\u00f4nomos e aliados que s\u00e3o governados por esses projetos e pela gente que os habita e que geram economia solid\u00e1ria e sustent\u00e1vel para o benef\u00edcio das regi\u00f5es onde se estabelecem, essa \u00e9 uma aposta. \u00c9 uma esperan\u00e7a que estamos trabalhando para que voc\u00ea a realize nesta d\u00e9cada, porque esta d\u00e9cada, crucial para o futuro da humanidade diante da crise clim\u00e1tica, nos toca mover, j\u00e1 que n\u00e3o h\u00e1 muito tempo a perder, embora haja que caminhar a passos largos para os humanos. Portanto, \u00e9 aqui que estamos agora, com muito entusiasmo e muito trabalho e com muita esperan\u00e7a de que o que estamos fazendo \u00e9 para o bem e o bem estar dos agricultores e das agricultoras e de toda a gente que habita esta ilha.            <\/p>\n\n<p>Natalia M. Ortiz Berm\u00fadez: Definitivamente. Podemos continuar com a Cristina para seguir essa ordem do mas jovencito al m\u00e1s experimentado na \u00e1rea. <\/p>\n\n<p>Planejadora Cristina Miranda Palacios: N\u00f3s somos os filhos do meio. A maior satisfa\u00e7\u00e3o de n\u00f3s, voc\u00ea acredita que \u00e9 cada vez que firmamos a se\u00e7\u00e3o de uma propriedade, quando firmamos no DTOP a se\u00e7\u00e3o do PARADISE, foi como se algu\u00e9m quisesse fazer uma dan\u00e7a feliz, mas estivesse em um espa\u00e7o formal do governo e n\u00e3o pudesse dan\u00e7ar em um baile. A se\u00e7\u00e3o da casa Ruth tamb\u00e9m \u00e9 uma grande satisfa\u00e7\u00e3o, mas a maior delas foi quando a alcaidessa me ligou para dizer que se tratava de formalizar a se\u00e7\u00e3o da Casa de la Milagrosa, que \u00e9 a alegria da coroa de nossa comunidade e que voc\u00ea queria dan\u00e7ar, brincar e dan\u00e7ar. Portanto, isso tem sido uma grande satisfa\u00e7\u00e3o porque \u00e9 algo que voc\u00ea pode dizer \u00e0 comunidade sobre a evid\u00eancia do que est\u00e1 sendo feito no Fideicomiso, \u00e9 algo palp\u00e1vel, \u00e9 algo que est\u00e1 aqui e voc\u00ea v\u00ea e vai ver como vai se transformar, etc. Essas s\u00e3o as maiores satisfa\u00e7\u00f5es e tamb\u00e9m, obviamente, a satisfa\u00e7\u00e3o de que voc\u00ea est\u00e1 reconhecendo e conhecendo pouco a pouco e que est\u00e1 ocupando o espa\u00e7o. Voc\u00ea diria que na parte da segunda pergunta que s\u00e3o as decep\u00e7\u00f5es, voc\u00ea acredita que, isso pode soar raro, para mim, eu gosto do trabalho em grupo, gosto do trabalho comunit\u00e1rio, mas tamb\u00e9m \u00e9 muito frustrante porque h\u00e1 muitos atores e muita agenda e, \u00e0s vezes, h\u00e1 muitas mensagens e n\u00f3s tendemos a romantizar o trabalho em comunidade, mas, na verdade, acontece o mesmo que acontece no governo, acontece o mesmo que acontece nas organiza\u00e7\u00f5es sem fins lucrativos e, \u00e0s vezes, \u00e9 decepcionante e frustrante, porque queremos seguir e seguir e adelantar, mas, \u00e0s vezes, as coisas personalistas incidem e afetam o trabalho e o que voc\u00ea quer dizer \u00e9 que vamos levar-nos bem e vamos trabalhar. Voc\u00ea acredita que \u00e9 importante reconhec\u00ea-lo publicamente, porque tendemos a romantizar o trabalho comunit\u00e1rio e tendemos a romantizar o coletivo e eu amo o coletivo e amo a comunidade, mas reconhe\u00e7o que, como acontece no governo, como acontece em todos os lados, h\u00e1 vezes em que a agenda se desvia da m\u00e3o por coisas que s\u00e3o inconsistentes. Ent\u00e3o, perdemos tempo atendendo a coisas que realmente n\u00e3o s\u00e3o necess\u00e1rias, que h\u00e1 que atend\u00ea-las de verdade porque significam algo, mas tamb\u00e9m para mim, no meu car\u00e1ter pessoal e na minha forma\u00e7\u00e3o, voc\u00ea est\u00e1 planejando, eu estou planejando, planejando, o que \u00e9 muito frustrante e acredito que seja muito importante, pelo menos para mim, reconhec\u00ea-lo. Como nos vemos de cara para o futuro, porque temos um plano bastante ambicioso, mas tamb\u00e9m temos um plano realista. La Milagrosa \u00e9 um projeto que exigir\u00e1 uma invers\u00e3o milion\u00e1ria para acessar os fundos do CDBG-DR, sabemos que n\u00e3o \u00e9 uma tarefa f\u00e1cil, mas estamos trabalhando pelo menos com duas propriedades por ano. Uma das propriedades que cedemos foi um edif\u00edcio de sete unidades de moradia em Garc\u00eda Obari, que tamb\u00e9m foi uma grande vit\u00f3ria, pois era uma propriedade que voc\u00ea poderia ceder a uma organiza\u00e7\u00e3o sem fins lucrativos que possui moradia e servi\u00e7os importantes para o pa\u00eds, voc\u00ea pode mudar, pode alterar muito mais a realidade de uma comunidade residencial que est\u00e1 perdendo seu car\u00e1ter residencial nos \u00faltimos anos. Assim, n\u00f3s estamos desenvolvendo duas propriedades por ano ou iniciando duas propriedades por ano, e essa \u00e9 a agenda agressiva que temos para dar promessas irreais \u00e0 comunidade porque a Milagrosa vai come\u00e7ar a desenvolver, Obviamente, quando voc\u00ea tiver, mas isso tamb\u00e9m vai tornar um processo por fase, pois s\u00e3o coisas que levam tempo e o pessoal do Ca\u00f1o sabe mais do que n\u00f3s. \u00c9 assim que vemos.            <\/p>\n\n<p>Licenciada Sarah Delgado Brayfield: Lo que el Ca\u00f1o respecta, yo personalmente puedo hablar de lo poco, desde que estoy all\u00ed, pero s\u00e9 que las luchas han sido muy grandes y las mayores satisfacciones para la comunidad tienen que ser que han logrado tan grande de recibir todas estas tierras para ellos poder permanecer en su comunidad a largo plazo, para que eles possam legalizar ou formalizar seu t\u00edtulo de propriedade n\u00e3o apenas em uma ocasi\u00e3o, mas em duas ocasi\u00f5es. Houve uma ocasi\u00e3o em que a comunidade perdeu todas as terras e as ganhou outra vez por meio do tribunal, o que foi um grande sucesso. Cada pequeno logro para n\u00f3s \u00e9 um logro enorme, otorgamiento de una escritura de derecho de superficie, cada vez que resolvemos um problema \u00e9 um logro muito grande, porque tenemos muchos retos. Como diz Mariolga a n\u00f3s tamb\u00e9m, a n\u00f3s nos foi dada essa grande responsabilidade de sermos os inquilinos ou administradores de uma extens\u00e3o territorial vasta, com vinte e um mil (21.000) pessoas residentes na \u00e1rea, com um monte de propriedades comerciais e n\u00e3o nos foi dado um centavo para fazer esse tipo de coisa todos os dias, cada logro \u00e9 grande. Voc\u00ea acredita que essa \u00e9 a maior decep\u00e7\u00e3o, voc\u00ea sente que houve um maltrato institucional, voc\u00ea sente que n\u00e3o temos apoio para nada. Voc\u00ea n\u00e3o sabe se Mario quer abundar.     <\/p>\n\n<p>Se\u00f1or Mario N\u00fa\u00f1ez Mercado: Voc\u00ea gostaria de comentar algo, mas tamb\u00e9m gostaria de ouvir a Niria, que trabalha desde o Pro Bono desde Fideicomiso. Voc\u00ea acredita que um dos maiores problemas que enfrentamos \u00e9 o fato de termos recebido uma grande quantidade de terreno que o mesmo Estado n\u00e3o possu\u00eda, obviamente, documentado em muitas inst\u00e2ncias com muitas situa\u00e7\u00f5es legais e de registro que tivemos que atender com o passar do tempo. A situa\u00e7\u00e3o que se deu em 2009, de reverter essa transfer\u00eancia de terras para suas ag\u00eancias de origem, voc\u00ea acredita que foi como se diss\u00e9ssemos no bairro um forte golpe, tanto para a institui\u00e7\u00e3o, como tamb\u00e9m para as comunidades e seus moradores. Ao conceder escrituras de direitos de superf\u00edcie, regularizar essas ocupa\u00e7\u00f5es com os moradores, fazer justi\u00e7a social, voc\u00ea acredita que essa \u00e9 a maior satisfa\u00e7\u00e3o que algu\u00e9m pode receber: ver essa gente humilde, essa gente simples, essa fam\u00edlia que por muitos anos estava esperando que as administra\u00e7\u00f5es de turno lhe dessem um direito a uma escritura e que agora n\u00e3o precisa mais estar sujeita \u00e0s mudan\u00e7as pol\u00edticas de cada quatro anos e que, por meio de um mecanismo selecionado pela comunidade, tenha sido feito na medida e na necessidade que as comunidades t\u00eam, pois voc\u00ea acredita que h\u00e1 justi\u00e7a todos os dias. Com rela\u00e7\u00e3o aos desafios, agora temos duas propriedades: uma \u00e9 a Quisqueya 125, recebemos recentemente a transfer\u00eancia da ACG para a Fideicomiso, e acreditamos que isso seja um grande avan\u00e7o. Uma propriedade com um potencial de desenvolvimento tanto de moradia, quanto com um potencial de arrendamento que, se conseguirmos comercializ\u00e1-la bem, poder\u00e1 manter e garantir as opera\u00e7\u00f5es do Fideicomiso e estamos nessa dire\u00e7\u00e3o. Esses s\u00e3o desafios e desafios que temos que ver todos os dias e atend\u00ea-los. Cristina horita trajo un elemento, yo hablo como el director del Fideicomiso, pero tambi\u00e9n como residente y como l\u00edder comunitario que estuve muchos a\u00f1os en estas instituciones, el trabajar con la comunidad da una gran satisfacci\u00f3n, mas tamb\u00e9m pressiona muito para que voc\u00ea atenda \u00e0s demandas ou \u00e0s necessidades pessoais do povo, \u00e0s agendas pessoais, pois \u00e0s vezes consumimos tempo na menudencia e n\u00e3o nos permite avan\u00e7ar na grande tarefa que temos de atender de alguma forma. Por isso, tamb\u00e9m temos que ir armonizando, temos que ir atendendo porque as pessoas tamb\u00e9m querem ser ouvidas, trazem argumentos, trazem planos e, portanto, temos que faz\u00ea-las entender, obviamente porque se voc\u00ea entender que seus planos n\u00e3o t\u00eam validade ou n\u00e3o t\u00eam argumentos, porque aqui todos os planejamentos t\u00eam validade, como voc\u00ea pode viabilizar sem ter que deixar de atender aos objetivos do projeto, \u00e0 vis\u00e3o, \u00e0 miss\u00e3o e \u00e0s metas estrat\u00e9gicas que foram elaboradas. Por isso, vou falar um pouco com a N\u00edria, porque acho que ela tamb\u00e9m gostaria de compartilhar um pouco com voc\u00eas, assim como voc\u00ea far\u00e1 com a Niria.         <\/p>\n\n<p>Licenciada N\u00edria Berm\u00fadez: Tanto Sarah como Mario resumiram-se a grandes rasgos, pois o que na realidade nos satisfaz \u00e9 o maior prazer e reconhecimento, j\u00e1 que o tipo de trabalho que realizamos e tudo isso tamb\u00e9m se desenvolveu no reconhecimento que recebemos no ano de 2015 do Pr\u00eamio Habitad, pois foi assim que isso funcionou na realidade, Na verdade, o modelo que adotamos e o trabalho que estamos fazendo, pelo menos, est\u00e1 sendo reconhecido, e voc\u00ea pode saber que tamb\u00e9m foi como um novo ar, um novo impulso que foi dado \u00e0 institui\u00e7\u00e3o nesse momento, e que \u00e9 como se f\u00f4ssemos continuar dando isso com tudo. Habiendo dicho eso, tambi\u00e9n fue la consolidaci\u00f3n de todas las aportaciones que hemos recibido de diferentes colaboradores de esta llamada, en esa Zoom tanto a la licenciada Font\u00e1nez, la licenciada Hern\u00e1ndez Torrales, la misma Cristina y Line, voc\u00ea sabe que esta foi uma tarefa \u00e1rdua de muitos anos, de modo que estamos muito satisfeitos com nosso trabalho, muito agradecidos com as colabora\u00e7\u00f5es que tivemos ao longo dos anos e queremos continuar contando com elas e continuar trabalhando para o benef\u00edcio do Ca\u00f1o. <\/p>\n\n<p>Naudelis Fern\u00e1ndez Reyes: Obrigado, N\u00edria. Agora que estamos refletindo sobre os desafios e as vit\u00f3rias de cada Fideicomiso, gostar\u00edamos que o p\u00fablico conhecesse como apoiar cada Fideicomiso e com motivo de cierre e de manera breve porque queremos dejar un espacio para que el p\u00fablico haga sus preguntas, Que ajuda voc\u00ea pode dar \u00e0 comunidade universit\u00e1ria e ao p\u00fablico em geral para ajud\u00e1-los com o prop\u00f3sito de seu Fideicomiso? Mariolga, voc\u00ea pode come\u00e7ar.  <\/p>\n\n<p>Doutora Mariolga Reyes Cruz: El Fideicomiso Agr\u00edcola como he dicho est\u00e1 empezando y necesita todo tipo de apoyo, buscamos forjar alianzas con entidades hermanas que nos apoyen a desarrollar el potencial de este Fideicomiso y a gestar su propia sostenibilidad. Voc\u00ea precisa de pessoas que cantem a voz, que dediquem seu tempo, que n\u00e3o ajudem a identificar recursos ou recursos perdidos e o mesmo acontece com as finan\u00e7as, com a terra. Al\u00e9m disso, estamos no processo de iniciar conversas com poss\u00edveis benefici\u00e1rios e benefici\u00e1rios do Fideicomiso, para que voc\u00ea possa come\u00e7ar a trabalhar de forma sustent\u00e1vel, convidamos voc\u00ea a visitar nossa p\u00e1gina e a se comunicar conosco, pois l\u00e1 temos uma p\u00e1gina de registro para pessoas interessadas, onde voc\u00ea poder\u00e1 entrar em contato conosco um pouco sobre seus projetos para, em um futuro pr\u00f3ximo, ter uma reuni\u00e3o com poss\u00edveis benefici\u00e1rios e benefici\u00e1rias. Outra vez, lembre-se de que voc\u00ea ainda n\u00e3o tem uma fazenda e est\u00e1 trabalhando em sua mente para poder alcan\u00e7ar o primeiro objetivo, que \u00e9 ter a primeira fazenda. Estamos conversando com diversas inst\u00e2ncias para conseguir isso, uma vez que temos uma fazenda, ent\u00e3o podemos falar de um lugar bem concreto, de um ecossistema concreto tamb\u00e9m, onde voc\u00ea pode come\u00e7ar projetos. Assim, voc\u00ea viu que, no bate-papo, colocamos a p\u00e1gina da Fideicomiso e tamb\u00e9m podemos segui-lo pelo Facebook. Voc\u00ea tamb\u00e9m gostaria de aproveitar para comentar algo que n\u00e3o foi discutido, mas \u00e9 importante, estava em suas perguntas, que era o assunto de moradias porque os fideicomissos s\u00e3o uma ferramenta, mas quero dizer que tamb\u00e9m existem outras ferramentas importantes, como as Cooperativas de Moradias Mancomunadas. De fato, esse \u00e9 um modelo que estamos considerando dentro do Fideicomiso como uma ferramenta para garantir a moradia ao longo da vida das pessoas, sem deixar de dar direito \u00e0 possibilidade de moradia a outras. Por isso, voc\u00ea acredita que \u00e9 importante que conversemos, reflitamos e continuemos a impulsionar outras formas de atender \u00e0s nossas necessidades que n\u00e3o dependam da propriedade privada, da moradia ou da terra. Os Fideic\u00f4mios oferecem essa oportunidade, as cooperativas de moradia mancomunadas tamb\u00e9m em outros espa\u00e7os, incluindo os fideic\u00f4mios. Voc\u00ea pode ler aqui          <\/p>\n\n<p>Naudelis Fern\u00e1ndez Reyes: Obrigado, Mariolga. Temos pouco tempo, Cristina e algu\u00e9m do Ca\u00f1o podem se tornar um ou dois minutos cada um. <\/p>\n\n<p>Planejadora Cristina Miranda Palacios: Sim, voc\u00ea disse isso rapidamente. A contesta\u00e7\u00e3o sobre como podemos ajudar a comunidade universit\u00e1ria e a comunidade em geral \u00e9 diferente, a resposta \u00e9 diferente agora com a COVID, porque antes da COVID voc\u00ea disse: &#8220;Venham para R\u00edo Piedras, fa\u00e7am nossas chamadas, entrem em nossos neg\u00f3cios, ajudem nossos comerciantes, abram a pra\u00e7a do mercado \u00e9 espetacular, h\u00e1 muito o que ver&#8221;. O fato de ocupar o espa\u00e7o em si \u00e9 uma grande contribui\u00e7\u00e3o, como voc\u00ea disse no in\u00edcio, parte do que afeta R\u00edo Piedras \u00e9 a percep\u00e7\u00e3o que temos de nossa comunidade de que nossa comunidade est\u00e1 morta. Por isso, nosso refr\u00e3o \u00e9 R\u00edo Vive, n\u00f3s estamos vivos, estamos aqui, vis\u00edveis, participando. Temos uma grande colabora\u00e7\u00e3o com a UPR R\u00edo Piedras por meio do CAUCE, de sua diretoria executiva e de sua equipe de trabalho social. Da mesma forma, temos muita colabora\u00e7\u00e3o com estudantes de diferentes escolas, arquitetura, etc. Assim, estamos funcionando muito bem como uma comunidade que tem um centro universit\u00e1rio t\u00e3o importante como o de R\u00edo Piedras, pois essa \u00e9 uma grande colabora\u00e7\u00e3o. Voc\u00ea acredita que n\u00e3o h\u00e1 melhor apoio do que visitar nossa comunidade, que contribuir com nosso com\u00e9rcio, que \u00e9 muito importante para R\u00edo Piedras, pois moro em Santa Rita e \u00e9 espetacular, que voc\u00ea venha para c\u00e1, porque ocupar o espa\u00e7o \u00e9 o melhor apoio.       <\/p>\n\n<p>Licenciada N\u00edria Berm\u00fadez: Acredito que tamb\u00e9m, al\u00e9m do que indicaram Cristina e Mariolga, voc\u00ea deve incluir esses modelos nos curr\u00edculos das aulas. Na verdade, s\u00e3o projetos interdisciplinares que podem estar sendo estudados em diferentes disciplinas, o que reduz a redund\u00e2ncia. Portanto, parece-me que esse aspecto \u00e9 extremamente importante e que voc\u00ea deve continuar colaborando da maneira que sempre fazemos. Aqui contamos com o apoio da disciplina de planejamento, engenharia, direito, trabalho social comunit\u00e1rio, que \u00e9 de suma import\u00e2ncia para n\u00f3s e para n\u00f3s mesmos. Por isso, voc\u00ea deve incluir os dados por favor nos curr\u00edculos.    <\/p>\n\n<p>Licenciada Sarah Delgado Brayfield: Voc\u00ea est\u00e1 no curr\u00edculo de \u00c9rika, pelo menos. Sauda\u00e7\u00f5es, \u00c9rika. <\/p>\n\n<p>Natalia M. Ortiz Berm\u00fadez: Voc\u00ea est\u00e1 aqui presente e pode ser tanto pelo bate-papo quanto pelo microfone, j\u00e1 que \u00e0s vezes a gente d\u00e1 um palpite, mas tamb\u00e9m pode ser pelo bate-papo, pode ser espec\u00edfico ou pode ser geral. Vamos estar cursando pelo chat um formul\u00e1rio que nos ajudar\u00e1 muito se voc\u00ea puder contestar, pode levar um minuto para contestar. Avante as pessoas que tiverem alguma d\u00favida ou pergunta.  <\/p>\n\n<p>Participante: N\u00e3o pude escutar bem um conceito que voc\u00ea disse no final, da cooperativa comunit\u00e1ria, pois n\u00e3o \u00e9 poss\u00edvel escutar bem pela Internet o conceito completo, se voc\u00ea puder me explicar por cima o que foi dito para entend\u00ea-lo.<\/p>\n\n<p>Doutora Mariolga Reyes Cruz: El comentario lo hice yo Mariolga, las cooperativas de vivienda mancomunada, es otra estructura para asegurar el derecho a la vivienda, el acceso a la vivienda para gente que no tiene capital para comprar. Em Porto Rico, h\u00e1 dezesseis cooperativas de moradia mancomunadas, a maioria est\u00e1 se transformando em outras coisas que s\u00e3o as cooperativas de titulares, mas nas mancomunadas, basicamente, voc\u00ea se torna s\u00f3cio da cooperativa com uma contribui\u00e7\u00e3o que est\u00e1 muito abaixo de qualquer contribui\u00e7\u00e3o que voc\u00ea tenha que fazer para comprar uma moradia e faz uma contribui\u00e7\u00e3o mensalmente ajustada aos seus rendimentos para ter acesso enquanto deseja viver na cooperativa. Voc\u00ea \u00e9 s\u00f3cio de uma dessas cooperativas, mas porque voc\u00ea \u00e9 s\u00f3cio dessa cooperativa n\u00e3o ter\u00e1 uma moradia e seguir\u00e1 com as rendas mais altas e mais baixas nos \u00faltimos 10 anos. \u00c9 uma figura que voc\u00ea acredita que precisa ser resgatada e promovida, porque as que foram constru\u00eddas h\u00e1 40 anos est\u00e3o se transformando e precisamos de mais, principalmente nesta economia. Voc\u00ea pode dizer isso porque esse \u00e9 o modelo que estamos contemplando para a moradia dentro do Fideicomiso, pois um dos problemas com os fideicomissos em rela\u00e7\u00e3o \u00e0s quest\u00f5es de terra agr\u00edcola \u00e9 justamente que as pessoas possam permanecer enquanto fazem parte de uma comunidade agr\u00edcola. Quando as pessoas param de falar, o que acontece com a fazenda, o que acontece com as terras, \u00e9 parte da conversa que estamos tendo. Por isso, lance um pouco o conceito, porque h\u00e1 poucas oportunidades para falar sobre essa estrutura e voc\u00ea acredita que ela \u00e9 muito importante, sobre todo reconhecendo que, nos \u00faltimos 60 anos em Porto Rico, enquanto crescia o \u00edndice de riquezas econ\u00f4micas, o produto interno bruto nos \u00faltimos 60 anos a metade da popula\u00e7\u00e3o se manteve nos n\u00edveis de pobreza. Hoje, praticamente a metade de nossos munic\u00edpios tem n\u00edveis de pobreza que chegam a mais de sessenta por cento (60%) por cento. Precisamos administrar formas de moradia que garantam esse direito para as grandes maiorias que n\u00e3o t\u00eam renda segura e que est\u00e3o sujeitas \u00e0s press\u00f5es do mercado de bens de consumo.        <\/p>\n\n<p>Participante: Muchas gracias.<\/p>\n\n<p>Licenciada N\u00edria Berm\u00fadez: Voc\u00ea tinha um coment\u00e1rio muito breve e era para Cristina. Muito obrigada por voc\u00ea mencionar o assunto do reto adicional que implica esse tipo de trabalho, comunit\u00e1rio e outros. Creio que \u00e9 uma conversa que poder\u00edamos ampliar em algum momento e n\u00e3o se toca muito porque \u00e9 igual, \u00e9 bastante delicado reconhec\u00ea-lo, mas obrigado porque \u00e9 muito claro.  <\/p>\n\n<p>Planejadora Cristina Miranda Palacios: Temos um grupo de apoio, voc\u00ea acredita que sim, que \u00e9 importante, n\u00e3o nos torna d\u00e9bil aceitar as diferen\u00e7as e que \u00e9 preciso reconhecer que somos humanos e temos diferentes personalidades, diferentes estilos e o trabalho em grupo nem sempre \u00e9 f\u00e1cil, mas sempre \u00e9 necess\u00e1rio e reconhecer isso nos permite seguir. Ningu\u00e9m se envergonha das feridas, mas seguimos. <\/p>\n\n<p>Natalia M. Ortiz Berm\u00fadez: Temos aqui dois minutos se algu\u00e9m quiser aprovar.<\/p>\n\n<p>Planejadora Cristina Miranda Palacios: Quando algu\u00e9m pensa que eu gostaria de unir as palavras de Sarah, a professora Maria tem sido fundamental. A realidade \u00e9 que, sem Mar\u00eda, voc\u00ea acredita que muitos de n\u00f3s n\u00e3o estar\u00edamos aqui e faltariam mais pessoas no pa\u00eds como ela, na verdade, \u00e9 t\u00e3o f\u00e1cil segui-la e unir-se aos esfor\u00e7os. Cada vez que voc\u00ea v\u00ea, tenta se declarar porque realmente \u00e9 um exemplo do que \u00e9 poss\u00edvel fazer. Por isso, voc\u00ea acredita que sempre \u00e9 importante reconhec\u00ea-la, pois no caso de R\u00edo Piedras, sem ela, \u00e9 muito prov\u00e1vel que a Fide n\u00e3o estivesse onde estamos agora. Por isso, Maria n\u00e3o a v\u00ea, mas sempre nosso abra\u00e7o e nosso reconhecimento.    <\/p>\n\n<p>Se\u00f1or Mario N\u00fa\u00f1ez Mercado: Da mesma forma que Cristina, voc\u00ea acredita que as contribui\u00e7\u00f5es da licenciada Mar\u00eda Hern\u00e1ndez Torrales, voc\u00ea acredita que, para todas as entidades, foram extremamente importantes, no caso do Fideicomiso Ca\u00f1o Mart\u00edn Pe\u00f1a foi nossa primeira mentora, nosso primeiro recurso que chegou at\u00e9 aqui, depois se uniu \u00e0 licenciada \u00c9rika Font\u00e1nez, e esse bin\u00f4mio foi o que ajudou os residentes e as comunidades a gestar, obviamente, esta iniciativa do Fideicomiso. Sentimo-nos orgulhosos pelo fato de que esta primeira iniciativa j\u00e1 conta com duas irm\u00e3s adicionais, tanto em R\u00edo Piedras quanto no Fideicomiso Agr\u00edcola. O conhecimento, voc\u00ea acredita que h\u00e1 que transmiti-lo, h\u00e1 que compartilh\u00e1-lo, o interc\u00e2mbio de saberes, ningu\u00e9m tem verdades absolutas, voc\u00ea acredita que se todos contribu\u00edrem com nossa verdade, poderemos, no final, fazer uma grande verdade. Nesse sentido, reiteramos nosso compromisso de que, quando voc\u00ea precisar de algum apoio, algum compartilhamento, algum encontro, receber pessoas, tamb\u00e9m estaremos \u00e0 sua disposi\u00e7\u00e3o.   <\/p>\n\n<p>Planejadora Cristina Miranda Palacios: Siempre hemos hablado de hacer un junte de Fideicomisos, as\u00ed que nosotros deber\u00edamos de crear nuestra propia comunidad de aprendizaje, porque en procesos de abogac\u00eda y ante lo que est\u00e1 pasando con los fondos de resiliencia, mitiga\u00e7\u00e3o e tudo o mais, voc\u00ea acredita que todos os fideicomiss\u00e1rios unidos poderiam criar uma frente comum dentro das comunidades, de modo que essa \u00e9 uma tarefa que temos pendentes.<\/p>\n\n<p>Se\u00f1or Mario N\u00fa\u00f1ez Mercado: Vamos nos encarregar da designa\u00e7\u00e3o de Cristina. Doutora Mariolga Reyes Cruz: Me apunto.<br\/>Natalia M. Ortiz Berm\u00fadez: Nosotras nos apuntamos para ayudar. Licenciada Sarah Delgado Brayfield: Obrigada.  <\/p>\n\n<p>Natalia M. Ortiz Berm\u00fadez: Ent\u00e3o, com essas palavras, vamos dar por conclu\u00edda a atividade. Queremos agradecer ao p\u00fablico que se manteve sintonizado. A professora est\u00e1 desculpada, mas n\u00e3o precisa se desculpar por ter tido problemas de conex\u00e3o. Queremos agradecer formalmente a Mariolga, a Cristina, a licenciada Sarah Delgado, a Mario e a N\u00edria por seu tempo, pois voc\u00ea sabe que est\u00e3o fazendo muitas coisas que agradecemos muito, muito mesmo. Esperamos seguir em contato para futuras atividades, pois voc\u00ea acredita que o tema do Fideicomiso deve ser mais ouvido e as pessoas devem ser mais educadas a esse respeito definitivamente.    <\/p>\n\n<p>Licenciada Sarah Delgado Brayfield: Obrigada a voc\u00eas por nos convidarem e por coordenarem este bate-papo t\u00e3o bom.<\/p>\n\n<p>Se\u00f1or Mario N\u00fa\u00f1ez Mercado: Natalia, qual \u00e9 a pergunta que voc\u00ea est\u00e1 fazendo? Naudelis Fern\u00e1ndez Reyes: Gostaria de mencionar rapidamente.<br\/>Natalia M. Ortiz Berm\u00fadez: Sim, a pergunta est\u00e1 no chat. <\/p>\n\n<p>Naudelis Fern\u00e1ndez Reyes: Para acrescentar o que voc\u00ea disse, Natalia, que o Pro Bono quer fazer mais eventos no pr\u00f3ximo semestre e com cada Fideicomiso para que cada um possa brilhar porque s\u00e3o todos muito diversos, distintos e muito especiais. Voc\u00ea pode entrar no chat do Facebook do Pro Bono e colocar aqui as informa\u00e7\u00f5es de cada Fideicomiso e tamb\u00e9m ver os nossos eventos. <\/p>\n\n<p>Se\u00f1or Mario N\u00fa\u00f1ez Mercado: Obrigado e bom final de semana. Planejadora Cristina Miranda Palacios: Obrigada e bom final de semana. Licenciada Sarah Delgado Brayfield: Obrigado at\u00e9 mais tarde.<br\/>Naudelis Fern\u00e1ndez Reyes: Sim, voc\u00ea ter\u00e1 uma grava\u00e7\u00e3o dispon\u00edvel. <\/p>\n","protected":false},"excerpt":{"rendered":"<p>Este v\u00eddeo apresenta uma conversa conduzida por estudantes do Pro-Bono Ca\u00f1o\/CAUCE com representantes dos tr\u00eas fideicomissos comunit\u00e1rios de terras que foram criados em Porto Rico at\u00e9 o momento. Cada um desses Fideicomisos utiliza elementos comuns para cumprir os objetivos alem\u00e3es, por\u00e9m diferentes. Os elementos comuns s\u00e3o o controle comunit\u00e1rio da terra por meio de uma organiza\u00e7\u00e3o cuja governan\u00e7a \u00e9 composta em sua maior parte pelas comunidades e seus integrantes. O desenvolvimento das \u00e1reas que atendem a esses fideicomissos \u00e9 liderado pela comunidade a que voc\u00ea serve. O objetivo da conversa foi ressaltar os valores que fundamentam a cria\u00e7\u00e3o dessas organiza\u00e7\u00f5es comunit\u00e1rias, que s\u00e3o guiadas em suas a\u00e7\u00f5es para o bem comum.    <\/p>\n","protected":false},"author":1,"featured_media":0,"parent":4032,"menu_order":0,"comment_status":"closed","ping_status":"closed","template":"","meta":{"give_campaign_id":0,"_tec_requires_first_save":true,"_kad_blocks_custom_css":"","_kad_blocks_head_custom_js":"","_kad_blocks_body_custom_js":"","_kad_blocks_footer_custom_js":"","_EventAllDay":false,"_EventTimezone":"","_EventStartDate":"","_EventEndDate":"","_EventStartDateUTC":"","_EventEndDateUTC":"","_EventShowMap":false,"_EventShowMapLink":false,"_EventURL":"","_EventCost":"","_EventCostDescription":"","_EventCurrencySymbol":"","_EventCurrencyCode":"","_EventCurrencyPosition":"","_EventDateTimeSeparator":"","_EventTimeRangeSeparator":"","_EventOrganizerID":[],"_EventVenueID":[],"_OrganizerEmail":"","_OrganizerPhone":"","_OrganizerWebsite":"","_VenueAddress":"","_VenueCity":"","_VenueCountry":"","_VenueProvince":"","_VenueState":"","_VenueZip":"","_VenuePhone":"","_VenueURL":"","_VenueStateProvince":"","_VenueLat":"","_VenueLng":"","_VenueShowMap":false,"_VenueShowMapLink":false,"_tribe_blocks_recurrence_rules":"","_tribe_blocks_recurrence_description":"","_tribe_blocks_recurrence_exclusions":"","footnotes":""},"categories":[206],"tags":[],"class_list":["post-4438","page","type-page","status-publish","hentry","category-entrevistas-pt-br"],"blocksy_meta":[],"yoast_head":"<!-- This site is optimized with the Yoast SEO Premium plugin v27.5 (Yoast SEO v27.5) - https:\/\/yoast.com\/product\/yoast-seo-premium-wordpress\/ -->\n<title>Os Fideicomissos Comunit\u00e1rios da Terra e os Valores que Contribuem para o Coletivo Humano (2020) - International Center for Community Land Trusts<\/title>\n<meta name=\"robots\" content=\"index, follow, max-snippet:-1, max-image-preview:large, max-video-preview:-1\" \/>\n<link rel=\"canonical\" href=\"https:\/\/www.cltweb.org\/pt-br\/biblioteca-de-recursos\/entrevistas\/os-fideicomissos-comunitarios-da-terra-e-os-valores-que-contribuem-para-o-coletivo-humano-2020\/\" \/>\n<meta property=\"og:locale\" content=\"pt_BR\" \/>\n<meta property=\"og:type\" content=\"article\" \/>\n<meta property=\"og:title\" content=\"Os Fideicomissos Comunit\u00e1rios da Terra e os Valores que Contribuem para o Coletivo Humano (2020)\" \/>\n<meta property=\"og:description\" content=\"Este v\u00eddeo apresenta uma conversa conduzida por estudantes do Pro-Bono Ca\u00f1o\/CAUCE com representantes dos tr\u00eas fideicomissos comunit\u00e1rios de terras que foram criados em Porto Rico at\u00e9 o momento. Cada um desses Fideicomisos utiliza elementos comuns para cumprir os objetivos alem\u00e3es, por\u00e9m diferentes. Os elementos comuns s\u00e3o o controle comunit\u00e1rio da terra por meio de uma organiza\u00e7\u00e3o cuja governan\u00e7a \u00e9 composta em sua maior parte pelas comunidades e seus integrantes. O desenvolvimento das \u00e1reas que atendem a esses fideicomissos \u00e9 liderado pela comunidade a que voc\u00ea serve. O objetivo da conversa foi ressaltar os valores que fundamentam a cria\u00e7\u00e3o dessas organiza\u00e7\u00f5es comunit\u00e1rias, que s\u00e3o guiadas em suas a\u00e7\u00f5es para o bem comum.\" \/>\n<meta property=\"og:url\" content=\"https:\/\/www.cltweb.org\/pt-br\/biblioteca-de-recursos\/entrevistas\/os-fideicomissos-comunitarios-da-terra-e-os-valores-que-contribuem-para-o-coletivo-humano-2020\/\" \/>\n<meta property=\"og:site_name\" content=\"International Center for Community Land Trusts\" \/>\n<meta property=\"article:publisher\" content=\"https:\/\/www.facebook.com\/cltcenter\" \/>\n<meta property=\"article:modified_time\" content=\"2024-10-22T20:46:35+00:00\" \/>\n<meta name=\"twitter:card\" content=\"summary_large_image\" \/>\n<meta name=\"twitter:site\" content=\"@Center4CLTs\" \/>\n<meta name=\"twitter:label1\" content=\"Est. tempo de leitura\" \/>\n\t<meta name=\"twitter:data1\" content=\"69 minutos\" \/>\n<script type=\"application\/ld+json\" class=\"yoast-schema-graph\">{\"@context\":\"https:\\\/\\\/schema.org\",\"@graph\":[{\"@type\":\"WebPage\",\"@id\":\"https:\\\/\\\/www.cltweb.org\\\/pt-br\\\/biblioteca-de-recursos\\\/entrevistas\\\/os-fideicomissos-comunitarios-da-terra-e-os-valores-que-contribuem-para-o-coletivo-humano-2020\\\/\",\"url\":\"https:\\\/\\\/www.cltweb.org\\\/pt-br\\\/biblioteca-de-recursos\\\/entrevistas\\\/os-fideicomissos-comunitarios-da-terra-e-os-valores-que-contribuem-para-o-coletivo-humano-2020\\\/\",\"name\":\"Os Fideicomissos Comunit\u00e1rios da Terra e os Valores que Contribuem para o Coletivo Humano (2020) - International Center for Community Land Trusts\",\"isPartOf\":{\"@id\":\"https:\\\/\\\/www.cltweb.org\\\/pt-br\\\/#website\"},\"datePublished\":\"2024-10-22T19:56:08+00:00\",\"dateModified\":\"2024-10-22T20:46:35+00:00\",\"breadcrumb\":{\"@id\":\"https:\\\/\\\/www.cltweb.org\\\/pt-br\\\/biblioteca-de-recursos\\\/entrevistas\\\/os-fideicomissos-comunitarios-da-terra-e-os-valores-que-contribuem-para-o-coletivo-humano-2020\\\/#breadcrumb\"},\"inLanguage\":\"pt-BR\",\"potentialAction\":[{\"@type\":\"ReadAction\",\"target\":[\"https:\\\/\\\/www.cltweb.org\\\/pt-br\\\/biblioteca-de-recursos\\\/entrevistas\\\/os-fideicomissos-comunitarios-da-terra-e-os-valores-que-contribuem-para-o-coletivo-humano-2020\\\/\"]}]},{\"@type\":\"BreadcrumbList\",\"@id\":\"https:\\\/\\\/www.cltweb.org\\\/pt-br\\\/biblioteca-de-recursos\\\/entrevistas\\\/os-fideicomissos-comunitarios-da-terra-e-os-valores-que-contribuem-para-o-coletivo-humano-2020\\\/#breadcrumb\",\"itemListElement\":[{\"@type\":\"ListItem\",\"position\":1,\"name\":\"Home\",\"item\":\"https:\\\/\\\/www.cltweb.org\\\/pt-br\\\/\"},{\"@type\":\"ListItem\",\"position\":2,\"name\":\"Biblioteca de recursos\",\"item\":\"https:\\\/\\\/www.cltweb.org\\\/pt-br\\\/biblioteca-de-recursos\\\/\"},{\"@type\":\"ListItem\",\"position\":3,\"name\":\"Entrevistas\",\"item\":\"https:\\\/\\\/www.cltweb.org\\\/pt-br\\\/biblioteca-de-recursos\\\/entrevistas\\\/\"},{\"@type\":\"ListItem\",\"position\":4,\"name\":\"Os Fideicomissos Comunit\u00e1rios da Terra e os Valores que Contribuem para o Coletivo Humano (2020)\"}]},{\"@type\":\"WebSite\",\"@id\":\"https:\\\/\\\/www.cltweb.org\\\/pt-br\\\/#website\",\"url\":\"https:\\\/\\\/www.cltweb.org\\\/pt-br\\\/\",\"name\":\"International Center for Community Land Trusts\",\"description\":\"\",\"publisher\":{\"@id\":\"https:\\\/\\\/www.cltweb.org\\\/pt-br\\\/#organization\"},\"potentialAction\":[{\"@type\":\"SearchAction\",\"target\":{\"@type\":\"EntryPoint\",\"urlTemplate\":\"https:\\\/\\\/www.cltweb.org\\\/pt-br\\\/?s={search_term_string}\"},\"query-input\":{\"@type\":\"PropertyValueSpecification\",\"valueRequired\":true,\"valueName\":\"search_term_string\"}}],\"inLanguage\":\"pt-BR\"},{\"@type\":\"Organization\",\"@id\":\"https:\\\/\\\/www.cltweb.org\\\/pt-br\\\/#organization\",\"name\":\"International Center for Community Land Trusts\",\"url\":\"https:\\\/\\\/www.cltweb.org\\\/pt-br\\\/\",\"logo\":{\"@type\":\"ImageObject\",\"inLanguage\":\"pt-BR\",\"@id\":\"https:\\\/\\\/www.cltweb.org\\\/pt-br\\\/#\\\/schema\\\/logo\\\/image\\\/\",\"url\":\"https:\\\/\\\/www.cltweb.org\\\/wp-content\\\/uploads\\\/2024\\\/11\\\/New-CLT-Center-Text-logo.png\",\"contentUrl\":\"https:\\\/\\\/www.cltweb.org\\\/wp-content\\\/uploads\\\/2024\\\/11\\\/New-CLT-Center-Text-logo.png\",\"width\":227,\"height\":80,\"caption\":\"International Center for Community Land Trusts\"},\"image\":{\"@id\":\"https:\\\/\\\/www.cltweb.org\\\/pt-br\\\/#\\\/schema\\\/logo\\\/image\\\/\"},\"sameAs\":[\"https:\\\/\\\/www.facebook.com\\\/cltcenter\",\"https:\\\/\\\/x.com\\\/Center4CLTs\",\"https:\\\/\\\/www.instagram.com\\\/cltcenter\\\/\",\"https:\\\/\\\/www.linkedin.com\\\/company\\\/cltcenter\",\"https:\\\/\\\/www.youtube.com\\\/@centerforcltinnovation5313\"],\"description\":\"The International Center for Community Land Trusts is a not-for-profit nongovernmental organization established in 2018 to promote and to support community land trusts and similar strategies of community-led development on community-owned land in countries throughout the world.\",\"email\":\"info@communitylandtrust.net\",\"legalName\":\"International Center for Community Land Trusts\",\"foundingDate\":\"2018-12-01\",\"taxID\":\"84-3858933\",\"numberOfEmployees\":{\"@type\":\"QuantitativeValue\",\"minValue\":\"1\",\"maxValue\":\"10\"}}]}<\/script>\n<!-- \/ Yoast SEO Premium plugin. -->","yoast_head_json":{"title":"Os Fideicomissos Comunit\u00e1rios da Terra e os Valores que Contribuem para o Coletivo Humano (2020) - International Center for Community Land Trusts","robots":{"index":"index","follow":"follow","max-snippet":"max-snippet:-1","max-image-preview":"max-image-preview:large","max-video-preview":"max-video-preview:-1"},"canonical":"https:\/\/www.cltweb.org\/pt-br\/biblioteca-de-recursos\/entrevistas\/os-fideicomissos-comunitarios-da-terra-e-os-valores-que-contribuem-para-o-coletivo-humano-2020\/","og_locale":"pt_BR","og_type":"article","og_title":"Os Fideicomissos Comunit\u00e1rios da Terra e os Valores que Contribuem para o Coletivo Humano (2020)","og_description":"Este v\u00eddeo apresenta uma conversa conduzida por estudantes do Pro-Bono Ca\u00f1o\/CAUCE com representantes dos tr\u00eas fideicomissos comunit\u00e1rios de terras que foram criados em Porto Rico at\u00e9 o momento. Cada um desses Fideicomisos utiliza elementos comuns para cumprir os objetivos alem\u00e3es, por\u00e9m diferentes. Os elementos comuns s\u00e3o o controle comunit\u00e1rio da terra por meio de uma organiza\u00e7\u00e3o cuja governan\u00e7a \u00e9 composta em sua maior parte pelas comunidades e seus integrantes. O desenvolvimento das \u00e1reas que atendem a esses fideicomissos \u00e9 liderado pela comunidade a que voc\u00ea serve. O objetivo da conversa foi ressaltar os valores que fundamentam a cria\u00e7\u00e3o dessas organiza\u00e7\u00f5es comunit\u00e1rias, que s\u00e3o guiadas em suas a\u00e7\u00f5es para o bem comum.","og_url":"https:\/\/www.cltweb.org\/pt-br\/biblioteca-de-recursos\/entrevistas\/os-fideicomissos-comunitarios-da-terra-e-os-valores-que-contribuem-para-o-coletivo-humano-2020\/","og_site_name":"International Center for Community Land Trusts","article_publisher":"https:\/\/www.facebook.com\/cltcenter","article_modified_time":"2024-10-22T20:46:35+00:00","twitter_card":"summary_large_image","twitter_site":"@Center4CLTs","twitter_misc":{"Est. tempo de leitura":"69 minutos"},"schema":{"@context":"https:\/\/schema.org","@graph":[{"@type":"WebPage","@id":"https:\/\/www.cltweb.org\/pt-br\/biblioteca-de-recursos\/entrevistas\/os-fideicomissos-comunitarios-da-terra-e-os-valores-que-contribuem-para-o-coletivo-humano-2020\/","url":"https:\/\/www.cltweb.org\/pt-br\/biblioteca-de-recursos\/entrevistas\/os-fideicomissos-comunitarios-da-terra-e-os-valores-que-contribuem-para-o-coletivo-humano-2020\/","name":"Os Fideicomissos Comunit\u00e1rios da Terra e os Valores que Contribuem para o Coletivo Humano (2020) - International Center for Community Land Trusts","isPartOf":{"@id":"https:\/\/www.cltweb.org\/pt-br\/#website"},"datePublished":"2024-10-22T19:56:08+00:00","dateModified":"2024-10-22T20:46:35+00:00","breadcrumb":{"@id":"https:\/\/www.cltweb.org\/pt-br\/biblioteca-de-recursos\/entrevistas\/os-fideicomissos-comunitarios-da-terra-e-os-valores-que-contribuem-para-o-coletivo-humano-2020\/#breadcrumb"},"inLanguage":"pt-BR","potentialAction":[{"@type":"ReadAction","target":["https:\/\/www.cltweb.org\/pt-br\/biblioteca-de-recursos\/entrevistas\/os-fideicomissos-comunitarios-da-terra-e-os-valores-que-contribuem-para-o-coletivo-humano-2020\/"]}]},{"@type":"BreadcrumbList","@id":"https:\/\/www.cltweb.org\/pt-br\/biblioteca-de-recursos\/entrevistas\/os-fideicomissos-comunitarios-da-terra-e-os-valores-que-contribuem-para-o-coletivo-humano-2020\/#breadcrumb","itemListElement":[{"@type":"ListItem","position":1,"name":"Home","item":"https:\/\/www.cltweb.org\/pt-br\/"},{"@type":"ListItem","position":2,"name":"Biblioteca de recursos","item":"https:\/\/www.cltweb.org\/pt-br\/biblioteca-de-recursos\/"},{"@type":"ListItem","position":3,"name":"Entrevistas","item":"https:\/\/www.cltweb.org\/pt-br\/biblioteca-de-recursos\/entrevistas\/"},{"@type":"ListItem","position":4,"name":"Os Fideicomissos Comunit\u00e1rios da Terra e os Valores que Contribuem para o Coletivo Humano (2020)"}]},{"@type":"WebSite","@id":"https:\/\/www.cltweb.org\/pt-br\/#website","url":"https:\/\/www.cltweb.org\/pt-br\/","name":"International Center for Community Land Trusts","description":"","publisher":{"@id":"https:\/\/www.cltweb.org\/pt-br\/#organization"},"potentialAction":[{"@type":"SearchAction","target":{"@type":"EntryPoint","urlTemplate":"https:\/\/www.cltweb.org\/pt-br\/?s={search_term_string}"},"query-input":{"@type":"PropertyValueSpecification","valueRequired":true,"valueName":"search_term_string"}}],"inLanguage":"pt-BR"},{"@type":"Organization","@id":"https:\/\/www.cltweb.org\/pt-br\/#organization","name":"International Center for Community Land Trusts","url":"https:\/\/www.cltweb.org\/pt-br\/","logo":{"@type":"ImageObject","inLanguage":"pt-BR","@id":"https:\/\/www.cltweb.org\/pt-br\/#\/schema\/logo\/image\/","url":"https:\/\/www.cltweb.org\/wp-content\/uploads\/2024\/11\/New-CLT-Center-Text-logo.png","contentUrl":"https:\/\/www.cltweb.org\/wp-content\/uploads\/2024\/11\/New-CLT-Center-Text-logo.png","width":227,"height":80,"caption":"International Center for Community Land Trusts"},"image":{"@id":"https:\/\/www.cltweb.org\/pt-br\/#\/schema\/logo\/image\/"},"sameAs":["https:\/\/www.facebook.com\/cltcenter","https:\/\/x.com\/Center4CLTs","https:\/\/www.instagram.com\/cltcenter\/","https:\/\/www.linkedin.com\/company\/cltcenter","https:\/\/www.youtube.com\/@centerforcltinnovation5313"],"description":"The International Center for Community Land Trusts is a not-for-profit nongovernmental organization established in 2018 to promote and to support community land trusts and similar strategies of community-led development on community-owned land in countries throughout the world.","email":"info@communitylandtrust.net","legalName":"International Center for Community Land Trusts","foundingDate":"2018-12-01","taxID":"84-3858933","numberOfEmployees":{"@type":"QuantitativeValue","minValue":"1","maxValue":"10"}}]}},"campaignId":"","taxonomy_info":{"category":[{"value":206,"label":"Entrevistas"}]},"featured_image_src_large":false,"author_info":{"display_name":"cltredesign_0jp0l4","author_link":"https:\/\/www.cltweb.org\/pt-br\/author\/cltredesign_0jp0l4\/"},"comment_info":0,"jetpack_sharing_enabled":true,"jetpack-related-posts":[{"id":1634,"url":"https:\/\/www.cltweb.org\/pt-br\/terra-nostra-press\/catalogo\/en-terreno-comun-perspectivas-internacionales-sobre-los-fideicomisos-comunitarios-de-tierras\/","url_meta":{"origin":4438,"position":0},"title":"Em um terreno comum","author":"cltredesign_0jp0l4","date":"29 de julho de 2024","format":false,"excerpt":"Em terreno comum: Perspectivas internacionais sobre os fideicomissos comunit\u00e1rios de terras A moradia representa mais do que um teto sob o qual voc\u00ea pode viver. A moradia digna \u00e9 necess\u00e1ria para o exerc\u00edcio de direitos fundamentais como a sa\u00fade e a educa\u00e7\u00e3o. Atado \u00e0 moradia est\u00e1 o tema da posse\u2026","rel":"","context":"Em &quot;Cat\u00e1logo&quot;","block_context":{"text":"Cat\u00e1logo","link":"https:\/\/www.cltweb.org\/pt-br\/category\/catalogo\/"},"img":{"alt_text":"Cover for en terreno comun","src":"https:\/\/i0.wp.com\/www.cltweb.org\/wp-content\/uploads\/2024\/10\/En-terreno-comun-cover.jpg?resize=350%2C200&ssl=1","width":350,"height":200},"classes":[]},{"id":4440,"url":"https:\/\/www.cltweb.org\/de\/ressourcenbibliothek\/interviews\/los-fideicomisos-comunitarios-de-tierra-y-los-valores-que-aportan-al-colectivo-humano-2020\/","url_meta":{"origin":4438,"position":1},"title":"Los Fideicomisos Comunitarios de Tierra y los Valores que Aportan al Colectivo Humano (2020)","author":"cltredesign_0jp0l4","date":"22 de outubro de 2024","format":false,"excerpt":"Este video presenta un conversatorio guiado por estudiantes del Pro-Bono Ca\u00f1o\/CAUCE con representantes de los tres fideicomisos comunitarios de tierras que est\u00e1n creados en Puerto Rico hasta la fecha. Cada uno de estos Fideicomisos utiliza elementos comunes para cumplir con objetivos germanos, pero diferentes. Los elementos comunes son el control\u2026","rel":"","context":"Em &quot;Interviews&quot;","block_context":{"text":"Interviews","link":"https:\/\/www.cltweb.org\/de\/category\/interviews-de\/"},"img":{"alt_text":"","src":"","width":0,"height":0},"classes":[]},{"id":1604,"url":"https:\/\/www.cltweb.org\/pt-br\/terra-nostra-press\/catalogo\/por-que-o-fideicomiso-comunitario-de-tierras\/","url_meta":{"origin":4438,"position":2},"title":"Por que o fideicomiso comunitario de tierras?","author":"cltredesign_0jp0l4","date":"29 de julho de 2024","format":false,"excerpt":"Dispon\u00edvel agora em qualquer parte do mundo, 120 pp.Carpeta dura ISBN 9781736275962 $14.50 USEBOOK ISBN 9781736275979 $5.00 US Voc\u00ea pode obter descontos em pedidos a granel para ONGs. Para obter mais informa\u00e7\u00f5es e para fazer pedidos, acesse nossa p\u00e1gina de pedidosem grande quantidade. Os ensaios contidos em\u00bfPorqu\u00e9 el fideicomiso comunitario\u2026","rel":"","context":"Em &quot;Cat\u00e1logo&quot;","block_context":{"text":"Cat\u00e1logo","link":"https:\/\/www.cltweb.org\/pt-br\/category\/catalogo\/"},"img":{"alt_text":"Book cover for ","src":"https:\/\/i0.wp.com\/www.cltweb.org\/wp-content\/uploads\/2024\/10\/Porque-el-fideicomiso-cover.jpg?resize=350%2C200&ssl=1","width":350,"height":200},"classes":[]},{"id":4436,"url":"https:\/\/www.cltweb.org\/es\/biblioteca-de-recursos\/entrevistas\/los-fideicomisos-comunitarios-de-tierra-y-los-valores-que-aportan-al-colectivo-humano-2020\/","url_meta":{"origin":4438,"position":3},"title":"Los Fideicomisos Comunitarios de Tierra y los Valores que Aportan al Colectivo Humano (2020)","author":"cltredesign_0jp0l4","date":"22 de outubro de 2024","format":false,"excerpt":"Este v\u00eddeo presenta un conversatorio guiado por estudiantes del Pro-Bono Ca\u00f1o\/CAUCE con representantes de los tres fideicomisos comunitarios de tierras que est\u00e1n creados en Puerto Rico hasta la fecha. Cada uno de estos Fideicomisos utiliza elementos comunes para cumplir con objetivos alemanes, pero diferentes. Los elementos comunes son el control\u2026","rel":"","context":"Em &quot;Entrevistas&quot;","block_context":{"text":"Entrevistas","link":"https:\/\/www.cltweb.org\/es\/category\/entrevistas\/"},"img":{"alt_text":"","src":"","width":0,"height":0},"classes":[]},{"id":4421,"url":"https:\/\/www.cltweb.org\/resources\/interviews\/los-fideicomisos-comunitarios-de-tierra-y-los-valores-que-aportan-al-colectivo-humano-2020\/","url_meta":{"origin":4438,"position":4},"title":"Los Fideicomisos Comunitarios de Tierra y los Valores que Aportan al Colectivo Humano (2020)","author":"cltredesign_0jp0l4","date":"22 de outubro de 2024","format":false,"excerpt":"Este video presenta un conversatorio guiado por estudiantes del Pro-Bono Ca\u00f1o\/CAUCE con representantes de los tres fideicomisos comunitarios de tierras que est\u00e1n creados en Puerto Rico hasta la fecha. Cada uno de estos Fideicomisos utiliza elementos comunes para cumplir con objetivos germanos, pero diferentes. Los elementos comunes son el control\u2026","rel":"","context":"Em &quot;Interviews&quot;","block_context":{"text":"Interviews","link":"https:\/\/www.cltweb.org\/category\/interviews\/"},"img":{"alt_text":"","src":"","width":0,"height":0},"classes":[]},{"id":4444,"url":"https:\/\/www.cltweb.org\/nl\/bibliotheek-met-bronnen\/interviews\/de-gemeentelijke-waarden-van-het-land-en-de-waarden-die-bijdragen-aan-het-menselijke-collectief-2020\/","url_meta":{"origin":4438,"position":5},"title":"De gemeentelijke waarden van het land en de waarden die bijdragen aan het menselijke collectief (2020)","author":"cltredesign_0jp0l4","date":"22 de outubro de 2024","format":false,"excerpt":"Deze video toont een conversatie geleid door studenten van Pro-Bono Ca\u00f1o\/CAUCE met vertegenwoordigers van de drie fideicomisos comunitarios de tierras que est\u00e1n creados en Puerto Rico hasta la fecha. Cada uno de estos Fideicomisos utiliza elementos comunes para cumplir con objetivos germanos, pero diferentes. Los elementos comunes son el control\u2026","rel":"","context":"Em &quot;Interviews&quot;","block_context":{"text":"Interviews","link":"https:\/\/www.cltweb.org\/nl\/category\/interviews-nl\/"},"img":{"alt_text":"","src":"","width":0,"height":0},"classes":[]}],"_links":{"self":[{"href":"https:\/\/www.cltweb.org\/pt-br\/wp-json\/wp\/v2\/pages\/4438","targetHints":{"allow":["GET"]}}],"collection":[{"href":"https:\/\/www.cltweb.org\/pt-br\/wp-json\/wp\/v2\/pages"}],"about":[{"href":"https:\/\/www.cltweb.org\/pt-br\/wp-json\/wp\/v2\/types\/page"}],"author":[{"embeddable":true,"href":"https:\/\/www.cltweb.org\/pt-br\/wp-json\/wp\/v2\/users\/1"}],"replies":[{"embeddable":true,"href":"https:\/\/www.cltweb.org\/pt-br\/wp-json\/wp\/v2\/comments?post=4438"}],"version-history":[{"count":1,"href":"https:\/\/www.cltweb.org\/pt-br\/wp-json\/wp\/v2\/pages\/4438\/revisions"}],"predecessor-version":[{"id":4439,"href":"https:\/\/www.cltweb.org\/pt-br\/wp-json\/wp\/v2\/pages\/4438\/revisions\/4439"}],"up":[{"embeddable":true,"href":"https:\/\/www.cltweb.org\/pt-br\/wp-json\/wp\/v2\/pages\/4032"}],"wp:attachment":[{"href":"https:\/\/www.cltweb.org\/pt-br\/wp-json\/wp\/v2\/media?parent=4438"}],"wp:term":[{"taxonomy":"category","embeddable":true,"href":"https:\/\/www.cltweb.org\/pt-br\/wp-json\/wp\/v2\/categories?post=4438"},{"taxonomy":"post_tag","embeddable":true,"href":"https:\/\/www.cltweb.org\/pt-br\/wp-json\/wp\/v2\/tags?post=4438"}],"curies":[{"name":"wp","href":"https:\/\/api.w.org\/{rel}","templated":true}]}}