{"id":728,"date":"2024-07-26T15:51:02","date_gmt":"2024-07-26T15:51:02","guid":{"rendered":"https:\/\/www.cltweb.org\/inicio\/"},"modified":"2024-10-04T14:07:05","modified_gmt":"2024-10-04T14:07:05","slug":"inicio","status":"publish","type":"page","link":"https:\/\/www.cltweb.org\/pt-br\/inicio\/","title":{"rendered":"In\u00edcio"},"content":{"rendered":"<style>.kb-row-layout-id6_83c519-80 > .kt-row-column-wrap{align-content:start;}:where(.kb-row-layout-id6_83c519-80 > .kt-row-column-wrap) > .wp-block-kadence-column{justify-content:start;}.kb-row-layout-id6_83c519-80 > .kt-row-column-wrap{column-gap:var(--global-kb-gap-md, 2rem);row-gap:var(--global-kb-gap-md, 2rem);max-width:1290px;padding-top:var(--global-kb-spacing-sm, 1.5rem);padding-bottom:var(--global-kb-spacing-sm, 1.5rem);grid-template-columns:repeat(2, minmax(0, 1fr));}.kb-row-layout-id6_83c519-80{background-color:var(--global-palette8, #F7FAFC);background-image:url('https:\/\/www.cltweb.org\/wp-content\/uploads\/2024\/09\/lexy-world-map-no-labels.jpg');background-size:cover;background-position:center center;background-attachment:fixed;background-repeat:no-repeat;}.kb-row-layout-id6_83c519-80 > .kt-row-layout-overlay{opacity:0.77;background-color:var(--global-palette1, #3182CE);mix-blend-mode:multiply;}.kb-row-layout-id6_83c519-80 ,.kb-row-layout-id6_83c519-80 h1,.kb-row-layout-id6_83c519-80 h2,.kb-row-layout-id6_83c519-80 h3,.kb-row-layout-id6_83c519-80 h4,.kb-row-layout-id6_83c519-80 h5,.kb-row-layout-id6_83c519-80 h6{color:var(--global-palette3, #1A202C);}.kb-row-layout-id6_83c519-80 a{color:var(--global-palette4, #2D3748);}.kb-row-layout-id6_83c519-80 a:hover{color:var(--global-palette5, #4A5568);}@media all and (max-width: 1024px), only screen and (min-device-width: 1024px) and (max-device-width: 1366px) and (-webkit-min-device-pixel-ratio: 2) and (hover: none){.kb-row-layout-id6_83c519-80{background-attachment:scroll;}}@media all and (max-width: 1024px){.kb-row-layout-id6_83c519-80 > .kt-row-column-wrap{grid-template-columns:minmax(0, 1fr);}}@media all and (max-width: 767px){.kb-row-layout-id6_83c519-80 > .kt-row-column-wrap{grid-template-columns:minmax(0, 1fr);}}<\/style><div class=\"kb-row-layout-wrap kb-row-layout-id6_83c519-80 alignfull has-theme-palette8-background-color kt-row-has-bg wp-block-kadence-rowlayout\"><div class=\"kt-row-layout-overlay kt-row-overlay-normal\"><\/div><div class=\"kt-row-column-wrap kt-has-2-columns kt-row-layout-equal kt-tab-layout-row kt-mobile-layout-row kt-row-valign-top kb-theme-content-width\">\n<style>.kadence-column6_d60770-1c > .kt-inside-inner-col,.kadence-column6_d60770-1c > .kt-inside-inner-col:before{border-top-left-radius:0px;border-top-right-radius:0px;border-bottom-right-radius:0px;border-bottom-left-radius:0px;}.kadence-column6_d60770-1c > .kt-inside-inner-col{column-gap:var(--global-kb-gap-sm, 1rem);}.kadence-column6_d60770-1c > .kt-inside-inner-col{flex-direction:column;}.kadence-column6_d60770-1c > .kt-inside-inner-col > .aligncenter{width:100%;}.kadence-column6_d60770-1c > .kt-inside-inner-col:before{opacity:0.3;}.kadence-column6_d60770-1c{position:relative;}@media all and (max-width: 1024px){.kadence-column6_d60770-1c > .kt-inside-inner-col{flex-direction:column;justify-content:center;}}@media all and (max-width: 767px){.kadence-column6_d60770-1c > .kt-inside-inner-col{flex-direction:column;justify-content:center;}}<\/style>\n<div class=\"wp-block-kadence-column kadence-column6_d60770-1c\"><div class=\"kt-inside-inner-col\"><style>.kb-row-layout-id6_ef48ef-13 > .kt-row-column-wrap{align-content:start;}:where(.kb-row-layout-id6_ef48ef-13 > .kt-row-column-wrap) > .wp-block-kadence-column{justify-content:start;}.kb-row-layout-id6_ef48ef-13 > .kt-row-column-wrap{column-gap:var(--global-kb-gap-md, 2rem);row-gap:var(--global-kb-gap-md, 2rem);padding-top:0px;padding-right:0px;padding-bottom:0px;padding-left:0px;grid-template-columns:minmax(0, 1fr);}.kb-row-layout-id6_ef48ef-13 > .kt-row-layout-overlay{opacity:0.30;}@media all and (max-width: 1024px){.kb-row-layout-id6_ef48ef-13 > .kt-row-column-wrap{padding-right:var(--global-kb-spacing-4xl, 8rem);padding-left:var(--global-kb-spacing-4xl, 8rem);grid-template-columns:minmax(0, 1fr);}}@media all and (max-width: 767px){.kb-row-layout-id6_ef48ef-13 > .kt-row-column-wrap{padding-right:0px;padding-left:0px;grid-template-columns:minmax(0, 1fr);}}<\/style><div class=\"kb-row-layout-wrap kb-row-layout-id6_ef48ef-13 alignnone wp-block-kadence-rowlayout\"><div class=\"kt-row-column-wrap kt-has-1-columns kt-row-layout-equal kt-tab-layout-inherit kt-mobile-layout-row kt-row-valign-top\">\n<style>.kadence-column6_f12578-d6 > .kt-inside-inner-col,.kadence-column6_f12578-d6 > .kt-inside-inner-col:before{border-top-left-radius:0px;border-top-right-radius:0px;border-bottom-right-radius:0px;border-bottom-left-radius:0px;}.kadence-column6_f12578-d6 > .kt-inside-inner-col{column-gap:var(--global-kb-gap-sm, 1rem);}.kadence-column6_f12578-d6 > .kt-inside-inner-col{flex-direction:column;}.kadence-column6_f12578-d6 > .kt-inside-inner-col > .aligncenter{width:100%;}.kadence-column6_f12578-d6 > .kt-inside-inner-col:before{opacity:0.3;}.kadence-column6_f12578-d6{position:relative;}@media all and (max-width: 1024px){.kadence-column6_f12578-d6 > .kt-inside-inner-col{flex-direction:column;justify-content:center;}}@media all and (max-width: 767px){.kadence-column6_f12578-d6 > .kt-inside-inner-col{flex-direction:column;justify-content:center;}}<\/style>\n<div class=\"wp-block-kadence-column kadence-column6_f12578-d6\"><div class=\"kt-inside-inner-col\"><style>.wp-block-kadence-advancedheading.kt-adv-heading6_23ffba-72, .wp-block-kadence-advancedheading.kt-adv-heading6_23ffba-72[data-kb-block=\"kb-adv-heading6_23ffba-72\"]{font-style:normal;color:var(--global-palette9, #ffffff);}.wp-block-kadence-advancedheading.kt-adv-heading6_23ffba-72 mark.kt-highlight, .wp-block-kadence-advancedheading.kt-adv-heading6_23ffba-72[data-kb-block=\"kb-adv-heading6_23ffba-72\"] mark.kt-highlight{font-style:normal;color:#f76a0c;-webkit-box-decoration-break:clone;box-decoration-break:clone;padding-top:0px;padding-right:0px;padding-bottom:0px;padding-left:0px;}.wp-block-kadence-advancedheading.kt-adv-heading6_23ffba-72 img.kb-inline-image, .wp-block-kadence-advancedheading.kt-adv-heading6_23ffba-72[data-kb-block=\"kb-adv-heading6_23ffba-72\"] img.kb-inline-image{width:150px;vertical-align:baseline;}@media all and (max-width: 1024px){.wp-block-kadence-advancedheading.kt-adv-heading6_23ffba-72, .wp-block-kadence-advancedheading.kt-adv-heading6_23ffba-72[data-kb-block=\"kb-adv-heading6_23ffba-72\"]{text-align:center!important;}}@media all and (max-width: 767px){.wp-block-kadence-advancedheading.kt-adv-heading6_23ffba-72, .wp-block-kadence-advancedheading.kt-adv-heading6_23ffba-72[data-kb-block=\"kb-adv-heading6_23ffba-72\"]{font-size:var(--global-kb-font-size-md, 1.25rem);}}<\/style>\n<div class=\"kt-adv-heading6_23ffba-72 wp-block-kadence-advancedheading has-theme-palette-9-color has-text-color\" data-kb-block=\"kb-adv-heading6_23ffba-72\"><em>Sobreposi\u00e7\u00e3o<\/em><\/div>\n\n\n<style>.wp-block-kadence-advancedheading.kt-adv-heading6_bd591a-4d, .wp-block-kadence-advancedheading.kt-adv-heading6_bd591a-4d[data-kb-block=\"kb-adv-heading6_bd591a-4d\"]{margin-top:0px;font-size:var(--global-kb-font-size-lg, 2rem);line-height:1.2;font-style:normal;color:var(--global-palette9, #ffffff);}.wp-block-kadence-advancedheading.kt-adv-heading6_bd591a-4d mark.kt-highlight, .wp-block-kadence-advancedheading.kt-adv-heading6_bd591a-4d[data-kb-block=\"kb-adv-heading6_bd591a-4d\"] mark.kt-highlight{font-style:normal;color:#f76a0c;-webkit-box-decoration-break:clone;box-decoration-break:clone;padding-top:0px;padding-right:0px;padding-bottom:0px;padding-left:0px;}.wp-block-kadence-advancedheading.kt-adv-heading6_bd591a-4d img.kb-inline-image, .wp-block-kadence-advancedheading.kt-adv-heading6_bd591a-4d[data-kb-block=\"kb-adv-heading6_bd591a-4d\"] img.kb-inline-image{width:150px;vertical-align:baseline;}@media all and (max-width: 1024px){.wp-block-kadence-advancedheading.kt-adv-heading6_bd591a-4d, .wp-block-kadence-advancedheading.kt-adv-heading6_bd591a-4d[data-kb-block=\"kb-adv-heading6_bd591a-4d\"]{text-align:center!important;}}<\/style>\n<h2 class=\"kt-adv-heading6_bd591a-4d wp-block-kadence-advancedheading has-theme-palette-9-color has-text-color\" data-kb-block=\"kb-adv-heading6_bd591a-4d\">Bem-vindo ao International Center for Community Land Trusts<\/h2>\n<\/div><\/div>\n\n<\/div><\/div><\/div><\/div>\n\n\n<style>.kadence-column6_b845bb-ed > .kt-inside-inner-col,.kadence-column6_b845bb-ed > .kt-inside-inner-col:before{border-top-left-radius:0px;border-top-right-radius:0px;border-bottom-right-radius:0px;border-bottom-left-radius:0px;}.kadence-column6_b845bb-ed > .kt-inside-inner-col{column-gap:var(--global-kb-gap-sm, 1rem);}.kadence-column6_b845bb-ed > .kt-inside-inner-col{flex-direction:column;}.kadence-column6_b845bb-ed > .kt-inside-inner-col > .aligncenter{width:100%;}.kadence-column6_b845bb-ed > .kt-inside-inner-col:before{opacity:0.3;}.kadence-column6_b845bb-ed{position:relative;}@media all and (max-width: 1024px){.kadence-column6_b845bb-ed > .kt-inside-inner-col{flex-direction:column;justify-content:center;}}@media all and (max-width: 767px){.kadence-column6_b845bb-ed > .kt-inside-inner-col{flex-direction:column;justify-content:center;}}<\/style>\n<div class=\"wp-block-kadence-column kadence-column6_b845bb-ed\"><div class=\"kt-inside-inner-col\"><style>.kb-row-layout-id6_0c3333-c8 > .kt-row-column-wrap{align-content:start;}:where(.kb-row-layout-id6_0c3333-c8 > .kt-row-column-wrap) > .wp-block-kadence-column{justify-content:start;}.kb-row-layout-id6_0c3333-c8 > .kt-row-column-wrap{column-gap:var(--global-kb-gap-md, 2rem);row-gap:var(--global-kb-gap-md, 2rem);padding-top:0px;padding-right:0px;padding-bottom:0px;padding-left:0px;grid-template-columns:minmax(0, 1fr);}.kb-row-layout-id6_0c3333-c8 > .kt-row-layout-overlay{opacity:0.30;}@media all and (max-width: 1024px){.kb-row-layout-id6_0c3333-c8 > .kt-row-column-wrap{padding-right:var(--global-kb-spacing-4xl, 8rem);padding-left:var(--global-kb-spacing-4xl, 8rem);grid-template-columns:minmax(0, 1fr);}}@media all and (max-width: 767px){.kb-row-layout-id6_0c3333-c8 > .kt-row-column-wrap{padding-right:0px;padding-left:0px;grid-template-columns:minmax(0, 1fr);}}<\/style><div class=\"kb-row-layout-wrap kb-row-layout-id6_0c3333-c8 alignnone wp-block-kadence-rowlayout\"><div class=\"kt-row-column-wrap kt-has-1-columns kt-row-layout-equal kt-tab-layout-inherit kt-mobile-layout-row kt-row-valign-top\">\n<style>.kadence-column6_075c30-34 > .kt-inside-inner-col,.kadence-column6_075c30-34 > .kt-inside-inner-col:before{border-top-left-radius:0px;border-top-right-radius:0px;border-bottom-right-radius:0px;border-bottom-left-radius:0px;}.kadence-column6_075c30-34 > .kt-inside-inner-col{column-gap:var(--global-kb-gap-sm, 1rem);}.kadence-column6_075c30-34 > .kt-inside-inner-col{flex-direction:column;}.kadence-column6_075c30-34 > .kt-inside-inner-col > .aligncenter{width:100%;}.kadence-column6_075c30-34 > .kt-inside-inner-col:before{opacity:0.3;}.kadence-column6_075c30-34{position:relative;}@media all and (max-width: 1024px){.kadence-column6_075c30-34 > .kt-inside-inner-col{flex-direction:column;justify-content:center;}}@media all and (max-width: 767px){.kadence-column6_075c30-34 > .kt-inside-inner-col{flex-direction:column;justify-content:center;}}<\/style>\n<div class=\"wp-block-kadence-column kadence-column6_075c30-34\"><div class=\"kt-inside-inner-col\"><style>.wp-block-kadence-advancedheading.kt-adv-heading6_f4d0a6-c0, .wp-block-kadence-advancedheading.kt-adv-heading6_f4d0a6-c0[data-kb-block=\"kb-adv-heading6_f4d0a6-c0\"]{font-style:normal;color:var(--global-palette9, #ffffff);}.wp-block-kadence-advancedheading.kt-adv-heading6_f4d0a6-c0 mark.kt-highlight, .wp-block-kadence-advancedheading.kt-adv-heading6_f4d0a6-c0[data-kb-block=\"kb-adv-heading6_f4d0a6-c0\"] mark.kt-highlight{font-style:normal;color:#f76a0c;-webkit-box-decoration-break:clone;box-decoration-break:clone;padding-top:0px;padding-right:0px;padding-bottom:0px;padding-left:0px;}.wp-block-kadence-advancedheading.kt-adv-heading6_f4d0a6-c0 img.kb-inline-image, .wp-block-kadence-advancedheading.kt-adv-heading6_f4d0a6-c0[data-kb-block=\"kb-adv-heading6_f4d0a6-c0\"] img.kb-inline-image{width:150px;vertical-align:baseline;}@media all and (max-width: 1024px){.wp-block-kadence-advancedheading.kt-adv-heading6_f4d0a6-c0, .wp-block-kadence-advancedheading.kt-adv-heading6_f4d0a6-c0[data-kb-block=\"kb-adv-heading6_f4d0a6-c0\"]{text-align:center!important;}}<\/style>\n<p class=\"kt-adv-heading6_f4d0a6-c0 wp-block-kadence-advancedheading has-theme-palette-9-color has-text-color\" data-kb-block=\"kb-adv-heading6_f4d0a6-c0\">O <strong>International Center for Community Land Trusts<\/strong> \u00e9 uma organiza\u00e7\u00e3o n\u00e3o governamental sem fins lucrativos criada em 2018 para promover e apoiar community land trusts e estrat\u00e9gias semelhantes de desenvolvimento liderado pela comunidade em terras de propriedade da comunidade em pa\u00edses de todo o mundo.<\/p>\n<\/div><\/div>\n\n<\/div><\/div><\/div><\/div>\n\n<\/div><\/div>\n<div class=\"wp-block-columns is-layout-flex wp-container-core-columns-is-layout-28f84493 wp-block-columns-is-layout-flex\">\n<div class=\"wp-block-column is-layout-flow wp-block-column-is-layout-flow\" style=\"flex-basis:100%\"><style>.kb-posts-id-6_cf6c20-3d .entry.loop-entry .entry-header .entry-title{font-size:var(--global-kb-font-size-md, 1.25rem);}.kb-posts-id-6_cf6c20-3d .kb-post-list-item{display:grid;}<\/style><p>No posts<\/p>\n\n<style>.kb-posts-id-6_076396-b7 .entry.loop-entry .entry-header .entry-title{font-size:var(--global-kb-font-size-md, 1.25rem);}.kb-posts-id-6_076396-b7 .kb-post-list-item{display:grid;}<\/style><p>No posts<\/p>\n\n<style>.kb-posts-id-6_1e6839-d7 .entry.loop-entry .entry-header .entry-title{font-size:var(--global-kb-font-size-md, 1.25rem);}.kb-posts-id-6_1e6839-d7 .kb-post-list-item{display:grid;}<\/style><p>No posts<\/p><\/div>\n<\/div>\n\n<p><\/p>\n","protected":false},"excerpt":{"rendered":"<p>Sobreposi\u00e7\u00e3o Bem-vindo ao International Center for Community Land Trusts O International Center for Community Land Trusts \u00e9 uma organiza\u00e7\u00e3o n\u00e3o governamental sem fins lucrativos criada em 2018 para promover e [&hellip;]<\/p>\n","protected":false},"author":1,"featured_media":0,"parent":0,"menu_order":0,"comment_status":"closed","ping_status":"closed","template":"","meta":{"give_campaign_id":0,"_tec_requires_first_save":true,"_kad_blocks_custom_css":"","_kad_blocks_head_custom_js":"","_kad_blocks_body_custom_js":"","_kad_blocks_footer_custom_js":"","_EventAllDay":false,"_EventTimezone":"","_EventStartDate":"","_EventEndDate":"","_EventStartDateUTC":"","_EventEndDateUTC":"","_EventShowMap":false,"_EventShowMapLink":false,"_EventURL":"","_EventCost":"","_EventCostDescription":"","_EventCurrencySymbol":"","_EventCurrencyCode":"","_EventCurrencyPosition":"","_EventDateTimeSeparator":"","_EventTimeRangeSeparator":"","_EventOrganizerID":[],"_EventVenueID":[],"_OrganizerEmail":"","_OrganizerPhone":"","_OrganizerWebsite":"","_VenueAddress":"","_VenueCity":"","_VenueCountry":"","_VenueProvince":"","_VenueState":"","_VenueZip":"","_VenuePhone":"","_VenueURL":"","_VenueStateProvince":"","_VenueLat":"","_VenueLng":"","_VenueShowMap":false,"_VenueShowMapLink":false,"_tribe_blocks_recurrence_rules":"","_tribe_blocks_recurrence_description":"","_tribe_blocks_recurrence_exclusions":"","footnotes":""},"categories":[],"tags":[],"class_list":["post-728","page","type-page","status-publish","hentry"],"blocksy_meta":{"page_structure_type":"type-1","styles_descriptor":{"styles":{"desktop":"","tablet":"","mobile":""},"google_fonts":[],"version":6}},"yoast_head":"<!-- This site is optimized with the Yoast SEO Premium plugin v27.5 (Yoast SEO v27.5) - https:\/\/yoast.com\/product\/yoast-seo-premium-wordpress\/ -->\n<title>In\u00edcio - International Center for Community Land Trusts<\/title>\n<meta name=\"robots\" content=\"index, follow, max-snippet:-1, max-image-preview:large, max-video-preview:-1\" \/>\n<link rel=\"canonical\" href=\"https:\/\/www.cltweb.org\/pt-br\/inicio\/\" \/>\n<meta property=\"og:locale\" content=\"pt_BR\" \/>\n<meta property=\"og:type\" content=\"article\" \/>\n<meta property=\"og:title\" content=\"In\u00edcio\" \/>\n<meta property=\"og:description\" content=\"Sobreposi\u00e7\u00e3o Bem-vindo ao International Center for Community Land Trusts O International Center for Community Land Trusts \u00e9 uma organiza\u00e7\u00e3o n\u00e3o governamental sem fins lucrativos criada em 2018 para promover e [&hellip;]\" \/>\n<meta property=\"og:url\" content=\"https:\/\/www.cltweb.org\/pt-br\/inicio\/\" \/>\n<meta property=\"og:site_name\" content=\"International Center for Community Land Trusts\" \/>\n<meta property=\"article:publisher\" content=\"https:\/\/www.facebook.com\/cltcenter\" \/>\n<meta property=\"article:modified_time\" content=\"2024-10-04T14:07:05+00:00\" \/>\n<meta name=\"twitter:card\" content=\"summary_large_image\" \/>\n<meta name=\"twitter:site\" content=\"@Center4CLTs\" \/>\n<script type=\"application\/ld+json\" class=\"yoast-schema-graph\">{\"@context\":\"https:\\\/\\\/schema.org\",\"@graph\":[{\"@type\":\"WebPage\",\"@id\":\"https:\\\/\\\/www.cltweb.org\\\/pt-br\\\/inicio\\\/\",\"url\":\"https:\\\/\\\/www.cltweb.org\\\/pt-br\\\/inicio\\\/\",\"name\":\"In\u00edcio - International Center for Community Land Trusts\",\"isPartOf\":{\"@id\":\"https:\\\/\\\/www.cltweb.org\\\/pt-br\\\/#website\"},\"datePublished\":\"2024-07-26T15:51:02+00:00\",\"dateModified\":\"2024-10-04T14:07:05+00:00\",\"breadcrumb\":{\"@id\":\"https:\\\/\\\/www.cltweb.org\\\/pt-br\\\/inicio\\\/#breadcrumb\"},\"inLanguage\":\"pt-BR\",\"potentialAction\":[{\"@type\":\"ReadAction\",\"target\":[\"https:\\\/\\\/www.cltweb.org\\\/pt-br\\\/inicio\\\/\"]}]},{\"@type\":\"BreadcrumbList\",\"@id\":\"https:\\\/\\\/www.cltweb.org\\\/pt-br\\\/inicio\\\/#breadcrumb\",\"itemListElement\":[{\"@type\":\"ListItem\",\"position\":1,\"name\":\"Home\",\"item\":\"https:\\\/\\\/www.cltweb.org\\\/pt-br\\\/\"},{\"@type\":\"ListItem\",\"position\":2,\"name\":\"In\u00edcio\"}]},{\"@type\":\"WebSite\",\"@id\":\"https:\\\/\\\/www.cltweb.org\\\/pt-br\\\/#website\",\"url\":\"https:\\\/\\\/www.cltweb.org\\\/pt-br\\\/\",\"name\":\"International Center for Community Land Trusts\",\"description\":\"\",\"publisher\":{\"@id\":\"https:\\\/\\\/www.cltweb.org\\\/pt-br\\\/#organization\"},\"potentialAction\":[{\"@type\":\"SearchAction\",\"target\":{\"@type\":\"EntryPoint\",\"urlTemplate\":\"https:\\\/\\\/www.cltweb.org\\\/pt-br\\\/?s={search_term_string}\"},\"query-input\":{\"@type\":\"PropertyValueSpecification\",\"valueRequired\":true,\"valueName\":\"search_term_string\"}}],\"inLanguage\":\"pt-BR\"},{\"@type\":\"Organization\",\"@id\":\"https:\\\/\\\/www.cltweb.org\\\/pt-br\\\/#organization\",\"name\":\"International Center for Community Land Trusts\",\"url\":\"https:\\\/\\\/www.cltweb.org\\\/pt-br\\\/\",\"logo\":{\"@type\":\"ImageObject\",\"inLanguage\":\"pt-BR\",\"@id\":\"https:\\\/\\\/www.cltweb.org\\\/pt-br\\\/#\\\/schema\\\/logo\\\/image\\\/\",\"url\":\"https:\\\/\\\/www.cltweb.org\\\/wp-content\\\/uploads\\\/2024\\\/11\\\/New-CLT-Center-Text-logo.png\",\"contentUrl\":\"https:\\\/\\\/www.cltweb.org\\\/wp-content\\\/uploads\\\/2024\\\/11\\\/New-CLT-Center-Text-logo.png\",\"width\":227,\"height\":80,\"caption\":\"International Center for Community Land Trusts\"},\"image\":{\"@id\":\"https:\\\/\\\/www.cltweb.org\\\/pt-br\\\/#\\\/schema\\\/logo\\\/image\\\/\"},\"sameAs\":[\"https:\\\/\\\/www.facebook.com\\\/cltcenter\",\"https:\\\/\\\/x.com\\\/Center4CLTs\",\"https:\\\/\\\/www.instagram.com\\\/cltcenter\\\/\",\"https:\\\/\\\/www.linkedin.com\\\/company\\\/cltcenter\",\"https:\\\/\\\/www.youtube.com\\\/@centerforcltinnovation5313\"],\"description\":\"The International Center for Community Land Trusts is a not-for-profit nongovernmental organization established in 2018 to promote and to support community land trusts and similar strategies of community-led development on community-owned land in countries throughout the world.\",\"email\":\"info@communitylandtrust.net\",\"legalName\":\"International Center for Community Land Trusts\",\"foundingDate\":\"2018-12-01\",\"taxID\":\"84-3858933\",\"numberOfEmployees\":{\"@type\":\"QuantitativeValue\",\"minValue\":\"1\",\"maxValue\":\"10\"}}]}<\/script>\n<!-- \/ Yoast SEO Premium plugin. -->","yoast_head_json":{"title":"In\u00edcio - International Center for Community Land Trusts","robots":{"index":"index","follow":"follow","max-snippet":"max-snippet:-1","max-image-preview":"max-image-preview:large","max-video-preview":"max-video-preview:-1"},"canonical":"https:\/\/www.cltweb.org\/pt-br\/inicio\/","og_locale":"pt_BR","og_type":"article","og_title":"In\u00edcio","og_description":"Sobreposi\u00e7\u00e3o Bem-vindo ao International Center for Community Land Trusts O International Center for Community Land Trusts \u00e9 uma organiza\u00e7\u00e3o n\u00e3o governamental sem fins lucrativos criada em 2018 para promover e [&hellip;]","og_url":"https:\/\/www.cltweb.org\/pt-br\/inicio\/","og_site_name":"International Center for Community Land Trusts","article_publisher":"https:\/\/www.facebook.com\/cltcenter","article_modified_time":"2024-10-04T14:07:05+00:00","twitter_card":"summary_large_image","twitter_site":"@Center4CLTs","schema":{"@context":"https:\/\/schema.org","@graph":[{"@type":"WebPage","@id":"https:\/\/www.cltweb.org\/pt-br\/inicio\/","url":"https:\/\/www.cltweb.org\/pt-br\/inicio\/","name":"In\u00edcio - International Center for Community Land Trusts","isPartOf":{"@id":"https:\/\/www.cltweb.org\/pt-br\/#website"},"datePublished":"2024-07-26T15:51:02+00:00","dateModified":"2024-10-04T14:07:05+00:00","breadcrumb":{"@id":"https:\/\/www.cltweb.org\/pt-br\/inicio\/#breadcrumb"},"inLanguage":"pt-BR","potentialAction":[{"@type":"ReadAction","target":["https:\/\/www.cltweb.org\/pt-br\/inicio\/"]}]},{"@type":"BreadcrumbList","@id":"https:\/\/www.cltweb.org\/pt-br\/inicio\/#breadcrumb","itemListElement":[{"@type":"ListItem","position":1,"name":"Home","item":"https:\/\/www.cltweb.org\/pt-br\/"},{"@type":"ListItem","position":2,"name":"In\u00edcio"}]},{"@type":"WebSite","@id":"https:\/\/www.cltweb.org\/pt-br\/#website","url":"https:\/\/www.cltweb.org\/pt-br\/","name":"International Center for Community Land Trusts","description":"","publisher":{"@id":"https:\/\/www.cltweb.org\/pt-br\/#organization"},"potentialAction":[{"@type":"SearchAction","target":{"@type":"EntryPoint","urlTemplate":"https:\/\/www.cltweb.org\/pt-br\/?s={search_term_string}"},"query-input":{"@type":"PropertyValueSpecification","valueRequired":true,"valueName":"search_term_string"}}],"inLanguage":"pt-BR"},{"@type":"Organization","@id":"https:\/\/www.cltweb.org\/pt-br\/#organization","name":"International Center for Community Land Trusts","url":"https:\/\/www.cltweb.org\/pt-br\/","logo":{"@type":"ImageObject","inLanguage":"pt-BR","@id":"https:\/\/www.cltweb.org\/pt-br\/#\/schema\/logo\/image\/","url":"https:\/\/www.cltweb.org\/wp-content\/uploads\/2024\/11\/New-CLT-Center-Text-logo.png","contentUrl":"https:\/\/www.cltweb.org\/wp-content\/uploads\/2024\/11\/New-CLT-Center-Text-logo.png","width":227,"height":80,"caption":"International Center for Community Land Trusts"},"image":{"@id":"https:\/\/www.cltweb.org\/pt-br\/#\/schema\/logo\/image\/"},"sameAs":["https:\/\/www.facebook.com\/cltcenter","https:\/\/x.com\/Center4CLTs","https:\/\/www.instagram.com\/cltcenter\/","https:\/\/www.linkedin.com\/company\/cltcenter","https:\/\/www.youtube.com\/@centerforcltinnovation5313"],"description":"The International Center for Community Land Trusts is a not-for-profit nongovernmental organization established in 2018 to promote and to support community land trusts and similar strategies of community-led development on community-owned land in countries throughout the world.","email":"info@communitylandtrust.net","legalName":"International Center for Community Land Trusts","foundingDate":"2018-12-01","taxID":"84-3858933","numberOfEmployees":{"@type":"QuantitativeValue","minValue":"1","maxValue":"10"}}]}},"campaignId":"","taxonomy_info":[],"featured_image_src_large":false,"author_info":{"display_name":"cltredesign_0jp0l4","author_link":"https:\/\/www.cltweb.org\/pt-br\/author\/cltredesign_0jp0l4\/"},"comment_info":0,"jetpack_sharing_enabled":true,"jetpack-related-posts":[{"id":733,"url":"https:\/\/www.cltweb.org\/es\/inicio\/","url_meta":{"origin":728,"position":0},"title":"Inicio","author":"cltredesign_0jp0l4","date":"26 de julho de 2024","format":false,"excerpt":"Sobrel\u00ednea Bienvenido al Centro Internacional de Fideicomisos de Tierras Comunitarias El Centro Internacional de Fideicomisos de Tierras Comunitarias es una organizaci\u00f3n no gubernamental sin \u00e1nimo de lucro creada en 2018 para promover y apoyar los fideicomisos de tierras comunitarias y estrategias similares de desarrollo dirigido por la comunidad en tierras\u2026","rel":"","context":"Post similar","block_context":{"text":"Post similar","link":""},"img":{"alt_text":"","src":"","width":0,"height":0},"classes":[]},{"id":3763,"url":"https:\/\/www.cltweb.org\/pt-br\/biblioteca-de-recursos\/sul-global\/brasil\/fundo-de-terras-da-comunidade-da-favela\/","url_meta":{"origin":728,"position":1},"title":"Fundo de Terras da Comunidade da Favela","author":"cltredesign_0jp0l4","date":"19 de outubro de 2024","format":false,"excerpt":"O projeto Favela Community Land Trust (Favela-CLT) nasceu em agosto de 2018, logo ap\u00f3s a cidade do Rio de Janeiro ter passado pela maior onda de despejos de sua hist\u00f3ria. Na ocasi\u00e3o, cerca de 80.000 pessoas foram removidas de suas casas, justificadas pela suposta necessidade de preparar a cidade para\u2026","rel":"","context":"Post similar","block_context":{"text":"Post similar","link":""},"img":{"alt_text":"","src":"","width":0,"height":0},"classes":[]},{"id":3778,"url":"https:\/\/www.cltweb.org\/resources\/global-south\/brazil\/projeto-do-termo-territorial-coletivo\/","url_meta":{"origin":728,"position":2},"title":"Projeto do Termo Territorial Coletivo","author":"cltredesign_0jp0l4","date":"19 de outubro de 2024","format":false,"excerpt":"O Projeto do Termo Territorial Coletivo nasceu em 2018, pouco tempo depois da cidade do Rio de Janeiro passar pela maior onda de remo\u00e7\u00f5es da sua hist\u00f3ria. Na ocasi\u00e3o, cerca de 80.000 pessoas foram retiradas das suas casas, sob justificativa da necessidade de preparar a cidade para os megaeventos que\u2026","rel":"","context":"Post similar","block_context":{"text":"Post similar","link":""},"img":{"alt_text":"","src":"","width":0,"height":0},"classes":[]},{"id":3787,"url":"https:\/\/www.cltweb.org\/pt-br\/biblioteca-de-recursos\/sul-global\/brasil\/projeto-do-termo-territorial-coletivo\/","url_meta":{"origin":728,"position":3},"title":"Projeto do Termo Territorial Coletivo","author":"cltredesign_0jp0l4","date":"19 de outubro de 2024","format":false,"excerpt":"O Projeto do Termo Territorial Coletivo nasceu em 2018, pouco tempo depois da cidade do Rio de Janeiro passar pela maior onda de remo\u00e7\u00f5es da sua hist\u00f3ria. Na ocasi\u00e3o, cerca de 80.000 pessoas foram retiradas de suas casas, o que justifica a necessidade de preparar a cidade para os megaeventos\u2026","rel":"","context":"Post similar","block_context":{"text":"Post similar","link":""},"img":{"alt_text":"","src":"","width":0,"height":0},"classes":[]},{"id":3789,"url":"https:\/\/www.cltweb.org\/de\/ressourcenbibliothek\/globaler-sueden\/brasilien\/projeto-do-termo-territorial-coletivo\/","url_meta":{"origin":728,"position":4},"title":"Projeto do Termo Territorial Coletivo","author":"cltredesign_0jp0l4","date":"19 de outubro de 2024","format":false,"excerpt":"O Projeto do Termo Territorial Coletivo nasceu em 2018, pouco tempo depois da cidade do Rio de Janeiro passar pela maior onda de remo\u00e7\u00f5es da sua hist\u00f3ria. Bei dieser Gelegenheit wurden ca. 80.000 Menschen aus ihren H\u00e4usern vertrieben, was die Notwendigkeit unterstreicht, die Stadt auf die Mega-Events vorzubereiten, die hier\u2026","rel":"","context":"Post similar","block_context":{"text":"Post similar","link":""},"img":{"alt_text":"","src":"","width":0,"height":0},"classes":[]},{"id":3793,"url":"https:\/\/www.cltweb.org\/nl\/bibliotheek-met-bronnen\/mondiaal-zuiden\/brazilie\/project-voor-territoriale-samenwerking\/","url_meta":{"origin":728,"position":5},"title":"Project voor territoriale samenwerking","author":"cltredesign_0jp0l4","date":"19 de outubro de 2024","format":false,"excerpt":"O Projeto do Termo Territorial Coletivo ontstond in 2018, enkele minuten nadat de stad Rio de Janeiro de grootste stad in haar geschiedenis was. Op dat moment werden ongeveer 80.000 mensen uit hun huizen teruggetrokken, wat de noodzaak om de stad voor te bereiden op de mega-evenementen die hier plaatsvonden,\u2026","rel":"","context":"Post similar","block_context":{"text":"Post similar","link":""},"img":{"alt_text":"","src":"","width":0,"height":0},"classes":[]}],"_links":{"self":[{"href":"https:\/\/www.cltweb.org\/pt-br\/wp-json\/wp\/v2\/pages\/728","targetHints":{"allow":["GET"]}}],"collection":[{"href":"https:\/\/www.cltweb.org\/pt-br\/wp-json\/wp\/v2\/pages"}],"about":[{"href":"https:\/\/www.cltweb.org\/pt-br\/wp-json\/wp\/v2\/types\/page"}],"author":[{"embeddable":true,"href":"https:\/\/www.cltweb.org\/pt-br\/wp-json\/wp\/v2\/users\/1"}],"replies":[{"embeddable":true,"href":"https:\/\/www.cltweb.org\/pt-br\/wp-json\/wp\/v2\/comments?post=728"}],"version-history":[{"count":5,"href":"https:\/\/www.cltweb.org\/pt-br\/wp-json\/wp\/v2\/pages\/728\/revisions"}],"predecessor-version":[{"id":2822,"href":"https:\/\/www.cltweb.org\/pt-br\/wp-json\/wp\/v2\/pages\/728\/revisions\/2822"}],"wp:attachment":[{"href":"https:\/\/www.cltweb.org\/pt-br\/wp-json\/wp\/v2\/media?parent=728"}],"wp:term":[{"taxonomy":"category","embeddable":true,"href":"https:\/\/www.cltweb.org\/pt-br\/wp-json\/wp\/v2\/categories?post=728"},{"taxonomy":"post_tag","embeddable":true,"href":"https:\/\/www.cltweb.org\/pt-br\/wp-json\/wp\/v2\/tags?post=728"}],"curies":[{"name":"wp","href":"https:\/\/api.w.org\/{rel}","templated":true}]}}