{"id":852,"date":"2024-07-26T16:04:28","date_gmt":"2024-07-26T16:04:28","guid":{"rendered":"https:\/\/www.cltweb.org\/historia\/"},"modified":"2024-10-28T14:09:24","modified_gmt":"2024-10-28T14:09:24","slug":"historia","status":"publish","type":"page","link":"https:\/\/www.cltweb.org\/pt-br\/sobre-nos\/historia\/","title":{"rendered":"Nossa hist\u00f3ria"},"content":{"rendered":"\n<h2 class=\"wp-block-heading\"><strong>Linha do tempo do Centro Internacional para CLTs<\/strong><\/h2>\n\n<h3 class=\"wp-block-heading\"><a><\/a>2009<\/h3>\n\n<p>Uma visita de estudo internacional, organizada pela Building and Social Housing Foundation, levou duas d\u00fazias de ativistas do setor habitacional de todo o mundo a Burlington, Vermont, para aprender sobre o modelo CLT com o Champlain Housing Trust, que acabara de receber o World Habitat Award. A delega\u00e7\u00e3o selecionada para visitar Burlington, VT, inclu\u00eda os futuros membros da diretoria do Centro CLT, Dave Smith e Geert De Pauw, acompanhados pelos futuros trovadores do CLT, Louise Crabtree e Yves Cabannes. Entre os palestrantes destacados estavam John Davis e Brenda Torpy, que ajudaram a estabelecer o Burlington Community Land Trust em 1984. O encontro inspirou os esfor\u00e7os do CLT na Austr\u00e1lia, em Londres e em Bruxelas, e criou a primeira rede internacional informal do CLT.  <\/p>\n\n<h3 class=\"wp-block-heading\"><a><\/a>2010<\/h3>\n\n<ul class=\"wp-block-list\">\n<li>Inspirado pelo interc\u00e2mbio de colegas em Burlington, Vermont, Dave Smith, da London CITIZENS Community Land Trust, escreveu um artigo intitulado &#8220;Community Land Trusts: Towards an International Movement&#8221; (Para um movimento internacional), no qual ele prop\u00f5e a cria\u00e7\u00e3o de um grupo explorat\u00f3rio para identificar os &#8220;universais&#8221; encontrados no movimento CLT, que, por sua vez, poderiam ser a base para o desenvolvimento de ferramentas educacionais que poderiam ser inclu\u00eddas na pr\u00f3xima confer\u00eancia da Rede Nacional CLT, em novembro, em Albuquerque, Novo M\u00e9xico.<\/li>\n\n\n\n<li>Greg Rosenberg, diretor da National CLT Academy, faz parte da equipe do Comit\u00ea de Dire\u00e7\u00e3o da Rede Internacional CLT, que desenvolve um conjunto de princ\u00edpios orientadores que incluem aprendizado m\u00fatuo, respeito \u00e0s organiza\u00e7\u00f5es nacionais, cria\u00e7\u00e3o de oportunidades para a cria\u00e7\u00e3o de almas em chamas e convoca\u00e7\u00e3o de reuni\u00f5es internacionais. Os participantes das chamadas via Skype do comit\u00ea diretor incluem Dave Smith, Geert De Pauw, Louise Crabtree, John Davis, Brenda Torpy e Roger Lewis. A primeira reuni\u00e3o presencial do comit\u00ea diretor ocorrer\u00e1 em<sup>11<\/sup> de novembro na confer\u00eancia anual da Rede Nacional CLT em Albuquerque, Novo M\u00e9xico.  <\/li>\n\n\n\n<li>John Davis e Connie Chavez, presidente da Rede Nacional de CLTs nos EUA, s\u00e3o convidados a visitar San Juan, Porto Rico. Eles se re\u00fanem com o ENLACE e o Ca\u00f1o Mart\u00edn Pe\u00f1a CLT, juntamente com os futuros membros da diretoria do Centro, Maria Hernandez Torrales e Lyvia Rodriguez Del Valle.   <\/li>\n<\/ul>\n\n<h3 class=\"wp-block-heading\">2011<\/h3>\n\n<p>John Davis e Dev Goetschius, Presidente da Rede CLT nos EUA e futuro membro da diretoria do Centro CLT, participam da primeira AGM da Rede Nacional CLT no Reino Unido. Dave Smith \u00e9 eleito para a diretoria inaugural da Rede do Reino Unido. <\/p>\n\n<h3 class=\"wp-block-heading\"><a><\/a>2013<\/h3>\n\n<ul class=\"wp-block-list\">\n<li>Lan\u00e7amento de Roots of the Community Land Trust (Ra\u00edzes do Community Land Trust), uma apresenta\u00e7\u00e3o de slides em quatro partes que tra\u00e7a as origens e a evolu\u00e7\u00e3o do CLT. Ele foi produzido e narrado por John Davis, expandindo uma hist\u00f3ria que foi pesquisada e apresentada pela primeira vez na National CLT Academy em Seabeck WA em 2006.   <\/li>\n\n\n\n<li>Em um artigo intitulado &#8220;Building the Singular City: Land Tenure and Urban Planning in Rio de Janeiro&#8217;s Favelas&#8221;, publicado em<sup>19 <\/sup>de setembro pelo RioOnWatch, Theresa Williamson prop\u00f5e a CLT como uma abordagem inovadora para garantir a posse coletiva da terra nas favelas do Rio.  <\/li>\n<\/ul>\n\n<h3 class=\"wp-block-heading\"><a><\/a>2014<\/h3>\n\n<p>Em 22 de abril de 2014, foi lan\u00e7ado o <em>Roots and Branches<\/em>. Criado por John Davis e Greg Rosenberg, com gr\u00e1ficos produzidos por Bonnie Acker, esse site era um arquivo digital de hist\u00f3rias, fotografias, v\u00eddeos, entrevistas e documentos do movimento CLT em todo o mundo. Ele expandiu a apresenta\u00e7\u00e3o de slides gravada, &#8220;Roots of the CLT&#8221;, produzida por John Davis em 2013.  <\/p>\n\n<h3 class=\"wp-block-heading\">2015<\/h3>\n\n<p>A apresenta\u00e7\u00e3o de slides <em>Roots of the CLT<\/em> foi traduzida para o holand\u00eas pelo Brussels Community Land Trust, sob a supervis\u00e3o de Geert De Pauw.<\/p>\n\n<h3 class=\"wp-block-heading\"><a><\/a>2016<\/h3>\n\n<ul class=\"wp-block-list\">\n<li>O Ca\u00f1o Mart\u00edn Pe\u00f1a CLT, em San Juan, Porto Rico, recebeu o pr\u00eamio World Habitat da ONU, concedido pela Building and Social Housing Foundation. Yves Cabannes foi membro do j\u00fari que selecionou os ganhadores do pr\u00eamio, e John Davis ajudou a enviar a solicita\u00e7\u00e3o do pr\u00eamio. <\/li>\n\n\n\n<li>Yves Cabannes e Greg Rosenberg participam de uma reuni\u00e3o do Grupo de Especialistas das Na\u00e7\u00f5es Unidas na cidade de Nova York, onde defendem a inclus\u00e3o de fundos de terras comunit\u00e1rios na futura <em>Nova Agenda Urbana<\/em>.<\/li>\n\n\n\n<li>A terceira Confer\u00eancia Mundial sobre Habita\u00e7\u00e3o e Desenvolvimento Urbano Sustent\u00e1vel (Habitat III) \u00e9 realizada em Quito, Equador, pelas Na\u00e7\u00f5es Unidas. Os CLTs s\u00e3o endossados como uma estrat\u00e9gia eficaz para abrigar popula\u00e7\u00f5es de baixa renda na<em> Nova Agenda Urbana<\/em> da ONU, adotada nessa confer\u00eancia. O Ca\u00f1o Mart\u00edn Pe\u00f1a Community Land Trust \u00e9 apresentado em um evento paralelo chamado &#8220;habita\u00e7\u00e3o movida a pessoas&#8221; e recebe o trof\u00e9u do Pr\u00eamio Mundial Habitat.    <\/li>\n<\/ul>\n\n<h3 class=\"wp-block-heading\">2017<\/h3>\n\n<ul class=\"wp-block-list\">\n<li><strong>12 de mar\u00e7o: <\/strong>Um interc\u00e2mbio entre pares em San Juan, Porto Rico, organizado pelo CLT Ca\u00f1o Mart\u00edn Pe\u00f1a e patrocinado pela World Habitat, traz ativistas de todo o mundo para aprender como um CLT pode ser estabelecido em uma comunidade informal. Assim como a visita de estudos em Burlington, Vermont, em 2009, esse interc\u00e2mbio gerou uma enorme empolga\u00e7\u00e3o com rela\u00e7\u00e3o ao potencial de expans\u00e3o do movimento CLT, desta vez com foco no Sul Global. Estavam presentes os futuros membros da diretoria e da equipe do Centro CLT, Lyvia Rodriguez Del Valle, Maria Hernandez, Line Algoed, Greg Rosenberg e Mariolga Julia Pacheco.    <\/li>\n\n\n\n<li><strong>28 de mar\u00e7o: <\/strong> Foi realizada a primeira chamada entre o CLT de Ca\u00f1o Mart\u00edn Pe\u00f1a e as Comunidades Catalisadoras para falar sobre os esfor\u00e7os do CLT no Brasil. Isso levou a um interc\u00e2mbio presencial no Rio de Janeiro, que, por sua vez, desempenhou um papel fundamental no estabelecimento da Rede Favela CLT. <\/li>\n\n\n\n<li><strong><sup>11<\/sup> de maio:<\/strong> Uma chamada pelo Skype \u00e9 organizada para discutir poss\u00edveis colabora\u00e7\u00f5es para apoiar o trabalho do CLT de Ca\u00f1o Mart\u00edn Pe\u00f1a e o poss\u00edvel estabelecimento do modelo CLT no Brasil. Os participantes inclu\u00edram Lyvia Rodriguez Del Valle, Line Algoed, Malcolm Childress, John Davis e Greg Rosenberg. Al\u00e9m disso, houve uma discuss\u00e3o sobre a tradu\u00e7\u00e3o para o espanhol de uma segunda edi\u00e7\u00e3o do livro <em><a href=\"\">The Community Land Trust Reader<\/a><\/em> que John est\u00e1 interessado em produzir. Os participantes da reuni\u00e3o tamb\u00e9m discutiram um novo documento que descreve v\u00e1rias atividades para colabora\u00e7\u00e3o internacional, intitulado &#8220;New Directions for Community Land Trusts&#8221;.     <\/li>\n\n\n\n<li><strong><sup>3<\/sup> de julho:<\/strong> \u00c9 realizada a primeira reuni\u00e3o via Skype do Grupo de Trabalho Internacional CLT, com os novos membros Theresa Williamson e Yves Cabannes juntando-se \u00e0 conversa iniciada em<sup>11<\/sup> de maio.<\/li>\n\n\n\n<li><strong><sup>31<\/sup> de agosto:<\/strong> John Davis desenvolve uma estrutura inicial para um &#8220;Centro de Estudos Estrat\u00e9gicos CLT&#8221; para promover o crescimento do movimento mundial CLT.<\/li>\n\n\n\n<li><strong>Setembro:<\/strong> O &#8220;Sustainable Housing for Inclusive and Cohesive Cities&#8221; (SHICC), financiado pela Uni\u00e3o Europeia e abrigado no CLT de Bruxelas, \u00e9 criado para promover a comunica\u00e7\u00e3o, a pesquisa e o treinamento transnacionais entre os CLTs da B\u00e9lgica, Inglaterra e Fran\u00e7a.  <\/li>\n\n\n\n<li><strong><sup>28<\/sup> de outubro: <\/strong>John Davis envia o primeiro esbo\u00e7o proposto para uma edi\u00e7\u00e3o em espanhol de 2019 do <em>The Community Land Trust Reader<\/em>.<\/li>\n\n\n\n<li><strong><sup>3<\/sup> de novembro:<\/strong> Theresa Williamson (Comunidades Catalisadoras, Rio de Janeiro) vem a Madison, Wisconsin, para falar na Universidade de Wisconsin. Enquanto estiver na cidade, ela participar\u00e1 de uma sess\u00e3o de trabalho h\u00edbrida que inclui os participantes locais Alberto Vargas, Martin Bailkey, Greg Rosenberg e Malcolm Childress, com participa\u00e7\u00e3o remota de Line Algoed, Tarcyla Fidalgo e John Davis. <\/li>\n<\/ul>\n\n<h3 class=\"wp-block-heading\"><a><\/a>2018<\/h3>\n\n<ul class=\"wp-block-list\">\n<li><strong><sup>2<\/sup> de fevereiro:<\/strong> Anunciamos a cria\u00e7\u00e3o de um novo programa sob a \u00e9gide da Global Land Alliance, o Center for Community Land Trust Innovation, com John Davis e Greg Rosenberg atuando como codiretores. De acordo com o an\u00fancio, &#8220;a primeira prioridade do Centro ser\u00e1 documentar e apoiar o trabalho da ENLACE e do CLT Ca\u00f1o Mart\u00edn Pe\u00f1a em Porto Rico e o plano das Comunidades Catalisadoras para estabelecer CLTs nas favelas do Brasil&#8221;. <a href=\"\">Link para o site de arquivo<\/a>. Tamb\u00e9m anunciamos o estabelecimento de nosso comit\u00ea t\u00e9cnico consultivo, que \u00e9 composto pelas seguintes pessoas:    <span style=\"font-family: var(--theme-font-family); font-size: var(--theme-font-size); font-style: var(--theme-font-style, inherit); letter-spacing: var(--theme-letter-spacing); text-transform: var(--theme-text-transform); text-decoration: var(--theme-text-decoration);\">Pierre Arnold: urbaMonde (Fran\u00e7a), Gautam Bhan: Institute for Human Settlements (\u00cdndia), Yves Cabannes: University College London (Portugal), Louise Crabtree: Western Sydney University &#8211; Institute for Culture and Society (Austr\u00e1lia), Geert De Pauw: Community Land Trust Brussels (B\u00e9lgica), Devika Goetschius: Housing Land Trust of Sonoma County (EUA), Arif Hasan: Projeto Piloto de Orangi (Paquist\u00e3o), Mar\u00eda Hern\u00e1ndez Torrales: Faculdade de Direito da Universidade de Porto Rico, Ca\u00f1o Mart\u00edn Pena Community Land Trust (Porto Rico\/EUA), Stephen Hill: C<\/span><sub style=\"font-family: var(--theme-font-family); font-style: var(--theme-font-style, inherit); letter-spacing: var(--theme-letter-spacing); text-transform: var(--theme-text-transform); text-decoration: var(--theme-text-decoration);\">2<\/sub><span style=\"font-family: var(--theme-font-family); font-size: var(--theme-font-size); font-style: var(--theme-font-style, inherit); letter-spacing: var(--theme-letter-spacing); text-transform: var(--theme-text-transform); text-decoration: var(--theme-text-decoration);\">O futureplanners, Churchill Fellow (Reino Unido), Tony Picket: Grounded Solutions Network (EUA), Lyvia Rodriguez Del Valle: Proyecto ENLACE, Ca\u00f1o Mart\u00edn Pena Community Land Trust (Porto Rico\/EUA), David Smith: London Community Land Trust, National Housing Federation (Reino Unido), Harry Smith: Consultor independente (EUA), Brenda Torpy: Champlain Housing Trust (EUA), Bea Varnai: urbaMonde (Senegal), Mariangela Veronesi: World Habitat (Reino Unido)<\/span>Theresa Williamson: Comunidades Catalisadoras (Brasil).<\/li>\n\n\n\n<li><strong><sup>23<\/sup> de setembro:<\/strong> John Davis notifica nossos 41 autores que nosso livro agora se intitula <em>On Common Ground: International Perspectives on the Community Land<\/em>, com data de publica\u00e7\u00e3o prevista para maio de 2020.<\/li>\n\n\n\n<li><strong>3 de outubro:<\/strong> A primeira reuni\u00e3o presencial do comit\u00ea t\u00e9cnico consultivo do CLT Center foi realizada na confer\u00eancia nacional da Grounded Solutions Network em Pittsburgh, PA, em outubro. Junto com o futuro coordenador do CLT Center, Greg Rosenberg, estavam presentes seis futuros membros da diretoria do Centro: John Davis, Theresa Williamson, Dev Goetschius. Maria Hernandez, Bea Varnai e Harry Smith.  <\/li>\n\n\n\n<li>Uma delega\u00e7\u00e3o do CLT de Ca\u00f1o Martin Pe\u00f1a, em Porto Rico, visita o Brasil, apresentando o modelo CLT aos organizadores comunit\u00e1rios que trabalham nas favelas do Rio.  <\/li>\n<\/ul>\n\n<h3 class=\"wp-block-heading\"><a><\/a>2019<\/h3>\n\n<ul class=\"wp-block-list\">\n<li><strong>11 de janeiro:<\/strong> Em uma reuni\u00e3o dos co-editores de <em>On Common Ground<\/em> (John Davis, Line Algoed e Maria Hernandez Torrales), que tamb\u00e9m contou com a presen\u00e7a de Geert De Pauw e Joaquin dos Santos, foi tomada a decis\u00e3o de publicar o livro por conta pr\u00f3pria.<\/li>\n\n\n\n<li><strong>22 de novembro:<\/strong> O comit\u00ea consultivo t\u00e9cnico agora \u00e9 o conselho consultivo do Centro CLT. Nessa reuni\u00e3o, Geert DePauw apresentou sua ideia para o Dia Mundial da CLT, que foi recebida com entusiasmo. Um nome proposto para nossa nova editora, Terra Nostra Press, tamb\u00e9m foi discutido e aprovado.  <\/li>\n\n\n\n<li>Em <strong>novembro <\/strong>, registraremos os artigos de incorpora\u00e7\u00e3o e o estatuto social e lan\u00e7aremos um novo site: cltweb.org<a href=\"https:\/\/web.archive.org\/web\/20191205152946\/https:\/cltweb.org\/\">(link para o site de arquivo<\/a>).  <\/li>\n\n\n\n<li><strong>19 de dezembro:<\/strong> Participamos de uma reuni\u00e3o de planejamento para uma confer\u00eancia internacional de CLT na primavera de 2020 a ser realizada em Bruxelas, B\u00e9lgica. Na chamada estavam Thomas Dawance, Geert De Pauw, Line Algoed, Joaquin de Santos, John Davis e Greg Rosenberg. Devido \u00e0 pandemia da COVID-19, o evento foi posteriormente alterado para uma confer\u00eancia on-line realizada em 4 de dezembro de 2020.  <\/li>\n<\/ul>\n\n<h3 class=\"wp-block-heading\"><a><\/a>2020<\/h3>\n\n<ul class=\"wp-block-list\">\n<li>Em <strong>janeiro<\/strong>, reunimos nossa primeira diretoria, composta por Maria Hernandez, Line Algoed e John Davis. Greg Rosenberg prestou apoio \u00e0 equipe como contratado em tempo parcial.   <\/li>\n\n\n\n<li>Ao longo do ano, dedicamos um tempo consider\u00e1vel \u00e0 constru\u00e7\u00e3o de nossa biblioteca de recursos on-line em cltweb.org, com novas entrevistas com David Ireland, Jerry Maldonado, Gus Newport, Geert De Pauw, Brenda Torpy e Tony Pickett. Criamos o primeiro mapa e diret\u00f3rio global de CLTs. E coletamos not\u00edcias sobre CLTs de todo o mundo.  <\/li>\n\n\n\n<li><strong>Between June and November,<\/strong>&nbsp;we published four books:\n<ul class=\"wp-block-list\">\n<li><em>Em um terreno comum<\/em><\/li>\n\n\n\n<li><em>A inseguran\u00e7a da posse da terra na Am\u00e9rica Latina e no Caribe<\/em><\/li>\n\n\n\n<li><em>Por que Community Land Trusts?<\/em><\/li>\n\n\n\n<li><em>Aplica\u00e7\u00f5es do Community Land Trust em bairros urbanos<\/em><\/li>\n<\/ul>\n<\/li>\n\n\n\n<li>Em <strong>novembro<\/strong>, solicitamos ao IRS o status de isen\u00e7\u00e3o de impostos.  <\/li>\n<\/ul>\n\n<h3 class=\"wp-block-heading\"><a><\/a>2021<\/h3>\n\n<ul class=\"wp-block-list\">\n<li>Em <strong>janeiro<\/strong>, a diretoria foi ampliada para incluir os seguintes novos membros: Geert De Pauw, Dev Goetschius, Gus Newport, Mariolga Julia Pacheco, Dave Smith, Harry Smith, Bea Varnai, Rev. John Whitfield e Theresa Williamson.<\/li>\n\n\n\n<li><strong>Entre janeiro e dezembro<\/strong>, publicamos os seguintes livros:<ul><li><em>Desenvolvimento impactante e capacita\u00e7\u00e3o da comunidade<\/em><\/li><li><em>Fundos de Terras Comunit\u00e1rios e Assentamentos Informais no Sul Global<\/em><\/li><li><em>Por que o fideicomisso comunit\u00e1rio de terras?<\/em><\/li><li><em>En terreno com\u00fan: Perspectivas internacionales sobre los fideicomisos comunitarios de tierras<\/em>. Esta \u00e9 uma tradu\u00e7\u00e3o em espanhol de <em>On Common Ground<\/em> e a primeira publica\u00e7\u00e3o aprofundada sobre CLTs em espanhol. Maria Hernandez Torrales foi a editora-chefe da edi\u00e7\u00e3o em espanhol, juntamente com sua coeditora Line Algoed.   <\/li><\/ul><\/li>\n\n\n\n<li>Em <strong>13 de maio<\/strong>, o IRS nos concedeu o status de isen\u00e7\u00e3o de impostos, retroativo \u00e0 nossa data de incorpora\u00e7\u00e3o.<\/li>\n\n\n\n<li>Em colabora\u00e7\u00e3o com o SHICC e o CLT Bruxelas, organizamos o primeiro <strong>Dia Mundial do CLT<\/strong> em 29 de outubro, bem como uma s\u00e9rie de webinars educacionais que compuseram o primeiro Festival Internacional do CLT.  [Insert an image of the logo from the first World CLT Day.]<\/li>\n\n\n\n<li><strong>WEBINARS: <\/strong>&nbsp;We presented five webinars in 2021:\n<ul class=\"wp-block-list\">\n<li>&#8220;CLTs e organiza\u00e7\u00e3o comunit\u00e1ria&#8221;<\/li>\n\n\n\n<li>&#8220;Al\u00e9m da habita\u00e7\u00e3o&#8221; Aplica\u00e7\u00f5es do modelo CLT&#8221;<\/li>\n\n\n\n<li>&#8220;Construindo a comunidade amada&#8221;<\/li>\n\n\n\n<li>&#8220;Desenvolvimento impactante e capacita\u00e7\u00e3o da comunidade&#8221;<\/li>\n\n\n\n<li>&#8220;Combinando CLTs e outros modelos de propriedade coletiva&#8221;<\/li>\n<\/ul>\n<\/li>\n<\/ul>\n\n<h3 class=\"wp-block-heading\">2022<\/h3>\n\n<ul class=\"wp-block-list\">\n<li><strong><sup>16<\/sup> de julho:<\/strong> Morre o membro da diretoria do CLT Center e ativista de longa data do CLT, Rev. John Whitfield.<\/li>\n\n\n\n<li>Em <strong>18 de agosto<\/strong>, publicamos <em>Community Matters: Conversations with Reflective Practitioners about the Value &amp; Variety of Resident Engagement in Community Land Trusts (Conversas com profissionais reflexivos sobre o valor e a variedade do envolvimento dos residentes em Community Land Trusts<\/em>).<\/li>\n\n\n\n<li>Organizamos o segundo <strong>Dia Mundial do CLT<\/strong>, desta vez em dois dias (28 e 29 de outubro), trabalhando com um comit\u00ea de planejamento que representa CLTs da B\u00e9lgica, Reino Unido (incluindo a Esc\u00f3cia), Alemanha, EUA, Porto Rico e Brasil.<\/li>\n\n\n\n<li><strong>WEBINARS: <\/strong> Apresentamos dois webinars em 2022<ul><li>Um evento de lan\u00e7amento do <em>Community Matters<\/em>&#8220;Land Reform in Scotland&#8221; (Reforma agr\u00e1ria na Esc\u00f3cia)<\/li><\/ul><\/li>\n<\/ul>\n\n<h3 class=\"wp-block-heading\">2023<\/h3>\n\n<ul class=\"wp-block-list\">\n<li>Adicionamos Lyvia Rodriguez Del Valle, Razia Khanom, Annabel Pidgeon, Ashley Allen e Enrique Silva ao quadro de diretores.<\/li>\n\n\n\n<li><strong><sup>17<\/sup> de junho:<\/strong> Morre Gus Newport, membro da diretoria do CLT Center e lend\u00e1rio ativista dos direitos civis.<\/li>\n\n\n\n<li>Em <strong>1\u00ba de julho<\/strong>, Greg Rosenberg tornou-se o primeiro funcion\u00e1rio do Centro CLT (Coordenador). Ele se tornou Diretor Executivo em junho de 2024. <\/li>\n\n\n\n<li>Em<strong> setembro<\/strong>, lan\u00e7amos o projeto CLT Legal Collaborative, sob a lideran\u00e7a de Kristin King-Ries, com a meta do primeiro ano de organizar um cons\u00f3rcio de professores cl\u00ednicos de faculdades de direito nos EUA e em Porto Rico.<\/li>\n\n\n\n<li>Em <strong>23 de setembro<\/strong>, publicamos Reweaving the <em>Tapestry of Tenure: Eight Elders of the CLT Movement Who Championed Community Ownership of Land <\/em>[Insira uma foto da capa do livro, nossa capa mais colorida e atraente].<\/li>\n\n\n\n<li>Em <strong>2 de outubro<\/strong>, Ben Harris tornou-se o segundo funcion\u00e1rio do CLT Center (Gerente de Comunica\u00e7\u00f5es).<\/li>\n\n\n\n<li>Em <strong><sup>21<\/sup> de outubro<\/strong>, Brenda Torpy representar\u00e1 o Centro na primeira AGM da Rede Canadense de CLT.<\/li>\n\n\n\n<li>Apresentamos um webinar em 2023: &#8220;Fundos fiduci\u00e1rios e agricultura de base comunit\u00e1ria&#8221;<\/li>\n\n\n\n<li>Firmamos um acordo com o Lincoln Institute of Land Policy para escrever a segunda edi\u00e7\u00e3o de The City-CLT Partnership, parte de sua s\u00e9rie Policy Focus Report, a ser publicada em novembro de 2024. Intitulada <em>The Preservation Partnership (Parceria de preserva\u00e7\u00e3o): Cities, Counties, and CLTs Collaborating to Create Homes That Last<\/em>, a publica\u00e7\u00e3o ter\u00e1 como coautores John Davis e Kristin King-Ries, com contribui\u00e7\u00f5es de Rick Jacobus e Greg Rosenberg.  <\/li>\n<\/ul>\n\n<h3 class=\"wp-block-heading\">2024<\/h3>\n\n<ul class=\"wp-block-list\">\n<li>Adicionamos Eduard Cabr\u00e9 Romans \u00e0 diretoria e nos despedimos dos membros da diretoria Maria Hernandez Torrales e Enrique Silva.<\/li>\n\n\n\n<li>Em <strong>22 de janeiro<\/strong>, Richard Kruger Delgado tornou-se nosso terceiro funcion\u00e1rio (gerente de educa\u00e7\u00e3o e divulga\u00e7\u00e3o).<\/li>\n\n\n\n<li>Em <strong>mar\u00e7o,<\/strong> mudamos nosso nome para International Center for Community Land Trusts.  <\/li>\n\n\n\n<li>Em <strong>abril<\/strong>, tivemos nossa primeira auditoria financeira e fomos aprovados com louvor.<\/li>\n\n\n\n<li>Organizamos o terceiro <strong>Dia Mundial da CLT<\/strong>, desta vez realizado nos dias 17 e 18 de maio, trabalhando com um comit\u00ea de planejamento que ampliou a representa\u00e7\u00e3o para incluir o Canad\u00e1 e a Austr\u00e1lia.<\/li>\n\n\n\n<li>Tamb\u00e9m em <strong>maio<\/strong>, Annabel Pidgeon, membro da diretoria do CLT Center, representar\u00e1 o Centro na primeira AGM da Rede Europeia CLT, em Berlim,<\/li>\n\n\n\n<li>Em <strong>30 de maio<\/strong>, conclu\u00edmos o trabalho no manuscrito do projeto Policy Focus Report com o Lincoln Institute,<\/li>\n\n\n\n<li>Em <strong>20 de junho<\/strong>, o conselho de administra\u00e7\u00e3o aprovou nosso primeiro plano estrat\u00e9gico.<\/li>\n<\/ul>\n\n<p><\/p>\n","protected":false},"excerpt":{"rendered":"<p>Uma linha do tempo da evolu\u00e7\u00e3o do movimento internacional do CLT.<\/p>\n","protected":false},"author":1,"featured_media":0,"parent":947,"menu_order":3,"comment_status":"closed","ping_status":"closed","template":"","meta":{"give_campaign_id":0,"_tec_requires_first_save":true,"_kad_blocks_custom_css":"","_kad_blocks_head_custom_js":"","_kad_blocks_body_custom_js":"","_kad_blocks_footer_custom_js":"","_EventAllDay":false,"_EventTimezone":"","_EventStartDate":"","_EventEndDate":"","_EventStartDateUTC":"","_EventEndDateUTC":"","_EventShowMap":false,"_EventShowMapLink":false,"_EventURL":"","_EventCost":"","_EventCostDescription":"","_EventCurrencySymbol":"","_EventCurrencyCode":"","_EventCurrencyPosition":"","_EventDateTimeSeparator":"","_EventTimeRangeSeparator":"","_EventOrganizerID":[],"_EventVenueID":[],"_OrganizerEmail":"","_OrganizerPhone":"","_OrganizerWebsite":"","_VenueAddress":"","_VenueCity":"","_VenueCountry":"","_VenueProvince":"","_VenueState":"","_VenueZip":"","_VenuePhone":"","_VenueURL":"","_VenueStateProvince":"","_VenueLat":"","_VenueLng":"","_VenueShowMap":false,"_VenueShowMapLink":false,"_tribe_blocks_recurrence_rules":"","_tribe_blocks_recurrence_description":"","_tribe_blocks_recurrence_exclusions":"","footnotes":""},"categories":[76],"tags":[],"class_list":["post-852","page","type-page","status-publish","hentry","category-sobre-nos"],"blocksy_meta":[],"yoast_head":"<!-- This site is optimized with the Yoast SEO Premium plugin v27.5 (Yoast SEO v27.5) - https:\/\/yoast.com\/product\/yoast-seo-premium-wordpress\/ -->\n<title>Nossa hist\u00f3ria - International Center for Community Land Trusts<\/title>\n<meta name=\"robots\" content=\"index, follow, max-snippet:-1, max-image-preview:large, max-video-preview:-1\" \/>\n<link rel=\"canonical\" href=\"https:\/\/www.cltweb.org\/pt-br\/sobre-nos\/historia\/\" \/>\n<meta property=\"og:locale\" content=\"pt_BR\" \/>\n<meta property=\"og:type\" content=\"article\" \/>\n<meta property=\"og:title\" content=\"Nossa hist\u00f3ria\" \/>\n<meta property=\"og:description\" content=\"Uma linha do tempo da evolu\u00e7\u00e3o do movimento internacional do CLT.\" \/>\n<meta property=\"og:url\" content=\"https:\/\/www.cltweb.org\/pt-br\/sobre-nos\/historia\/\" \/>\n<meta property=\"og:site_name\" content=\"International Center for Community Land Trusts\" \/>\n<meta property=\"article:publisher\" content=\"https:\/\/www.facebook.com\/cltcenter\" \/>\n<meta property=\"article:modified_time\" content=\"2024-10-28T14:09:24+00:00\" \/>\n<meta name=\"twitter:card\" content=\"summary_large_image\" \/>\n<meta name=\"twitter:site\" content=\"@Center4CLTs\" \/>\n<meta name=\"twitter:label1\" content=\"Est. tempo de leitura\" \/>\n\t<meta name=\"twitter:data1\" content=\"14 minutos\" \/>\n<script type=\"application\/ld+json\" class=\"yoast-schema-graph\">{\"@context\":\"https:\\\/\\\/schema.org\",\"@graph\":[{\"@type\":\"WebPage\",\"@id\":\"https:\\\/\\\/www.cltweb.org\\\/pt-br\\\/sobre-nos\\\/historia\\\/\",\"url\":\"https:\\\/\\\/www.cltweb.org\\\/pt-br\\\/sobre-nos\\\/historia\\\/\",\"name\":\"Nossa hist\u00f3ria - International Center for Community Land Trusts\",\"isPartOf\":{\"@id\":\"https:\\\/\\\/www.cltweb.org\\\/pt-br\\\/#website\"},\"datePublished\":\"2024-07-26T16:04:28+00:00\",\"dateModified\":\"2024-10-28T14:09:24+00:00\",\"breadcrumb\":{\"@id\":\"https:\\\/\\\/www.cltweb.org\\\/pt-br\\\/sobre-nos\\\/historia\\\/#breadcrumb\"},\"inLanguage\":\"pt-BR\",\"potentialAction\":[{\"@type\":\"ReadAction\",\"target\":[\"https:\\\/\\\/www.cltweb.org\\\/pt-br\\\/sobre-nos\\\/historia\\\/\"]}]},{\"@type\":\"BreadcrumbList\",\"@id\":\"https:\\\/\\\/www.cltweb.org\\\/pt-br\\\/sobre-nos\\\/historia\\\/#breadcrumb\",\"itemListElement\":[{\"@type\":\"ListItem\",\"position\":1,\"name\":\"Home\",\"item\":\"https:\\\/\\\/www.cltweb.org\\\/pt-br\\\/\"},{\"@type\":\"ListItem\",\"position\":2,\"name\":\"Sobre n\u00f3s\",\"item\":\"https:\\\/\\\/www.cltweb.org\\\/pt-br\\\/sobre-nos\\\/\"},{\"@type\":\"ListItem\",\"position\":3,\"name\":\"Nossa hist\u00f3ria\"}]},{\"@type\":\"WebSite\",\"@id\":\"https:\\\/\\\/www.cltweb.org\\\/pt-br\\\/#website\",\"url\":\"https:\\\/\\\/www.cltweb.org\\\/pt-br\\\/\",\"name\":\"International Center for Community Land Trusts\",\"description\":\"\",\"publisher\":{\"@id\":\"https:\\\/\\\/www.cltweb.org\\\/pt-br\\\/#organization\"},\"potentialAction\":[{\"@type\":\"SearchAction\",\"target\":{\"@type\":\"EntryPoint\",\"urlTemplate\":\"https:\\\/\\\/www.cltweb.org\\\/pt-br\\\/?s={search_term_string}\"},\"query-input\":{\"@type\":\"PropertyValueSpecification\",\"valueRequired\":true,\"valueName\":\"search_term_string\"}}],\"inLanguage\":\"pt-BR\"},{\"@type\":\"Organization\",\"@id\":\"https:\\\/\\\/www.cltweb.org\\\/pt-br\\\/#organization\",\"name\":\"International Center for Community Land Trusts\",\"url\":\"https:\\\/\\\/www.cltweb.org\\\/pt-br\\\/\",\"logo\":{\"@type\":\"ImageObject\",\"inLanguage\":\"pt-BR\",\"@id\":\"https:\\\/\\\/www.cltweb.org\\\/pt-br\\\/#\\\/schema\\\/logo\\\/image\\\/\",\"url\":\"https:\\\/\\\/www.cltweb.org\\\/wp-content\\\/uploads\\\/2024\\\/11\\\/New-CLT-Center-Text-logo.png\",\"contentUrl\":\"https:\\\/\\\/www.cltweb.org\\\/wp-content\\\/uploads\\\/2024\\\/11\\\/New-CLT-Center-Text-logo.png\",\"width\":227,\"height\":80,\"caption\":\"International Center for Community Land Trusts\"},\"image\":{\"@id\":\"https:\\\/\\\/www.cltweb.org\\\/pt-br\\\/#\\\/schema\\\/logo\\\/image\\\/\"},\"sameAs\":[\"https:\\\/\\\/www.facebook.com\\\/cltcenter\",\"https:\\\/\\\/x.com\\\/Center4CLTs\",\"https:\\\/\\\/www.instagram.com\\\/cltcenter\\\/\",\"https:\\\/\\\/www.linkedin.com\\\/company\\\/cltcenter\",\"https:\\\/\\\/www.youtube.com\\\/@centerforcltinnovation5313\"],\"description\":\"The International Center for Community Land Trusts is a not-for-profit nongovernmental organization established in 2018 to promote and to support community land trusts and similar strategies of community-led development on community-owned land in countries throughout the world.\",\"email\":\"info@communitylandtrust.net\",\"legalName\":\"International Center for Community Land Trusts\",\"foundingDate\":\"2018-12-01\",\"taxID\":\"84-3858933\",\"numberOfEmployees\":{\"@type\":\"QuantitativeValue\",\"minValue\":\"1\",\"maxValue\":\"10\"}}]}<\/script>\n<!-- \/ Yoast SEO Premium plugin. -->","yoast_head_json":{"title":"Nossa hist\u00f3ria - International Center for Community Land Trusts","robots":{"index":"index","follow":"follow","max-snippet":"max-snippet:-1","max-image-preview":"max-image-preview:large","max-video-preview":"max-video-preview:-1"},"canonical":"https:\/\/www.cltweb.org\/pt-br\/sobre-nos\/historia\/","og_locale":"pt_BR","og_type":"article","og_title":"Nossa hist\u00f3ria","og_description":"Uma linha do tempo da evolu\u00e7\u00e3o do movimento internacional do CLT.","og_url":"https:\/\/www.cltweb.org\/pt-br\/sobre-nos\/historia\/","og_site_name":"International Center for Community Land Trusts","article_publisher":"https:\/\/www.facebook.com\/cltcenter","article_modified_time":"2024-10-28T14:09:24+00:00","twitter_card":"summary_large_image","twitter_site":"@Center4CLTs","twitter_misc":{"Est. tempo de leitura":"14 minutos"},"schema":{"@context":"https:\/\/schema.org","@graph":[{"@type":"WebPage","@id":"https:\/\/www.cltweb.org\/pt-br\/sobre-nos\/historia\/","url":"https:\/\/www.cltweb.org\/pt-br\/sobre-nos\/historia\/","name":"Nossa hist\u00f3ria - International Center for Community Land Trusts","isPartOf":{"@id":"https:\/\/www.cltweb.org\/pt-br\/#website"},"datePublished":"2024-07-26T16:04:28+00:00","dateModified":"2024-10-28T14:09:24+00:00","breadcrumb":{"@id":"https:\/\/www.cltweb.org\/pt-br\/sobre-nos\/historia\/#breadcrumb"},"inLanguage":"pt-BR","potentialAction":[{"@type":"ReadAction","target":["https:\/\/www.cltweb.org\/pt-br\/sobre-nos\/historia\/"]}]},{"@type":"BreadcrumbList","@id":"https:\/\/www.cltweb.org\/pt-br\/sobre-nos\/historia\/#breadcrumb","itemListElement":[{"@type":"ListItem","position":1,"name":"Home","item":"https:\/\/www.cltweb.org\/pt-br\/"},{"@type":"ListItem","position":2,"name":"Sobre n\u00f3s","item":"https:\/\/www.cltweb.org\/pt-br\/sobre-nos\/"},{"@type":"ListItem","position":3,"name":"Nossa hist\u00f3ria"}]},{"@type":"WebSite","@id":"https:\/\/www.cltweb.org\/pt-br\/#website","url":"https:\/\/www.cltweb.org\/pt-br\/","name":"International Center for Community Land Trusts","description":"","publisher":{"@id":"https:\/\/www.cltweb.org\/pt-br\/#organization"},"potentialAction":[{"@type":"SearchAction","target":{"@type":"EntryPoint","urlTemplate":"https:\/\/www.cltweb.org\/pt-br\/?s={search_term_string}"},"query-input":{"@type":"PropertyValueSpecification","valueRequired":true,"valueName":"search_term_string"}}],"inLanguage":"pt-BR"},{"@type":"Organization","@id":"https:\/\/www.cltweb.org\/pt-br\/#organization","name":"International Center for Community Land Trusts","url":"https:\/\/www.cltweb.org\/pt-br\/","logo":{"@type":"ImageObject","inLanguage":"pt-BR","@id":"https:\/\/www.cltweb.org\/pt-br\/#\/schema\/logo\/image\/","url":"https:\/\/www.cltweb.org\/wp-content\/uploads\/2024\/11\/New-CLT-Center-Text-logo.png","contentUrl":"https:\/\/www.cltweb.org\/wp-content\/uploads\/2024\/11\/New-CLT-Center-Text-logo.png","width":227,"height":80,"caption":"International Center for Community Land Trusts"},"image":{"@id":"https:\/\/www.cltweb.org\/pt-br\/#\/schema\/logo\/image\/"},"sameAs":["https:\/\/www.facebook.com\/cltcenter","https:\/\/x.com\/Center4CLTs","https:\/\/www.instagram.com\/cltcenter\/","https:\/\/www.linkedin.com\/company\/cltcenter","https:\/\/www.youtube.com\/@centerforcltinnovation5313"],"description":"The International Center for Community Land Trusts is a not-for-profit nongovernmental organization established in 2018 to promote and to support community land trusts and similar strategies of community-led development on community-owned land in countries throughout the world.","email":"info@communitylandtrust.net","legalName":"International Center for Community Land Trusts","foundingDate":"2018-12-01","taxID":"84-3858933","numberOfEmployees":{"@type":"QuantitativeValue","minValue":"1","maxValue":"10"}}]}},"campaignId":"","taxonomy_info":{"category":[{"value":76,"label":"Sobre n\u00f3s"}]},"featured_image_src_large":false,"author_info":{"display_name":"cltredesign_0jp0l4","author_link":"https:\/\/www.cltweb.org\/pt-br\/author\/cltredesign_0jp0l4\/"},"comment_info":0,"jetpack_sharing_enabled":true,"jetpack-related-posts":[{"id":842,"url":"https:\/\/www.cltweb.org\/pt-br\/sobre-nos\/missao-e-estrategia\/","url_meta":{"origin":852,"position":0},"title":"Miss\u00e3o e estrat\u00e9gia","author":"cltredesign_0jp0l4","date":"26 de julho de 2024","format":false,"excerpt":"A vis\u00e3o, a miss\u00e3o e a estrat\u00e9gia abrangente de nosso trabalho.","rel":"","context":"Em &quot;Sobre n\u00f3s&quot;","block_context":{"text":"Sobre n\u00f3s","link":"https:\/\/www.cltweb.org\/pt-br\/category\/sobre-nos\/"},"img":{"alt_text":"","src":"","width":0,"height":0},"classes":[]},{"id":4055,"url":"https:\/\/www.cltweb.org\/pt-br\/biblioteca-de-recursos\/estudos-de-caso-clt\/community-land-trust-bruxelas\/","url_meta":{"origin":852,"position":1},"title":"Community Land Trust Bruxelas","author":"cltredesign_0jp0l4","date":"21 de outubro de 2024","format":false,"excerpt":"Estabelecida em 2012 (Bruxelas, B\u00e9lgica) Perfil contribu\u00eddo por Geert De Pauw (2015) O Community Land Trust Bruxelles (CLTB) foi formalmente incorporado em 2012, ap\u00f3s quatro anos de planejamento e organiza\u00e7\u00e3o, uma iniciativa liderada por ativistas de v\u00e1rias associa\u00e7\u00f5es de moradia e de bairro existentes. O CLTB foi estabelecido para atender\u2026","rel":"","context":"Em &quot;Estudos de caso&quot;","block_context":{"text":"Estudos de caso","link":"https:\/\/www.cltweb.org\/pt-br\/category\/estudos-de-caso\/"},"img":{"alt_text":"","src":"","width":0,"height":0},"classes":[]},{"id":1625,"url":"https:\/\/www.cltweb.org\/pt-br\/terra-nostra-press\/catalogo\/em-um-terreno-comum-perspectivas-internacionais-sobre-o-community-land-trust\/","url_meta":{"origin":852,"position":2},"title":"Em um terreno comum","author":"cltredesign_0jp0l4","date":"29 de julho de 2024","format":false,"excerpt":"On Common Ground: International Perspectives on the Community Land Trust \u00e9 uma colet\u00e2nea de vinte e seis ensaios originais, escritos por quarenta e dois acad\u00eamicos e profissionais de uma d\u00fazia de pa\u00edses, tra\u00e7ando o crescimento e a diversifica\u00e7\u00e3o do movimento internacional de community land trust. Dispon\u00edvel agora em todo o\u2026","rel":"","context":"Em &quot;Cat\u00e1logo&quot;","block_context":{"text":"Cat\u00e1logo","link":"https:\/\/www.cltweb.org\/pt-br\/category\/catalogo\/"},"img":{"alt_text":"","src":"https:\/\/i0.wp.com\/www.cltweb.org\/wp-content\/uploads\/2024\/08\/On_Common_Ground_cover-scaled.jpg?resize=350%2C200&ssl=1","width":350,"height":200,"srcset":"https:\/\/i0.wp.com\/www.cltweb.org\/wp-content\/uploads\/2024\/08\/On_Common_Ground_cover-scaled.jpg?resize=350%2C200&ssl=1 1x, https:\/\/i0.wp.com\/www.cltweb.org\/wp-content\/uploads\/2024\/08\/On_Common_Ground_cover-scaled.jpg?resize=525%2C300&ssl=1 1.5x, https:\/\/i0.wp.com\/www.cltweb.org\/wp-content\/uploads\/2024\/08\/On_Common_Ground_cover-scaled.jpg?resize=700%2C400&ssl=1 2x, https:\/\/i0.wp.com\/www.cltweb.org\/wp-content\/uploads\/2024\/08\/On_Common_Ground_cover-scaled.jpg?resize=1050%2C600&ssl=1 3x, https:\/\/i0.wp.com\/www.cltweb.org\/wp-content\/uploads\/2024\/08\/On_Common_Ground_cover-scaled.jpg?resize=1400%2C800&ssl=1 4x"},"classes":[]},{"id":11317,"url":"https:\/\/www.cltweb.org\/pt-br\/recursos-de-livros-da-aba\/","url_meta":{"origin":852,"position":3},"title":"Recursos de livros da ABA","author":"cltredesign_0jp0l4","date":"17 de mar\u00e7o de 2026","format":false,"excerpt":"Artigos de acad\u00eamicos da \u00e1rea jur\u00eddica H\u00e1 uma s\u00e9rie de artigos de peri\u00f3dicos que gostar\u00edamos de incluir no A Community Land Trust Digest, mas n\u00e3o pudemos faz\u00ea-lo por quest\u00f5es de espa\u00e7o. Aqui est\u00e3o alguns artigos adicionais que valem a pena. Barbara L. Bezdek. 2020. \"Ter e manter? Fundo comunit\u00e1rio de\u2026","rel":"","context":"Post similar","block_context":{"text":"Post similar","link":""},"img":{"alt_text":"","src":"","width":0,"height":0},"classes":[]},{"id":6195,"url":"https:\/\/www.cltweb.org\/pt-br\/","url_meta":{"origin":852,"position":4},"title":"In\u00edcio","author":"cltredesign_0jp0l4","date":"29 de outubro de 2024","format":false,"excerpt":"Centro Internacional para Fundos de Terras Comunit\u00e1rios Somos uma organiza\u00e7\u00e3o n\u00e3o governamental sem fins lucrativos criada em 2018 para promover e apoiar fundos de terras comunit\u00e1rios e estrat\u00e9gias semelhantes de desenvolvimento liderado pela comunidade em terras de propriedade da comunidade em pa\u00edses de todo o mundo. Foto da comunidade do\u2026","rel":"","context":"Post similar","block_context":{"text":"Post similar","link":""},"img":{"alt_text":"Virtual Summit Banner","src":"https:\/\/i0.wp.com\/www.cltweb.org\/wp-content\/uploads\/2026\/03\/VS-banner-2026.png?resize=350%2C200&ssl=1","width":350,"height":200,"srcset":"https:\/\/i0.wp.com\/www.cltweb.org\/wp-content\/uploads\/2026\/03\/VS-banner-2026.png?resize=350%2C200&ssl=1 1x, https:\/\/i0.wp.com\/www.cltweb.org\/wp-content\/uploads\/2026\/03\/VS-banner-2026.png?resize=525%2C300&ssl=1 1.5x, https:\/\/i0.wp.com\/www.cltweb.org\/wp-content\/uploads\/2026\/03\/VS-banner-2026.png?resize=700%2C400&ssl=1 2x"},"classes":[]},{"id":4369,"url":"https:\/\/www.cltweb.org\/pt-br\/biblioteca-de-recursos\/entrevistas\/john-emmus-davis\/","url_meta":{"origin":852,"position":5},"title":"John Emmus Davis (2011)","author":"cltredesign_0jp0l4","date":"22 de outubro de 2024","format":false,"excerpt":"Em 2011, John j\u00e1 estava promovendo o desenvolvimento de fundos fiduci\u00e1rios comunit\u00e1rios h\u00e1 30 anos como escritor, professor e prestador de assist\u00eancia t\u00e9cnica. A evolu\u00e7\u00e3o de seu envolvimento pessoal e profissional com o movimento CLT foi explorada nesta entrevista gravada por Steve Dubb, ent\u00e3o diretor de pesquisa da Democracy Collaborative\u2026","rel":"","context":"Em &quot;Entrevistas&quot;","block_context":{"text":"Entrevistas","link":"https:\/\/www.cltweb.org\/pt-br\/category\/entrevistas-pt-br\/"},"img":{"alt_text":"","src":"","width":0,"height":0},"classes":[]}],"_links":{"self":[{"href":"https:\/\/www.cltweb.org\/pt-br\/wp-json\/wp\/v2\/pages\/852","targetHints":{"allow":["GET"]}}],"collection":[{"href":"https:\/\/www.cltweb.org\/pt-br\/wp-json\/wp\/v2\/pages"}],"about":[{"href":"https:\/\/www.cltweb.org\/pt-br\/wp-json\/wp\/v2\/types\/page"}],"author":[{"embeddable":true,"href":"https:\/\/www.cltweb.org\/pt-br\/wp-json\/wp\/v2\/users\/1"}],"replies":[{"embeddable":true,"href":"https:\/\/www.cltweb.org\/pt-br\/wp-json\/wp\/v2\/comments?post=852"}],"version-history":[{"count":10,"href":"https:\/\/www.cltweb.org\/pt-br\/wp-json\/wp\/v2\/pages\/852\/revisions"}],"predecessor-version":[{"id":6019,"href":"https:\/\/www.cltweb.org\/pt-br\/wp-json\/wp\/v2\/pages\/852\/revisions\/6019"}],"up":[{"embeddable":true,"href":"https:\/\/www.cltweb.org\/pt-br\/wp-json\/wp\/v2\/pages\/947"}],"wp:attachment":[{"href":"https:\/\/www.cltweb.org\/pt-br\/wp-json\/wp\/v2\/media?parent=852"}],"wp:term":[{"taxonomy":"category","embeddable":true,"href":"https:\/\/www.cltweb.org\/pt-br\/wp-json\/wp\/v2\/categories?post=852"},{"taxonomy":"post_tag","embeddable":true,"href":"https:\/\/www.cltweb.org\/pt-br\/wp-json\/wp\/v2\/tags?post=852"}],"curies":[{"name":"wp","href":"https:\/\/api.w.org\/{rel}","templated":true}]}}