{"id":10560,"date":"2025-11-04T17:56:37","date_gmt":"2025-11-04T17:56:37","guid":{"rendered":"https:\/\/www.cltweb.org\/event\/clts-como-um-passo-para-a-descolonizacao-de-nossas-relacoes-com-a-terra\/"},"modified":"2025-11-26T17:36:07","modified_gmt":"2025-11-26T17:36:07","slug":"clts-como-um-passo-para-a-descolonizacao-de-nossas-relacoes-com-a-terra","status":"publish","type":"tribe_events","link":"https:\/\/www.cltweb.org\/pt-br\/event\/clts-como-um-passo-para-a-descolonizacao-de-nossas-relacoes-com-a-terra\/","title":{"rendered":"CLTs como um passo para a descoloniza\u00e7\u00e3o de nossas rela\u00e7\u00f5es com a terra"},"content":{"rendered":"<div  class=\"tribe-events-schedule tribe-clearfix\" >\n\t<p class=\"tribe-events-schedule__datetime\">\n\t\t<span class=\"tribe-events-schedule__date tribe-events-schedule__date--start\">\n\t\t\tnovembro 25, 2025\t\t<\/span>\n\n\t\t\t\t\t<span class=\"tribe-events-schedule__separator tribe-events-schedule__separator--date\">\n\t\t\t\t @ \t\t\t<\/span>\n\t\t\t<span class=\"tribe-events-schedule__time tribe-events-schedule__time--start\">\n\t\t\t\t13:30\t\t\t<\/span>\n\t\t\n\t\t\t\t\t\t\t\t\t<span class=\"tribe-events-schedule__separator tribe-events-schedule__separator--time\">\n\t\t\t\t\t &#8211; \t\t\t\t<\/span>\n\t\t\t\n\t\t\t\t\t\t\t<span class=\"tribe-events-schedule__time tribe-events-schedule__time--end\">\n\t\t\t\t\t15:00\t\t\t\t<\/span>\n\t\t\t\n\t\t\t\t\t\t\t<span class=\"tribe-events-schedule__timezone\">UTC+0<\/span>\n\t\t\t\t\t\t<\/p>\n<\/div>\n\n<h2 class=\"wp-block-heading\" id=\"h-recordings\">Grava\u00e7\u00f5es<\/h2>\n\n<div class=\"wp-block-columns is-layout-flex wp-container-core-columns-is-layout-28f84493 wp-block-columns-is-layout-flex\">\n<div class=\"wp-block-column is-layout-flow wp-block-column-is-layout-flow\">\n<h3 class=\"wp-block-heading has-text-align-center\" id=\"h-english-recording\">Grava\u00e7\u00e3o em ingl\u00eas<\/h3>\n\n\n\n<figure class=\"wp-block-embed is-type-video is-provider-youtube wp-block-embed-youtube wp-embed-aspect-16-9 wp-has-aspect-ratio\"><div class=\"wp-block-embed__wrapper\">\n<iframe loading=\"lazy\" title=\"CLTs as a Step Towards Decolonizing Our Relationships to Land\" width=\"1290\" height=\"726\" src=\"https:\/\/www.youtube.com\/embed\/1hSXGbkfiDM?feature=oembed\" frameborder=\"0\" allow=\"accelerometer; autoplay; clipboard-write; encrypted-media; gyroscope; picture-in-picture; web-share\" referrerpolicy=\"strict-origin-when-cross-origin\" allowfullscreen><\/iframe>\n<\/div><\/figure>\n<\/div>\n\n\n\n<div class=\"wp-block-column is-layout-flow wp-block-column-is-layout-flow\">\n<h3 class=\"wp-block-heading has-text-align-center\" id=\"h-grabacion-en-espanol\">Grabaci\u00f3n en espa\u00f1ol<\/h3>\n\n\n\n<figure class=\"wp-block-embed is-type-video is-provider-youtube wp-block-embed-youtube wp-embed-aspect-16-9 wp-has-aspect-ratio\"><div class=\"wp-block-embed__wrapper\">\n<iframe loading=\"lazy\" title=\"Fideicomisos comunitarios de tierra como un paso hacia la decolonizacio\u0301n de nuestras relaciones con\" width=\"1290\" height=\"968\" src=\"https:\/\/www.youtube.com\/embed\/Ri8RgIAuX4s?feature=oembed\" frameborder=\"0\" allow=\"accelerometer; autoplay; clipboard-write; encrypted-media; gyroscope; picture-in-picture; web-share\" referrerpolicy=\"strict-origin-when-cross-origin\" allowfullscreen><\/iframe>\n<\/div><\/figure>\n<\/div>\n<\/div>\n\n<h2 class=\"wp-block-heading\" id=\"h-webinar-resources\">Recursos do webinar<\/h2>\n\n<ul class=\"wp-block-list\">\n<li><a href=\"https:\/\/www.cltweb.org\/wp-content\/uploads\/2025\/11\/CLTs-as-a-Step-Towards-Decolonizing-Our-Relationships-to-Land_otter_ai-1.pdf\" target=\"_blank\" rel=\"noreferrer noopener\">Apresenta\u00e7\u00e3o de slides de Autumn Ness, Lahaina CLT<\/a><\/li>\n\n\n\n<li><a href=\"https:\/\/www.cltweb.org\/wp-content\/uploads\/2025\/11\/Norm-Slides-1.pdf\">Apresenta\u00e7\u00e3o de slides de Norm Leech, Downtown Eastside CLT<\/a><\/li>\n\n\n\n<li><a href=\"https:\/\/www.cltweb.org\/wp-content\/uploads\/2025\/11\/Short-Sogorea-Te-Land-Trust_-Rematriation.pdf\" target=\"_blank\" rel=\"noreferrer noopener\">Apresenta\u00e7\u00e3o de slides de Corrina Gould, Sogorea Te&#8217; Land Trust<\/a><\/li>\n\n\n\n<li><a href=\"https:\/\/www.cltweb.org\/wp-content\/uploads\/2025\/11\/CLTs-as-a-Step-Towards-Decolonizing-Our-Relationships-to-Land_otter_ai-1.pdf\" target=\"_blank\" rel=\"noreferrer noopener\">Transcri\u00e7\u00e3o em ingl\u00eas<\/a><\/li>\n<\/ul>\n\n<h2 class=\"wp-block-heading\" id=\"h-webinar-description\">Descri\u00e7\u00e3o do webinar<\/h2>\n\n<p>Por milhares de anos antes da invas\u00e3o e coloniza\u00e7\u00e3o das Am\u00e9ricas, do Caribe e das Ilhas do Pac\u00edfico, os povos ind\u00edgenas dessas regi\u00f5es viviam em relacionamentos profundos com a terra, entendendo-a como sagrada e compartilhada. A imposi\u00e7\u00e3o da propriedade privada, do capitalismo e do extrativismo nos \u00faltimos cinco s\u00e9culos interrompeu profundamente esse relacionamento, desconectando as comunidades da terra e do meio ambiente. <\/p>\n\n<p>Este webinar reuniu representantes de CLTs liderados por ind\u00edgenas nos EUA e no Canad\u00e1 para compartilhar como os CLTs podem servir como um passo para descolonizar nossa rela\u00e7\u00e3o coletiva com a terra, devolvendo terras sagradas \u00e0 administra\u00e7\u00e3o ind\u00edgena e resistindo ao capitalismo de desastre.<\/p>\n\n<h2 class=\"wp-block-heading\" id=\"h-speakers-and-panelists\">Palestrantes e painelistas<\/h2>\n\n<figure class=\"wp-block-image alignright size-full is-resized\"><img loading=\"lazy\" decoding=\"async\" width=\"427\" height=\"640\" src=\"https:\/\/www.cltweb.org\/wp-content\/uploads\/2025\/11\/Autumn-Ness.jpg\" alt=\"\" class=\"wp-image-10547\" style=\"aspect-ratio:1;object-fit:cover;width:144px;height:auto\" srcset=\"https:\/\/www.cltweb.org\/wp-content\/uploads\/2025\/11\/Autumn-Ness.jpg 427w, https:\/\/www.cltweb.org\/wp-content\/uploads\/2025\/11\/Autumn-Ness-200x300.jpg 200w\" sizes=\"auto, (max-width: 427px) 100vw, 427px\" \/><\/figure>\n\n<p><strong>Autumn Ness<\/strong>, diretora executiva, <a href=\"https:\/\/lahainacommunitylandtrust.org\/\" target=\"_blank\" rel=\"noreferrer noopener\">Lahaina CLT<\/a> (Hava\u00ed, EUA)<\/p>\n\n<p>AUTUMN NESS atua como Diretora Executiva da LCLT, respons\u00e1vel pelas gera\u00e7\u00f5es passadas e futuras de Lahaina, nutrindo a vis\u00e3o de longo prazo de uma base de terras de propriedade da comunidade que redefine a propriedade de casas e os sistemas econ\u00f4micos fora do capitalismo extrativista e mais de acordo com &#8216;ike Hawai&#8217;i (os valores e a sabedoria deste lugar). Ela tem experi\u00eancia \u00edntima com o deslocamento p\u00f3s-desastre e seus efeitos permanentes no meio ambiente e na cultura, depois de ter sido deslocada ap\u00f3s o tsunami no Jap\u00e3o e o colapso nuclear. Desde ent\u00e3o, como colona em Maui, ela tem trabalhado em quest\u00f5es de justi\u00e7a fundi\u00e1ria, h\u00eddrica e agr\u00edcola a partir de uma lente de mudan\u00e7a de sistemas, trabalhando lado a lado com a comunidade para retomar esses sistemas de forma a construir o poder local e o bem-estar coletivo. Anteriormente, ela atuou como consultora s\u00eanior de pol\u00edticas de moradia acess\u00edvel para o membro do conselho Johnson, presidente da Affordable Housing. Eles trabalharam com o Conselho do Condado de Maui para implementar um pacote progressivo de projetos de lei de moradias populares que incluem as mais fortes pol\u00edticas antideslocamento do Hava\u00ed e maiores mecanismos de financiamento para infraestrutura e moradias populares. Ela tamb\u00e9m \u00e9 a fundadora do Maui Food Hub, uma resposta \u00e0 COVID que agora se tornou uma infraestrutura vital e permanente da fazenda para o consumidor.     <\/p>\n\n<figure class=\"wp-block-image alignright size-full is-resized\"><img loading=\"lazy\" decoding=\"async\" width=\"1500\" height=\"1546\" src=\"https:\/\/www.cltweb.org\/wp-content\/uploads\/2025\/11\/Corrina-Headshot-2022_byKarinaGonzales-1-755101986.jpg\" alt=\"\" class=\"wp-image-10548\" style=\"aspect-ratio:1;object-fit:cover;width:145px;height:auto\" srcset=\"https:\/\/www.cltweb.org\/wp-content\/uploads\/2025\/11\/Corrina-Headshot-2022_byKarinaGonzales-1-755101986.jpg 1500w, https:\/\/www.cltweb.org\/wp-content\/uploads\/2025\/11\/Corrina-Headshot-2022_byKarinaGonzales-1-755101986-291x300.jpg 291w, https:\/\/www.cltweb.org\/wp-content\/uploads\/2025\/11\/Corrina-Headshot-2022_byKarinaGonzales-1-755101986-994x1024.jpg 994w, https:\/\/www.cltweb.org\/wp-content\/uploads\/2025\/11\/Corrina-Headshot-2022_byKarinaGonzales-1-755101986-768x792.jpg 768w, https:\/\/www.cltweb.org\/wp-content\/uploads\/2025\/11\/Corrina-Headshot-2022_byKarinaGonzales-1-755101986-1490x1536.jpg 1490w\" sizes=\"auto, (max-width: 1500px) 100vw, 1500px\" \/><\/figure>\n\n<p><strong>Corrina<\/strong> <strong>Gould<\/strong>, codiretora, <a href=\"https:\/\/sogoreate-landtrust.org\/\" target=\"_blank\" rel=\"noreferrer noopener\">Sogorea Te&#8217; Land Trust<\/a> (Calif\u00f3rnia, EUA)<\/p>\n\n<p>CORRINA GOULD (presidente tribal das Confederated Villages of Lisjan Nation) nasceu e cresceu na aldeia de Huichin, hoje conhecida como Oakland, CA. Ela \u00e9 cofundadora e principal organizadora da Indian People Organizing for Change, uma pequena organiza\u00e7\u00e3o administrada por nativos, e da Sogorea Te&#8217; Land Trust, uma organiza\u00e7\u00e3o urbana liderada por mulheres ind\u00edgenas em seu territ\u00f3rio ancestral. Por meio de pr\u00e1ticas de rematria\u00e7\u00e3o, revitaliza\u00e7\u00e3o cultural e restaura\u00e7\u00e3o de terras, o Land Trust convoca povos nativos e n\u00e3o nativos a curar e transformar legados de coloniza\u00e7\u00e3o e genoc\u00eddio e a fazer o trabalho que nossos ancestrais e as gera\u00e7\u00f5es futuras est\u00e3o nos chamando a fazer.    <\/p>\n\n<figure class=\"wp-block-image alignright size-full is-resized\"><img loading=\"lazy\" decoding=\"async\" width=\"300\" height=\"300\" src=\"https:\/\/www.cltweb.org\/wp-content\/uploads\/2025\/11\/norm-leech.jpg\" alt=\"\" class=\"wp-image-10550\" style=\"aspect-ratio:1;object-fit:cover;width:142px;height:auto\" srcset=\"https:\/\/www.cltweb.org\/wp-content\/uploads\/2025\/11\/norm-leech.jpg 300w, https:\/\/www.cltweb.org\/wp-content\/uploads\/2025\/11\/norm-leech-150x150.jpg 150w\" sizes=\"auto, (max-width: 300px) 100vw, 300px\" \/><\/figure>\n\n<p><strong>Norm Leech<\/strong>, Presidente, <a href=\"https:\/\/dtescommunitylandtrust.ca\/\" target=\"_blank\" rel=\"noreferrer noopener\">Downtown Eastside CLT<\/a> (Vancouver, Canad\u00e1)<\/p>\n\n<p>NORM LEECH \u00e9 o presidente do Downtown Eastside CLT (DTES CLT). O DTES CLT est\u00e1 se movendo em dire\u00e7\u00e3o a uma rela\u00e7\u00e3o mais ind\u00edgena com a terra, que seja sustent\u00e1vel, respons\u00e1vel e curativa. Isso pode ajudar a preservar moradias acess\u00edveis, protegendo a propriedade do mercado global que est\u00e1 aumentando os custos de moradia em todo o mundo.  <\/p>\n\n<p>Norm fala amplamente sobre traumas intergeracionais decorrentes da coloniza\u00e7\u00e3o. Ele cresceu em East Vancouver, com ascend\u00eancia na comunidade T&#8217;it&#8217;q&#8217;et da na\u00e7\u00e3o St&#8217;at&#8217;imc, onde atuou como chefe e tamb\u00e9m como administrador. Ele se baseia em suas experi\u00eancias como alco\u00f3latra\/viciado em recupera\u00e7\u00e3o, sobrevivente intergeracional e explorador espiritual para informar seu trabalho atual, que inclui v\u00e1rios conselhos e comit\u00eas.    <\/p>\n\n<figure class=\"wp-block-image alignright size-full is-resized\"><img loading=\"lazy\" decoding=\"async\" width=\"2230\" height=\"2047\" src=\"https:\/\/www.cltweb.org\/wp-content\/uploads\/2025\/11\/headshot_AKhan.jpg\" alt=\"\" class=\"wp-image-10549\" style=\"aspect-ratio:1;object-fit:cover;width:141px;height:auto\" srcset=\"https:\/\/www.cltweb.org\/wp-content\/uploads\/2025\/11\/headshot_AKhan.jpg 2230w, https:\/\/www.cltweb.org\/wp-content\/uploads\/2025\/11\/headshot_AKhan-300x275.jpg 300w, https:\/\/www.cltweb.org\/wp-content\/uploads\/2025\/11\/headshot_AKhan-1024x940.jpg 1024w, https:\/\/www.cltweb.org\/wp-content\/uploads\/2025\/11\/headshot_AKhan-768x705.jpg 768w, https:\/\/www.cltweb.org\/wp-content\/uploads\/2025\/11\/headshot_AKhan-1536x1410.jpg 1536w, https:\/\/www.cltweb.org\/wp-content\/uploads\/2025\/11\/headshot_AKhan-2048x1880.jpg 2048w\" sizes=\"auto, (max-width: 2230px) 100vw, 2230px\" \/><\/figure>\n\n<p><strong>Amber Khan,<\/strong> bolsista de p\u00f3s-doutorado, Universidade de Washington<\/p>\n\n<p>AMBER KHAN, PhD, MPH \u00e9 uma estudiosa interdisciplinar aplicada a desastres, focada em solu\u00e7\u00f5es comunit\u00e1rias para a crise clim\u00e1tica, centrada no uso e na pol\u00edtica da terra liderados pela comunidade, em moradias acess\u00edveis e na preven\u00e7\u00e3o de deslocamento e gentrifica\u00e7\u00e3o. Em sua fun\u00e7\u00e3o atual como pesquisadora de p\u00f3s-doutorado na Universidade de Washington, ela lidera um estudo internacional com o International Center for CLTs sobre a aplica\u00e7\u00e3o de CLTs na constru\u00e7\u00e3o de resili\u00eancia clim\u00e1tica e a desastres. Em sua fun\u00e7\u00e3o como pesquisadora de a\u00e7\u00e3o participativa no Unitarian Universalist Service Committee (UUSC), ela projeta e conduz pesquisas sobre deslocamento clim\u00e1tico, migra\u00e7\u00e3o e reassentamento com organiza\u00e7\u00f5es lideradas por ind\u00edgenas.  <br\/><br\/><\/p>\n<div  class=\"tribe-block tribe-block__organizer__details tribe-clearfix\" >\n\t<div class=\"tribe-block__organizer__title\">\n\t\t<h3><a href=\"https:\/\/www.cltweb.org\/organizador\/international-center-for-community-land-trusts\/\" title=\"International Center for Community Land Trusts\" target=\"_self\" rel=\"\">International Center for Community Land Trusts<\/a><\/h3>\n\t<\/div>\n\t\t\t\t<p class=\"tribe-block__organizer__website\"><a href=\"https:\/\/www.cltweb.org\" target=\"_blank\" rel=\"noopener noreferrer\">Ver site do Organizador<\/a><\/p>\n\t\t\t\t<p class=\"tribe-block__organizer__email\">&#105;nf&#111;&#064;&#099;&#111;m&#109;un&#105;ty&#108;a&#110;&#100;&#116;ru&#115;&#116;.&#110;e&#116;<\/p>\n\t<\/div>\n\t<div  class=\"tribe-block tribe-block__events-link\" >\n\t\t<div class=\"tribe-events tribe-common\">\n\t\t\t<div class=\"tribe-events-c-subscribe-dropdown__container\">\n\t\t\t\t<div class=\"tribe-events-c-subscribe-dropdown\">\n\t\t\t\t\t<div class=\"tribe-common-c-btn-border tribe-events-c-subscribe-dropdown__button\">\n\t\t\t\t\t\t<svg\n\t class=\"tribe-common-c-svgicon tribe-common-c-svgicon--cal-export tribe-events-c-subscribe-dropdown__export-icon\" \taria-hidden=\"true\"\n\tviewBox=\"0 0 23 17\"\n\txmlns=\"http:\/\/www.w3.org\/2000\/svg\"\n>\n\t<path fill-rule=\"evenodd\" clip-rule=\"evenodd\" d=\"M.128.896V16.13c0 .211.145.383.323.383h15.354c.179 0 .323-.172.323-.383V.896c0-.212-.144-.383-.323-.383H.451C.273.513.128.684.128.896Zm16 6.742h-.901V4.679H1.009v10.729h14.218v-3.336h.901V7.638ZM1.01 1.614h14.218v2.058H1.009V1.614Z\" \/>\n\t<path d=\"M20.5 9.846H8.312M18.524 6.953l2.89 2.909-2.855 2.855\" stroke-width=\"1.2\" stroke-linecap=\"round\" stroke-linejoin=\"round\"\/>\n<\/svg>\n\t\t\t\t\t\t<button\n\t\t\t\t\t\t\tclass=\"tribe-events-c-subscribe-dropdown__button-text\"\n\t\t\t\t\t\t\taria-expanded=\"false\"\n\t\t\t\t\t\t\taria-controls=\"tribe-events-subscribe-dropdown-content\"\n\t\t\t\t\t\t\taria-label=\"View links to add events to your calendar\"\n\t\t\t\t\t\t>\n\t\t\t\t\t\t\tAdicionar ao calend\u00e1rio\t\t\t\t\t\t<\/button>\n\t\t\t\t\t\t<svg\n\t class=\"tribe-common-c-svgicon tribe-common-c-svgicon--caret-down tribe-events-c-subscribe-dropdown__button-icon\" \taria-hidden=\"true\"\n\tviewBox=\"0 0 10 7\"\n\txmlns=\"http:\/\/www.w3.org\/2000\/svg\"\n>\n\t<path fill-rule=\"evenodd\" clip-rule=\"evenodd\" d=\"M1.008.609L5 4.6 8.992.61l.958.958L5 6.517.05 1.566l.958-.958z\" class=\"tribe-common-c-svgicon__svg-fill\"\/>\n<\/svg>\n\t\t\t\t\t<\/div>\n\t\t\t\t\t<div id=\"tribe-events-subscribe-dropdown-content\" class=\"tribe-events-c-subscribe-dropdown__content\">\n\t\t\t\t\t\t<ul class=\"tribe-events-c-subscribe-dropdown__list\">\n\t\t\t\t\t\t\t\t\t\t\t\t\t\t\t<li class=\"tribe-events-c-subscribe-dropdown__list-item tribe-events-c-subscribe-dropdown__list-item--gcal\">\n\t\t\t\t\t\t\t\t\t<a\n\t\t\t\t\t\t\t\t\t\thref=\"https:\/\/www.google.com\/calendar\/event?action=TEMPLATE&#038;dates=20251125T133000\/20251125T150000&#038;text=CLTs%20como%20um%20passo%20para%20a%20descoloniza%C3%A7%C3%A3o%20de%20nossas%20rela%C3%A7%C3%B5es%20com%20a%20terra&#038;details=%3Ch2+class%3D%22wp-block-heading%22+id%3D%22h-recordings%22%3EGrava%C3%A7%C3%B5es%3C%2Fh2%3E%3Cdiv+class%3D%22wp-block-columns%22%3E%3Cdiv+class%3D%22wp-block-column%22%3E%3Ch3+class%3D%22wp-block-heading+has-text-align-center%22+id%3D%22h-english-recording%22%3EGrava%C3%A7%C3%A3o+em+ingl%C3%AAs%3C%2Fh3%3E%3Cfigure+class%3D%22wp-block-embed+is-type-video+is-provider-youtube+wp-block-embed-youtube+wp-embed-aspect-16-9+wp-has-aspect-ratio%22%3E%3Cdiv+class%3D%22wp-block-embed__wrapper%22%3Ehttps%3A%2F%2Fyoutu.be%2F1hSXGbkfiDM%3C%2Fdiv%3E%3C%2Ffigure%3E%3C%2Fdiv%3E%3Cdiv+class%3D%22wp-block-column%22%3E%3Ch3+class%3D%22wp-block-heading+has-text-align-center%22+id%3D%22h-grabacion-en-espanol%22%3EGrabaci%C3%B3n+en+espa%C3%B1ol%3C%2Fh3%3E%3Cfigure+class%3D%22wp-block-embed+is-type-video+is-provider-youtube+wp-block-embed-youtube+wp-embed-aspect-16-9+wp-has-aspect-ratio%22%3E%3Cdiv+class%3D%22wp-block-embed__wrapper%22%3Ehttps%3A%2F%2Fyoutu.be%2FRi8RgIAuX4s%3C%2Fdiv%3E%3C%2Ffigure%3E%3C%2Fdiv%3E%3C%2Fdiv%3E%3Ch2+class%3D%22wp-block-heading%22+id%3D%22h-webinar-resources%22%3ERecursos+do+webinar%3C%2Fh2%3E%3Cul+class%3D%22wp-block-list%22%3E%3Cli%3E%3Ca+href%3D%22https%3A%2F%2Fwww.cltweb.org%2Fwp-content%2Fuploads%2F2025%2F11%2FCLTs%3C%2Fli%3E%3C%2Ful%3E+%28Veja+a+descri%C3%A7%C3%A3o+completa+de+evento+aqui%3A+https%3A%2F%2Fwww.cltweb.org%2Fpt-br%2Fevent%2Fclts-como-um-passo-para-a-descolonizacao-de-nossas-relacoes-com-a-terra%2F%29&#038;trp=false&#038;ctz=UTC+0&#038;sprop=website:https:\/\/www.cltweb.org\/pt-br\/\"\n\t\t\t\t\t\t\t\t\t\tclass=\"tribe-events-c-subscribe-dropdown__list-item-link\"\n\t\t\t\t\t\t\t\t\t\ttarget=\"_blank\"\n\t\t\t\t\t\t\t\t\t\trel=\"noopener noreferrer nofollow noindex\"\n\t\t\t\t\t\t\t\t\t>\n\t\t\t\t\t\t\t\t\t\tGoogle Agenda\t\t\t\t\t\t\t\t\t<\/a>\n\t\t\t\t\t\t\t\t<\/li>\n\t\t\t\t\t\t\t\t\t\t\t\t\t\t\t<li class=\"tribe-events-c-subscribe-dropdown__list-item tribe-events-c-subscribe-dropdown__list-item--ical\">\n\t\t\t\t\t\t\t\t\t<a\n\t\t\t\t\t\t\t\t\t\thref=\"\"\n\t\t\t\t\t\t\t\t\t\tclass=\"tribe-events-c-subscribe-dropdown__list-item-link\"\n\t\t\t\t\t\t\t\t\t\ttarget=\"_blank\"\n\t\t\t\t\t\t\t\t\t\trel=\"noopener noreferrer nofollow noindex\"\n\t\t\t\t\t\t\t\t\t>\n\t\t\t\t\t\t\t\t\t\tiCalendar\t\t\t\t\t\t\t\t\t<\/a>\n\t\t\t\t\t\t\t\t<\/li>\n\t\t\t\t\t\t\t\t\t\t\t\t\t\t\t<li class=\"tribe-events-c-subscribe-dropdown__list-item tribe-events-c-subscribe-dropdown__list-item--outlook-365\">\n\t\t\t\t\t\t\t\t\t<a\n\t\t\t\t\t\t\t\t\t\thref=\"\"\n\t\t\t\t\t\t\t\t\t\tclass=\"tribe-events-c-subscribe-dropdown__list-item-link\"\n\t\t\t\t\t\t\t\t\t\ttarget=\"_blank\"\n\t\t\t\t\t\t\t\t\t\trel=\"noopener noreferrer nofollow noindex\"\n\t\t\t\t\t\t\t\t\t>\n\t\t\t\t\t\t\t\t\t\tOutlook 365\t\t\t\t\t\t\t\t\t<\/a>\n\t\t\t\t\t\t\t\t<\/li>\n\t\t\t\t\t\t\t\t\t\t\t\t\t\t\t<li class=\"tribe-events-c-subscribe-dropdown__list-item tribe-events-c-subscribe-dropdown__list-item--outlook-live\">\n\t\t\t\t\t\t\t\t\t<a\n\t\t\t\t\t\t\t\t\t\thref=\"\"\n\t\t\t\t\t\t\t\t\t\tclass=\"tribe-events-c-subscribe-dropdown__list-item-link\"\n\t\t\t\t\t\t\t\t\t\ttarget=\"_blank\"\n\t\t\t\t\t\t\t\t\t\trel=\"noopener noreferrer nofollow noindex\"\n\t\t\t\t\t\t\t\t\t>\n\t\t\t\t\t\t\t\t\t\tOutlook Live\t\t\t\t\t\t\t\t\t<\/a>\n\t\t\t\t\t\t\t\t<\/li>\n\t\t\t\t\t\t\t\t\t\t\t\t\t<\/ul>\n\t\t\t\t\t<\/div>\n\t\t\t\t<\/div>\n\t\t\t<\/div>\n\t\t<\/div>\n\t<\/div>\n\n","protected":false},"excerpt":{"rendered":"<p>Grava\u00e7\u00f5es Grava\u00e7\u00e3o em ingl\u00eas Grabaci\u00f3n en espa\u00f1ol Recursos do webinar Descri\u00e7\u00e3o do webinar Por milhares de anos antes da invas\u00e3o e coloniza\u00e7\u00e3o das Am\u00e9ricas, do Caribe e das Ilhas do [&hellip;]<\/p>\n","protected":false},"author":2,"featured_media":10562,"template":"","meta":{"give_campaign_id":0,"_tec_requires_first_save":false,"_kad_blocks_custom_css":"","_kad_blocks_head_custom_js":"","_kad_blocks_body_custom_js":"","_kad_blocks_footer_custom_js":"","_EventAllDay":false,"_EventTimezone":"UTC+0","_EventStartDate":"2025-11-25 13:30:00","_EventEndDate":"2025-11-25 15:00:00","_EventStartDateUTC":"2025-11-25 13:30:00","_EventEndDateUTC":"2025-11-25 15:00:00","_EventShowMap":false,"_EventShowMapLink":false,"_EventURL":"https:\/\/us06web.zoom.us\/webinar\/register\/WN_jaYW-pD5RGGAyzid6Jcksg#\/registration","_EventCost":"","_EventCostDescription":"","_EventCurrencySymbol":"","_EventCurrencyCode":"","_EventCurrencyPosition":"","_EventDateTimeSeparator":"","_EventTimeRangeSeparator":"","_EventOrganizerID":[],"_EventVenueID":[],"_OrganizerEmail":"","_OrganizerPhone":"","_OrganizerWebsite":"","_VenueAddress":"","_VenueCity":"","_VenueCountry":"","_VenueProvince":"","_VenueState":"","_VenueZip":"","_VenuePhone":"","_VenueURL":"","_VenueStateProvince":"","_VenueLat":"","_VenueLng":"","_VenueShowMap":false,"_VenueShowMapLink":false,"_tribe_blocks_recurrence_rules":"","_tribe_blocks_recurrence_description":"","_tribe_blocks_recurrence_exclusions":"","_tribe_events_status":"","_tribe_events_status_reason":"","_tribe_events_is_hybrid":"","_tribe_events_is_virtual":"","_tribe_events_virtual_video_source":"","_tribe_events_virtual_embed_video":"","_tribe_events_virtual_linked_button_text":"","_tribe_events_virtual_linked_button":"","_tribe_events_virtual_show_embed_at":"","_tribe_events_virtual_show_embed_to":[],"_tribe_events_virtual_show_on_event":"","_tribe_events_virtual_show_on_views":"","_tribe_events_virtual_url":"","footnotes":""},"tags":[],"tribe_events_cat":[],"class_list":["post-10560","tribe_events","type-tribe_events","status-publish","has-post-thumbnail","hentry"],"blocksy_meta":[],"yoast_head":"<!-- This site is optimized with the Yoast SEO Premium plugin v27.5 (Yoast SEO v27.5) - https:\/\/yoast.com\/product\/yoast-seo-premium-wordpress\/ -->\n<title>CLTs como um passo para a descoloniza\u00e7\u00e3o de nossas rela\u00e7\u00f5es com a terra - International Center for Community Land Trusts<\/title>\n<meta name=\"robots\" content=\"index, follow, max-snippet:-1, max-image-preview:large, max-video-preview:-1\" \/>\n<link rel=\"canonical\" href=\"https:\/\/www.cltweb.org\/pt-br\/event\/clts-como-um-passo-para-a-descolonizacao-de-nossas-relacoes-com-a-terra\/\" \/>\n<meta property=\"og:locale\" content=\"pt_BR\" \/>\n<meta property=\"og:type\" content=\"article\" \/>\n<meta property=\"og:title\" content=\"CLTs como um passo para a descoloniza\u00e7\u00e3o de nossas rela\u00e7\u00f5es com a terra\" \/>\n<meta property=\"og:description\" content=\"Grava\u00e7\u00f5es Grava\u00e7\u00e3o em ingl\u00eas Grabaci\u00f3n en espa\u00f1ol Recursos do webinar Descri\u00e7\u00e3o do webinar Por milhares de anos antes da invas\u00e3o e coloniza\u00e7\u00e3o das Am\u00e9ricas, do Caribe e das Ilhas do [&hellip;]\" \/>\n<meta property=\"og:url\" content=\"https:\/\/www.cltweb.org\/pt-br\/event\/clts-como-um-passo-para-a-descolonizacao-de-nossas-relacoes-com-a-terra\/\" \/>\n<meta property=\"og:site_name\" content=\"International Center for Community Land Trusts\" \/>\n<meta property=\"article:publisher\" content=\"https:\/\/www.facebook.com\/cltcenter\" \/>\n<meta property=\"article:modified_time\" content=\"2025-11-26T17:36:07+00:00\" \/>\n<meta property=\"og:image\" content=\"https:\/\/www.cltweb.org\/wp-content\/uploads\/2025\/11\/Social-media-1-scaled.png\" \/>\n\t<meta property=\"og:image:width\" content=\"2560\" \/>\n\t<meta property=\"og:image:height\" content=\"1707\" \/>\n\t<meta property=\"og:image:type\" content=\"image\/png\" \/>\n<meta name=\"twitter:card\" content=\"summary_large_image\" \/>\n<meta name=\"twitter:site\" content=\"@Center4CLTs\" \/>\n<meta name=\"twitter:label1\" content=\"Est. tempo de leitura\" \/>\n\t<meta name=\"twitter:data1\" content=\"4 minutos\" \/>\n<script type=\"application\/ld+json\" class=\"yoast-schema-graph\">{\"@context\":\"https:\\\/\\\/schema.org\",\"@graph\":[{\"@type\":\"WebPage\",\"@id\":\"https:\\\/\\\/www.cltweb.org\\\/pt-br\\\/event\\\/clts-como-um-passo-para-a-descolonizacao-de-nossas-relacoes-com-a-terra\\\/\",\"url\":\"https:\\\/\\\/www.cltweb.org\\\/pt-br\\\/event\\\/clts-como-um-passo-para-a-descolonizacao-de-nossas-relacoes-com-a-terra\\\/\",\"name\":\"CLTs como um passo para a descoloniza\u00e7\u00e3o de nossas rela\u00e7\u00f5es com a terra - International Center for Community Land Trusts\",\"isPartOf\":{\"@id\":\"https:\\\/\\\/www.cltweb.org\\\/pt-br\\\/#website\"},\"primaryImageOfPage\":{\"@id\":\"https:\\\/\\\/www.cltweb.org\\\/pt-br\\\/event\\\/clts-como-um-passo-para-a-descolonizacao-de-nossas-relacoes-com-a-terra\\\/#primaryimage\"},\"image\":{\"@id\":\"https:\\\/\\\/www.cltweb.org\\\/pt-br\\\/event\\\/clts-como-um-passo-para-a-descolonizacao-de-nossas-relacoes-com-a-terra\\\/#primaryimage\"},\"thumbnailUrl\":\"https:\\\/\\\/www.cltweb.org\\\/wp-content\\\/uploads\\\/2025\\\/11\\\/Social-media-1-scaled.png\",\"datePublished\":\"2025-11-04T17:56:37+00:00\",\"dateModified\":\"2025-11-26T17:36:07+00:00\",\"breadcrumb\":{\"@id\":\"https:\\\/\\\/www.cltweb.org\\\/pt-br\\\/event\\\/clts-como-um-passo-para-a-descolonizacao-de-nossas-relacoes-com-a-terra\\\/#breadcrumb\"},\"inLanguage\":\"pt-BR\",\"potentialAction\":[{\"@type\":\"ReadAction\",\"target\":[\"https:\\\/\\\/www.cltweb.org\\\/pt-br\\\/event\\\/clts-como-um-passo-para-a-descolonizacao-de-nossas-relacoes-com-a-terra\\\/\"]}]},{\"@type\":\"ImageObject\",\"inLanguage\":\"pt-BR\",\"@id\":\"https:\\\/\\\/www.cltweb.org\\\/pt-br\\\/event\\\/clts-como-um-passo-para-a-descolonizacao-de-nossas-relacoes-com-a-terra\\\/#primaryimage\",\"url\":\"https:\\\/\\\/www.cltweb.org\\\/wp-content\\\/uploads\\\/2025\\\/11\\\/Social-media-1-scaled.png\",\"contentUrl\":\"https:\\\/\\\/www.cltweb.org\\\/wp-content\\\/uploads\\\/2025\\\/11\\\/Social-media-1-scaled.png\",\"width\":2560,\"height\":1707},{\"@type\":\"BreadcrumbList\",\"@id\":\"https:\\\/\\\/www.cltweb.org\\\/pt-br\\\/event\\\/clts-como-um-passo-para-a-descolonizacao-de-nossas-relacoes-com-a-terra\\\/#breadcrumb\",\"itemListElement\":[{\"@type\":\"ListItem\",\"position\":1,\"name\":\"Home\",\"item\":\"https:\\\/\\\/www.cltweb.org\\\/pt-br\\\/\"},{\"@type\":\"ListItem\",\"position\":2,\"name\":\"Eventos\",\"item\":\"https:\\\/\\\/www.cltweb.org\\\/pt-br\\\/events\\\/\"},{\"@type\":\"ListItem\",\"position\":3,\"name\":\"CLTs como um passo para a descoloniza\u00e7\u00e3o de nossas rela\u00e7\u00f5es com a terra\"}]},{\"@type\":\"WebSite\",\"@id\":\"https:\\\/\\\/www.cltweb.org\\\/pt-br\\\/#website\",\"url\":\"https:\\\/\\\/www.cltweb.org\\\/pt-br\\\/\",\"name\":\"International Center for Community Land Trusts\",\"description\":\"\",\"publisher\":{\"@id\":\"https:\\\/\\\/www.cltweb.org\\\/pt-br\\\/#organization\"},\"potentialAction\":[{\"@type\":\"SearchAction\",\"target\":{\"@type\":\"EntryPoint\",\"urlTemplate\":\"https:\\\/\\\/www.cltweb.org\\\/pt-br\\\/?s={search_term_string}\"},\"query-input\":{\"@type\":\"PropertyValueSpecification\",\"valueRequired\":true,\"valueName\":\"search_term_string\"}}],\"inLanguage\":\"pt-BR\"},{\"@type\":\"Organization\",\"@id\":\"https:\\\/\\\/www.cltweb.org\\\/pt-br\\\/#organization\",\"name\":\"International Center for Community Land Trusts\",\"url\":\"https:\\\/\\\/www.cltweb.org\\\/pt-br\\\/\",\"logo\":{\"@type\":\"ImageObject\",\"inLanguage\":\"pt-BR\",\"@id\":\"https:\\\/\\\/www.cltweb.org\\\/pt-br\\\/#\\\/schema\\\/logo\\\/image\\\/\",\"url\":\"https:\\\/\\\/www.cltweb.org\\\/wp-content\\\/uploads\\\/2024\\\/11\\\/New-CLT-Center-Text-logo.png\",\"contentUrl\":\"https:\\\/\\\/www.cltweb.org\\\/wp-content\\\/uploads\\\/2024\\\/11\\\/New-CLT-Center-Text-logo.png\",\"width\":227,\"height\":80,\"caption\":\"International Center for Community Land Trusts\"},\"image\":{\"@id\":\"https:\\\/\\\/www.cltweb.org\\\/pt-br\\\/#\\\/schema\\\/logo\\\/image\\\/\"},\"sameAs\":[\"https:\\\/\\\/www.facebook.com\\\/cltcenter\",\"https:\\\/\\\/x.com\\\/Center4CLTs\",\"https:\\\/\\\/www.instagram.com\\\/cltcenter\\\/\",\"https:\\\/\\\/www.linkedin.com\\\/company\\\/cltcenter\",\"https:\\\/\\\/www.youtube.com\\\/@centerforcltinnovation5313\"],\"description\":\"The International Center for Community Land Trusts is a not-for-profit nongovernmental organization established in 2018 to promote and to support community land trusts and similar strategies of community-led development on community-owned land in countries throughout the world.\",\"email\":\"info@communitylandtrust.net\",\"legalName\":\"International Center for Community Land Trusts\",\"foundingDate\":\"2018-12-01\",\"taxID\":\"84-3858933\",\"numberOfEmployees\":{\"@type\":\"QuantitativeValue\",\"minValue\":\"1\",\"maxValue\":\"10\"}}]}<\/script>\n<!-- \/ Yoast SEO Premium plugin. -->","yoast_head_json":{"title":"CLTs como um passo para a descoloniza\u00e7\u00e3o de nossas rela\u00e7\u00f5es com a terra - International Center for Community Land Trusts","robots":{"index":"index","follow":"follow","max-snippet":"max-snippet:-1","max-image-preview":"max-image-preview:large","max-video-preview":"max-video-preview:-1"},"canonical":"https:\/\/www.cltweb.org\/pt-br\/event\/clts-como-um-passo-para-a-descolonizacao-de-nossas-relacoes-com-a-terra\/","og_locale":"pt_BR","og_type":"article","og_title":"CLTs como um passo para a descoloniza\u00e7\u00e3o de nossas rela\u00e7\u00f5es com a terra","og_description":"Grava\u00e7\u00f5es Grava\u00e7\u00e3o em ingl\u00eas Grabaci\u00f3n en espa\u00f1ol Recursos do webinar Descri\u00e7\u00e3o do webinar Por milhares de anos antes da invas\u00e3o e coloniza\u00e7\u00e3o das Am\u00e9ricas, do Caribe e das Ilhas do [&hellip;]","og_url":"https:\/\/www.cltweb.org\/pt-br\/event\/clts-como-um-passo-para-a-descolonizacao-de-nossas-relacoes-com-a-terra\/","og_site_name":"International Center for Community Land Trusts","article_publisher":"https:\/\/www.facebook.com\/cltcenter","article_modified_time":"2025-11-26T17:36:07+00:00","og_image":[{"width":2560,"height":1707,"url":"https:\/\/www.cltweb.org\/wp-content\/uploads\/2025\/11\/Social-media-1-scaled.png","type":"image\/png"}],"twitter_card":"summary_large_image","twitter_site":"@Center4CLTs","twitter_misc":{"Est. tempo de leitura":"4 minutos"},"schema":{"@context":"https:\/\/schema.org","@graph":[{"@type":"WebPage","@id":"https:\/\/www.cltweb.org\/pt-br\/event\/clts-como-um-passo-para-a-descolonizacao-de-nossas-relacoes-com-a-terra\/","url":"https:\/\/www.cltweb.org\/pt-br\/event\/clts-como-um-passo-para-a-descolonizacao-de-nossas-relacoes-com-a-terra\/","name":"CLTs como um passo para a descoloniza\u00e7\u00e3o de nossas rela\u00e7\u00f5es com a terra - International Center for Community Land Trusts","isPartOf":{"@id":"https:\/\/www.cltweb.org\/pt-br\/#website"},"primaryImageOfPage":{"@id":"https:\/\/www.cltweb.org\/pt-br\/event\/clts-como-um-passo-para-a-descolonizacao-de-nossas-relacoes-com-a-terra\/#primaryimage"},"image":{"@id":"https:\/\/www.cltweb.org\/pt-br\/event\/clts-como-um-passo-para-a-descolonizacao-de-nossas-relacoes-com-a-terra\/#primaryimage"},"thumbnailUrl":"https:\/\/www.cltweb.org\/wp-content\/uploads\/2025\/11\/Social-media-1-scaled.png","datePublished":"2025-11-04T17:56:37+00:00","dateModified":"2025-11-26T17:36:07+00:00","breadcrumb":{"@id":"https:\/\/www.cltweb.org\/pt-br\/event\/clts-como-um-passo-para-a-descolonizacao-de-nossas-relacoes-com-a-terra\/#breadcrumb"},"inLanguage":"pt-BR","potentialAction":[{"@type":"ReadAction","target":["https:\/\/www.cltweb.org\/pt-br\/event\/clts-como-um-passo-para-a-descolonizacao-de-nossas-relacoes-com-a-terra\/"]}]},{"@type":"ImageObject","inLanguage":"pt-BR","@id":"https:\/\/www.cltweb.org\/pt-br\/event\/clts-como-um-passo-para-a-descolonizacao-de-nossas-relacoes-com-a-terra\/#primaryimage","url":"https:\/\/www.cltweb.org\/wp-content\/uploads\/2025\/11\/Social-media-1-scaled.png","contentUrl":"https:\/\/www.cltweb.org\/wp-content\/uploads\/2025\/11\/Social-media-1-scaled.png","width":2560,"height":1707},{"@type":"BreadcrumbList","@id":"https:\/\/www.cltweb.org\/pt-br\/event\/clts-como-um-passo-para-a-descolonizacao-de-nossas-relacoes-com-a-terra\/#breadcrumb","itemListElement":[{"@type":"ListItem","position":1,"name":"Home","item":"https:\/\/www.cltweb.org\/pt-br\/"},{"@type":"ListItem","position":2,"name":"Eventos","item":"https:\/\/www.cltweb.org\/pt-br\/events\/"},{"@type":"ListItem","position":3,"name":"CLTs como um passo para a descoloniza\u00e7\u00e3o de nossas rela\u00e7\u00f5es com a terra"}]},{"@type":"WebSite","@id":"https:\/\/www.cltweb.org\/pt-br\/#website","url":"https:\/\/www.cltweb.org\/pt-br\/","name":"International Center for Community Land Trusts","description":"","publisher":{"@id":"https:\/\/www.cltweb.org\/pt-br\/#organization"},"potentialAction":[{"@type":"SearchAction","target":{"@type":"EntryPoint","urlTemplate":"https:\/\/www.cltweb.org\/pt-br\/?s={search_term_string}"},"query-input":{"@type":"PropertyValueSpecification","valueRequired":true,"valueName":"search_term_string"}}],"inLanguage":"pt-BR"},{"@type":"Organization","@id":"https:\/\/www.cltweb.org\/pt-br\/#organization","name":"International Center for Community Land Trusts","url":"https:\/\/www.cltweb.org\/pt-br\/","logo":{"@type":"ImageObject","inLanguage":"pt-BR","@id":"https:\/\/www.cltweb.org\/pt-br\/#\/schema\/logo\/image\/","url":"https:\/\/www.cltweb.org\/wp-content\/uploads\/2024\/11\/New-CLT-Center-Text-logo.png","contentUrl":"https:\/\/www.cltweb.org\/wp-content\/uploads\/2024\/11\/New-CLT-Center-Text-logo.png","width":227,"height":80,"caption":"International Center for Community Land Trusts"},"image":{"@id":"https:\/\/www.cltweb.org\/pt-br\/#\/schema\/logo\/image\/"},"sameAs":["https:\/\/www.facebook.com\/cltcenter","https:\/\/x.com\/Center4CLTs","https:\/\/www.instagram.com\/cltcenter\/","https:\/\/www.linkedin.com\/company\/cltcenter","https:\/\/www.youtube.com\/@centerforcltinnovation5313"],"description":"The International Center for Community Land Trusts is a not-for-profit nongovernmental organization established in 2018 to promote and to support community land trusts and similar strategies of community-led development on community-owned land in countries throughout the world.","email":"info@communitylandtrust.net","legalName":"International Center for Community Land Trusts","foundingDate":"2018-12-01","taxID":"84-3858933","numberOfEmployees":{"@type":"QuantitativeValue","minValue":"1","maxValue":"10"}}]}},"taxonomy_info":[],"featured_image_src_large":["https:\/\/www.cltweb.org\/wp-content\/uploads\/2025\/11\/Social-media-1-scaled.png",1024,683,false],"author_info":{"display_name":"Ben Harris","author_link":"https:\/\/www.cltweb.org\/pt-br\/author\/ben\/"},"comment_info":"","jetpack_sharing_enabled":true,"_links":{"self":[{"href":"https:\/\/www.cltweb.org\/pt-br\/wp-json\/wp\/v2\/tribe_events\/10560","targetHints":{"allow":["GET"]}}],"collection":[{"href":"https:\/\/www.cltweb.org\/pt-br\/wp-json\/wp\/v2\/tribe_events"}],"about":[{"href":"https:\/\/www.cltweb.org\/pt-br\/wp-json\/wp\/v2\/types\/tribe_events"}],"author":[{"embeddable":true,"href":"https:\/\/www.cltweb.org\/pt-br\/wp-json\/wp\/v2\/users\/2"}],"version-history":[{"count":8,"href":"https:\/\/www.cltweb.org\/pt-br\/wp-json\/wp\/v2\/tribe_events\/10560\/revisions"}],"predecessor-version":[{"id":10785,"href":"https:\/\/www.cltweb.org\/pt-br\/wp-json\/wp\/v2\/tribe_events\/10560\/revisions\/10785"}],"wp:featuredmedia":[{"embeddable":true,"href":"https:\/\/www.cltweb.org\/pt-br\/wp-json\/wp\/v2\/media\/10562"}],"wp:attachment":[{"href":"https:\/\/www.cltweb.org\/pt-br\/wp-json\/wp\/v2\/media?parent=10560"}],"wp:term":[{"taxonomy":"post_tag","embeddable":true,"href":"https:\/\/www.cltweb.org\/pt-br\/wp-json\/wp\/v2\/tags?post=10560"},{"taxonomy":"tribe_events_cat","embeddable":true,"href":"https:\/\/www.cltweb.org\/pt-br\/wp-json\/wp\/v2\/tribe_events_cat?post=10560"}],"curies":[{"name":"wp","href":"https:\/\/api.w.org\/{rel}","templated":true}]}}