{"id":10984,"date":"2026-01-06T22:12:06","date_gmt":"2026-01-06T22:12:06","guid":{"rendered":"https:\/\/www.cltweb.org\/event\/habitacao-inclusiva-e-o-papel-dos-clts-cross-regional-perspectives-on-land-policy-and-long-term-affordability-perspectivas-inter-regionais-sobre-politica-fundiaria-e-acessibilidade-de-longo-prazo\/"},"modified":"2026-01-22T21:51:43","modified_gmt":"2026-01-22T21:51:43","slug":"habitacao-inclusiva-e-o-papel-dos-clts-cross-regional-perspectives-on-land-policy-and-long-term-affordability-perspectivas-inter-regionais-sobre-politica-fundiaria-e-acessibilidade-de-longo-prazo","status":"publish","type":"tribe_events","link":"https:\/\/www.cltweb.org\/pt-br\/event\/habitacao-inclusiva-e-o-papel-dos-clts-cross-regional-perspectives-on-land-policy-and-long-term-affordability-perspectivas-inter-regionais-sobre-politica-fundiaria-e-acessibilidade-de-longo-prazo\/","title":{"rendered":"Habita\u00e7\u00e3o inclusiva e o papel dos CLTs: Cross-Regional Perspectives on Land Policy and Long-Term Affordability (Perspectivas inter-regionais sobre pol\u00edtica fundi\u00e1ria e acessibilidade de longo prazo)"},"content":{"rendered":"<div  class=\"tribe-events-schedule tribe-clearfix\" >\n\t<p class=\"tribe-events-schedule__datetime\">\n\t\t<span class=\"tribe-events-schedule__date tribe-events-schedule__date--start\">\n\t\t\tfevereiro 3\t\t<\/span>\n\n\t\t\t\t\t<span class=\"tribe-events-schedule__separator tribe-events-schedule__separator--date\">\n\t\t\t\t @ \t\t\t<\/span>\n\t\t\t<span class=\"tribe-events-schedule__time tribe-events-schedule__time--start\">\n\t\t\t\t11:00\t\t\t<\/span>\n\t\t\n\t\t\t\t\t\t\t\t\t<span class=\"tribe-events-schedule__separator tribe-events-schedule__separator--time\">\n\t\t\t\t\t &#8211; \t\t\t\t<\/span>\n\t\t\t\n\t\t\t\t\t\t\t<span class=\"tribe-events-schedule__time tribe-events-schedule__time--end\">\n\t\t\t\t\t12:30\t\t\t\t<\/span>\n\t\t\t\n\t\t\t\t\t\t\t<span class=\"tribe-events-schedule__timezone\">UTC+0<\/span>\n\t\t\t\t\t\t<\/p>\n<\/div>\n\n<div class=\"wp-block-buttons alignwide is-content-justification-center is-layout-flex wp-container-core-buttons-is-layout-a89b3969 wp-block-buttons-is-layout-flex\">\n<div class=\"wp-block-button is-style-outline is-style-outline--2\"><a class=\"wp-block-button__link has-text-align-center wp-element-button\" href=\"https:\/\/us06web.zoom.us\/webinar\/register\/WN_K7nghILbTGOFGOl3rRkBcA\" style=\"padding-top:0;padding-right:var(--wp--preset--spacing--80);padding-bottom:0;padding-left:var(--wp--preset--spacing--80)\" target=\"_blank\" rel=\"noreferrer noopener\"><strong>Registre-se aqui<\/strong><\/a><\/div>\n<\/div>\n\n<div style=\"height:42px\" aria-hidden=\"true\" class=\"wp-block-spacer\"><\/div>\n\n<figure class=\"wp-block-image aligncenter size-large\"><a href=\"https:\/\/us06web.zoom.us\/webinar\/register\/WN_K7nghILbTGOFGOl3rRkBcA\" target=\"_blank\" rel=\" noreferrer noopener\"><img loading=\"lazy\" decoding=\"async\" width=\"1024\" height=\"683\" src=\"https:\/\/www.cltweb.org\/wp-content\/uploads\/2026\/01\/Graphic_EN-1024x683.png\" alt=\"\" class=\"wp-image-11027\" srcset=\"https:\/\/www.cltweb.org\/wp-content\/uploads\/2026\/01\/Graphic_EN-1024x683.png 1024w, https:\/\/www.cltweb.org\/wp-content\/uploads\/2026\/01\/Graphic_EN-300x200.png 300w, https:\/\/www.cltweb.org\/wp-content\/uploads\/2026\/01\/Graphic_EN-768x512.png 768w, https:\/\/www.cltweb.org\/wp-content\/uploads\/2026\/01\/Graphic_EN-1536x1024.png 1536w, https:\/\/www.cltweb.org\/wp-content\/uploads\/2026\/01\/Graphic_EN-2048x1365.png 2048w\" sizes=\"auto, (max-width: 1024px) 100vw, 1024px\" \/><\/a><\/figure>\n\n<h2 class=\"wp-block-heading\" id=\"h-webinar-description\">Descri\u00e7\u00e3o do webinar<\/h2>\n\n<p>\u00c0 medida que as cidades do mundo inteiro enfrentam crises cada vez mais profundas de acessibilidade habitacional, as pol\u00edticas de inclus\u00e3o habitacional est\u00e3o surgindo como ferramentas poderosas para expandir o acesso a casas permanentemente acess\u00edveis. No entanto, ainda h\u00e1 d\u00favidas sobre como essas casas s\u00e3o administradas ao longo do tempo e como a acessibilidade pode ser protegida al\u00e9m dos per\u00edodos regulat\u00f3rios iniciais. <\/p>\n\n<p>Em 3 de fevereiro de 2026, a European CLT Network e o International Center for Community Land Trusts ser\u00e3o os anfitri\u00f5es de um webinar internacional que explorar\u00e1 como as pol\u00edticas de inclus\u00e3o de moradias podem ser combinadas com as CLTs para garantir uma acessibilidade duradoura, fortalecer a administra\u00e7\u00e3o da terra, promover a coes\u00e3o social e expandir o acesso a moradias est\u00e1veis e controladas pela comunidade. Os termos &#8220;habita\u00e7\u00e3o de inclus\u00e3o&#8221; e &#8220;zoneamento de inclus\u00e3o&#8221; referem-se a uma s\u00e9rie de pol\u00edticas locais (ou, \u00e0s vezes, estaduais) que levam os incorporadores residenciais a incluir casas a pre\u00e7os acess\u00edveis em novos edif\u00edcios ou subdivis\u00f5es. Em alguns casos, essas pol\u00edticas exigem que cada novo projeto inclua alguma porcentagem de unidades econ\u00f4micas. Em outros casos, a jurisdi\u00e7\u00e3o oferece incentivos, como aumento de densidade ou redu\u00e7\u00e3o de taxas, que s\u00f3 est\u00e3o dispon\u00edveis para projetos que voluntariamente optam por incluir unidades acess\u00edveis.   <\/p>\n\n<p>Com base em experi\u00eancias dos Estados Unidos e da Europa, a sess\u00e3o examinar\u00e1 como os CLTs podem atuar como administradores de longo prazo de casas produzidas por meio de programas habitacionais de inclus\u00e3o &#8211; e por que essa parceria \u00e9 essencial para preservar a acessibilidade econ\u00f4mica ao longo das gera\u00e7\u00f5es. Os apresentadores destacar\u00e3o os principais desafios e oportunidades, incluindo a complexidade administrativa dos mecanismos de inclus\u00e3o, as li\u00e7\u00f5es aprendidas com a pr\u00e1tica de zoneamento de inclus\u00e3o dos EUA e o potencial de adapta\u00e7\u00e3o e refinamento dessas ferramentas nas estruturas pol\u00edticas europeias. <\/p>\n\n<p>Moderado por Eduard Cabr\u00e9 (Espanha), os palestrantes incluem:<\/p>\n\n<ul class=\"wp-block-list\">\n<li style=\"font-size:clamp(14px, 0.875rem + ((1vw - 3.2px) * 0.313), 18px);\">Dev Goetschius, Housing Land Trust of the North Bay, Diretor Executivo (EUA)<\/li>\n\n\n\n<li style=\"font-size:clamp(14px, 0.875rem + ((1vw - 3.2px) * 0.313), 18px);\">Jean-Baptiste Debrandt, Cidade de Lille, Chefe do Departamento de Habita\u00e7\u00e3o (Fran\u00e7a)<\/li>\n\n\n\n<li style=\"font-size:clamp(14px, 0.875rem + ((1vw - 3.2px) * 0.313), 18px);\">Jean-Marie Halleux, Universidade de Li\u00e8ge (B\u00e9lgica)<\/li>\n\n\n\n<li style=\"font-size:clamp(14px, 0.875rem + ((1vw - 3.2px) * 0.313), 18px);\">Rick Jacobus, Street Level Advisors, diretor (EUA)<\/li>\n<\/ul>\n\n<p>Destinado a profissionais de CLT, formuladores de pol\u00edticas, defensores da moradia e autoridades municipais, os participantes ter\u00e3o uma compreens\u00e3o mais clara de como funcionam as pol\u00edticas de inclus\u00e3o habitacional, o que as torna eficazes e como os CLTs podem fazer parcerias com as autoridades p\u00fablicas para administrar unidades, incorporar a equidade e garantir o benef\u00edcio da comunidade a longo prazo. O webinar ser\u00e1 realizado em ingl\u00eas, com legendas em franc\u00eas e espanhol adicionadas \u00e0 grava\u00e7\u00e3o quando ela for publicada no YouTube. <\/p>\n\n<h3 class=\"wp-block-heading\" id=\"h-support-this-work\"><strong>Apoie este trabalho<\/strong><\/h3>\n\n<p>O Centro CLT re\u00fane profissionais, pesquisadores e comunidades de diferentes regi\u00f5es para compartilhar experi\u00eancias e fortalecer o movimento CLT globalmente. Este evento \u00e9 gratuito e aberto a todos. Se voc\u00ea estiver em condi\u00e7\u00f5es de apoiar nosso trabalho, sua contribui\u00e7\u00e3o nos ajudar\u00e1 a continuar oferecendo eventos gratuitos, recursos e oportunidades de interc\u00e2mbio entre colegas em todos os contextos.  <\/p>\n\n<div class=\"wp-block-buttons alignwide is-content-justification-center is-layout-flex wp-container-core-buttons-is-layout-a89b3969 wp-block-buttons-is-layout-flex\">\n<div class=\"wp-block-button is-style-outline is-style-outline--3\"><a class=\"wp-block-button__link has-text-align-center wp-element-button\" href=\"https:\/\/www.cltweb.org\/pt-br\/sobre-nos\/doar\/\" style=\"padding-top:0;padding-right:var(--wp--preset--spacing--80);padding-bottom:0;padding-left:var(--wp--preset--spacing--80)\" target=\"_blank\" rel=\"noreferrer noopener\"><strong>Apoie nosso trabalho<\/strong><\/a><\/div>\n<\/div>\n\n<div style=\"height:42px\" aria-hidden=\"true\" class=\"wp-block-spacer\"><\/div>\n\n<h2 class=\"wp-block-heading\" id=\"h-moderator-and-speakers\">Moderador e palestrantes<\/h2>\n\n<figure class=\"wp-block-image alignright size-full is-resized\"><img loading=\"lazy\" decoding=\"async\" width=\"1376\" height=\"1294\" src=\"https:\/\/www.cltweb.org\/wp-content\/uploads\/2026\/01\/Eduard-Dublin-2025.png\" alt=\"\" class=\"wp-image-10976\" style=\"width:145px;height:auto\" srcset=\"https:\/\/www.cltweb.org\/wp-content\/uploads\/2026\/01\/Eduard-Dublin-2025.png 1376w, https:\/\/www.cltweb.org\/wp-content\/uploads\/2026\/01\/Eduard-Dublin-2025-300x282.png 300w, https:\/\/www.cltweb.org\/wp-content\/uploads\/2026\/01\/Eduard-Dublin-2025-1024x963.png 1024w, https:\/\/www.cltweb.org\/wp-content\/uploads\/2026\/01\/Eduard-Dublin-2025-768x722.png 768w\" sizes=\"auto, (max-width: 1376px) 100vw, 1376px\" \/><\/figure>\n\n<p><strong>Eduard Cabr\u00e9<\/strong>, Consultor de Pol\u00edticas Habitacionais (Espanha)<\/p>\n\n<p>EDUARD CABR\u00c9 trabalha como consultor de pol\u00edticas habitacionais para governos locais e organiza\u00e7\u00f5es sem fins lucrativos. Atualmente, ele assessora o Instituto Municipal de Habita\u00e7\u00e3o e Renova\u00e7\u00e3o de Barcelona em projetos europeus e de inova\u00e7\u00e3o, e colabora regularmente com o Conselho Provincial de Barcelona, o Conselho Provincial de Girona e conselhos municipais em toda a Catalunha. <\/p>\n\n<p>Ele \u00e9 formado em Ci\u00eancias Pol\u00edticas pela Universidade Pompeu Fabra, tem mestrado em Gest\u00e3o e Avalia\u00e7\u00e3o Urbana pela Universidade Polit\u00e9cnica da Catalunha e mestrado em Planejamento Urbano pela Universidade de Nova York.<\/p>\n\n<figure class=\"wp-block-image alignright size-full is-resized\"><img loading=\"lazy\" decoding=\"async\" width=\"279\" height=\"271\" src=\"https:\/\/www.cltweb.org\/wp-content\/uploads\/2026\/01\/Screenshot-2026-01-06-at-5.09.42-PM.png\" alt=\"\" class=\"wp-image-10992\" style=\"width:142px\"\/><\/figure>\n\n<p><strong>Jean-Baptiste Debrandt<\/strong>, Cidade de Lille, Chefe do Departamento de Habita\u00e7\u00e3o (Fran\u00e7a)<\/p>\n\n<p>JEAN-BAPTISTE DEBRANDT \u00e9 funcion\u00e1rio da cidade de Lille, ocupando o cargo de Chefe do Departamento de Habita\u00e7\u00e3o. Ele est\u00e1 envolvido em projetos europeus relacionados ao desenvolvimento sustent\u00e1vel. <\/p>\n\n<div style=\"height:61px\" aria-hidden=\"true\" class=\"wp-block-spacer\"><\/div>\n\n<figure class=\"wp-block-image alignright size-full is-resized\"><img loading=\"lazy\" decoding=\"async\" width=\"190\" height=\"185\" src=\"https:\/\/www.cltweb.org\/wp-content\/uploads\/2026\/01\/Dev.png\" alt=\"\" class=\"wp-image-10977\" style=\"aspect-ratio:1;object-fit:cover;width:142px;height:auto\"\/><\/figure>\n\n<p><strong>Dev Goetschius, <\/strong><a href=\"https:\/\/www.housinglandtrust.org\/\" target=\"_blank\" rel=\"noreferrer noopener\">Housing Land Trust of the North Bay<\/a>, Diretor Executivo (EUA)<\/p>\n\n<p>DEVIKA &#8220;DEV&#8221; GOETSCHIUS \u00e9 um l\u00edder reconhecido nacionalmente em community land trusts e propriedade de im\u00f3veis permanentemente acess\u00edveis, com mais de duas d\u00e9cadas de experi\u00eancia em desenvolvimento de moradias equitativas. Como diretora executiva do Housing Land Trust do condado de Sonoma e s\u00f3cia da Burlington Associates in Community Development, Dev ajudou a lan\u00e7ar e apoiar dezenas de programas de moradia compartilhada nos EUA. Ela tamb\u00e9m atua nas diretorias da Generation Housing e do International Center for Community Land Trusts, al\u00e9m de ser uma consultora de confian\u00e7a de governos locais, organiza\u00e7\u00f5es sem fins lucrativos e afiliadas da Habitat for Humanity. Fluente em espanhol, hindi e sindi, Dev traz uma abordagem multil\u00edngue e centrada na comunidade para seu trabalho, fundamentada em um compromisso com a acessibilidade de longo prazo e a justi\u00e7a habitacional.   <\/p>\n\n<figure class=\"wp-block-image alignright size-full is-resized\"><img loading=\"lazy\" decoding=\"async\" width=\"640\" height=\"480\" src=\"https:\/\/www.cltweb.org\/wp-content\/uploads\/2026\/01\/Jean-Marie.jpg\" alt=\"\" class=\"wp-image-10978\" style=\"aspect-ratio:1;object-fit:cover;width:141px\" srcset=\"https:\/\/www.cltweb.org\/wp-content\/uploads\/2026\/01\/Jean-Marie.jpg 640w, https:\/\/www.cltweb.org\/wp-content\/uploads\/2026\/01\/Jean-Marie-300x225.jpg 300w\" sizes=\"auto, (max-width: 640px) 100vw, 640px\" \/><\/figure>\n\n<p><strong>Jean-Marie Halleux,<\/strong> Universidade de Li\u00e8ge, Professor (B\u00e9lgica)<\/p>\n\n<p>JEAN-MARIE HALLEUX \u00e9 professor da Universidade de Li\u00e8ge (B\u00e9lgica), onde leciona geografia econ\u00f4mica e planejamento espacial. Sua pesquisa se concentra nas rela\u00e7\u00f5es entre geografia, economia urbana e planejamento espacial. Ele participou de v\u00e1rios programas de pesquisa europeus (Interreg, COST, PUCA, JPI Urban Europe), por meio dos quais desenvolveu experi\u00eancia na compara\u00e7\u00e3o internacional de pol\u00edticas de terra e sistemas de planejamento. Sua pesquisa comparativa se concentra em culturas de planejamento, densifica\u00e7\u00e3o branda, sobriedade da terra (sem ocupa\u00e7\u00e3o l\u00edquida da terra), captura do valor da terra e o impacto da terra industrial no desenvolvimento econ\u00f4mico. Em 2022, ele foi um dos editores do livro <em>Public Value Capture of Increasing Property Values across Europe (Captura de valor p\u00fablico de aumento de valores de propriedade na Europa)<\/em>, que oferece uma vis\u00e3o geral e uma discuss\u00e3o sobre instrumentos e pr\u00e1ticas de captura de valor da terra em 29 pa\u00edses.    <\/p>\n\n<figure class=\"wp-block-image alignright size-full is-resized\"><img loading=\"lazy\" decoding=\"async\" width=\"604\" height=\"566\" src=\"https:\/\/www.cltweb.org\/wp-content\/uploads\/2026\/01\/RickJacobus.jpg\" alt=\"\" class=\"wp-image-10979\" style=\"aspect-ratio:1;object-fit:cover;width:141px;height:auto\" srcset=\"https:\/\/www.cltweb.org\/wp-content\/uploads\/2026\/01\/RickJacobus.jpg 604w, https:\/\/www.cltweb.org\/wp-content\/uploads\/2026\/01\/RickJacobus-300x281.jpg 300w\" sizes=\"auto, (max-width: 604px) 100vw, 604px\" \/><\/figure>\n\n<p><strong>Rick Jacobus,<\/strong> <a href=\"http:\/\/streetleveladvisors.com\" target=\"_blank\" rel=\"noreferrer noopener\">consultores de impacto urbano da Street Level<\/a>, Prinicipal (EUA)<\/p>\n\n<p>RICK JACOBUS \u00e9 um dos maiores especialistas do pa\u00eds em inclus\u00e3o de moradias e propriedade de im\u00f3veis a pre\u00e7os acess\u00edveis.<\/p>\n\n<p>Rick \u00e9 o autor de Inclusionary Housing: Creating and Maintaining Equitable Communities (Habita\u00e7\u00e3o Inclusiva: Criando e Mantendo Comunidades Equitativas), que tem sido chamado de guia &#8220;obrigat\u00f3rio&#8221; para o projeto de pol\u00edticas de habita\u00e7\u00e3o inclusiva. Rick trabalhou diretamente com os Conselhos Municipais de Denver, Seattle e San Jose para orientar a reformula\u00e7\u00e3o do programa de inclus\u00e3o habitacional de cada cidade. Al\u00e9m disso, ele prestou consultoria sobre o projeto e a implementa\u00e7\u00e3o de programas de inclus\u00e3o de moradias em mais de uma d\u00fazia de cidades, incluindo Nova York, Minneapolis, S\u00e3o Francisco, Santa Monica, Palo Alto, Chicago e Atlanta.  <\/p>\n\n<p>Ele tamb\u00e9m foi bolsista do Lincoln Institute for Land Policy, professor do Department of City and Regional Planning da UC Berkeley e diretor s\u00eanior de programas da Local Initiatives Support Corporation.<\/p>\n\n<p>Ele \u00e9 bacharel pela Oberlin College e tem mestrado em planejamento urbano pela Universidade da Calif\u00f3rnia em Berkeley.<\/p>\n\n<p><br\/><\/p>\n<div  class=\"tribe-block tribe-block__organizer__details tribe-clearfix\" >\n\t<div class=\"tribe-block__organizer__title\">\n\t\t<h3><a href=\"https:\/\/www.cltweb.org\/organizador\/international-center-for-community-land-trusts\/\" title=\"International Center for Community Land Trusts\" target=\"_self\" rel=\"\">International Center for Community Land Trusts<\/a><\/h3>\n\t<\/div>\n\t\t\t\t<p class=\"tribe-block__organizer__website\"><a href=\"https:\/\/www.cltweb.org\" target=\"_blank\" rel=\"noopener noreferrer\">Ver site do Organizador<\/a><\/p>\n\t\t\t\t<p class=\"tribe-block__organizer__email\">info&#064;co&#109;m&#117;&#110;i&#116;y&#108;&#097;&#110;d&#116;ru&#115;&#116;&#046;net<\/p>\n\t<\/div>\n<div  class=\"tribe-block tribe-block__venue tribe-clearfix\" >\n\t\n\t\t\n\t<\/div>\n\t<div  class=\"tribe-block tribe-block__events-link\" >\n\t\t<div class=\"tribe-events tribe-common\">\n\t\t\t<div class=\"tribe-events-c-subscribe-dropdown__container\">\n\t\t\t\t<div class=\"tribe-events-c-subscribe-dropdown\">\n\t\t\t\t\t<div class=\"tribe-common-c-btn-border tribe-events-c-subscribe-dropdown__button\">\n\t\t\t\t\t\t<svg\n\t class=\"tribe-common-c-svgicon tribe-common-c-svgicon--cal-export tribe-events-c-subscribe-dropdown__export-icon\" \taria-hidden=\"true\"\n\tviewBox=\"0 0 23 17\"\n\txmlns=\"http:\/\/www.w3.org\/2000\/svg\"\n>\n\t<path fill-rule=\"evenodd\" clip-rule=\"evenodd\" d=\"M.128.896V16.13c0 .211.145.383.323.383h15.354c.179 0 .323-.172.323-.383V.896c0-.212-.144-.383-.323-.383H.451C.273.513.128.684.128.896Zm16 6.742h-.901V4.679H1.009v10.729h14.218v-3.336h.901V7.638ZM1.01 1.614h14.218v2.058H1.009V1.614Z\" \/>\n\t<path d=\"M20.5 9.846H8.312M18.524 6.953l2.89 2.909-2.855 2.855\" stroke-width=\"1.2\" stroke-linecap=\"round\" stroke-linejoin=\"round\"\/>\n<\/svg>\n\t\t\t\t\t\t<button\n\t\t\t\t\t\t\tclass=\"tribe-events-c-subscribe-dropdown__button-text\"\n\t\t\t\t\t\t\taria-expanded=\"false\"\n\t\t\t\t\t\t\taria-controls=\"tribe-events-subscribe-dropdown-content\"\n\t\t\t\t\t\t\taria-label=\"View links to add events to your calendar\"\n\t\t\t\t\t\t>\n\t\t\t\t\t\t\tAdicionar ao calend\u00e1rio\t\t\t\t\t\t<\/button>\n\t\t\t\t\t\t<svg\n\t class=\"tribe-common-c-svgicon tribe-common-c-svgicon--caret-down tribe-events-c-subscribe-dropdown__button-icon\" \taria-hidden=\"true\"\n\tviewBox=\"0 0 10 7\"\n\txmlns=\"http:\/\/www.w3.org\/2000\/svg\"\n>\n\t<path fill-rule=\"evenodd\" clip-rule=\"evenodd\" d=\"M1.008.609L5 4.6 8.992.61l.958.958L5 6.517.05 1.566l.958-.958z\" class=\"tribe-common-c-svgicon__svg-fill\"\/>\n<\/svg>\n\t\t\t\t\t<\/div>\n\t\t\t\t\t<div id=\"tribe-events-subscribe-dropdown-content\" class=\"tribe-events-c-subscribe-dropdown__content\">\n\t\t\t\t\t\t<ul class=\"tribe-events-c-subscribe-dropdown__list\">\n\t\t\t\t\t\t\t\t\t\t\t\t\t\t\t<li class=\"tribe-events-c-subscribe-dropdown__list-item tribe-events-c-subscribe-dropdown__list-item--gcal\">\n\t\t\t\t\t\t\t\t\t<a\n\t\t\t\t\t\t\t\t\t\thref=\"https:\/\/www.google.com\/calendar\/event?action=TEMPLATE&#038;dates=20260203T110000\/20260203T123000&#038;text=Habita%C3%A7%C3%A3o%20inclusiva%20e%20o%20papel%20dos%20CLTs%3A%20Cross-Regional%20Perspectives%20on%20Land%20Policy%20and%20Long-Term%20Affordability%20%28Perspectivas%20inter-regionais%20sobre%20pol%C3%ADtica%20fundi%C3%A1ria%20e%20acessibilidade%20de%20longo%20prazo%29&#038;details=%3Cdiv+class%3D%22wp-block-buttons+alignwide%22%3E%3Cdiv+class%3D%22wp-block-button+is-style-outline%22%3E%3Ca+class%3D%22wp-block-button__link+has-text-align-center+wp-element-button%22+href%3D%22https%3A%2F%2Fus06web.zoom.us%2Fwebinar%2Fregister%2FWN_K7nghILbTGOFGOl3rRkBcA%22+style%3D%22padding-top%3A0%3Bpadding-right%3Avar%28--wp--preset--spacing--80%29%3Bpadding-bottom%3A0%3Bpadding-left%3Avar%28--wp--preset--spacing--80%29%22+target%3D%22_blank%22+rel%3D%22noreferrer+noopener%22%3E%3Cstrong%3ERegistre-se+aqui%3C%2Fstrong%3E%3C%2Fa%3E%3C%2Fdiv%3E%3C%2Fdiv%3E%3Cdiv+style%3D%22height%3A42px%22+aria-hidden%3D%22true%22+class%3D%22wp-block-spacer%22%3E%3C%2Fdiv%3E%3Cfigure+class%3D%22wp-block-image+aligncenter+size-large%22%3E%3Ca+href%3D%22https%3A%2F%2Fus06web.zoom.us%2Fwebinar%2Fregister%2FWN_K7nghILbTGOFGOl3rRkBcA%22+target%3D%22_blank%22+rel%3D%22+noreferrer+noopener%22%3E%3Cimg+src%3D%22https%3A%2F%2Fwww.cltweb.org%2Fwp-content%2Fuploads%2F2026%2F01%2FGraphic_EN-1024x683.png%22+alt%3D%22%22+class%3D%22wp-image-11027%22%2F%3E%3C%2Fa%3E%3C%2Ffigure%3E%3Ch2+class%3D%22wp-block-heading%22+id%3D%22h-webinar-description%22%3EDescri%C3%A7%C3%A3o+do+webinar%3C%2Fh2%3E%3Cp%3E%C3%80+medida+que+as+cidades+do+mundo+inteiro+enfrentam+crises+cada+vez+ma%3C%2Fp%3E+%28Veja+a+descri%C3%A7%C3%A3o+completa+de+evento+aqui%3A+https%3A%2F%2Fwww.cltweb.org%2Fpt-br%2Fevent%2Fhabitacao-inclusiva-e-o-papel-dos-clts-cross-regional-perspectives-on-land-policy-and-long-term-affordability-perspectivas-inter-regionais-sobre-politica-fundiaria-e-acessibilidade-de-longo-prazo%2F%29&#038;trp=false&#038;ctz=UTC+0&#038;sprop=website:https:\/\/www.cltweb.org\/pt-br\/\"\n\t\t\t\t\t\t\t\t\t\tclass=\"tribe-events-c-subscribe-dropdown__list-item-link\"\n\t\t\t\t\t\t\t\t\t\ttarget=\"_blank\"\n\t\t\t\t\t\t\t\t\t\trel=\"noopener noreferrer nofollow noindex\"\n\t\t\t\t\t\t\t\t\t>\n\t\t\t\t\t\t\t\t\t\tGoogle Agenda\t\t\t\t\t\t\t\t\t<\/a>\n\t\t\t\t\t\t\t\t<\/li>\n\t\t\t\t\t\t\t\t\t\t\t\t\t\t\t<li class=\"tribe-events-c-subscribe-dropdown__list-item tribe-events-c-subscribe-dropdown__list-item--ical\">\n\t\t\t\t\t\t\t\t\t<a\n\t\t\t\t\t\t\t\t\t\thref=\"\"\n\t\t\t\t\t\t\t\t\t\tclass=\"tribe-events-c-subscribe-dropdown__list-item-link\"\n\t\t\t\t\t\t\t\t\t\ttarget=\"_blank\"\n\t\t\t\t\t\t\t\t\t\trel=\"noopener noreferrer nofollow noindex\"\n\t\t\t\t\t\t\t\t\t>\n\t\t\t\t\t\t\t\t\t\tiCalendar\t\t\t\t\t\t\t\t\t<\/a>\n\t\t\t\t\t\t\t\t<\/li>\n\t\t\t\t\t\t\t\t\t\t\t\t\t\t\t<li class=\"tribe-events-c-subscribe-dropdown__list-item tribe-events-c-subscribe-dropdown__list-item--outlook-365\">\n\t\t\t\t\t\t\t\t\t<a\n\t\t\t\t\t\t\t\t\t\thref=\"\"\n\t\t\t\t\t\t\t\t\t\tclass=\"tribe-events-c-subscribe-dropdown__list-item-link\"\n\t\t\t\t\t\t\t\t\t\ttarget=\"_blank\"\n\t\t\t\t\t\t\t\t\t\trel=\"noopener noreferrer nofollow noindex\"\n\t\t\t\t\t\t\t\t\t>\n\t\t\t\t\t\t\t\t\t\tOutlook 365\t\t\t\t\t\t\t\t\t<\/a>\n\t\t\t\t\t\t\t\t<\/li>\n\t\t\t\t\t\t\t\t\t\t\t\t\t\t\t<li class=\"tribe-events-c-subscribe-dropdown__list-item tribe-events-c-subscribe-dropdown__list-item--outlook-live\">\n\t\t\t\t\t\t\t\t\t<a\n\t\t\t\t\t\t\t\t\t\thref=\"\"\n\t\t\t\t\t\t\t\t\t\tclass=\"tribe-events-c-subscribe-dropdown__list-item-link\"\n\t\t\t\t\t\t\t\t\t\ttarget=\"_blank\"\n\t\t\t\t\t\t\t\t\t\trel=\"noopener noreferrer nofollow noindex\"\n\t\t\t\t\t\t\t\t\t>\n\t\t\t\t\t\t\t\t\t\tOutlook Live\t\t\t\t\t\t\t\t\t<\/a>\n\t\t\t\t\t\t\t\t<\/li>\n\t\t\t\t\t\t\t\t\t\t\t\t\t<\/ul>\n\t\t\t\t\t<\/div>\n\t\t\t\t<\/div>\n\t\t\t<\/div>\n\t\t<\/div>\n\t<\/div>\n\n<h2 class=\"tribe-block__related-events__title\">Eventos relacionados<\/h2>\n\n<ul  class=\"tribe-related-events tribe-clearfix\" >\n\t\t\t<li>\n\t\n<div class=\"tribe-related-events-thumbnail\">\n\t<a href=\"https:\/\/www.cltweb.org\/pt-br\/event\/enraizado-na-justica-centrando-comunidades-carentes-na-pratica-do-clt\/\" class=\"url\" rel=\"bookmark\" tabindex=\"-1\" aria-hidden=\"true\"><img loading=\"lazy\" decoding=\"async\" width=\"1024\" height=\"1024\" src=\"https:\/\/www.cltweb.org\/wp-content\/uploads\/2026\/03\/Rondo-Event-Square-1-1024x1024.png\" class=\"attachment-large size-large wp-post-image\" alt=\"\" \/><\/a>\n<\/div>\n\t<div class=\"tribe-related-event-info\">\n\t<h3 class=\"tribe-related-events-title\">\n\t\t<a href=\"https:\/\/www.cltweb.org\/pt-br\/event\/enraizado-na-justica-centrando-comunidades-carentes-na-pratica-do-clt\/\" class=\"tribe-event-url\" rel=\"bookmark\">\n\t\t\tEnraizado na justi\u00e7a: Centrando comunidades carentes na pr\u00e1tica do CLT\t\t<\/a>\n\t<\/h3>\n\t<span class=\"tribe-event-date-start\">maio 5 @ 10:00<\/span> &#8211; <span class=\"tribe-event-time\">11:30<\/span> <span class='timezone'> UTC-4 <\/span><\/div>\n<\/li>\n\t\t\t<li>\n\t\n<div class=\"tribe-related-events-thumbnail\">\n\t<a href=\"https:\/\/www.cltweb.org\/pt-br\/event\/termos-territoriais-coletivos-no-brasil-aprendizados-desafios-e-perspectivas\/\" class=\"url\" rel=\"bookmark\" tabindex=\"-1\" aria-hidden=\"true\"><img loading=\"lazy\" decoding=\"async\" width=\"1024\" height=\"1024\" src=\"https:\/\/www.cltweb.org\/wp-content\/uploads\/2026\/03\/5-May_Brazil-1024x1024.png\" class=\"attachment-large size-large wp-post-image\" alt=\"\" \/><\/a>\n<\/div>\n\t<div class=\"tribe-related-event-info\">\n\t<h3 class=\"tribe-related-events-title\">\n\t\t<a href=\"https:\/\/www.cltweb.org\/pt-br\/event\/termos-territoriais-coletivos-no-brasil-aprendizados-desafios-e-perspectivas\/\" class=\"tribe-event-url\" rel=\"bookmark\">\n\t\t\tTermos Territoriais Coletivos no Brasil: Aprendizados, Desafios e Perspectivas\t\t<\/a>\n\t<\/h3>\n\t<span class=\"tribe-event-date-start\">maio 5 @ 13:00<\/span> &#8211; <span class=\"tribe-event-time\">14:30<\/span> <span class='timezone'> UTC-4 <\/span><\/div>\n<\/li>\n\t\t\t<li>\n\t\n<div class=\"tribe-related-events-thumbnail\">\n\t<a href=\"https:\/\/www.cltweb.org\/pt-br\/event\/o-que-estamos-aprendendo-no-sul-global-uma-conversa-sobre-clts-em-todos-os-contextos\/\" class=\"url\" rel=\"bookmark\" tabindex=\"-1\" aria-hidden=\"true\"><img loading=\"lazy\" decoding=\"async\" width=\"1024\" height=\"1024\" src=\"https:\/\/www.cltweb.org\/wp-content\/uploads\/2026\/03\/CLT-Center-Event-Square-1024x1024.png\" class=\"attachment-large size-large wp-post-image\" alt=\"\" \/><\/a>\n<\/div>\n\t<div class=\"tribe-related-event-info\">\n\t<h3 class=\"tribe-related-events-title\">\n\t\t<a href=\"https:\/\/www.cltweb.org\/pt-br\/event\/o-que-estamos-aprendendo-no-sul-global-uma-conversa-sobre-clts-em-todos-os-contextos\/\" class=\"tribe-event-url\" rel=\"bookmark\">\n\t\t\tO que estamos aprendendo no Sul Global: Uma conversa sobre CLTs em todos os contextos\t\t<\/a>\n\t<\/h3>\n\t<span class=\"tribe-event-date-start\">maio 12 @ 13:00<\/span> &#8211; <span class=\"tribe-event-time\">13:30<\/span> <span class='timezone'> UTC-3 <\/span><\/div>\n<\/li>\n\t<\/ul>\n","protected":false},"excerpt":{"rendered":"<p>Descri\u00e7\u00e3o do webinar \u00c0 medida que as cidades do mundo inteiro enfrentam crises cada vez mais profundas de acessibilidade habitacional, as pol\u00edticas de inclus\u00e3o habitacional est\u00e3o surgindo como ferramentas poderosas [&hellip;]<\/p>\n","protected":false},"author":2,"featured_media":0,"template":"","meta":{"give_campaign_id":0,"_tec_requires_first_save":false,"_kad_blocks_custom_css":"","_kad_blocks_head_custom_js":"","_kad_blocks_body_custom_js":"","_kad_blocks_footer_custom_js":"","_EventAllDay":false,"_EventTimezone":"UTC+0","_EventStartDate":"2026-02-03 11:00:00","_EventEndDate":"2026-02-03 12:30:00","_EventStartDateUTC":"2026-02-03 11:00:00","_EventEndDateUTC":"2026-02-03 12:30:00","_EventShowMap":false,"_EventShowMapLink":false,"_EventURL":"https:\/\/us06web.zoom.us\/webinar\/register\/WN_Dw8Ono2cSXC08TCyMWqauA","_EventCost":"","_EventCostDescription":"","_EventCurrencySymbol":"","_EventCurrencyCode":"","_EventCurrencyPosition":"","_EventDateTimeSeparator":"","_EventTimeRangeSeparator":"","_EventOrganizerID":[],"_EventVenueID":[],"_OrganizerEmail":"","_OrganizerPhone":"","_OrganizerWebsite":"","_VenueAddress":"","_VenueCity":"","_VenueCountry":"","_VenueProvince":"","_VenueState":"","_VenueZip":"","_VenuePhone":"","_VenueURL":"","_VenueStateProvince":"","_VenueLat":"","_VenueLng":"","_VenueShowMap":false,"_VenueShowMapLink":false,"_tribe_blocks_recurrence_rules":"","_tribe_blocks_recurrence_description":"","_tribe_blocks_recurrence_exclusions":"","_tribe_events_status":"","_tribe_events_status_reason":"","_tribe_events_is_hybrid":"","_tribe_events_is_virtual":"","_tribe_events_virtual_video_source":"","_tribe_events_virtual_embed_video":"","_tribe_events_virtual_linked_button_text":"","_tribe_events_virtual_linked_button":"","_tribe_events_virtual_show_embed_at":"","_tribe_events_virtual_show_embed_to":[],"_tribe_events_virtual_show_on_event":"","_tribe_events_virtual_show_on_views":"","_tribe_events_virtual_url":"","footnotes":""},"tags":[332,343,298],"tribe_events_cat":[],"class_list":["post-10984","tribe_events","type-tribe_events","status-publish","hentry","tag-fundo-de-terras-comunitario","tag-habitat-para-a-humanidade","tag-webinar-pt-br"],"blocksy_meta":[],"yoast_head":"<!-- This site is optimized with the Yoast SEO Premium plugin v27.4 (Yoast SEO v27.5) - https:\/\/yoast.com\/product\/yoast-seo-premium-wordpress\/ -->\n<title>Habita\u00e7\u00e3o inclusiva e o papel dos CLTs: Cross-Regional Perspectives on Land Policy and Long-Term Affordability (Perspectivas inter-regionais sobre pol\u00edtica fundi\u00e1ria e acessibilidade de longo prazo) - International Center for Community Land Trusts<\/title>\n<meta name=\"robots\" content=\"index, follow, max-snippet:-1, max-image-preview:large, max-video-preview:-1\" \/>\n<link rel=\"canonical\" href=\"https:\/\/www.cltweb.org\/pt-br\/event\/habitacao-inclusiva-e-o-papel-dos-clts-cross-regional-perspectives-on-land-policy-and-long-term-affordability-perspectivas-inter-regionais-sobre-politica-fundiaria-e-acessibilidade-de-longo-prazo\/\" \/>\n<meta property=\"og:locale\" content=\"pt_BR\" \/>\n<meta property=\"og:type\" content=\"article\" \/>\n<meta property=\"og:title\" content=\"Habita\u00e7\u00e3o inclusiva e o papel dos CLTs: Cross-Regional Perspectives on Land Policy and Long-Term Affordability (Perspectivas inter-regionais sobre pol\u00edtica fundi\u00e1ria e acessibilidade de longo prazo)\" \/>\n<meta property=\"og:description\" content=\"Descri\u00e7\u00e3o do webinar \u00c0 medida que as cidades do mundo inteiro enfrentam crises cada vez mais profundas de acessibilidade habitacional, as pol\u00edticas de inclus\u00e3o habitacional est\u00e3o surgindo como ferramentas poderosas [&hellip;]\" \/>\n<meta property=\"og:url\" content=\"https:\/\/www.cltweb.org\/pt-br\/event\/habitacao-inclusiva-e-o-papel-dos-clts-cross-regional-perspectives-on-land-policy-and-long-term-affordability-perspectivas-inter-regionais-sobre-politica-fundiaria-e-acessibilidade-de-longo-prazo\/\" \/>\n<meta property=\"og:site_name\" content=\"International Center for Community Land Trusts\" \/>\n<meta property=\"article:publisher\" content=\"https:\/\/www.facebook.com\/cltcenter\" \/>\n<meta property=\"article:modified_time\" content=\"2026-01-22T21:51:43+00:00\" \/>\n<meta property=\"og:image\" content=\"https:\/\/www.cltweb.org\/wp-content\/uploads\/2026\/01\/Graphic_EN-scaled.png\" \/>\n\t<meta property=\"og:image:width\" content=\"2560\" \/>\n\t<meta property=\"og:image:height\" content=\"1707\" \/>\n\t<meta property=\"og:image:type\" content=\"image\/png\" \/>\n<meta name=\"twitter:card\" content=\"summary_large_image\" \/>\n<meta name=\"twitter:site\" content=\"@Center4CLTs\" \/>\n<meta name=\"twitter:label1\" content=\"Est. tempo de leitura\" \/>\n\t<meta name=\"twitter:data1\" content=\"6 minutos\" \/>\n<script type=\"application\/ld+json\" class=\"yoast-schema-graph\">{\"@context\":\"https:\\\/\\\/schema.org\",\"@graph\":[{\"@type\":\"WebPage\",\"@id\":\"https:\\\/\\\/www.cltweb.org\\\/pt-br\\\/event\\\/habitacao-inclusiva-e-o-papel-dos-clts-cross-regional-perspectives-on-land-policy-and-long-term-affordability-perspectivas-inter-regionais-sobre-politica-fundiaria-e-acessibilidade-de-longo-prazo\\\/\",\"url\":\"https:\\\/\\\/www.cltweb.org\\\/pt-br\\\/event\\\/habitacao-inclusiva-e-o-papel-dos-clts-cross-regional-perspectives-on-land-policy-and-long-term-affordability-perspectivas-inter-regionais-sobre-politica-fundiaria-e-acessibilidade-de-longo-prazo\\\/\",\"name\":\"Habita\u00e7\u00e3o inclusiva e o papel dos CLTs: Cross-Regional Perspectives on Land Policy and Long-Term Affordability (Perspectivas inter-regionais sobre pol\u00edtica fundi\u00e1ria e acessibilidade de longo prazo) - International Center for Community Land Trusts\",\"isPartOf\":{\"@id\":\"https:\\\/\\\/www.cltweb.org\\\/pt-br\\\/#website\"},\"primaryImageOfPage\":{\"@id\":\"https:\\\/\\\/www.cltweb.org\\\/pt-br\\\/event\\\/habitacao-inclusiva-e-o-papel-dos-clts-cross-regional-perspectives-on-land-policy-and-long-term-affordability-perspectivas-inter-regionais-sobre-politica-fundiaria-e-acessibilidade-de-longo-prazo\\\/#primaryimage\"},\"image\":{\"@id\":\"https:\\\/\\\/www.cltweb.org\\\/pt-br\\\/event\\\/habitacao-inclusiva-e-o-papel-dos-clts-cross-regional-perspectives-on-land-policy-and-long-term-affordability-perspectivas-inter-regionais-sobre-politica-fundiaria-e-acessibilidade-de-longo-prazo\\\/#primaryimage\"},\"thumbnailUrl\":\"https:\\\/\\\/www.cltweb.org\\\/wp-content\\\/uploads\\\/2026\\\/01\\\/Graphic_EN-1024x683.png\",\"datePublished\":\"2026-01-06T22:12:06+00:00\",\"dateModified\":\"2026-01-22T21:51:43+00:00\",\"breadcrumb\":{\"@id\":\"https:\\\/\\\/www.cltweb.org\\\/pt-br\\\/event\\\/habitacao-inclusiva-e-o-papel-dos-clts-cross-regional-perspectives-on-land-policy-and-long-term-affordability-perspectivas-inter-regionais-sobre-politica-fundiaria-e-acessibilidade-de-longo-prazo\\\/#breadcrumb\"},\"inLanguage\":\"pt-BR\",\"potentialAction\":[{\"@type\":\"ReadAction\",\"target\":[\"https:\\\/\\\/www.cltweb.org\\\/pt-br\\\/event\\\/habitacao-inclusiva-e-o-papel-dos-clts-cross-regional-perspectives-on-land-policy-and-long-term-affordability-perspectivas-inter-regionais-sobre-politica-fundiaria-e-acessibilidade-de-longo-prazo\\\/\"]}]},{\"@type\":\"ImageObject\",\"inLanguage\":\"pt-BR\",\"@id\":\"https:\\\/\\\/www.cltweb.org\\\/pt-br\\\/event\\\/habitacao-inclusiva-e-o-papel-dos-clts-cross-regional-perspectives-on-land-policy-and-long-term-affordability-perspectivas-inter-regionais-sobre-politica-fundiaria-e-acessibilidade-de-longo-prazo\\\/#primaryimage\",\"url\":\"https:\\\/\\\/www.cltweb.org\\\/wp-content\\\/uploads\\\/2026\\\/01\\\/Graphic_EN-1024x683.png\",\"contentUrl\":\"https:\\\/\\\/www.cltweb.org\\\/wp-content\\\/uploads\\\/2026\\\/01\\\/Graphic_EN-1024x683.png\"},{\"@type\":\"BreadcrumbList\",\"@id\":\"https:\\\/\\\/www.cltweb.org\\\/pt-br\\\/event\\\/habitacao-inclusiva-e-o-papel-dos-clts-cross-regional-perspectives-on-land-policy-and-long-term-affordability-perspectivas-inter-regionais-sobre-politica-fundiaria-e-acessibilidade-de-longo-prazo\\\/#breadcrumb\",\"itemListElement\":[{\"@type\":\"ListItem\",\"position\":1,\"name\":\"Home\",\"item\":\"https:\\\/\\\/www.cltweb.org\\\/pt-br\\\/\"},{\"@type\":\"ListItem\",\"position\":2,\"name\":\"Eventos\",\"item\":\"https:\\\/\\\/www.cltweb.org\\\/pt-br\\\/events\\\/\"},{\"@type\":\"ListItem\",\"position\":3,\"name\":\"Habita\u00e7\u00e3o inclusiva e o papel dos CLTs: Cross-Regional Perspectives on Land Policy and Long-Term Affordability (Perspectivas inter-regionais sobre pol\u00edtica fundi\u00e1ria e acessibilidade de longo prazo)\"}]},{\"@type\":\"WebSite\",\"@id\":\"https:\\\/\\\/www.cltweb.org\\\/pt-br\\\/#website\",\"url\":\"https:\\\/\\\/www.cltweb.org\\\/pt-br\\\/\",\"name\":\"International Center for Community Land Trusts\",\"description\":\"\",\"publisher\":{\"@id\":\"https:\\\/\\\/www.cltweb.org\\\/pt-br\\\/#organization\"},\"potentialAction\":[{\"@type\":\"SearchAction\",\"target\":{\"@type\":\"EntryPoint\",\"urlTemplate\":\"https:\\\/\\\/www.cltweb.org\\\/pt-br\\\/?s={search_term_string}\"},\"query-input\":{\"@type\":\"PropertyValueSpecification\",\"valueRequired\":true,\"valueName\":\"search_term_string\"}}],\"inLanguage\":\"pt-BR\"},{\"@type\":\"Organization\",\"@id\":\"https:\\\/\\\/www.cltweb.org\\\/pt-br\\\/#organization\",\"name\":\"International Center for Community Land Trusts\",\"url\":\"https:\\\/\\\/www.cltweb.org\\\/pt-br\\\/\",\"logo\":{\"@type\":\"ImageObject\",\"inLanguage\":\"pt-BR\",\"@id\":\"https:\\\/\\\/www.cltweb.org\\\/pt-br\\\/#\\\/schema\\\/logo\\\/image\\\/\",\"url\":\"https:\\\/\\\/www.cltweb.org\\\/wp-content\\\/uploads\\\/2024\\\/11\\\/New-CLT-Center-Text-logo.png\",\"contentUrl\":\"https:\\\/\\\/www.cltweb.org\\\/wp-content\\\/uploads\\\/2024\\\/11\\\/New-CLT-Center-Text-logo.png\",\"width\":227,\"height\":80,\"caption\":\"International Center for Community Land Trusts\"},\"image\":{\"@id\":\"https:\\\/\\\/www.cltweb.org\\\/pt-br\\\/#\\\/schema\\\/logo\\\/image\\\/\"},\"sameAs\":[\"https:\\\/\\\/www.facebook.com\\\/cltcenter\",\"https:\\\/\\\/x.com\\\/Center4CLTs\",\"https:\\\/\\\/www.instagram.com\\\/cltcenter\\\/\",\"https:\\\/\\\/www.linkedin.com\\\/company\\\/cltcenter\",\"https:\\\/\\\/www.youtube.com\\\/@centerforcltinnovation5313\"],\"description\":\"The International Center for Community Land Trusts is a not-for-profit nongovernmental organization established in 2018 to promote and to support community land trusts and similar strategies of community-led development on community-owned land in countries throughout the world.\",\"email\":\"info@communitylandtrust.net\",\"legalName\":\"International Center for Community Land Trusts\",\"foundingDate\":\"2018-12-01\",\"taxID\":\"84-3858933\",\"numberOfEmployees\":{\"@type\":\"QuantitativeValue\",\"minValue\":\"1\",\"maxValue\":\"10\"}}]}<\/script>\n<!-- \/ Yoast SEO Premium plugin. -->","yoast_head_json":{"title":"Habita\u00e7\u00e3o inclusiva e o papel dos CLTs: Cross-Regional Perspectives on Land Policy and Long-Term Affordability (Perspectivas inter-regionais sobre pol\u00edtica fundi\u00e1ria e acessibilidade de longo prazo) - International Center for Community Land Trusts","robots":{"index":"index","follow":"follow","max-snippet":"max-snippet:-1","max-image-preview":"max-image-preview:large","max-video-preview":"max-video-preview:-1"},"canonical":"https:\/\/www.cltweb.org\/pt-br\/event\/habitacao-inclusiva-e-o-papel-dos-clts-cross-regional-perspectives-on-land-policy-and-long-term-affordability-perspectivas-inter-regionais-sobre-politica-fundiaria-e-acessibilidade-de-longo-prazo\/","og_locale":"pt_BR","og_type":"article","og_title":"Habita\u00e7\u00e3o inclusiva e o papel dos CLTs: Cross-Regional Perspectives on Land Policy and Long-Term Affordability (Perspectivas inter-regionais sobre pol\u00edtica fundi\u00e1ria e acessibilidade de longo prazo)","og_description":"Descri\u00e7\u00e3o do webinar \u00c0 medida que as cidades do mundo inteiro enfrentam crises cada vez mais profundas de acessibilidade habitacional, as pol\u00edticas de inclus\u00e3o habitacional est\u00e3o surgindo como ferramentas poderosas [&hellip;]","og_url":"https:\/\/www.cltweb.org\/pt-br\/event\/habitacao-inclusiva-e-o-papel-dos-clts-cross-regional-perspectives-on-land-policy-and-long-term-affordability-perspectivas-inter-regionais-sobre-politica-fundiaria-e-acessibilidade-de-longo-prazo\/","og_site_name":"International Center for Community Land Trusts","article_publisher":"https:\/\/www.facebook.com\/cltcenter","article_modified_time":"2026-01-22T21:51:43+00:00","og_image":[{"width":2560,"height":1707,"url":"https:\/\/www.cltweb.org\/wp-content\/uploads\/2026\/01\/Graphic_EN-scaled.png","type":"image\/png"}],"twitter_card":"summary_large_image","twitter_site":"@Center4CLTs","twitter_misc":{"Est. tempo de leitura":"6 minutos"},"schema":{"@context":"https:\/\/schema.org","@graph":[{"@type":"WebPage","@id":"https:\/\/www.cltweb.org\/pt-br\/event\/habitacao-inclusiva-e-o-papel-dos-clts-cross-regional-perspectives-on-land-policy-and-long-term-affordability-perspectivas-inter-regionais-sobre-politica-fundiaria-e-acessibilidade-de-longo-prazo\/","url":"https:\/\/www.cltweb.org\/pt-br\/event\/habitacao-inclusiva-e-o-papel-dos-clts-cross-regional-perspectives-on-land-policy-and-long-term-affordability-perspectivas-inter-regionais-sobre-politica-fundiaria-e-acessibilidade-de-longo-prazo\/","name":"Habita\u00e7\u00e3o inclusiva e o papel dos CLTs: Cross-Regional Perspectives on Land Policy and Long-Term Affordability (Perspectivas inter-regionais sobre pol\u00edtica fundi\u00e1ria e acessibilidade de longo prazo) - International Center for Community Land Trusts","isPartOf":{"@id":"https:\/\/www.cltweb.org\/pt-br\/#website"},"primaryImageOfPage":{"@id":"https:\/\/www.cltweb.org\/pt-br\/event\/habitacao-inclusiva-e-o-papel-dos-clts-cross-regional-perspectives-on-land-policy-and-long-term-affordability-perspectivas-inter-regionais-sobre-politica-fundiaria-e-acessibilidade-de-longo-prazo\/#primaryimage"},"image":{"@id":"https:\/\/www.cltweb.org\/pt-br\/event\/habitacao-inclusiva-e-o-papel-dos-clts-cross-regional-perspectives-on-land-policy-and-long-term-affordability-perspectivas-inter-regionais-sobre-politica-fundiaria-e-acessibilidade-de-longo-prazo\/#primaryimage"},"thumbnailUrl":"https:\/\/www.cltweb.org\/wp-content\/uploads\/2026\/01\/Graphic_EN-1024x683.png","datePublished":"2026-01-06T22:12:06+00:00","dateModified":"2026-01-22T21:51:43+00:00","breadcrumb":{"@id":"https:\/\/www.cltweb.org\/pt-br\/event\/habitacao-inclusiva-e-o-papel-dos-clts-cross-regional-perspectives-on-land-policy-and-long-term-affordability-perspectivas-inter-regionais-sobre-politica-fundiaria-e-acessibilidade-de-longo-prazo\/#breadcrumb"},"inLanguage":"pt-BR","potentialAction":[{"@type":"ReadAction","target":["https:\/\/www.cltweb.org\/pt-br\/event\/habitacao-inclusiva-e-o-papel-dos-clts-cross-regional-perspectives-on-land-policy-and-long-term-affordability-perspectivas-inter-regionais-sobre-politica-fundiaria-e-acessibilidade-de-longo-prazo\/"]}]},{"@type":"ImageObject","inLanguage":"pt-BR","@id":"https:\/\/www.cltweb.org\/pt-br\/event\/habitacao-inclusiva-e-o-papel-dos-clts-cross-regional-perspectives-on-land-policy-and-long-term-affordability-perspectivas-inter-regionais-sobre-politica-fundiaria-e-acessibilidade-de-longo-prazo\/#primaryimage","url":"https:\/\/www.cltweb.org\/wp-content\/uploads\/2026\/01\/Graphic_EN-1024x683.png","contentUrl":"https:\/\/www.cltweb.org\/wp-content\/uploads\/2026\/01\/Graphic_EN-1024x683.png"},{"@type":"BreadcrumbList","@id":"https:\/\/www.cltweb.org\/pt-br\/event\/habitacao-inclusiva-e-o-papel-dos-clts-cross-regional-perspectives-on-land-policy-and-long-term-affordability-perspectivas-inter-regionais-sobre-politica-fundiaria-e-acessibilidade-de-longo-prazo\/#breadcrumb","itemListElement":[{"@type":"ListItem","position":1,"name":"Home","item":"https:\/\/www.cltweb.org\/pt-br\/"},{"@type":"ListItem","position":2,"name":"Eventos","item":"https:\/\/www.cltweb.org\/pt-br\/events\/"},{"@type":"ListItem","position":3,"name":"Habita\u00e7\u00e3o inclusiva e o papel dos CLTs: Cross-Regional Perspectives on Land Policy and Long-Term Affordability (Perspectivas inter-regionais sobre pol\u00edtica fundi\u00e1ria e acessibilidade de longo prazo)"}]},{"@type":"WebSite","@id":"https:\/\/www.cltweb.org\/pt-br\/#website","url":"https:\/\/www.cltweb.org\/pt-br\/","name":"International Center for Community Land Trusts","description":"","publisher":{"@id":"https:\/\/www.cltweb.org\/pt-br\/#organization"},"potentialAction":[{"@type":"SearchAction","target":{"@type":"EntryPoint","urlTemplate":"https:\/\/www.cltweb.org\/pt-br\/?s={search_term_string}"},"query-input":{"@type":"PropertyValueSpecification","valueRequired":true,"valueName":"search_term_string"}}],"inLanguage":"pt-BR"},{"@type":"Organization","@id":"https:\/\/www.cltweb.org\/pt-br\/#organization","name":"International Center for Community Land Trusts","url":"https:\/\/www.cltweb.org\/pt-br\/","logo":{"@type":"ImageObject","inLanguage":"pt-BR","@id":"https:\/\/www.cltweb.org\/pt-br\/#\/schema\/logo\/image\/","url":"https:\/\/www.cltweb.org\/wp-content\/uploads\/2024\/11\/New-CLT-Center-Text-logo.png","contentUrl":"https:\/\/www.cltweb.org\/wp-content\/uploads\/2024\/11\/New-CLT-Center-Text-logo.png","width":227,"height":80,"caption":"International Center for Community Land Trusts"},"image":{"@id":"https:\/\/www.cltweb.org\/pt-br\/#\/schema\/logo\/image\/"},"sameAs":["https:\/\/www.facebook.com\/cltcenter","https:\/\/x.com\/Center4CLTs","https:\/\/www.instagram.com\/cltcenter\/","https:\/\/www.linkedin.com\/company\/cltcenter","https:\/\/www.youtube.com\/@centerforcltinnovation5313"],"description":"The International Center for Community Land Trusts is a not-for-profit nongovernmental organization established in 2018 to promote and to support community land trusts and similar strategies of community-led development on community-owned land in countries throughout the world.","email":"info@communitylandtrust.net","legalName":"International Center for Community Land Trusts","foundingDate":"2018-12-01","taxID":"84-3858933","numberOfEmployees":{"@type":"QuantitativeValue","minValue":"1","maxValue":"10"}}]}},"taxonomy_info":{"post_tag":[{"value":332,"label":"fundo de terras comunit\u00e1rio"},{"value":343,"label":"habitat para a humanidade"},{"value":298,"label":"webinar"}]},"featured_image_src_large":false,"author_info":{"display_name":"Ben Harris","author_link":"https:\/\/www.cltweb.org\/pt-br\/author\/ben\/"},"comment_info":"","jetpack_sharing_enabled":true,"_links":{"self":[{"href":"https:\/\/www.cltweb.org\/pt-br\/wp-json\/wp\/v2\/tribe_events\/10984","targetHints":{"allow":["GET"]}}],"collection":[{"href":"https:\/\/www.cltweb.org\/pt-br\/wp-json\/wp\/v2\/tribe_events"}],"about":[{"href":"https:\/\/www.cltweb.org\/pt-br\/wp-json\/wp\/v2\/types\/tribe_events"}],"author":[{"embeddable":true,"href":"https:\/\/www.cltweb.org\/pt-br\/wp-json\/wp\/v2\/users\/2"}],"version-history":[{"count":10,"href":"https:\/\/www.cltweb.org\/pt-br\/wp-json\/wp\/v2\/tribe_events\/10984\/revisions"}],"predecessor-version":[{"id":11128,"href":"https:\/\/www.cltweb.org\/pt-br\/wp-json\/wp\/v2\/tribe_events\/10984\/revisions\/11128"}],"wp:attachment":[{"href":"https:\/\/www.cltweb.org\/pt-br\/wp-json\/wp\/v2\/media?parent=10984"}],"wp:term":[{"taxonomy":"post_tag","embeddable":true,"href":"https:\/\/www.cltweb.org\/pt-br\/wp-json\/wp\/v2\/tags?post=10984"},{"taxonomy":"tribe_events_cat","embeddable":true,"href":"https:\/\/www.cltweb.org\/pt-br\/wp-json\/wp\/v2\/tribe_events_cat?post=10984"}],"curies":[{"name":"wp","href":"https:\/\/api.w.org\/{rel}","templated":true}]}}