{"id":6636,"date":"2024-10-30T00:00:00","date_gmt":"2024-10-30T00:00:00","guid":{"rendered":"https:\/\/www.cltweb.org\/event\/painel-de-discussao-sobre-administracao-do-futuro-poder-e-lideranca-dos-jovens-na-pratica-do-community-land-trust\/"},"modified":"2024-10-30T00:00:00","modified_gmt":"2024-10-30T00:00:00","slug":"painel-de-discussao-sobre-administracao-do-futuro-poder-e-lideranca-dos-jovens-na-pratica-do-community-land-trust","status":"publish","type":"tribe_events","link":"https:\/\/www.cltweb.org\/pt-br\/event\/painel-de-discussao-sobre-administracao-do-futuro-poder-e-lideranca-dos-jovens-na-pratica-do-community-land-trust\/","title":{"rendered":"Painel de discuss\u00e3o sobre Administra\u00e7\u00e3o do futuro: Poder e lideran\u00e7a dos jovens na pr\u00e1tica do Community Land Trust"},"content":{"rendered":"<p><center>[maxbutton id=&#8221;1&#8243; url=&#8221;https:\/\/us06web.zoom.us\/webinar\/register\/WN_a7sfnvrVRxOUp6GuIeRrzQ#\/registration&#8221; text=&#8221;Registre-se aqui&#8221; window=&#8221;new&#8221;]<\/center><\/p>\n<h2><img loading=\"lazy\" decoding=\"async\" class=\"aligncenter wp-image-7857 size-large\" src=\"https:\/\/www.cltweb.org\/wp-content\/uploads\/2024\/10\/XNewsletterSM-Post-1024x576.png\" alt=\"\" width=\"1024\" height=\"576\"><\/h2>\n<h2 style=\"text-align: left;\">DESCRI\u00c7\u00c3O DO WEBINAR<\/h2>\n<p><b>Junte-se a n\u00f3s no dia 4 de dezembro para um painel de discuss\u00e3o com uma breve sess\u00e3o de perguntas e respostas sobre o envolvimento e a lideran\u00e7a de jovens em fundos de terras comunit\u00e1rios.<\/b><\/p>\n<p><span style=\"font-weight: 400;\">O n\u00facleo da miss\u00e3o do CLT \u00e9 a administra\u00e7\u00e3o dos ativos da comunidade para as gera\u00e7\u00f5es presentes e futuras. Para responder aos desafios sociais, econ\u00f4micos e ambientais prementes de hoje &#8211; especialmente aqueles impostos pelas mudan\u00e7as clim\u00e1ticas &#8211; \u00e9 necess\u00e1rio ouvir e elevar as vozes daqueles que ser\u00e3o mais afetados: nossos jovens. Envolver os jovens em terras e moradias de propriedade da comunidade ser\u00e1 crucial para a constru\u00e7\u00e3o de comunidades sustent\u00e1veis e para o avan\u00e7o da miss\u00e3o de administra\u00e7\u00e3o das CLTs.  <\/span><\/p>\n<p><span style=\"font-weight: 400;\">Este webinar ser\u00e1 uma conversa envolvente com profissionais do CLT e um l\u00edder jovem. Juntos, exploraremos quest\u00f5es como: <\/span><\/p>\n<ul>\n<li style=\"font-weight: 400;\" aria-level=\"1\"><span style=\"font-weight: 400;\">Como os CLTs est\u00e3o envolvendo os representantes dos jovens na tomada de decis\u00f5es?<\/span><\/li>\n<li style=\"font-weight: 400;\" aria-level=\"1\"><span style=\"font-weight: 400;\">Como as preocupa\u00e7\u00f5es dos jovens membros dos CLTs est\u00e3o moldando a pr\u00e1tica do CLT?<\/span><\/li>\n<li style=\"font-weight: 400;\" aria-level=\"1\"><span style=\"font-weight: 400;\">Como podemos envolver melhor os jovens e destacar seu papel na forma\u00e7\u00e3o do futuro das comunidades?<\/span><\/li>\n<\/ul>\n<p><i><span style=\"font-weight: 400;\">O webinar ser\u00e1 conduzido em ingl\u00eas, com legendas traduzidas adicionadas \u00e0 vers\u00e3o gravada.<\/span><\/i><\/p>\n<h2 style=\"text-align: left;\">PAINELISTAS<\/h2>\n<p><em><b><img loading=\"lazy\" decoding=\"async\" class=\"alignright wp-image-7859 size-thumbnail\" style=\"font-style: normal; font-weight: 400;\" src=\"https:\/\/www.cltweb.org\/wp-content\/uploads\/2024\/10\/Ashley-Allen-150x150.png\" alt=\"\" width=\"150\" height=\"150\"><\/b><\/em><\/p>\n<ul>\n<li aria-level=\"1\"><em><b>Ashley Allen<\/b><\/em><span style=\"font-weight: 400;\"><span style=\"font-weight: 400;\"> <em> atua como diretora executiva do <a href=\"https:\/\/www.houstonclt.org\/\" target=\"_blank\" rel=\"noopener\">Houston Community Land Trust<\/a>.<\/em> Ela traz para a fun\u00e7\u00e3o lideran\u00e7a sem fins lucrativos e experi\u00eancia em desenvolvimento de programas nas \u00e1reas de educa\u00e7\u00e3o, S.T.E.<br \/>\nM., desenvolvimento da for\u00e7a de trabalho e moradia econ\u00f4mica. Como organizadora comunit\u00e1ria h\u00e1 mais de 10 anos, ela ajudou a desenvolver e promover campanhas para melhorar os servi\u00e7os para os sem-teto, a pol\u00edtica de moradia acess\u00edvel e a educa\u00e7\u00e3o em Chicago, IL.<\/span><\/span>Ashley atuou como consultora na Barack Obama Foundation, onde foi respons\u00e1vel pelo planejamento e implementa\u00e7\u00e3o da iniciativa da funda\u00e7\u00e3o para desenvolver a pr\u00f3xima gera\u00e7\u00e3o de organizadores e defensores da comunidade. A experi\u00eancia de Ashley como jovem sem-teto foi o que despertou sua paix\u00e3o por ajudar a aumentar a acessibilidade e a acessibilidade de moradia para aqueles que mais precisam. Ela faz parte da diretoria da The Coalition for the Homeless of Houston\/Harris County e \u00e9 membro do Houston Alumnae Chapter da Delta Sigma Theta, Sorority, Inc. Ashley \u00e9 bacharel em Ci\u00eancia de Alimentos pela Florida A&amp;M University, mestre em Administra\u00e7\u00e3o de Empresas pela Governors State University e doutora em Pol\u00edtica Cultural e Educacional com especializa\u00e7\u00e3o em Sociologia pela Loyola University Chicago.  <\/p>\n<p><img loading=\"lazy\" decoding=\"async\" class=\"alignright wp-image-7860 size-thumbnail\" src=\"https:\/\/www.cltweb.org\/wp-content\/uploads\/2024\/10\/Carlos-Sanchez-150x150.jpg\" alt=\"\" width=\"150\" height=\"150\"><\/li>\n<li aria-level=\"1\"><em><b>Carlos Sanchez-Gonzales<\/b><\/em><span style=\"font-weight: 400;\"> <em> \u00e9 um l\u00edder jovem e morador de South Baltimore que trabalha com o <a href=\"https:\/\/www.sbclt.org\/our-team\/\" target=\"_blank\" rel=\"noopener\">South Baltimore Community Land Trust<\/a>.<\/em> Em seu trabalho, ele se concentra na divulga\u00e7\u00e3o e na educa\u00e7\u00e3o em toda a cidade para conectar mais residentes com o movimento de cria\u00e7\u00e3o de empreendimentos de propriedade da comunidade. Quando era estudante na Benjamin Franklin HS em Curtis Bay, Carlos come\u00e7ou a aprender com l\u00edderes de justi\u00e7a ambiental que fundaram a Free Your Voice. Carlos agiu de acordo com essas li\u00e7\u00f5es, ajudando a desenvolver o primeiro Plano de Desperd\u00edcio Zero em toda a cidade de Baltimore e defendendo novos financiamentos para empreendimentos comunit\u00e1rios permanentemente acess\u00edveis. Agora, Carlos continua a promover a justi\u00e7a ambiental por meio de pesquisa e a\u00e7\u00e3o, enquanto expande nosso alcance para a pr\u00f3xima gera\u00e7\u00e3o de l\u00edderes jovens.  <\/span><\/li>\n<li style=\"list-style-type: none;\"><img loading=\"lazy\" decoding=\"async\" class=\"alignright wp-image-7861 size-thumbnail\" src=\"https:\/\/www.cltweb.org\/wp-content\/uploads\/2024\/11\/Circuito-Urbano-2022-Convite-1-ING.jpg\" alt=\"\" width=\"150\" height=\"150\"><\/li>\n<\/ul>\n<ul>\n<li aria-level=\"1\"><em><b>Jason Webb <\/b>\u00e9 diretor de assist\u00eancia t\u00e9cnica e comunit\u00e1ria da <a href=\"https:\/\/groundedsolutions.org\/\" target=\"_blank\" rel=\"noopener\">Grounded Solutions Network<\/a>.<\/em> Ele \u00e9  <span style=\"font-weight: 400;\">tem cerca de 40 anos de experi\u00eancia em organiza\u00e7\u00e3o e revitaliza\u00e7\u00e3o de comunidades. Ele foi fundamental na revitaliza\u00e7\u00e3o de uma comunidade em Roxbury, Massachusetts, chamada &#8220;Dudley Street&#8221;, conforme destacado nos document\u00e1rios premiados Holding Ground e Gaining Ground e no livro Streets of Hope. Como a 9ason supervisiona o treinamento e a assist\u00eancia t\u00e9cnica para cidades, organiza\u00e7\u00f5es sem fins lucrativos e grupos comunit\u00e1rios. Ele auxilia na explora\u00e7\u00e3o, ado\u00e7\u00e3o e implementa\u00e7\u00e3o de pol\u00edticas e programas habitacionais com acessibilidade duradoura que promovem a igualdade e a inclus\u00e3o racial. Jason desenvolveu ferramentas essenciais que ajudaram centenas de grupos a aprender sobre o modelo de fideicomisso de terras comunit\u00e1rias, como o &#8220;Community Land Trust Start-up Hub&#8221;. Jason atuou como copresidente do comit\u00ea da equipe para igualdade e inclus\u00e3o racial de 2020 a 2023.     <\/span><span style=\"font-weight: 400;\"><br \/>\n<\/span><span style=\"font-weight: 400;\"><span style=\"font-weight: 400;\"><br \/>\nAntes de vir para a Grounded Solutions, Jason trabalhou por 15 anos na Dudley Street Neighborhood Initiative (DSNI) e na Network Member Dudley Neighbors Inc. (DNI). Ele atuou em v\u00e1rias fun\u00e7\u00f5es, incluindo Diretor de Im\u00f3veis e Tecnologia, Diretor da DNI &#8220;The Community Land Trust&#8221; e Diretor de Administra\u00e7\u00e3o e Finan\u00e7as. Jason supervisionou o desenvolvimento de v\u00e1rios empreendimentos do community land trust e criou um programa de desenvolvimento\/emprego para jovens chamado CommunityScapes.  <\/span><\/span>Nascido em Massachusetts, Jason estudou na Boston University School of Management. Atualmente, Jason reside em New Bedford, Massachusetts, onde ele e sua fam\u00edlia desfrutam da cidade portu\u00e1ria, conhecida por sua ind\u00fastria pesqueira e baleeira. <\/li>\n<\/ul>\n<p><img loading=\"lazy\" decoding=\"async\" class=\"aligncenter wp-image-7856 size-full\" src=\"https:\/\/www.cltweb.org\/wp-content\/uploads\/2024\/10\/Youth-Engagement-Logos.png\" alt=\"\" width=\"640\" height=\"200\"><\/p>\n","protected":false},"excerpt":{"rendered":"<p>[maxbutton id=&#8221;1&#8243; url=&#8221;https:\/\/us06web.zoom.us\/webinar\/register\/WN_a7sfnvrVRxOUp6GuIeRrzQ#\/registration&#8221; text=&#8221;Registre-se aqui&#8221; window=&#8221;new&#8221;] DESCRI\u00c7\u00c3O DO WEBINAR Junte-se a n\u00f3s no dia 4 de dezembro para um painel de discuss\u00e3o com uma breve sess\u00e3o de perguntas e respostas [&hellip;]<\/p>\n","protected":false},"author":2,"featured_media":0,"template":"","meta":{"give_campaign_id":0,"_tec_requires_first_save":false,"_kad_blocks_custom_css":"","_kad_blocks_head_custom_js":"","_kad_blocks_body_custom_js":"","_kad_blocks_footer_custom_js":"","_EventAllDay":false,"_EventTimezone":"UTC+0","_EventStartDate":"","_EventEndDate":"","_EventStartDateUTC":"2026-03-24 19:28:44","_EventEndDateUTC":"2026-03-24 19:28:44","_EventShowMap":false,"_EventShowMapLink":false,"_EventURL":"","_EventCost":"","_EventCostDescription":"","_EventCurrencySymbol":"","_EventCurrencyCode":"","_EventCurrencyPosition":"","_EventDateTimeSeparator":"","_EventTimeRangeSeparator":"","_EventOrganizerID":[],"_EventVenueID":[],"_OrganizerEmail":"","_OrganizerPhone":"","_OrganizerWebsite":"","_VenueAddress":"","_VenueCity":"","_VenueCountry":"","_VenueProvince":"","_VenueState":"","_VenueZip":"","_VenuePhone":"","_VenueURL":"","_VenueStateProvince":"","_VenueLat":"","_VenueLng":"","_VenueShowMap":false,"_VenueShowMapLink":false,"_tribe_blocks_recurrence_rules":"","_tribe_blocks_recurrence_description":"","_tribe_blocks_recurrence_exclusions":"","_tribe_events_status":"","_tribe_events_status_reason":"","_tribe_events_is_hybrid":"","_tribe_events_is_virtual":"","_tribe_events_virtual_video_source":"","_tribe_events_virtual_embed_video":"","_tribe_events_virtual_linked_button_text":"","_tribe_events_virtual_linked_button":"","_tribe_events_virtual_show_embed_at":"","_tribe_events_virtual_show_embed_to":[],"_tribe_events_virtual_show_on_event":"","_tribe_events_virtual_show_on_views":"","_tribe_events_virtual_url":"","footnotes":""},"tags":[],"tribe_events_cat":[],"class_list":["post-6636","tribe_events","type-tribe_events","status-publish","hentry"],"blocksy_meta":[],"yoast_head":"<!-- This site is optimized with the Yoast SEO Premium plugin v27.5 (Yoast SEO v27.5) - https:\/\/yoast.com\/product\/yoast-seo-premium-wordpress\/ -->\n<title>Painel de discuss\u00e3o sobre Administra\u00e7\u00e3o do futuro: Poder e lideran\u00e7a dos jovens na pr\u00e1tica do Community Land Trust - International Center for Community Land Trusts<\/title>\n<meta name=\"robots\" content=\"index, follow, max-snippet:-1, max-image-preview:large, max-video-preview:-1\" \/>\n<link rel=\"canonical\" href=\"https:\/\/www.cltweb.org\/pt-br\/event\/painel-de-discussao-sobre-administracao-do-futuro-poder-e-lideranca-dos-jovens-na-pratica-do-community-land-trust\/\" \/>\n<meta property=\"og:locale\" content=\"pt_BR\" \/>\n<meta property=\"og:type\" content=\"article\" \/>\n<meta property=\"og:title\" content=\"Painel de discuss\u00e3o sobre Administra\u00e7\u00e3o do futuro: Poder e lideran\u00e7a dos jovens na pr\u00e1tica do Community Land Trust\" \/>\n<meta property=\"og:description\" content=\"[maxbutton id=&#8221;1&#8243; url=&#8221;https:\/\/us06web.zoom.us\/webinar\/register\/WN_a7sfnvrVRxOUp6GuIeRrzQ#\/registration&#8221; text=&#8221;Registre-se aqui&#8221; window=&#8221;new&#8221;] DESCRI\u00c7\u00c3O DO WEBINAR Junte-se a n\u00f3s no dia 4 de dezembro para um painel de discuss\u00e3o com uma breve sess\u00e3o de perguntas e respostas [&hellip;]\" \/>\n<meta property=\"og:url\" content=\"https:\/\/www.cltweb.org\/pt-br\/event\/painel-de-discussao-sobre-administracao-do-futuro-poder-e-lideranca-dos-jovens-na-pratica-do-community-land-trust\/\" \/>\n<meta property=\"og:site_name\" content=\"International Center for Community Land Trusts\" \/>\n<meta property=\"article:publisher\" content=\"https:\/\/www.facebook.com\/cltcenter\" \/>\n<meta property=\"og:image\" content=\"https:\/\/www.cltweb.org\/wp-content\/uploads\/2024\/11\/IMG_20220516_215853_441-1.jpg\" \/>\n\t<meta property=\"og:image:width\" content=\"1\" \/>\n\t<meta property=\"og:image:height\" content=\"1\" \/>\n\t<meta property=\"og:image:type\" content=\"image\/jpeg\" \/>\n<meta name=\"twitter:card\" content=\"summary_large_image\" \/>\n<meta name=\"twitter:site\" content=\"@Center4CLTs\" \/>\n<meta name=\"twitter:label1\" content=\"Est. tempo de leitura\" \/>\n\t<meta name=\"twitter:data1\" content=\"4 minutos\" \/>\n<script type=\"application\/ld+json\" class=\"yoast-schema-graph\">{\"@context\":\"https:\\\/\\\/schema.org\",\"@graph\":[{\"@type\":\"WebPage\",\"@id\":\"https:\\\/\\\/www.cltweb.org\\\/pt-br\\\/event\\\/painel-de-discussao-sobre-administracao-do-futuro-poder-e-lideranca-dos-jovens-na-pratica-do-community-land-trust\\\/\",\"url\":\"https:\\\/\\\/www.cltweb.org\\\/pt-br\\\/event\\\/painel-de-discussao-sobre-administracao-do-futuro-poder-e-lideranca-dos-jovens-na-pratica-do-community-land-trust\\\/\",\"name\":\"Painel de discuss\u00e3o sobre Administra\u00e7\u00e3o do futuro: Poder e lideran\u00e7a dos jovens na pr\u00e1tica do Community Land Trust - International Center for Community Land Trusts\",\"isPartOf\":{\"@id\":\"https:\\\/\\\/www.cltweb.org\\\/pt-br\\\/#website\"},\"primaryImageOfPage\":{\"@id\":\"https:\\\/\\\/www.cltweb.org\\\/pt-br\\\/event\\\/painel-de-discussao-sobre-administracao-do-futuro-poder-e-lideranca-dos-jovens-na-pratica-do-community-land-trust\\\/#primaryimage\"},\"image\":{\"@id\":\"https:\\\/\\\/www.cltweb.org\\\/pt-br\\\/event\\\/painel-de-discussao-sobre-administracao-do-futuro-poder-e-lideranca-dos-jovens-na-pratica-do-community-land-trust\\\/#primaryimage\"},\"thumbnailUrl\":\"https:\\\/\\\/www.cltweb.org\\\/wp-content\\\/uploads\\\/2024\\\/10\\\/XNewsletterSM-Post-1024x576.png\",\"datePublished\":\"2024-10-30T00:00:00+00:00\",\"breadcrumb\":{\"@id\":\"https:\\\/\\\/www.cltweb.org\\\/pt-br\\\/event\\\/painel-de-discussao-sobre-administracao-do-futuro-poder-e-lideranca-dos-jovens-na-pratica-do-community-land-trust\\\/#breadcrumb\"},\"inLanguage\":\"pt-BR\",\"potentialAction\":[{\"@type\":\"ReadAction\",\"target\":[\"https:\\\/\\\/www.cltweb.org\\\/pt-br\\\/event\\\/painel-de-discussao-sobre-administracao-do-futuro-poder-e-lideranca-dos-jovens-na-pratica-do-community-land-trust\\\/\"]}]},{\"@type\":\"ImageObject\",\"inLanguage\":\"pt-BR\",\"@id\":\"https:\\\/\\\/www.cltweb.org\\\/pt-br\\\/event\\\/painel-de-discussao-sobre-administracao-do-futuro-poder-e-lideranca-dos-jovens-na-pratica-do-community-land-trust\\\/#primaryimage\",\"url\":\"https:\\\/\\\/www.cltweb.org\\\/wp-content\\\/uploads\\\/2024\\\/10\\\/XNewsletterSM-Post-1024x576.png\",\"contentUrl\":\"https:\\\/\\\/www.cltweb.org\\\/wp-content\\\/uploads\\\/2024\\\/10\\\/XNewsletterSM-Post-1024x576.png\"},{\"@type\":\"BreadcrumbList\",\"@id\":\"https:\\\/\\\/www.cltweb.org\\\/pt-br\\\/event\\\/painel-de-discussao-sobre-administracao-do-futuro-poder-e-lideranca-dos-jovens-na-pratica-do-community-land-trust\\\/#breadcrumb\",\"itemListElement\":[{\"@type\":\"ListItem\",\"position\":1,\"name\":\"Home\",\"item\":\"https:\\\/\\\/www.cltweb.org\\\/pt-br\\\/\"},{\"@type\":\"ListItem\",\"position\":2,\"name\":\"Eventos\",\"item\":\"https:\\\/\\\/www.cltweb.org\\\/pt-br\\\/events\\\/\"},{\"@type\":\"ListItem\",\"position\":3,\"name\":\"Painel de discuss\u00e3o sobre Administra\u00e7\u00e3o do futuro: Poder e lideran\u00e7a dos jovens na pr\u00e1tica do Community Land Trust\"}]},{\"@type\":\"WebSite\",\"@id\":\"https:\\\/\\\/www.cltweb.org\\\/pt-br\\\/#website\",\"url\":\"https:\\\/\\\/www.cltweb.org\\\/pt-br\\\/\",\"name\":\"International Center for Community Land Trusts\",\"description\":\"\",\"publisher\":{\"@id\":\"https:\\\/\\\/www.cltweb.org\\\/pt-br\\\/#organization\"},\"potentialAction\":[{\"@type\":\"SearchAction\",\"target\":{\"@type\":\"EntryPoint\",\"urlTemplate\":\"https:\\\/\\\/www.cltweb.org\\\/pt-br\\\/?s={search_term_string}\"},\"query-input\":{\"@type\":\"PropertyValueSpecification\",\"valueRequired\":true,\"valueName\":\"search_term_string\"}}],\"inLanguage\":\"pt-BR\"},{\"@type\":\"Organization\",\"@id\":\"https:\\\/\\\/www.cltweb.org\\\/pt-br\\\/#organization\",\"name\":\"International Center for Community Land Trusts\",\"url\":\"https:\\\/\\\/www.cltweb.org\\\/pt-br\\\/\",\"logo\":{\"@type\":\"ImageObject\",\"inLanguage\":\"pt-BR\",\"@id\":\"https:\\\/\\\/www.cltweb.org\\\/pt-br\\\/#\\\/schema\\\/logo\\\/image\\\/\",\"url\":\"https:\\\/\\\/www.cltweb.org\\\/wp-content\\\/uploads\\\/2024\\\/11\\\/New-CLT-Center-Text-logo.png\",\"contentUrl\":\"https:\\\/\\\/www.cltweb.org\\\/wp-content\\\/uploads\\\/2024\\\/11\\\/New-CLT-Center-Text-logo.png\",\"width\":227,\"height\":80,\"caption\":\"International Center for Community Land Trusts\"},\"image\":{\"@id\":\"https:\\\/\\\/www.cltweb.org\\\/pt-br\\\/#\\\/schema\\\/logo\\\/image\\\/\"},\"sameAs\":[\"https:\\\/\\\/www.facebook.com\\\/cltcenter\",\"https:\\\/\\\/x.com\\\/Center4CLTs\",\"https:\\\/\\\/www.instagram.com\\\/cltcenter\\\/\",\"https:\\\/\\\/www.linkedin.com\\\/company\\\/cltcenter\",\"https:\\\/\\\/www.youtube.com\\\/@centerforcltinnovation5313\"],\"description\":\"The International Center for Community Land Trusts is a not-for-profit nongovernmental organization established in 2018 to promote and to support community land trusts and similar strategies of community-led development on community-owned land in countries throughout the world.\",\"email\":\"info@communitylandtrust.net\",\"legalName\":\"International Center for Community Land Trusts\",\"foundingDate\":\"2018-12-01\",\"taxID\":\"84-3858933\",\"numberOfEmployees\":{\"@type\":\"QuantitativeValue\",\"minValue\":\"1\",\"maxValue\":\"10\"}}]}<\/script>\n<!-- \/ Yoast SEO Premium plugin. -->","yoast_head_json":{"title":"Painel de discuss\u00e3o sobre Administra\u00e7\u00e3o do futuro: Poder e lideran\u00e7a dos jovens na pr\u00e1tica do Community Land Trust - International Center for Community Land Trusts","robots":{"index":"index","follow":"follow","max-snippet":"max-snippet:-1","max-image-preview":"max-image-preview:large","max-video-preview":"max-video-preview:-1"},"canonical":"https:\/\/www.cltweb.org\/pt-br\/event\/painel-de-discussao-sobre-administracao-do-futuro-poder-e-lideranca-dos-jovens-na-pratica-do-community-land-trust\/","og_locale":"pt_BR","og_type":"article","og_title":"Painel de discuss\u00e3o sobre Administra\u00e7\u00e3o do futuro: Poder e lideran\u00e7a dos jovens na pr\u00e1tica do Community Land Trust","og_description":"[maxbutton id=&#8221;1&#8243; url=&#8221;https:\/\/us06web.zoom.us\/webinar\/register\/WN_a7sfnvrVRxOUp6GuIeRrzQ#\/registration&#8221; text=&#8221;Registre-se aqui&#8221; window=&#8221;new&#8221;] DESCRI\u00c7\u00c3O DO WEBINAR Junte-se a n\u00f3s no dia 4 de dezembro para um painel de discuss\u00e3o com uma breve sess\u00e3o de perguntas e respostas [&hellip;]","og_url":"https:\/\/www.cltweb.org\/pt-br\/event\/painel-de-discussao-sobre-administracao-do-futuro-poder-e-lideranca-dos-jovens-na-pratica-do-community-land-trust\/","og_site_name":"International Center for Community Land Trusts","article_publisher":"https:\/\/www.facebook.com\/cltcenter","og_image":[{"url":"https:\/\/www.cltweb.org\/wp-content\/uploads\/2024\/11\/IMG_20220516_215853_441-1.jpg","width":1,"height":1,"type":"image\/jpeg"}],"twitter_card":"summary_large_image","twitter_site":"@Center4CLTs","twitter_misc":{"Est. tempo de leitura":"4 minutos"},"schema":{"@context":"https:\/\/schema.org","@graph":[{"@type":"WebPage","@id":"https:\/\/www.cltweb.org\/pt-br\/event\/painel-de-discussao-sobre-administracao-do-futuro-poder-e-lideranca-dos-jovens-na-pratica-do-community-land-trust\/","url":"https:\/\/www.cltweb.org\/pt-br\/event\/painel-de-discussao-sobre-administracao-do-futuro-poder-e-lideranca-dos-jovens-na-pratica-do-community-land-trust\/","name":"Painel de discuss\u00e3o sobre Administra\u00e7\u00e3o do futuro: Poder e lideran\u00e7a dos jovens na pr\u00e1tica do Community Land Trust - International Center for Community Land Trusts","isPartOf":{"@id":"https:\/\/www.cltweb.org\/pt-br\/#website"},"primaryImageOfPage":{"@id":"https:\/\/www.cltweb.org\/pt-br\/event\/painel-de-discussao-sobre-administracao-do-futuro-poder-e-lideranca-dos-jovens-na-pratica-do-community-land-trust\/#primaryimage"},"image":{"@id":"https:\/\/www.cltweb.org\/pt-br\/event\/painel-de-discussao-sobre-administracao-do-futuro-poder-e-lideranca-dos-jovens-na-pratica-do-community-land-trust\/#primaryimage"},"thumbnailUrl":"https:\/\/www.cltweb.org\/wp-content\/uploads\/2024\/10\/XNewsletterSM-Post-1024x576.png","datePublished":"2024-10-30T00:00:00+00:00","breadcrumb":{"@id":"https:\/\/www.cltweb.org\/pt-br\/event\/painel-de-discussao-sobre-administracao-do-futuro-poder-e-lideranca-dos-jovens-na-pratica-do-community-land-trust\/#breadcrumb"},"inLanguage":"pt-BR","potentialAction":[{"@type":"ReadAction","target":["https:\/\/www.cltweb.org\/pt-br\/event\/painel-de-discussao-sobre-administracao-do-futuro-poder-e-lideranca-dos-jovens-na-pratica-do-community-land-trust\/"]}]},{"@type":"ImageObject","inLanguage":"pt-BR","@id":"https:\/\/www.cltweb.org\/pt-br\/event\/painel-de-discussao-sobre-administracao-do-futuro-poder-e-lideranca-dos-jovens-na-pratica-do-community-land-trust\/#primaryimage","url":"https:\/\/www.cltweb.org\/wp-content\/uploads\/2024\/10\/XNewsletterSM-Post-1024x576.png","contentUrl":"https:\/\/www.cltweb.org\/wp-content\/uploads\/2024\/10\/XNewsletterSM-Post-1024x576.png"},{"@type":"BreadcrumbList","@id":"https:\/\/www.cltweb.org\/pt-br\/event\/painel-de-discussao-sobre-administracao-do-futuro-poder-e-lideranca-dos-jovens-na-pratica-do-community-land-trust\/#breadcrumb","itemListElement":[{"@type":"ListItem","position":1,"name":"Home","item":"https:\/\/www.cltweb.org\/pt-br\/"},{"@type":"ListItem","position":2,"name":"Eventos","item":"https:\/\/www.cltweb.org\/pt-br\/events\/"},{"@type":"ListItem","position":3,"name":"Painel de discuss\u00e3o sobre Administra\u00e7\u00e3o do futuro: Poder e lideran\u00e7a dos jovens na pr\u00e1tica do Community Land Trust"}]},{"@type":"WebSite","@id":"https:\/\/www.cltweb.org\/pt-br\/#website","url":"https:\/\/www.cltweb.org\/pt-br\/","name":"International Center for Community Land Trusts","description":"","publisher":{"@id":"https:\/\/www.cltweb.org\/pt-br\/#organization"},"potentialAction":[{"@type":"SearchAction","target":{"@type":"EntryPoint","urlTemplate":"https:\/\/www.cltweb.org\/pt-br\/?s={search_term_string}"},"query-input":{"@type":"PropertyValueSpecification","valueRequired":true,"valueName":"search_term_string"}}],"inLanguage":"pt-BR"},{"@type":"Organization","@id":"https:\/\/www.cltweb.org\/pt-br\/#organization","name":"International Center for Community Land Trusts","url":"https:\/\/www.cltweb.org\/pt-br\/","logo":{"@type":"ImageObject","inLanguage":"pt-BR","@id":"https:\/\/www.cltweb.org\/pt-br\/#\/schema\/logo\/image\/","url":"https:\/\/www.cltweb.org\/wp-content\/uploads\/2024\/11\/New-CLT-Center-Text-logo.png","contentUrl":"https:\/\/www.cltweb.org\/wp-content\/uploads\/2024\/11\/New-CLT-Center-Text-logo.png","width":227,"height":80,"caption":"International Center for Community Land Trusts"},"image":{"@id":"https:\/\/www.cltweb.org\/pt-br\/#\/schema\/logo\/image\/"},"sameAs":["https:\/\/www.facebook.com\/cltcenter","https:\/\/x.com\/Center4CLTs","https:\/\/www.instagram.com\/cltcenter\/","https:\/\/www.linkedin.com\/company\/cltcenter","https:\/\/www.youtube.com\/@centerforcltinnovation5313"],"description":"The International Center for Community Land Trusts is a not-for-profit nongovernmental organization established in 2018 to promote and to support community land trusts and similar strategies of community-led development on community-owned land in countries throughout the world.","email":"info@communitylandtrust.net","legalName":"International Center for Community Land Trusts","foundingDate":"2018-12-01","taxID":"84-3858933","numberOfEmployees":{"@type":"QuantitativeValue","minValue":"1","maxValue":"10"}}]}},"taxonomy_info":[],"featured_image_src_large":false,"author_info":{"display_name":"Ben Harris","author_link":"https:\/\/www.cltweb.org\/pt-br\/author\/ben\/"},"comment_info":"","jetpack_sharing_enabled":true,"_links":{"self":[{"href":"https:\/\/www.cltweb.org\/pt-br\/wp-json\/wp\/v2\/tribe_events\/6636","targetHints":{"allow":["GET"]}}],"collection":[{"href":"https:\/\/www.cltweb.org\/pt-br\/wp-json\/wp\/v2\/tribe_events"}],"about":[{"href":"https:\/\/www.cltweb.org\/pt-br\/wp-json\/wp\/v2\/types\/tribe_events"}],"author":[{"embeddable":true,"href":"https:\/\/www.cltweb.org\/pt-br\/wp-json\/wp\/v2\/users\/2"}],"version-history":[{"count":0,"href":"https:\/\/www.cltweb.org\/pt-br\/wp-json\/wp\/v2\/tribe_events\/6636\/revisions"}],"wp:attachment":[{"href":"https:\/\/www.cltweb.org\/pt-br\/wp-json\/wp\/v2\/media?parent=6636"}],"wp:term":[{"taxonomy":"post_tag","embeddable":true,"href":"https:\/\/www.cltweb.org\/pt-br\/wp-json\/wp\/v2\/tags?post=6636"},{"taxonomy":"tribe_events_cat","embeddable":true,"href":"https:\/\/www.cltweb.org\/pt-br\/wp-json\/wp\/v2\/tribe_events_cat?post=6636"}],"curies":[{"name":"wp","href":"https:\/\/api.w.org\/{rel}","templated":true}]}}