{"id":6718,"date":"2024-10-30T00:00:00","date_gmt":"2024-10-30T00:00:00","guid":{"rendered":"https:\/\/www.cltweb.org\/event\/painel-de-discussao-sobre-administracao-do-futuro-poder-e-lideranca-dos-jovens-na-pratica-do-community-land-trust-2\/"},"modified":"2024-12-10T20:44:27","modified_gmt":"2024-12-10T20:44:27","slug":"painel-de-discussao-sobre-administracao-do-futuro-poder-e-lideranca-dos-jovens-na-pratica-do-community-land-trust-2","status":"publish","type":"tribe_events","link":"https:\/\/www.cltweb.org\/pt-br\/event\/painel-de-discussao-sobre-administracao-do-futuro-poder-e-lideranca-dos-jovens-na-pratica-do-community-land-trust-2\/","title":{"rendered":"Painel de discuss\u00e3o sobre Administra\u00e7\u00e3o do futuro: Poder e lideran\u00e7a dos jovens na pr\u00e1tica do Community Land Trust"},"content":{"rendered":"<div  class=\"tribe-events-schedule tribe-clearfix\" >\n\t<p class=\"tribe-events-schedule__datetime\">\n\t\t<span class=\"tribe-events-schedule__date tribe-events-schedule__date--start\">\n\t\t\tdezembro 4, 2024\t\t<\/span>\n\n\t\t\t\t\t<span class=\"tribe-events-schedule__separator tribe-events-schedule__separator--date\">\n\t\t\t\t @ \t\t\t<\/span>\n\t\t\t<span class=\"tribe-events-schedule__time tribe-events-schedule__time--start\">\n\t\t\t\t12:00\t\t\t<\/span>\n\t\t\n\t\t\t\t\t\t\t\t\t<span class=\"tribe-events-schedule__separator tribe-events-schedule__separator--time\">\n\t\t\t\t\t &#8211; \t\t\t\t<\/span>\n\t\t\t\n\t\t\t\t\t\t\t<span class=\"tribe-events-schedule__time tribe-events-schedule__time--end\">\n\t\t\t\t\t13:15\t\t\t\t<\/span>\n\t\t\t\n\t\t\t\t\t\t\t<span class=\"tribe-events-schedule__timezone\">EST<\/span>\n\t\t\t\t\t\t<\/p>\n<\/div>\n\n<h2 class=\"wp-block-heading\" id=\"h-webinar-resources\">Recursos do webinar<\/h2>\n\n<figure class=\"wp-block-embed aligncenter is-type-video is-provider-youtube wp-block-embed-youtube wp-embed-aspect-4-3 wp-has-aspect-ratio\"><div class=\"wp-block-embed__wrapper\">\n<iframe loading=\"lazy\" title=\"Panel Discussion on Youth Power and Leadership in CLT Practice\" width=\"1290\" height=\"968\" src=\"https:\/\/www.youtube.com\/embed\/UF1qD6WZTwg?feature=oembed\" frameborder=\"0\" allow=\"accelerometer; autoplay; clipboard-write; encrypted-media; gyroscope; picture-in-picture; web-share\" referrerpolicy=\"strict-origin-when-cross-origin\" allowfullscreen><\/iframe>\n<\/div><\/figure>\n\n<h3 class=\"wp-block-heading\" id=\"h-slide-decks\">Decks deslizantes<\/h3>\n\n<ul class=\"wp-block-list\">\n<li><strong><a href=\"https:\/\/www.cltweb.org\/wp-content\/uploads\/2024\/12\/Ashley-Allen-Presentation.pdf\" target=\"_blank\" rel=\"noreferrer noopener\">Ashley Allen, PhD<\/a><\/strong>, Houston CLT, diretora executiva<\/li>\n\n\n\n<li><strong><a href=\"https:\/\/www.cltweb.org\/wp-content\/uploads\/2024\/12\/Carlos-Sanchez-Gonzales-Presentation.pdf\" target=\"_blank\" rel=\"noreferrer noopener\">Carlos Sanchez-Gonzales<\/a><\/strong>South Baltimore CLT, Especialista em Apoio \u00e0 Juventude<\/li>\n\n\n\n<li><strong><a href=\"https:\/\/www.cltweb.org\/wp-content\/uploads\/2024\/12\/Jason-Webb-Presentation-.pdf\" target=\"_blank\" rel=\"noreferrer noopener\">Jason Webb<\/a><\/strong>Jason Webb , Grounded Solutions Network, Diretor de Assist\u00eancia T\u00e9cnica e Comunit\u00e1ria<\/li>\n<\/ul>\n\n<h2 class=\"wp-block-heading has-large-font-size\" id=\"h-webinar-description\">Descri\u00e7\u00e3o do webinar<\/h2>\n\n<p><b>Em 4 de dezembro de 2024, realizamos um painel de discuss\u00e3o com uma breve sess\u00e3o de perguntas e respostas sobre o envolvimento e a lideran\u00e7a dos jovens nos fundos de terras comunit\u00e1rios.<\/b> <span style=\"font-weight: 400;\">O n\u00facleo da miss\u00e3o do CLT \u00e9 a administra\u00e7\u00e3o dos ativos da comunidade para as gera\u00e7\u00f5es presentes e futuras. Para responder aos desafios sociais, econ\u00f4micos e ambientais prementes de hoje &#8211; especialmente aqueles impostos pelas mudan\u00e7as clim\u00e1ticas &#8211; \u00e9 necess\u00e1rio ouvir e elevar as vozes daqueles que ser\u00e3o mais afetados: nossos jovens. Envolver os jovens em terras e moradias de propriedade da comunidade ser\u00e1 crucial para a constru\u00e7\u00e3o de comunidades sustent\u00e1veis e para o avan\u00e7o da miss\u00e3o de administra\u00e7\u00e3o das CLTs.  <\/span> <span style=\"font-weight: 400;\">Este webinar foi uma conversa envolvente com profissionais do CLT e dois l\u00edderes jovens. Juntos, exploramos quest\u00f5es como: <\/span><\/p>\n\n<ul class=\"wp-block-list\">\n<li><span style=\"font-weight: 400;\">Como os CLTs est\u00e3o envolvendo os representantes dos jovens na tomada de decis\u00f5es?<\/span><\/li>\n\n\n\n<li><span style=\"font-weight: 400;\">Como as preocupa\u00e7\u00f5es dos jovens membros dos CLTs est\u00e3o moldando a pr\u00e1tica do CLT?<\/span><\/li>\n\n\n\n<li><span style=\"font-weight: 400;\">Como podemos envolver melhor os jovens e destacar seu papel na forma\u00e7\u00e3o do futuro das comunidades?<\/span><\/li>\n<\/ul>\n\n<h2 class=\"wp-block-heading has-large-font-size\" id=\"h-panelists\">Painelistas<\/h2>\n\n<ul class=\"wp-block-list\">\n<li><em><b>Ashley Allen<\/b><\/em><span style=\"font-weight: 400;\"><span style=\"font-weight: 400;\"> <em> atua como diretora executiva do <a href=\"https:\/\/www.houstonclt.org\/\" target=\"_blank\" rel=\"noopener\">Houston Community Land Trust<\/a>.<\/em> Ela traz para a fun\u00e7\u00e3o a lideran\u00e7a sem fins lucrativos e a experi\u00eancia em desenvolvimento de programas nas \u00e1reas de educa\u00e7\u00e3o, S.T.E. M., desenvolvimento da for\u00e7a de trabalho e moradia econ\u00f4mica. Como organizadora comunit\u00e1ria h\u00e1 mais de 10 anos, ela ajudou a desenvolver e promover campanhas para melhorar os servi\u00e7os para os sem-teto, a pol\u00edtica de moradia acess\u00edvel e a educa\u00e7\u00e3o em Chicago, IL.<\/span><\/span>Ashley atuou como consultora na Barack Obama Foundation, onde foi respons\u00e1vel pelo planejamento e implementa\u00e7\u00e3o da iniciativa da funda\u00e7\u00e3o para desenvolver a pr\u00f3xima gera\u00e7\u00e3o de organizadores e defensores da comunidade. A experi\u00eancia de Ashley como jovem sem-teto foi o que despertou sua paix\u00e3o por ajudar a aumentar a acessibilidade e a acessibilidade de moradia para aqueles que mais precisam. Ela faz parte da diretoria da The Coalition for the Homeless of Houston\/Harris County e \u00e9 membro do Houston Alumnae Chapter da Delta Sigma Theta, Sorority, Inc. Ashley \u00e9 bacharel em Ci\u00eancia de Alimentos pela Florida A&amp;M University, mestre em Administra\u00e7\u00e3o de Empresas pela Governors State University e doutora em Pol\u00edtica Cultural e Educacional com especializa\u00e7\u00e3o em Sociologia pela Loyola University Chicago.  <\/li>\n\n\n\n<li><em><b>Carlos Sanchez-Gonzales<\/b><\/em><span style=\"font-weight: 400;\"> <em> \u00e9 um l\u00edder jovem e morador de South Baltimore que trabalha com o <a href=\"https:\/\/www.sbclt.org\/our-team\/\" target=\"_blank\" rel=\"noopener\">South Baltimore Community Land Trust<\/a>.<\/em> Em seu trabalho, ele se concentra na divulga\u00e7\u00e3o e na educa\u00e7\u00e3o em toda a cidade para conectar mais residentes com o movimento de cria\u00e7\u00e3o de empreendimentos de propriedade da comunidade. Quando era estudante na Benjamin Franklin HS em Curtis Bay, Carlos come\u00e7ou a aprender com l\u00edderes de justi\u00e7a ambiental que fundaram a Free Your Voice. Carlos agiu de acordo com essas li\u00e7\u00f5es, ajudando a desenvolver o primeiro Plano de Desperd\u00edcio Zero em toda a cidade de Baltimore e defendendo novos financiamentos para empreendimentos comunit\u00e1rios permanentemente acess\u00edveis. Agora, Carlos continua a promover a justi\u00e7a ambiental por meio de pesquisa e a\u00e7\u00e3o, enquanto expande nosso alcance para a pr\u00f3xima gera\u00e7\u00e3o de l\u00edderes jovens.  <\/span> <\/li>\n\n\n\n<li><em><b>Jason Webb <\/b>\u00e9 diretor de assist\u00eancia t\u00e9cnica e comunit\u00e1ria da <a href=\"https:\/\/groundedsolutions.org\/\" target=\"_blank\" rel=\"noopener\">Grounded Solutions Network<\/a>.<\/em> Ele \u00e9  <span style=\"font-weight: 400;\">tem cerca de 40 anos de experi\u00eancia em organiza\u00e7\u00e3o e revitaliza\u00e7\u00e3o de comunidades. Ele foi fundamental na revitaliza\u00e7\u00e3o de uma comunidade em Roxbury, Massachusetts, chamada &#8220;Dudley Street&#8221;, conforme destacado nos document\u00e1rios premiados Holding Ground e Gaining Ground e no livro Streets of Hope. Como a 9ason supervisiona o treinamento e a assist\u00eancia t\u00e9cnica para cidades, organiza\u00e7\u00f5es sem fins lucrativos e grupos comunit\u00e1rios. Ele auxilia na explora\u00e7\u00e3o, ado\u00e7\u00e3o e implementa\u00e7\u00e3o de pol\u00edticas e programas habitacionais com acessibilidade duradoura que promovem a igualdade e a inclus\u00e3o racial. Jason desenvolveu ferramentas essenciais que ajudaram centenas de grupos a aprender sobre o modelo de fideicomisso de terras comunit\u00e1rias, como o &#8220;Community Land Trust Start-up Hub&#8221;. Jason atuou como copresidente do comit\u00ea da equipe para igualdade e inclus\u00e3o racial de 2020 a 2023.     <\/span> <span style=\"font-weight: 400;\"><span style=\"font-weight: 400;\">  Antes de vir para a Grounded Solutions, Jason trabalhou por 15 anos na Dudley Street Neighborhood Initiative (DSNI) e na Network Member Dudley Neighbors Inc. (DNI). Ele atuou em v\u00e1rias fun\u00e7\u00f5es, incluindo Diretor de Im\u00f3veis e Tecnologia, Diretor da DNI &#8220;The Community Land Trust&#8221; e Diretor de Administra\u00e7\u00e3o e Finan\u00e7as. Jason supervisionou o desenvolvimento de v\u00e1rios empreendimentos do community land trust e criou um programa de desenvolvimento\/emprego para jovens chamado CommunityScapes.  <\/span><\/span>Nascido em Massachusetts, Jason estudou na Boston University School of Management. Atualmente, Jason reside em New Bedford, Massachusetts, onde ele e sua fam\u00edlia desfrutam da cidade portu\u00e1ria, conhecida por sua ind\u00fastria pesqueira e baleeira. <\/li>\n<\/ul>\n\n<figure class=\"wp-block-image aligncenter\"><img decoding=\"async\" src=\"https:\/\/www.cltweb.org\/wp-content\/uploads\/2024\/10\/Youth-Engagement-Logos.png\" alt=\"\" class=\"wp-image-7856\"\/><\/figure>\n\n<p><\/p>\n\t<div  class=\"tribe-block tribe-block__events-link\" >\n\t\t<div class=\"tribe-events tribe-common\">\n\t\t\t<div class=\"tribe-events-c-subscribe-dropdown__container\">\n\t\t\t\t<div class=\"tribe-events-c-subscribe-dropdown\">\n\t\t\t\t\t<div class=\"tribe-common-c-btn-border tribe-events-c-subscribe-dropdown__button\">\n\t\t\t\t\t\t<svg\n\t class=\"tribe-common-c-svgicon tribe-common-c-svgicon--cal-export tribe-events-c-subscribe-dropdown__export-icon\" \taria-hidden=\"true\"\n\tviewBox=\"0 0 23 17\"\n\txmlns=\"http:\/\/www.w3.org\/2000\/svg\"\n>\n\t<path fill-rule=\"evenodd\" clip-rule=\"evenodd\" d=\"M.128.896V16.13c0 .211.145.383.323.383h15.354c.179 0 .323-.172.323-.383V.896c0-.212-.144-.383-.323-.383H.451C.273.513.128.684.128.896Zm16 6.742h-.901V4.679H1.009v10.729h14.218v-3.336h.901V7.638ZM1.01 1.614h14.218v2.058H1.009V1.614Z\" \/>\n\t<path d=\"M20.5 9.846H8.312M18.524 6.953l2.89 2.909-2.855 2.855\" stroke-width=\"1.2\" stroke-linecap=\"round\" stroke-linejoin=\"round\"\/>\n<\/svg>\n\t\t\t\t\t\t<button\n\t\t\t\t\t\t\tclass=\"tribe-events-c-subscribe-dropdown__button-text\"\n\t\t\t\t\t\t\taria-expanded=\"false\"\n\t\t\t\t\t\t\taria-controls=\"tribe-events-subscribe-dropdown-content\"\n\t\t\t\t\t\t\taria-label=\"View links to add events to your calendar\"\n\t\t\t\t\t\t>\n\t\t\t\t\t\t\tAdicionar ao calend\u00e1rio\t\t\t\t\t\t<\/button>\n\t\t\t\t\t\t<svg\n\t class=\"tribe-common-c-svgicon tribe-common-c-svgicon--caret-down tribe-events-c-subscribe-dropdown__button-icon\" \taria-hidden=\"true\"\n\tviewBox=\"0 0 10 7\"\n\txmlns=\"http:\/\/www.w3.org\/2000\/svg\"\n>\n\t<path fill-rule=\"evenodd\" clip-rule=\"evenodd\" d=\"M1.008.609L5 4.6 8.992.61l.958.958L5 6.517.05 1.566l.958-.958z\" class=\"tribe-common-c-svgicon__svg-fill\"\/>\n<\/svg>\n\t\t\t\t\t<\/div>\n\t\t\t\t\t<div id=\"tribe-events-subscribe-dropdown-content\" class=\"tribe-events-c-subscribe-dropdown__content\">\n\t\t\t\t\t\t<ul class=\"tribe-events-c-subscribe-dropdown__list\">\n\t\t\t\t\t\t\t\t\t\t\t\t\t\t\t<li class=\"tribe-events-c-subscribe-dropdown__list-item tribe-events-c-subscribe-dropdown__list-item--gcal\">\n\t\t\t\t\t\t\t\t\t<a\n\t\t\t\t\t\t\t\t\t\thref=\"https:\/\/www.google.com\/calendar\/event?action=TEMPLATE&#038;dates=20241204T120000\/20241204T131500&#038;text=Painel%20de%20discuss%C3%A3o%20sobre%20Administra%C3%A7%C3%A3o%20do%20futuro%3A%20Poder%20e%20lideran%C3%A7a%20dos%20jovens%20na%20pr%C3%A1tica%20do%20Community%20Land%20Trust&#038;details=%3Ch2+class%3D%22wp-block-heading%22+id%3D%22h-webinar-resources%22%3ERecursos+do+webinar%3C%2Fh2%3E%3Cfigure+class%3D%22wp-block-embed+aligncenter+is-type-video+is-provider-youtube+wp-block-embed-youtube+wp-embed-aspect-4-3+wp-has-aspect-ratio%22%3E%3Cdiv+class%3D%22wp-block-embed__wrapper%22%3Ehttps%3A%2F%2Fyoutu.be%2FUF1qD6WZTwg%3C%2Fdiv%3E%3C%2Ffigure%3E%3Ch3+class%3D%22wp-block-heading%22+id%3D%22h-slide-decks%22%3EDecks+deslizantes%3C%2Fh3%3E%3Cul+class%3D%22wp-block-list%22%3E%3Cli%3E%3Cstrong%3E%3Ca+href%3D%22https%3A%2F%2Fwww.cltweb.org%2Fwp-content%2Fuploads%2F2024%2F12%2FAshley-Allen-Presentation.pdf%22+target%3D%22_blank%22+rel%3D%22noreferrer+noopener%22%3EAshley+Allen%2C+PhD%3C%2Fa%3E%3C%2Fstrong%3E%2C+Houston+CLT%2C+diretora+executiva%3C%2Fli%3E%3Cli%3E%3Cstrong%3E%3Ca+href%3D%22https%3A%2F%2Fwww.cltweb.org%2Fwp-content%2Fuploads%2F2024%2F12%2FCarlos-Sanchez-Gonzales-Presentation.pdf%22+target%3D%22_blank%22+rel%3D%22noreferrer+noopener%22%3ECarlos+Sanchez-Gonzales%3C%2Fa%3E%3C%2Fstrong%3ESouth+Baltimore+CLT%2C+Especialista+em+Apoio+%C3%A0+Juventude%3C%2Fli%3E%3Cli%3E%3Cstrong%3E%3Ca+href%3D%22https%3A%2F%2Fwww.cltweb.org%2Fwp-content%2Fuploads%2F2024%2F12%2FJason-Webb-Presentation-.pdf%22+target%3D%22_blank%22+rel%3D%3C%2Fstrong%3E%3C%2Fli%3E%3C%2Ful%3E+%28Veja+a+descri%C3%A7%C3%A3o+completa+de+evento+aqui%3A+https%3A%2F%2Fwww.cltweb.org%2Fpt-br%2Fevent%2Fpainel-de-discussao-sobre-administracao-do-futuro-poder-e-lideranca-dos-jovens-na-pratica-do-community-land-trust-2%2F%29&#038;trp=false&#038;ctz=America\/New_York&#038;sprop=website:https:\/\/www.cltweb.org\/pt-br\/\"\n\t\t\t\t\t\t\t\t\t\tclass=\"tribe-events-c-subscribe-dropdown__list-item-link\"\n\t\t\t\t\t\t\t\t\t\ttarget=\"_blank\"\n\t\t\t\t\t\t\t\t\t\trel=\"noopener noreferrer nofollow noindex\"\n\t\t\t\t\t\t\t\t\t>\n\t\t\t\t\t\t\t\t\t\tGoogle Agenda\t\t\t\t\t\t\t\t\t<\/a>\n\t\t\t\t\t\t\t\t<\/li>\n\t\t\t\t\t\t\t\t\t\t\t\t\t\t\t<li class=\"tribe-events-c-subscribe-dropdown__list-item tribe-events-c-subscribe-dropdown__list-item--ical\">\n\t\t\t\t\t\t\t\t\t<a\n\t\t\t\t\t\t\t\t\t\thref=\"\"\n\t\t\t\t\t\t\t\t\t\tclass=\"tribe-events-c-subscribe-dropdown__list-item-link\"\n\t\t\t\t\t\t\t\t\t\ttarget=\"_blank\"\n\t\t\t\t\t\t\t\t\t\trel=\"noopener noreferrer nofollow noindex\"\n\t\t\t\t\t\t\t\t\t>\n\t\t\t\t\t\t\t\t\t\tiCalendar\t\t\t\t\t\t\t\t\t<\/a>\n\t\t\t\t\t\t\t\t<\/li>\n\t\t\t\t\t\t\t\t\t\t\t\t\t\t\t<li class=\"tribe-events-c-subscribe-dropdown__list-item tribe-events-c-subscribe-dropdown__list-item--outlook-365\">\n\t\t\t\t\t\t\t\t\t<a\n\t\t\t\t\t\t\t\t\t\thref=\"\"\n\t\t\t\t\t\t\t\t\t\tclass=\"tribe-events-c-subscribe-dropdown__list-item-link\"\n\t\t\t\t\t\t\t\t\t\ttarget=\"_blank\"\n\t\t\t\t\t\t\t\t\t\trel=\"noopener noreferrer nofollow noindex\"\n\t\t\t\t\t\t\t\t\t>\n\t\t\t\t\t\t\t\t\t\tOutlook 365\t\t\t\t\t\t\t\t\t<\/a>\n\t\t\t\t\t\t\t\t<\/li>\n\t\t\t\t\t\t\t\t\t\t\t\t\t\t\t<li class=\"tribe-events-c-subscribe-dropdown__list-item tribe-events-c-subscribe-dropdown__list-item--outlook-live\">\n\t\t\t\t\t\t\t\t\t<a\n\t\t\t\t\t\t\t\t\t\thref=\"\"\n\t\t\t\t\t\t\t\t\t\tclass=\"tribe-events-c-subscribe-dropdown__list-item-link\"\n\t\t\t\t\t\t\t\t\t\ttarget=\"_blank\"\n\t\t\t\t\t\t\t\t\t\trel=\"noopener noreferrer nofollow noindex\"\n\t\t\t\t\t\t\t\t\t>\n\t\t\t\t\t\t\t\t\t\tOutlook Live\t\t\t\t\t\t\t\t\t<\/a>\n\t\t\t\t\t\t\t\t<\/li>\n\t\t\t\t\t\t\t\t\t\t\t\t\t<\/ul>\n\t\t\t\t\t<\/div>\n\t\t\t\t<\/div>\n\t\t\t<\/div>\n\t\t<\/div>\n\t<\/div>\n\n<div  class=\"tribe-events-single-section tribe-events-event-meta primary tribe-clearfix\" >\n\t\n\t\n<div class=\"tribe-events-meta-group tribe-events-meta-group-details\">\n\t<h3 class=\"tribe-events-single-section-title\">\n\t\t\t\t\tDetalhes\t\t\n\t<\/h3>\n\t<ul class=\"tribe-events-meta-list\">\n\n\t\t\n\t\t\t<li class=\"tribe-events-meta-item\">\n\t\t\t\t<span class=\"tribe-events-meta-label\">Data:<\/span>\n\t\t\t\t<span class=\"tribe-events-meta-value\">\n\t\t\t\t\t<abbr class=\"tribe-events-abbr tribe-events-start-date published dtstart\" title=\"2024-12-04\"> dezembro 4, 2024 <\/abbr>\n\t\t\t\t<\/span>\n\t\t\t<\/li>\n\n\t\t\t<li class=\"tribe-events-meta-item\">\n\t\t\t\t<span class=\"tribe-events-meta-label\">Hora:<\/span>\n\t\t\t\t<span class=\"tribe-events-meta-value\">\n\t\t\t\t\t<div class=\"tribe-events-abbr tribe-events-start-time published dtstart\" title=\"2024-12-04\">\n\t\t\t\t\t\t12:00 &#8211; 13:15\t\t\t\t\t\t\t\t\t\t\t\t\t<span class=\"tribe-events-abbr tribe-events-time-zone published\">EST<\/span>\n\t\t\t\t\t\t\t\t\t\t\t<\/div>\n\t\t\t\t<\/span>\n\t\t\t<\/li>\n\n\t\t\n\t\t\n\t\t\n\t\t\n\t\t<li class=\"tribe-events-meta-item\"><span class=\"tribe-event-tags-label tribe-events-meta-label\">Evento Tags:<\/span><span class=\"tribe-event-tags tribe-events-meta-value\"><a href=\"https:\/\/www.cltweb.org\/pt-br\/eventos\/(\/?:tag|etiqueta|tiquette|\u00e9tiquette|etiquette)\/(%5B\/%5D\" rel=\"tag\">administra\u00e7\u00e3o<\/a>, <a href=\"https:\/\/www.cltweb.org\/pt-br\/eventos\/(\/?:tag|etiqueta|tiquette|\u00e9tiquette|etiquette)\/(%5B\/%5D\" rel=\"tag\">Envolvimento dos jovens<\/a>, <a href=\"https:\/\/www.cltweb.org\/pt-br\/eventos\/(\/?:tag|etiqueta|tiquette|\u00e9tiquette|etiquette)\/(%5B\/%5D\" rel=\"tag\">painel de discuss\u00e3o<\/a><\/span><\/li>\n\t\t\n\t\t\t<\/ul>\n<\/div>\n\t\n<div class=\"tribe-events-meta-group tribe-events-meta-group-organizer\">\n\t<h3 class=\"tribe-events-single-section-title\">\n\t\t\t\t\tOrganizador\t\t\t<\/h3>\n\t<ul class=\"tribe-events-meta-list tribe-events-meta-list-organizer\">\n\t\t\t\t\t<li class=\"tribe-events-meta-item\">\n\t\t\t\t<span class=\"tribe-organizer tribe-events-meta-value\">\n\t\t\t\t\t<a href=\"https:\/\/www.cltweb.org\/pt-br\/organizador\/centro-internacional-para-fundos-de-terras-comunitarios\/\" title=\"Centro Internacional para Fundos de Terras Comunit\u00e1rios\" target=\"_self\" rel=\"\">Centro Internacional para Fundos de Terras Comunit\u00e1rios<\/a>\t\t\t\t<\/span>\n\t\t\t<\/li>\n\t\t\t\t\t\t\t<li class=\"tribe-events-meta-item\">\n\t\t\t\t\t<span class=\"tribe-organizer-email-label tribe-events-meta-label\">\n\t\t\t\t\t\tEmail\t\t\t\t\t<\/span>\n\t\t\t\t\t<span class=\"tribe-organizer-email tribe-events-meta-value\">\n\t\t\t\t\t\ti&#110;f&#111;&#064;commu&#110;&#105;t&#121;lan&#100;t&#114;&#117;s&#116;&#046;net\t\t\t\t\t<\/span>\n\t\t\t\t<\/li>\n\t\t\t\t\t\t\t\t<li class=\"tribe-events-meta-item\">\n\t\t\t\t\t<span class=\"tribe-organizer-url-label tribe-events-meta-label\">\n\t\t\t\t\t\tWebsite\t\t\t\t\t<\/span>\n\t\t\t\t\t<span class=\"tribe-organizer-url tribe-events-meta-value\">\n\t\t\t\t\t\t<a href=\"https:\/\/www.cltweb.org\" target=\"_blank\" rel=\"noopener noreferrer\">Ver site do Organizador<\/a>\t\t\t\t\t<\/span>\n\t\t\t\t<\/li>\n\t\t\t\t\t<\/ul>\n<\/div>\n\n\t<\/div>\n<div  class=\"tribe-block tribe-block__venue tribe-clearfix\" >\n\t\n\t\t\n\t<\/div>\n","protected":false},"excerpt":{"rendered":"<p>Recursos do webinar Decks deslizantes Descri\u00e7\u00e3o do webinar Em 4 de dezembro de 2024, realizamos um painel de discuss\u00e3o com uma breve sess\u00e3o de perguntas e respostas sobre o envolvimento [&hellip;]<\/p>\n","protected":false},"author":2,"featured_media":0,"template":"","meta":{"give_campaign_id":0,"_tec_requires_first_save":false,"_kad_blocks_custom_css":"","_kad_blocks_head_custom_js":"","_kad_blocks_body_custom_js":"","_kad_blocks_footer_custom_js":"","_EventAllDay":false,"_EventTimezone":"America\/New_York","_EventStartDate":"2024-12-04 12:00:00","_EventEndDate":"2024-12-04 13:15:00","_EventStartDateUTC":"2024-12-04 17:00:00","_EventEndDateUTC":"2024-12-04 18:15:00","_EventShowMap":false,"_EventShowMapLink":false,"_EventURL":"","_EventCost":"","_EventCostDescription":"","_EventCurrencySymbol":"","_EventCurrencyCode":"","_EventCurrencyPosition":"","_EventDateTimeSeparator":"","_EventTimeRangeSeparator":"","_EventOrganizerID":[6681],"_EventVenueID":[],"_OrganizerEmail":"","_OrganizerPhone":"","_OrganizerWebsite":"","_VenueAddress":"","_VenueCity":"","_VenueCountry":"","_VenueProvince":"","_VenueState":"","_VenueZip":"","_VenuePhone":"","_VenueURL":"","_VenueStateProvince":"","_VenueLat":"","_VenueLng":"","_VenueShowMap":false,"_VenueShowMapLink":false,"_tribe_blocks_recurrence_rules":"","_tribe_blocks_recurrence_description":"","_tribe_blocks_recurrence_exclusions":"","_tribe_events_status":"","_tribe_events_status_reason":"","_tribe_events_is_hybrid":"","_tribe_events_is_virtual":"","_tribe_events_virtual_video_source":"","_tribe_events_virtual_embed_video":"","_tribe_events_virtual_linked_button_text":"","_tribe_events_virtual_linked_button":"","_tribe_events_virtual_show_embed_at":"","_tribe_events_virtual_show_embed_to":[],"_tribe_events_virtual_show_on_event":"","_tribe_events_virtual_show_on_views":"","_tribe_events_virtual_url":"","footnotes":""},"tags":[272,273,271],"tribe_events_cat":[],"class_list":["post-6718","tribe_events","type-tribe_events","status-publish","hentry","tag-administracao","tag-envolvimento-dos-jovens","tag-painel-de-discussao"],"blocksy_meta":[],"yoast_head":"<!-- This site is optimized with the Yoast SEO Premium plugin v27.5 (Yoast SEO v27.5) - https:\/\/yoast.com\/product\/yoast-seo-premium-wordpress\/ -->\n<title>Painel de discuss\u00e3o sobre Administra\u00e7\u00e3o do futuro: Poder e lideran\u00e7a dos jovens na pr\u00e1tica do Community Land Trust - International Center for Community Land Trusts<\/title>\n<meta name=\"robots\" content=\"index, follow, max-snippet:-1, max-image-preview:large, max-video-preview:-1\" \/>\n<link rel=\"canonical\" href=\"https:\/\/www.cltweb.org\/pt-br\/event\/painel-de-discussao-sobre-administracao-do-futuro-poder-e-lideranca-dos-jovens-na-pratica-do-community-land-trust-2\/\" \/>\n<meta property=\"og:locale\" content=\"pt_BR\" \/>\n<meta property=\"og:type\" content=\"article\" \/>\n<meta property=\"og:title\" content=\"Painel de discuss\u00e3o sobre Administra\u00e7\u00e3o do futuro: Poder e lideran\u00e7a dos jovens na pr\u00e1tica do Community Land Trust\" \/>\n<meta property=\"og:description\" content=\"Recursos do webinar Decks deslizantes Descri\u00e7\u00e3o do webinar Em 4 de dezembro de 2024, realizamos um painel de discuss\u00e3o com uma breve sess\u00e3o de perguntas e respostas sobre o envolvimento [&hellip;]\" \/>\n<meta property=\"og:url\" content=\"https:\/\/www.cltweb.org\/pt-br\/event\/painel-de-discussao-sobre-administracao-do-futuro-poder-e-lideranca-dos-jovens-na-pratica-do-community-land-trust-2\/\" \/>\n<meta property=\"og:site_name\" content=\"International Center for Community Land Trusts\" \/>\n<meta property=\"article:publisher\" content=\"https:\/\/www.facebook.com\/cltcenter\" \/>\n<meta property=\"article:modified_time\" content=\"2024-12-10T20:44:27+00:00\" \/>\n<meta property=\"og:image\" content=\"https:\/\/www.cltweb.org\/wp-content\/uploads\/2024\/11\/20160229_105905-1-scaled.jpg\" \/>\n\t<meta property=\"og:image:width\" content=\"1\" \/>\n\t<meta property=\"og:image:height\" content=\"1\" \/>\n\t<meta property=\"og:image:type\" content=\"image\/jpeg\" \/>\n<meta name=\"twitter:card\" content=\"summary_large_image\" \/>\n<meta name=\"twitter:site\" content=\"@Center4CLTs\" \/>\n<meta name=\"twitter:label1\" content=\"Est. tempo de leitura\" \/>\n\t<meta name=\"twitter:data1\" content=\"4 minutos\" \/>\n<script type=\"application\/ld+json\" class=\"yoast-schema-graph\">{\"@context\":\"https:\\\/\\\/schema.org\",\"@graph\":[{\"@type\":\"WebPage\",\"@id\":\"https:\\\/\\\/www.cltweb.org\\\/pt-br\\\/event\\\/painel-de-discussao-sobre-administracao-do-futuro-poder-e-lideranca-dos-jovens-na-pratica-do-community-land-trust-2\\\/\",\"url\":\"https:\\\/\\\/www.cltweb.org\\\/pt-br\\\/event\\\/painel-de-discussao-sobre-administracao-do-futuro-poder-e-lideranca-dos-jovens-na-pratica-do-community-land-trust-2\\\/\",\"name\":\"Painel de discuss\u00e3o sobre Administra\u00e7\u00e3o do futuro: Poder e lideran\u00e7a dos jovens na pr\u00e1tica do Community Land Trust - International Center for Community Land Trusts\",\"isPartOf\":{\"@id\":\"https:\\\/\\\/www.cltweb.org\\\/pt-br\\\/#website\"},\"primaryImageOfPage\":{\"@id\":\"https:\\\/\\\/www.cltweb.org\\\/pt-br\\\/event\\\/painel-de-discussao-sobre-administracao-do-futuro-poder-e-lideranca-dos-jovens-na-pratica-do-community-land-trust-2\\\/#primaryimage\"},\"image\":{\"@id\":\"https:\\\/\\\/www.cltweb.org\\\/pt-br\\\/event\\\/painel-de-discussao-sobre-administracao-do-futuro-poder-e-lideranca-dos-jovens-na-pratica-do-community-land-trust-2\\\/#primaryimage\"},\"thumbnailUrl\":\"https:\\\/\\\/www.cltweb.org\\\/wp-content\\\/uploads\\\/2024\\\/10\\\/Youth-Engagement-Logos.png\",\"datePublished\":\"2024-10-30T00:00:00+00:00\",\"dateModified\":\"2024-12-10T20:44:27+00:00\",\"breadcrumb\":{\"@id\":\"https:\\\/\\\/www.cltweb.org\\\/pt-br\\\/event\\\/painel-de-discussao-sobre-administracao-do-futuro-poder-e-lideranca-dos-jovens-na-pratica-do-community-land-trust-2\\\/#breadcrumb\"},\"inLanguage\":\"pt-BR\",\"potentialAction\":[{\"@type\":\"ReadAction\",\"target\":[\"https:\\\/\\\/www.cltweb.org\\\/pt-br\\\/event\\\/painel-de-discussao-sobre-administracao-do-futuro-poder-e-lideranca-dos-jovens-na-pratica-do-community-land-trust-2\\\/\"]}]},{\"@type\":\"ImageObject\",\"inLanguage\":\"pt-BR\",\"@id\":\"https:\\\/\\\/www.cltweb.org\\\/pt-br\\\/event\\\/painel-de-discussao-sobre-administracao-do-futuro-poder-e-lideranca-dos-jovens-na-pratica-do-community-land-trust-2\\\/#primaryimage\",\"url\":\"https:\\\/\\\/www.cltweb.org\\\/wp-content\\\/uploads\\\/2024\\\/10\\\/Youth-Engagement-Logos.png\",\"contentUrl\":\"https:\\\/\\\/www.cltweb.org\\\/wp-content\\\/uploads\\\/2024\\\/10\\\/Youth-Engagement-Logos.png\"},{\"@type\":\"BreadcrumbList\",\"@id\":\"https:\\\/\\\/www.cltweb.org\\\/pt-br\\\/event\\\/painel-de-discussao-sobre-administracao-do-futuro-poder-e-lideranca-dos-jovens-na-pratica-do-community-land-trust-2\\\/#breadcrumb\",\"itemListElement\":[{\"@type\":\"ListItem\",\"position\":1,\"name\":\"Home\",\"item\":\"https:\\\/\\\/www.cltweb.org\\\/pt-br\\\/\"},{\"@type\":\"ListItem\",\"position\":2,\"name\":\"Eventos\",\"item\":\"https:\\\/\\\/www.cltweb.org\\\/pt-br\\\/events\\\/\"},{\"@type\":\"ListItem\",\"position\":3,\"name\":\"Painel de discuss\u00e3o sobre Administra\u00e7\u00e3o do futuro: Poder e lideran\u00e7a dos jovens na pr\u00e1tica do Community Land Trust\"}]},{\"@type\":\"WebSite\",\"@id\":\"https:\\\/\\\/www.cltweb.org\\\/pt-br\\\/#website\",\"url\":\"https:\\\/\\\/www.cltweb.org\\\/pt-br\\\/\",\"name\":\"International Center for Community Land Trusts\",\"description\":\"\",\"publisher\":{\"@id\":\"https:\\\/\\\/www.cltweb.org\\\/pt-br\\\/#organization\"},\"potentialAction\":[{\"@type\":\"SearchAction\",\"target\":{\"@type\":\"EntryPoint\",\"urlTemplate\":\"https:\\\/\\\/www.cltweb.org\\\/pt-br\\\/?s={search_term_string}\"},\"query-input\":{\"@type\":\"PropertyValueSpecification\",\"valueRequired\":true,\"valueName\":\"search_term_string\"}}],\"inLanguage\":\"pt-BR\"},{\"@type\":\"Organization\",\"@id\":\"https:\\\/\\\/www.cltweb.org\\\/pt-br\\\/#organization\",\"name\":\"International Center for Community Land Trusts\",\"url\":\"https:\\\/\\\/www.cltweb.org\\\/pt-br\\\/\",\"logo\":{\"@type\":\"ImageObject\",\"inLanguage\":\"pt-BR\",\"@id\":\"https:\\\/\\\/www.cltweb.org\\\/pt-br\\\/#\\\/schema\\\/logo\\\/image\\\/\",\"url\":\"https:\\\/\\\/www.cltweb.org\\\/wp-content\\\/uploads\\\/2024\\\/11\\\/New-CLT-Center-Text-logo.png\",\"contentUrl\":\"https:\\\/\\\/www.cltweb.org\\\/wp-content\\\/uploads\\\/2024\\\/11\\\/New-CLT-Center-Text-logo.png\",\"width\":227,\"height\":80,\"caption\":\"International Center for Community Land Trusts\"},\"image\":{\"@id\":\"https:\\\/\\\/www.cltweb.org\\\/pt-br\\\/#\\\/schema\\\/logo\\\/image\\\/\"},\"sameAs\":[\"https:\\\/\\\/www.facebook.com\\\/cltcenter\",\"https:\\\/\\\/x.com\\\/Center4CLTs\",\"https:\\\/\\\/www.instagram.com\\\/cltcenter\\\/\",\"https:\\\/\\\/www.linkedin.com\\\/company\\\/cltcenter\",\"https:\\\/\\\/www.youtube.com\\\/@centerforcltinnovation5313\"],\"description\":\"The International Center for Community Land Trusts is a not-for-profit nongovernmental organization established in 2018 to promote and to support community land trusts and similar strategies of community-led development on community-owned land in countries throughout the world.\",\"email\":\"info@communitylandtrust.net\",\"legalName\":\"International Center for Community Land Trusts\",\"foundingDate\":\"2018-12-01\",\"taxID\":\"84-3858933\",\"numberOfEmployees\":{\"@type\":\"QuantitativeValue\",\"minValue\":\"1\",\"maxValue\":\"10\"}}]}<\/script>\n<!-- \/ Yoast SEO Premium plugin. -->","yoast_head_json":{"title":"Painel de discuss\u00e3o sobre Administra\u00e7\u00e3o do futuro: Poder e lideran\u00e7a dos jovens na pr\u00e1tica do Community Land Trust - International Center for Community Land Trusts","robots":{"index":"index","follow":"follow","max-snippet":"max-snippet:-1","max-image-preview":"max-image-preview:large","max-video-preview":"max-video-preview:-1"},"canonical":"https:\/\/www.cltweb.org\/pt-br\/event\/painel-de-discussao-sobre-administracao-do-futuro-poder-e-lideranca-dos-jovens-na-pratica-do-community-land-trust-2\/","og_locale":"pt_BR","og_type":"article","og_title":"Painel de discuss\u00e3o sobre Administra\u00e7\u00e3o do futuro: Poder e lideran\u00e7a dos jovens na pr\u00e1tica do Community Land Trust","og_description":"Recursos do webinar Decks deslizantes Descri\u00e7\u00e3o do webinar Em 4 de dezembro de 2024, realizamos um painel de discuss\u00e3o com uma breve sess\u00e3o de perguntas e respostas sobre o envolvimento [&hellip;]","og_url":"https:\/\/www.cltweb.org\/pt-br\/event\/painel-de-discussao-sobre-administracao-do-futuro-poder-e-lideranca-dos-jovens-na-pratica-do-community-land-trust-2\/","og_site_name":"International Center for Community Land Trusts","article_publisher":"https:\/\/www.facebook.com\/cltcenter","article_modified_time":"2024-12-10T20:44:27+00:00","og_image":[{"url":"https:\/\/www.cltweb.org\/wp-content\/uploads\/2024\/11\/20160229_105905-1-scaled.jpg","width":1,"height":1,"type":"image\/jpeg"}],"twitter_card":"summary_large_image","twitter_site":"@Center4CLTs","twitter_misc":{"Est. tempo de leitura":"4 minutos"},"schema":{"@context":"https:\/\/schema.org","@graph":[{"@type":"WebPage","@id":"https:\/\/www.cltweb.org\/pt-br\/event\/painel-de-discussao-sobre-administracao-do-futuro-poder-e-lideranca-dos-jovens-na-pratica-do-community-land-trust-2\/","url":"https:\/\/www.cltweb.org\/pt-br\/event\/painel-de-discussao-sobre-administracao-do-futuro-poder-e-lideranca-dos-jovens-na-pratica-do-community-land-trust-2\/","name":"Painel de discuss\u00e3o sobre Administra\u00e7\u00e3o do futuro: Poder e lideran\u00e7a dos jovens na pr\u00e1tica do Community Land Trust - International Center for Community Land Trusts","isPartOf":{"@id":"https:\/\/www.cltweb.org\/pt-br\/#website"},"primaryImageOfPage":{"@id":"https:\/\/www.cltweb.org\/pt-br\/event\/painel-de-discussao-sobre-administracao-do-futuro-poder-e-lideranca-dos-jovens-na-pratica-do-community-land-trust-2\/#primaryimage"},"image":{"@id":"https:\/\/www.cltweb.org\/pt-br\/event\/painel-de-discussao-sobre-administracao-do-futuro-poder-e-lideranca-dos-jovens-na-pratica-do-community-land-trust-2\/#primaryimage"},"thumbnailUrl":"https:\/\/www.cltweb.org\/wp-content\/uploads\/2024\/10\/Youth-Engagement-Logos.png","datePublished":"2024-10-30T00:00:00+00:00","dateModified":"2024-12-10T20:44:27+00:00","breadcrumb":{"@id":"https:\/\/www.cltweb.org\/pt-br\/event\/painel-de-discussao-sobre-administracao-do-futuro-poder-e-lideranca-dos-jovens-na-pratica-do-community-land-trust-2\/#breadcrumb"},"inLanguage":"pt-BR","potentialAction":[{"@type":"ReadAction","target":["https:\/\/www.cltweb.org\/pt-br\/event\/painel-de-discussao-sobre-administracao-do-futuro-poder-e-lideranca-dos-jovens-na-pratica-do-community-land-trust-2\/"]}]},{"@type":"ImageObject","inLanguage":"pt-BR","@id":"https:\/\/www.cltweb.org\/pt-br\/event\/painel-de-discussao-sobre-administracao-do-futuro-poder-e-lideranca-dos-jovens-na-pratica-do-community-land-trust-2\/#primaryimage","url":"https:\/\/www.cltweb.org\/wp-content\/uploads\/2024\/10\/Youth-Engagement-Logos.png","contentUrl":"https:\/\/www.cltweb.org\/wp-content\/uploads\/2024\/10\/Youth-Engagement-Logos.png"},{"@type":"BreadcrumbList","@id":"https:\/\/www.cltweb.org\/pt-br\/event\/painel-de-discussao-sobre-administracao-do-futuro-poder-e-lideranca-dos-jovens-na-pratica-do-community-land-trust-2\/#breadcrumb","itemListElement":[{"@type":"ListItem","position":1,"name":"Home","item":"https:\/\/www.cltweb.org\/pt-br\/"},{"@type":"ListItem","position":2,"name":"Eventos","item":"https:\/\/www.cltweb.org\/pt-br\/events\/"},{"@type":"ListItem","position":3,"name":"Painel de discuss\u00e3o sobre Administra\u00e7\u00e3o do futuro: Poder e lideran\u00e7a dos jovens na pr\u00e1tica do Community Land Trust"}]},{"@type":"WebSite","@id":"https:\/\/www.cltweb.org\/pt-br\/#website","url":"https:\/\/www.cltweb.org\/pt-br\/","name":"International Center for Community Land Trusts","description":"","publisher":{"@id":"https:\/\/www.cltweb.org\/pt-br\/#organization"},"potentialAction":[{"@type":"SearchAction","target":{"@type":"EntryPoint","urlTemplate":"https:\/\/www.cltweb.org\/pt-br\/?s={search_term_string}"},"query-input":{"@type":"PropertyValueSpecification","valueRequired":true,"valueName":"search_term_string"}}],"inLanguage":"pt-BR"},{"@type":"Organization","@id":"https:\/\/www.cltweb.org\/pt-br\/#organization","name":"International Center for Community Land Trusts","url":"https:\/\/www.cltweb.org\/pt-br\/","logo":{"@type":"ImageObject","inLanguage":"pt-BR","@id":"https:\/\/www.cltweb.org\/pt-br\/#\/schema\/logo\/image\/","url":"https:\/\/www.cltweb.org\/wp-content\/uploads\/2024\/11\/New-CLT-Center-Text-logo.png","contentUrl":"https:\/\/www.cltweb.org\/wp-content\/uploads\/2024\/11\/New-CLT-Center-Text-logo.png","width":227,"height":80,"caption":"International Center for Community Land Trusts"},"image":{"@id":"https:\/\/www.cltweb.org\/pt-br\/#\/schema\/logo\/image\/"},"sameAs":["https:\/\/www.facebook.com\/cltcenter","https:\/\/x.com\/Center4CLTs","https:\/\/www.instagram.com\/cltcenter\/","https:\/\/www.linkedin.com\/company\/cltcenter","https:\/\/www.youtube.com\/@centerforcltinnovation5313"],"description":"The International Center for Community Land Trusts is a not-for-profit nongovernmental organization established in 2018 to promote and to support community land trusts and similar strategies of community-led development on community-owned land in countries throughout the world.","email":"info@communitylandtrust.net","legalName":"International Center for Community Land Trusts","foundingDate":"2018-12-01","taxID":"84-3858933","numberOfEmployees":{"@type":"QuantitativeValue","minValue":"1","maxValue":"10"}}]}},"taxonomy_info":{"post_tag":[{"value":272,"label":"administra\u00e7\u00e3o"},{"value":273,"label":"Envolvimento dos jovens"},{"value":271,"label":"painel de discuss\u00e3o"}]},"featured_image_src_large":false,"author_info":{"display_name":"Ben Harris","author_link":"https:\/\/www.cltweb.org\/pt-br\/author\/ben\/"},"comment_info":"","jetpack_sharing_enabled":true,"_links":{"self":[{"href":"https:\/\/www.cltweb.org\/pt-br\/wp-json\/wp\/v2\/tribe_events\/6718","targetHints":{"allow":["GET"]}}],"collection":[{"href":"https:\/\/www.cltweb.org\/pt-br\/wp-json\/wp\/v2\/tribe_events"}],"about":[{"href":"https:\/\/www.cltweb.org\/pt-br\/wp-json\/wp\/v2\/types\/tribe_events"}],"author":[{"embeddable":true,"href":"https:\/\/www.cltweb.org\/pt-br\/wp-json\/wp\/v2\/users\/2"}],"version-history":[{"count":12,"href":"https:\/\/www.cltweb.org\/pt-br\/wp-json\/wp\/v2\/tribe_events\/6718\/revisions"}],"predecessor-version":[{"id":7918,"href":"https:\/\/www.cltweb.org\/pt-br\/wp-json\/wp\/v2\/tribe_events\/6718\/revisions\/7918"}],"wp:attachment":[{"href":"https:\/\/www.cltweb.org\/pt-br\/wp-json\/wp\/v2\/media?parent=6718"}],"wp:term":[{"taxonomy":"post_tag","embeddable":true,"href":"https:\/\/www.cltweb.org\/pt-br\/wp-json\/wp\/v2\/tags?post=6718"},{"taxonomy":"tribe_events_cat","embeddable":true,"href":"https:\/\/www.cltweb.org\/pt-br\/wp-json\/wp\/v2\/tribe_events_cat?post=6718"}],"curies":[{"name":"wp","href":"https:\/\/api.w.org\/{rel}","templated":true}]}}