{"id":6723,"date":"2024-10-21T00:00:00","date_gmt":"2024-10-21T00:00:00","guid":{"rendered":"https:\/\/www.cltweb.org\/event\/painel-de-discussao-sobre-o-uso-de-clts-para-fornecer-renovacao-de-energia-e-acessibilidade-permanente-as-moradias-existentes-2\/"},"modified":"2024-11-02T20:50:41","modified_gmt":"2024-11-02T20:50:41","slug":"painel-de-discussao-sobre-o-uso-de-clts-para-fornecer-renovacao-de-energia-e-acessibilidade-permanente-as-moradias-existentes-2","status":"publish","type":"tribe_events","link":"https:\/\/www.cltweb.org\/pt-br\/event\/painel-de-discussao-sobre-o-uso-de-clts-para-fornecer-renovacao-de-energia-e-acessibilidade-permanente-as-moradias-existentes-2\/","title":{"rendered":"Painel de discuss\u00e3o sobre o uso de CLTs para fornecer renova\u00e7\u00e3o de energia e acessibilidade permanente \u00e0s moradias existentes"},"content":{"rendered":"<div  class=\"tribe-events-schedule tribe-clearfix\" >\n\t<p class=\"tribe-events-schedule__datetime\">\n\t\t<span class=\"tribe-events-schedule__date tribe-events-schedule__date--start\">\n\t\t\toutubro 23, 2024\t\t<\/span>\n\n\t\t\t\t\t<span class=\"tribe-events-schedule__separator tribe-events-schedule__separator--date\">\n\t\t\t\t @ \t\t\t<\/span>\n\t\t\t<span class=\"tribe-events-schedule__time tribe-events-schedule__time--start\">\n\t\t\t\t11:00\t\t\t<\/span>\n\t\t\n\t\t\t\t\t\t\t\t\t<span class=\"tribe-events-schedule__separator tribe-events-schedule__separator--time\">\n\t\t\t\t\t &#8211; \t\t\t\t<\/span>\n\t\t\t\n\t\t\t\t\t\t\t<span class=\"tribe-events-schedule__time tribe-events-schedule__time--end\">\n\t\t\t\t\t12:00\t\t\t\t<\/span>\n\t\t\t\n\t\t\t\t\t\t\t<span class=\"tribe-events-schedule__timezone\">EDT<\/span>\n\t\t\t\t\t\t<\/p>\n<\/div>\n\n<h2 class=\"wp-block-heading has-large-font-size\">Grava\u00e7\u00e3o do webinar<\/h2>\n\n<center><iframe loading=\"lazy\" title=\"Reprodutor de v\u00eddeo do YouTube\" src=\"https:\/\/www.youtube.com\/embed\/ZTj7_lhBPZU?si=8GDrJbXaX2HZ-XiN\" width=\"560\" height=\"315\" frameborder=\"0\" allowfullscreen=\"allowfullscreen\"><\/iframe><\/center>\n\n<div style=\"height:57px\" aria-hidden=\"true\" class=\"wp-block-spacer\"><\/div>\n\n<h2 class=\"wp-block-heading has-large-font-size\"><a href=\"https:\/\/www.cltweb.org\/wp-content\/uploads\/2024\/11\/23-Oct-Transcript.pdf\" data-type=\"attachment\" data-id=\"7134\">Transcri\u00e7\u00e3o em ingl\u00eas e franc\u00eas<\/a><\/h2>\n\n<h2 class=\"wp-block-heading has-large-font-size\">Descri\u00e7\u00e3o do webinar<\/h2>\n\n<p class=\"has-text-align-left\">Na sequ\u00eancia do webinar de setembro, reunimos os apresentadores dos webinars anteriores para um painel de discuss\u00e3o de uma hora de dura\u00e7\u00e3o, no qual continuamos a desenvolver os estudos de caso do m\u00eas anterior, trabalhando com propriet\u00e1rios n\u00e3o CLT para melhorar suas casas e estabilizar sua posse, trazendo-os para o community land trust. No \u00faltimo webinar, assistimos \u00e0s apresenta\u00e7\u00f5es de Virginie Scho\u00ebff (CLTB) e Jeanne Mosseray (VUB) sobre a Upcycling Trust Partnership &#8211; uma colabora\u00e7\u00e3o entre cinco CLTs europeus e autoridades locais &#8211; e de Staci Horwitz sobre o Project Sustained Legacy da City of Lakes CLT em Minneapolis. Essa discuss\u00e3o forneceu percep\u00e7\u00f5es e sugest\u00f5es pr\u00e1ticas sobre como os CLTs est\u00e3o abordando o trabalho, a educa\u00e7\u00e3o e a organiza\u00e7\u00e3o com propriet\u00e1rios de im\u00f3veis n\u00e3o CLT para estabilizar a posse, trazer atualiza\u00e7\u00f5es circulares e sustent\u00e1veis para suas casas e, ao mesmo tempo, traz\u00ea-los para um CLT.  <\/p>\n\n<h2 class=\"wp-block-heading has-large-font-size\">Painelistas<\/h2>\n\n<p><strong>Jeanne Mosseray, pesquisadora de p\u00f3s-doutorado, <a href=\"https:\/\/cosmopolis.research.vub.be\/en\" target=\"_blank\" rel=\"noopener\">Cosmopolis Centre for Urban Research, Vrije Universiteit Brussel<\/a><\/strong><\/p>\n\n<p class=\"has-text-align-left\">Jeanne foi treinada como antrop\u00f3loga e estudou Urbanismo e Planejamento Estrat\u00e9gico. Agora, como &#8220;urbanista-antrop\u00f3loga&#8221;, ela est\u00e1 combinando pesquisa urbana socioespacial e design urbano. Seu principal foco de pesquisa \u00e9 a habita\u00e7\u00e3o, bairros de habita\u00e7\u00e3o social e a inclus\u00e3o dos moradores na cidade por meio do urbanismo.  <\/p>\n\n<p><b>Staci Horwitz, Diretora de Opera\u00e7\u00f5es, <a href=\"https:\/\/www.clclt.org\/\" target=\"_blank\" rel=\"noopener\">City of Lakes Community Land Trust<\/a><\/b><\/p>\n\n<p class=\"has-text-align-left\">Staci Horwitz \u00e9 Diretora de Opera\u00e7\u00f5es da City of Lakes CLT, onde supervisiona os programas de propriedade e os projetos de desenvolvimento de propriedades. Ela ingressou na CLCLT em 2006 e tem uma experi\u00eancia diversificada, incluindo fun\u00e7\u00f5es como presidente de uma empresa de software, consultora de reda\u00e7\u00e3o de subs\u00eddios, especialista em jovens e consultora de vendas m\u00e9dicas. A experi\u00eancia de Staci abrange administra\u00e7\u00e3o de organiza\u00e7\u00f5es sem fins lucrativos, desenvolvimento de programas, gerenciamento financeiro e administra\u00e7\u00e3o de fundos de terras comunit\u00e1rias. Ela tamb\u00e9m facilitou workshops para a NeighborWorks\u00ae America e a Grounded Solutions Network. Staci \u00e9 bacharel em diet\u00e9tica pelo College of St. Scholastica e reside em North Minneapolis.    <\/p>\n\n<p><strong>Geert De Pauw, Coordenador, <a href=\"https:\/\/www.cltb.be\/\" target=\"_blank\" rel=\"noopener\">Community Land Trust Brussels<\/a>; Co-Presidente do Conselho, International Center for Community Land Trusts<\/strong><\/p>\n\n<p class=\"has-text-align-left\">Geert De Pauw atua h\u00e1 mais de 20 anos em prol do direito \u00e0 moradia em Bruxelas, como ativista e trabalhador comunit\u00e1rio. Em 2008, ap\u00f3s uma visita de estudo ao Champlain Housing Trust, ele come\u00e7ou a defender a cria\u00e7\u00e3o de um Community Land Trust em Bruxelas. Ele coordenou o estudo de viabilidade, em nome da Regi\u00e3o da Capital de Bruxelas, para a cria\u00e7\u00e3o de um CLT. Desde a cria\u00e7\u00e3o oficial do Community Land Trust Brussels em 2013, ele atua como coordenador da associa\u00e7\u00e3o. A partir da\u00ed, co-fundou a parceria europeia do CLT SHICC (Sustainable Housing for Cohesive Communities), que tem como objetivo construir um setor poderoso de CLT na Europa.    <\/p>\n\n<figure class=\"wp-block-image aligncenter size-full is-resized\"><img loading=\"lazy\" decoding=\"async\" width=\"1000\" height=\"200\" src=\"https:\/\/www.cltweb.org\/wp-content\/uploads\/2024\/11\/Upcycling-Trust-Webinar-Org-Banner.png\" alt=\"Organiza&#xE7;&#xF5;es do Webinar Upcycling Trust\" class=\"wp-image-7174\" style=\"width:640px;height:auto\" srcset=\"https:\/\/www.cltweb.org\/wp-content\/uploads\/2024\/11\/Upcycling-Trust-Webinar-Org-Banner.png 1000w, https:\/\/www.cltweb.org\/wp-content\/uploads\/2024\/11\/Upcycling-Trust-Webinar-Org-Banner-300x60.png 300w, https:\/\/www.cltweb.org\/wp-content\/uploads\/2024\/11\/Upcycling-Trust-Webinar-Org-Banner-768x154.png 768w\" sizes=\"auto, (max-width: 1000px) 100vw, 1000px\" \/><\/figure>\n\t<div  class=\"tribe-block tribe-block__events-link\" >\n\t\t<div class=\"tribe-events tribe-common\">\n\t\t\t<div class=\"tribe-events-c-subscribe-dropdown__container\">\n\t\t\t\t<div class=\"tribe-events-c-subscribe-dropdown\">\n\t\t\t\t\t<div class=\"tribe-common-c-btn-border tribe-events-c-subscribe-dropdown__button\">\n\t\t\t\t\t\t<svg\n\t class=\"tribe-common-c-svgicon tribe-common-c-svgicon--cal-export tribe-events-c-subscribe-dropdown__export-icon\" \taria-hidden=\"true\"\n\tviewBox=\"0 0 23 17\"\n\txmlns=\"http:\/\/www.w3.org\/2000\/svg\"\n>\n\t<path fill-rule=\"evenodd\" clip-rule=\"evenodd\" d=\"M.128.896V16.13c0 .211.145.383.323.383h15.354c.179 0 .323-.172.323-.383V.896c0-.212-.144-.383-.323-.383H.451C.273.513.128.684.128.896Zm16 6.742h-.901V4.679H1.009v10.729h14.218v-3.336h.901V7.638ZM1.01 1.614h14.218v2.058H1.009V1.614Z\" \/>\n\t<path d=\"M20.5 9.846H8.312M18.524 6.953l2.89 2.909-2.855 2.855\" stroke-width=\"1.2\" stroke-linecap=\"round\" stroke-linejoin=\"round\"\/>\n<\/svg>\n\t\t\t\t\t\t<button\n\t\t\t\t\t\t\tclass=\"tribe-events-c-subscribe-dropdown__button-text\"\n\t\t\t\t\t\t\taria-expanded=\"false\"\n\t\t\t\t\t\t\taria-controls=\"tribe-events-subscribe-dropdown-content\"\n\t\t\t\t\t\t\taria-label=\"View links to add events to your calendar\"\n\t\t\t\t\t\t>\n\t\t\t\t\t\t\tAdicionar ao calend\u00e1rio\t\t\t\t\t\t<\/button>\n\t\t\t\t\t\t<svg\n\t class=\"tribe-common-c-svgicon tribe-common-c-svgicon--caret-down tribe-events-c-subscribe-dropdown__button-icon\" \taria-hidden=\"true\"\n\tviewBox=\"0 0 10 7\"\n\txmlns=\"http:\/\/www.w3.org\/2000\/svg\"\n>\n\t<path fill-rule=\"evenodd\" clip-rule=\"evenodd\" d=\"M1.008.609L5 4.6 8.992.61l.958.958L5 6.517.05 1.566l.958-.958z\" class=\"tribe-common-c-svgicon__svg-fill\"\/>\n<\/svg>\n\t\t\t\t\t<\/div>\n\t\t\t\t\t<div id=\"tribe-events-subscribe-dropdown-content\" class=\"tribe-events-c-subscribe-dropdown__content\">\n\t\t\t\t\t\t<ul class=\"tribe-events-c-subscribe-dropdown__list\">\n\t\t\t\t\t\t\t\t\t\t\t\t\t\t\t<li class=\"tribe-events-c-subscribe-dropdown__list-item tribe-events-c-subscribe-dropdown__list-item--gcal\">\n\t\t\t\t\t\t\t\t\t<a\n\t\t\t\t\t\t\t\t\t\thref=\"https:\/\/www.google.com\/calendar\/event?action=TEMPLATE&#038;dates=20241023T110000\/20241023T120000&#038;text=Painel%20de%20discuss%C3%A3o%20sobre%20o%20uso%20de%20CLTs%20para%20fornecer%20renova%C3%A7%C3%A3o%20de%20energia%20e%20acessibilidade%20permanente%20%C3%A0s%20moradias%20existentes&#038;details=%3Ch2+class%3D%22wp-block-heading+has-large-font-size%22%3EGrava%C3%A7%C3%A3o+do+webinar%3C%2Fh2%3E%3Ccenter%3E%3Ciframe+title%3D%22Reprodutor+de+v%C3%ADdeo+do+YouTube%22+src%3D%22https%3A%2F%2Fwww.youtube.com%2Fembed%2FZTj7_lhBPZU%3Fsi%3D8GDrJbXaX2HZ-XiN%22+width%3D%22560%22+height%3D%22315%22+frameborder%3D%220%22+allowfullscreen%3D%22allowfullscreen%22%3E%3C%2Fiframe%3E%3C%2Fcenter%3E%3Cdiv+style%3D%22height%3A57px%22+aria-hidden%3D%22true%22+class%3D%22wp-block-spacer%22%3E%3C%2Fdiv%3E%3Ch2+class%3D%22wp-block-heading+has-large-font-size%22%3E%3Ca+href%3D%22https%3A%2F%2Fwww.cltweb.org%2Fwp-content%2Fuploads%2F2024%2F11%2F23-Oct-Transcript.pdf%22+data-type%3D%22attachment%22+data-id%3D%227134%22%3ETranscri%C3%A7%C3%A3o+em+ingl%C3%AAs+e+franc%C3%AAs%3C%2Fa%3E%3C%2Fh2%3E%3Ch2+class%3D%22wp-block-heading+has-large-font-size%22%3EDescri%C3%A7%C3%A3o+do+webinar%3C%2Fh2%3E%3Cp+class%3D%22has-text-align-left%22%3ENa+sequ%C3%AAncia+do+webinar+de+setembro%2C+reunimos+os+apresentadores+dos+webinars+anteriores+para+um+painel+de+discuss%C3%A3o+de+uma+hora+de+dura%C3%A7%C3%A3o%2C+no+qual+continuamos+a+desenvolver+os+estudos+de+caso+do+m%C3%AAs+anterior%2C+trabalhando+com+propriet%C3%A1rios+n%C3%A3o+CLT+para+melhorar+suas+casas+e+estabilizar+sua+p%3C%2Fp%3E+%28Veja+a+descri%C3%A7%C3%A3o+completa+de+evento+aqui%3A+https%3A%2F%2Fwww.cltweb.org%2Fpt-br%2Fevent%2Fpainel-de-discussao-sobre-o-uso-de-clts-para-fornecer-renovacao-de-energia-e-acessibilidade-permanente-as-moradias-existentes-2%2F%29&#038;trp=false&#038;ctz=America\/New_York&#038;sprop=website:https:\/\/www.cltweb.org\/pt-br\/\"\n\t\t\t\t\t\t\t\t\t\tclass=\"tribe-events-c-subscribe-dropdown__list-item-link\"\n\t\t\t\t\t\t\t\t\t\ttarget=\"_blank\"\n\t\t\t\t\t\t\t\t\t\trel=\"noopener noreferrer nofollow noindex\"\n\t\t\t\t\t\t\t\t\t>\n\t\t\t\t\t\t\t\t\t\tGoogle Agenda\t\t\t\t\t\t\t\t\t<\/a>\n\t\t\t\t\t\t\t\t<\/li>\n\t\t\t\t\t\t\t\t\t\t\t\t\t\t\t<li class=\"tribe-events-c-subscribe-dropdown__list-item tribe-events-c-subscribe-dropdown__list-item--ical\">\n\t\t\t\t\t\t\t\t\t<a\n\t\t\t\t\t\t\t\t\t\thref=\"\"\n\t\t\t\t\t\t\t\t\t\tclass=\"tribe-events-c-subscribe-dropdown__list-item-link\"\n\t\t\t\t\t\t\t\t\t\ttarget=\"_blank\"\n\t\t\t\t\t\t\t\t\t\trel=\"noopener noreferrer nofollow noindex\"\n\t\t\t\t\t\t\t\t\t>\n\t\t\t\t\t\t\t\t\t\tiCalendar\t\t\t\t\t\t\t\t\t<\/a>\n\t\t\t\t\t\t\t\t<\/li>\n\t\t\t\t\t\t\t\t\t\t\t\t\t\t\t<li class=\"tribe-events-c-subscribe-dropdown__list-item tribe-events-c-subscribe-dropdown__list-item--outlook-365\">\n\t\t\t\t\t\t\t\t\t<a\n\t\t\t\t\t\t\t\t\t\thref=\"\"\n\t\t\t\t\t\t\t\t\t\tclass=\"tribe-events-c-subscribe-dropdown__list-item-link\"\n\t\t\t\t\t\t\t\t\t\ttarget=\"_blank\"\n\t\t\t\t\t\t\t\t\t\trel=\"noopener noreferrer nofollow noindex\"\n\t\t\t\t\t\t\t\t\t>\n\t\t\t\t\t\t\t\t\t\tOutlook 365\t\t\t\t\t\t\t\t\t<\/a>\n\t\t\t\t\t\t\t\t<\/li>\n\t\t\t\t\t\t\t\t\t\t\t\t\t\t\t<li class=\"tribe-events-c-subscribe-dropdown__list-item tribe-events-c-subscribe-dropdown__list-item--outlook-live\">\n\t\t\t\t\t\t\t\t\t<a\n\t\t\t\t\t\t\t\t\t\thref=\"\"\n\t\t\t\t\t\t\t\t\t\tclass=\"tribe-events-c-subscribe-dropdown__list-item-link\"\n\t\t\t\t\t\t\t\t\t\ttarget=\"_blank\"\n\t\t\t\t\t\t\t\t\t\trel=\"noopener noreferrer nofollow noindex\"\n\t\t\t\t\t\t\t\t\t>\n\t\t\t\t\t\t\t\t\t\tOutlook Live\t\t\t\t\t\t\t\t\t<\/a>\n\t\t\t\t\t\t\t\t<\/li>\n\t\t\t\t\t\t\t\t\t\t\t\t\t<\/ul>\n\t\t\t\t\t<\/div>\n\t\t\t\t<\/div>\n\t\t\t<\/div>\n\t\t<\/div>\n\t<\/div>\n\n<div  class=\"tribe-events-single-section tribe-events-event-meta primary tribe-clearfix\" >\n\t\n\t\n<div class=\"tribe-events-meta-group tribe-events-meta-group-details\">\n\t<h3 class=\"tribe-events-single-section-title\">\n\t\t\t\t\tDetalhes\t\t\n\t<\/h3>\n\t<ul class=\"tribe-events-meta-list\">\n\n\t\t\n\t\t\t<li class=\"tribe-events-meta-item\">\n\t\t\t\t<span class=\"tribe-events-meta-label\">Data:<\/span>\n\t\t\t\t<span class=\"tribe-events-meta-value\">\n\t\t\t\t\t<abbr class=\"tribe-events-abbr tribe-events-start-date published dtstart\" title=\"2024-10-23\"> outubro 23, 2024 <\/abbr>\n\t\t\t\t<\/span>\n\t\t\t<\/li>\n\n\t\t\t<li class=\"tribe-events-meta-item\">\n\t\t\t\t<span class=\"tribe-events-meta-label\">Hora:<\/span>\n\t\t\t\t<span class=\"tribe-events-meta-value\">\n\t\t\t\t\t<div class=\"tribe-events-abbr tribe-events-start-time published dtstart\" title=\"2024-10-23\">\n\t\t\t\t\t\t11:00 &#8211; 12:00\t\t\t\t\t\t\t\t\t\t\t\t\t<span class=\"tribe-events-abbr tribe-events-time-zone published\">EDT<\/span>\n\t\t\t\t\t\t\t\t\t\t\t<\/div>\n\t\t\t\t<\/span>\n\t\t\t<\/li>\n\n\t\t\n\t\t\n\t\t\n\t\t\n\t\t<li class=\"tribe-events-meta-item\"><span class=\"tribe-event-tags-label tribe-events-meta-label\">Evento Tags:<\/span><span class=\"tribe-event-tags tribe-events-meta-value\"><a href=\"https:\/\/www.cltweb.org\/pt-br\/eventos\/(\/?:tag|etiqueta|tiquette|\u00e9tiquette|etiquette)\/(%5B\/%5D\" rel=\"tag\">apenas transi\u00e7\u00e3o<\/a>, <a href=\"https:\/\/www.cltweb.org\/pt-br\/eventos\/(\/?:tag|etiqueta|tiquette|\u00e9tiquette|etiquette)\/(%5B\/%5D\" rel=\"tag\">renova\u00e7\u00e3o de energia<\/a><\/span><\/li>\n\t\t\n\t\t\t<\/ul>\n<\/div>\n\t\n<div class=\"tribe-events-meta-group tribe-events-meta-group-organizer\">\n\t<h3 class=\"tribe-events-single-section-title\">\n\t\t\t\t\tOrganizador\t\t\t<\/h3>\n\t<ul class=\"tribe-events-meta-list tribe-events-meta-list-organizer\">\n\t\t\t\t\t<li class=\"tribe-events-meta-item\">\n\t\t\t\t<span class=\"tribe-organizer tribe-events-meta-value\">\n\t\t\t\t\t<a href=\"https:\/\/www.cltweb.org\/pt-br\/organizador\/centro-internacional-para-fundos-de-terras-comunitarios\/\" title=\"Centro Internacional para Fundos de Terras Comunit\u00e1rios\" target=\"_self\" rel=\"\">Centro Internacional para Fundos de Terras Comunit\u00e1rios<\/a>\t\t\t\t<\/span>\n\t\t\t<\/li>\n\t\t\t\t\t\t\t<li class=\"tribe-events-meta-item\">\n\t\t\t\t\t<span class=\"tribe-organizer-email-label tribe-events-meta-label\">\n\t\t\t\t\t\tEmail\t\t\t\t\t<\/span>\n\t\t\t\t\t<span class=\"tribe-organizer-email tribe-events-meta-value\">\n\t\t\t\t\t\t&#105;nf&#111;&#064;&#099;&#111;&#109;&#109;&#117;&#110;ity&#108;a&#110;&#100;&#116;&#114;ust&#046;&#110;&#101;&#116;\t\t\t\t\t<\/span>\n\t\t\t\t<\/li>\n\t\t\t\t\t\t\t\t<li class=\"tribe-events-meta-item\">\n\t\t\t\t\t<span class=\"tribe-organizer-url-label tribe-events-meta-label\">\n\t\t\t\t\t\tWebsite\t\t\t\t\t<\/span>\n\t\t\t\t\t<span class=\"tribe-organizer-url tribe-events-meta-value\">\n\t\t\t\t\t\t<a href=\"https:\/\/www.cltweb.org\" target=\"_blank\" rel=\"noopener noreferrer\">Ver site do Organizador<\/a>\t\t\t\t\t<\/span>\n\t\t\t\t<\/li>\n\t\t\t\t\t<\/ul>\n<\/div>\n\n\t<\/div>\n<div  class=\"tribe-block tribe-block__venue tribe-clearfix\" >\n\t\n\t\t\n\t<\/div>\n","protected":false},"excerpt":{"rendered":"<p>Grava\u00e7\u00e3o do webinar Transcri\u00e7\u00e3o em ingl\u00eas e franc\u00eas Descri\u00e7\u00e3o do webinar Na sequ\u00eancia do webinar de setembro, reunimos os apresentadores dos webinars anteriores para um painel de discuss\u00e3o de uma [&hellip;]<\/p>\n","protected":false},"author":2,"featured_media":0,"template":"","meta":{"give_campaign_id":0,"_tec_requires_first_save":false,"_kad_blocks_custom_css":"","_kad_blocks_head_custom_js":"","_kad_blocks_body_custom_js":"","_kad_blocks_footer_custom_js":"","_EventAllDay":false,"_EventTimezone":"America\/New_York","_EventStartDate":"2024-10-23 11:00:00","_EventEndDate":"2024-10-23 12:00:00","_EventStartDateUTC":"2024-10-23 15:00:00","_EventEndDateUTC":"2024-10-23 16:00:00","_EventShowMap":false,"_EventShowMapLink":false,"_EventURL":"","_EventCost":"","_EventCostDescription":"","_EventCurrencySymbol":"","_EventCurrencyCode":"","_EventCurrencyPosition":"","_EventDateTimeSeparator":"","_EventTimeRangeSeparator":"","_EventOrganizerID":[6681],"_EventVenueID":[],"_OrganizerEmail":"","_OrganizerPhone":"","_OrganizerWebsite":"","_VenueAddress":"","_VenueCity":"","_VenueCountry":"","_VenueProvince":"","_VenueState":"","_VenueZip":"","_VenuePhone":"","_VenueURL":"","_VenueStateProvince":"","_VenueLat":"","_VenueLng":"","_VenueShowMap":false,"_VenueShowMapLink":false,"_tribe_blocks_recurrence_rules":"","_tribe_blocks_recurrence_description":"","_tribe_blocks_recurrence_exclusions":"","_tribe_events_status":"","_tribe_events_status_reason":"","_tribe_events_is_hybrid":"","_tribe_events_is_virtual":"","_tribe_events_virtual_video_source":"","_tribe_events_virtual_embed_video":"","_tribe_events_virtual_linked_button_text":"","_tribe_events_virtual_linked_button":"","_tribe_events_virtual_show_embed_at":"","_tribe_events_virtual_show_embed_to":[],"_tribe_events_virtual_show_on_event":"","_tribe_events_virtual_show_on_views":"","_tribe_events_virtual_url":"","footnotes":""},"tags":[279,280],"tribe_events_cat":[],"class_list":["post-6723","tribe_events","type-tribe_events","status-publish","hentry","tag-apenas-transicao","tag-renovacao-de-energia"],"blocksy_meta":[],"yoast_head":"<!-- This site is optimized with the Yoast SEO Premium plugin v27.5 (Yoast SEO v27.5) - https:\/\/yoast.com\/product\/yoast-seo-premium-wordpress\/ -->\n<title>Painel de discuss\u00e3o sobre o uso de CLTs para fornecer renova\u00e7\u00e3o de energia e acessibilidade permanente \u00e0s moradias existentes - International Center for Community Land Trusts<\/title>\n<meta name=\"robots\" content=\"index, follow, max-snippet:-1, max-image-preview:large, max-video-preview:-1\" \/>\n<link rel=\"canonical\" href=\"https:\/\/www.cltweb.org\/pt-br\/event\/painel-de-discussao-sobre-o-uso-de-clts-para-fornecer-renovacao-de-energia-e-acessibilidade-permanente-as-moradias-existentes-2\/\" \/>\n<meta property=\"og:locale\" content=\"pt_BR\" \/>\n<meta property=\"og:type\" content=\"article\" \/>\n<meta property=\"og:title\" content=\"Painel de discuss\u00e3o sobre o uso de CLTs para fornecer renova\u00e7\u00e3o de energia e acessibilidade permanente \u00e0s moradias existentes\" \/>\n<meta property=\"og:description\" content=\"Grava\u00e7\u00e3o do webinar Transcri\u00e7\u00e3o em ingl\u00eas e franc\u00eas Descri\u00e7\u00e3o do webinar Na sequ\u00eancia do webinar de setembro, reunimos os apresentadores dos webinars anteriores para um painel de discuss\u00e3o de uma [&hellip;]\" \/>\n<meta property=\"og:url\" content=\"https:\/\/www.cltweb.org\/pt-br\/event\/painel-de-discussao-sobre-o-uso-de-clts-para-fornecer-renovacao-de-energia-e-acessibilidade-permanente-as-moradias-existentes-2\/\" \/>\n<meta property=\"og:site_name\" content=\"International Center for Community Land Trusts\" \/>\n<meta property=\"article:publisher\" content=\"https:\/\/www.facebook.com\/cltcenter\" \/>\n<meta property=\"article:modified_time\" content=\"2024-11-02T20:50:41+00:00\" \/>\n<meta property=\"og:image\" content=\"https:\/\/www.cltweb.org\/wp-content\/uploads\/2024\/11\/Upcycling-Trust-Webinar-Org-Banner.png\" \/>\n\t<meta property=\"og:image:width\" content=\"1000\" \/>\n\t<meta property=\"og:image:height\" content=\"200\" \/>\n\t<meta property=\"og:image:type\" content=\"image\/png\" \/>\n<meta name=\"twitter:card\" content=\"summary_large_image\" \/>\n<meta name=\"twitter:site\" content=\"@Center4CLTs\" \/>\n<meta name=\"twitter:label1\" content=\"Est. tempo de leitura\" \/>\n\t<meta name=\"twitter:data1\" content=\"3 minutos\" \/>\n<script type=\"application\/ld+json\" class=\"yoast-schema-graph\">{\"@context\":\"https:\\\/\\\/schema.org\",\"@graph\":[{\"@type\":\"WebPage\",\"@id\":\"https:\\\/\\\/www.cltweb.org\\\/pt-br\\\/event\\\/painel-de-discussao-sobre-o-uso-de-clts-para-fornecer-renovacao-de-energia-e-acessibilidade-permanente-as-moradias-existentes-2\\\/\",\"url\":\"https:\\\/\\\/www.cltweb.org\\\/pt-br\\\/event\\\/painel-de-discussao-sobre-o-uso-de-clts-para-fornecer-renovacao-de-energia-e-acessibilidade-permanente-as-moradias-existentes-2\\\/\",\"name\":\"Painel de discuss\u00e3o sobre o uso de CLTs para fornecer renova\u00e7\u00e3o de energia e acessibilidade permanente \u00e0s moradias existentes - International Center for Community Land Trusts\",\"isPartOf\":{\"@id\":\"https:\\\/\\\/www.cltweb.org\\\/pt-br\\\/#website\"},\"primaryImageOfPage\":{\"@id\":\"https:\\\/\\\/www.cltweb.org\\\/pt-br\\\/event\\\/painel-de-discussao-sobre-o-uso-de-clts-para-fornecer-renovacao-de-energia-e-acessibilidade-permanente-as-moradias-existentes-2\\\/#primaryimage\"},\"image\":{\"@id\":\"https:\\\/\\\/www.cltweb.org\\\/pt-br\\\/event\\\/painel-de-discussao-sobre-o-uso-de-clts-para-fornecer-renovacao-de-energia-e-acessibilidade-permanente-as-moradias-existentes-2\\\/#primaryimage\"},\"thumbnailUrl\":\"https:\\\/\\\/www.cltweb.org\\\/wp-content\\\/uploads\\\/2024\\\/11\\\/Upcycling-Trust-Webinar-Org-Banner.png\",\"datePublished\":\"2024-10-21T00:00:00+00:00\",\"dateModified\":\"2024-11-02T20:50:41+00:00\",\"breadcrumb\":{\"@id\":\"https:\\\/\\\/www.cltweb.org\\\/pt-br\\\/event\\\/painel-de-discussao-sobre-o-uso-de-clts-para-fornecer-renovacao-de-energia-e-acessibilidade-permanente-as-moradias-existentes-2\\\/#breadcrumb\"},\"inLanguage\":\"pt-BR\",\"potentialAction\":[{\"@type\":\"ReadAction\",\"target\":[\"https:\\\/\\\/www.cltweb.org\\\/pt-br\\\/event\\\/painel-de-discussao-sobre-o-uso-de-clts-para-fornecer-renovacao-de-energia-e-acessibilidade-permanente-as-moradias-existentes-2\\\/\"]}]},{\"@type\":\"ImageObject\",\"inLanguage\":\"pt-BR\",\"@id\":\"https:\\\/\\\/www.cltweb.org\\\/pt-br\\\/event\\\/painel-de-discussao-sobre-o-uso-de-clts-para-fornecer-renovacao-de-energia-e-acessibilidade-permanente-as-moradias-existentes-2\\\/#primaryimage\",\"url\":\"https:\\\/\\\/www.cltweb.org\\\/wp-content\\\/uploads\\\/2024\\\/11\\\/Upcycling-Trust-Webinar-Org-Banner.png\",\"contentUrl\":\"https:\\\/\\\/www.cltweb.org\\\/wp-content\\\/uploads\\\/2024\\\/11\\\/Upcycling-Trust-Webinar-Org-Banner.png\"},{\"@type\":\"BreadcrumbList\",\"@id\":\"https:\\\/\\\/www.cltweb.org\\\/pt-br\\\/event\\\/painel-de-discussao-sobre-o-uso-de-clts-para-fornecer-renovacao-de-energia-e-acessibilidade-permanente-as-moradias-existentes-2\\\/#breadcrumb\",\"itemListElement\":[{\"@type\":\"ListItem\",\"position\":1,\"name\":\"Home\",\"item\":\"https:\\\/\\\/www.cltweb.org\\\/pt-br\\\/\"},{\"@type\":\"ListItem\",\"position\":2,\"name\":\"Eventos\",\"item\":\"https:\\\/\\\/www.cltweb.org\\\/pt-br\\\/events\\\/\"},{\"@type\":\"ListItem\",\"position\":3,\"name\":\"Painel de discuss\u00e3o sobre o uso de CLTs para fornecer renova\u00e7\u00e3o de energia e acessibilidade permanente \u00e0s moradias existentes\"}]},{\"@type\":\"WebSite\",\"@id\":\"https:\\\/\\\/www.cltweb.org\\\/pt-br\\\/#website\",\"url\":\"https:\\\/\\\/www.cltweb.org\\\/pt-br\\\/\",\"name\":\"International Center for Community Land Trusts\",\"description\":\"\",\"publisher\":{\"@id\":\"https:\\\/\\\/www.cltweb.org\\\/pt-br\\\/#organization\"},\"potentialAction\":[{\"@type\":\"SearchAction\",\"target\":{\"@type\":\"EntryPoint\",\"urlTemplate\":\"https:\\\/\\\/www.cltweb.org\\\/pt-br\\\/?s={search_term_string}\"},\"query-input\":{\"@type\":\"PropertyValueSpecification\",\"valueRequired\":true,\"valueName\":\"search_term_string\"}}],\"inLanguage\":\"pt-BR\"},{\"@type\":\"Organization\",\"@id\":\"https:\\\/\\\/www.cltweb.org\\\/pt-br\\\/#organization\",\"name\":\"International Center for Community Land Trusts\",\"url\":\"https:\\\/\\\/www.cltweb.org\\\/pt-br\\\/\",\"logo\":{\"@type\":\"ImageObject\",\"inLanguage\":\"pt-BR\",\"@id\":\"https:\\\/\\\/www.cltweb.org\\\/pt-br\\\/#\\\/schema\\\/logo\\\/image\\\/\",\"url\":\"https:\\\/\\\/www.cltweb.org\\\/wp-content\\\/uploads\\\/2024\\\/11\\\/New-CLT-Center-Text-logo.png\",\"contentUrl\":\"https:\\\/\\\/www.cltweb.org\\\/wp-content\\\/uploads\\\/2024\\\/11\\\/New-CLT-Center-Text-logo.png\",\"width\":227,\"height\":80,\"caption\":\"International Center for Community Land Trusts\"},\"image\":{\"@id\":\"https:\\\/\\\/www.cltweb.org\\\/pt-br\\\/#\\\/schema\\\/logo\\\/image\\\/\"},\"sameAs\":[\"https:\\\/\\\/www.facebook.com\\\/cltcenter\",\"https:\\\/\\\/x.com\\\/Center4CLTs\",\"https:\\\/\\\/www.instagram.com\\\/cltcenter\\\/\",\"https:\\\/\\\/www.linkedin.com\\\/company\\\/cltcenter\",\"https:\\\/\\\/www.youtube.com\\\/@centerforcltinnovation5313\"],\"description\":\"The International Center for Community Land Trusts is a not-for-profit nongovernmental organization established in 2018 to promote and to support community land trusts and similar strategies of community-led development on community-owned land in countries throughout the world.\",\"email\":\"info@communitylandtrust.net\",\"legalName\":\"International Center for Community Land Trusts\",\"foundingDate\":\"2018-12-01\",\"taxID\":\"84-3858933\",\"numberOfEmployees\":{\"@type\":\"QuantitativeValue\",\"minValue\":\"1\",\"maxValue\":\"10\"}}]}<\/script>\n<!-- \/ Yoast SEO Premium plugin. -->","yoast_head_json":{"title":"Painel de discuss\u00e3o sobre o uso de CLTs para fornecer renova\u00e7\u00e3o de energia e acessibilidade permanente \u00e0s moradias existentes - International Center for Community Land Trusts","robots":{"index":"index","follow":"follow","max-snippet":"max-snippet:-1","max-image-preview":"max-image-preview:large","max-video-preview":"max-video-preview:-1"},"canonical":"https:\/\/www.cltweb.org\/pt-br\/event\/painel-de-discussao-sobre-o-uso-de-clts-para-fornecer-renovacao-de-energia-e-acessibilidade-permanente-as-moradias-existentes-2\/","og_locale":"pt_BR","og_type":"article","og_title":"Painel de discuss\u00e3o sobre o uso de CLTs para fornecer renova\u00e7\u00e3o de energia e acessibilidade permanente \u00e0s moradias existentes","og_description":"Grava\u00e7\u00e3o do webinar Transcri\u00e7\u00e3o em ingl\u00eas e franc\u00eas Descri\u00e7\u00e3o do webinar Na sequ\u00eancia do webinar de setembro, reunimos os apresentadores dos webinars anteriores para um painel de discuss\u00e3o de uma [&hellip;]","og_url":"https:\/\/www.cltweb.org\/pt-br\/event\/painel-de-discussao-sobre-o-uso-de-clts-para-fornecer-renovacao-de-energia-e-acessibilidade-permanente-as-moradias-existentes-2\/","og_site_name":"International Center for Community Land Trusts","article_publisher":"https:\/\/www.facebook.com\/cltcenter","article_modified_time":"2024-11-02T20:50:41+00:00","og_image":[{"width":1000,"height":200,"url":"https:\/\/www.cltweb.org\/wp-content\/uploads\/2024\/11\/Upcycling-Trust-Webinar-Org-Banner.png","type":"image\/png"}],"twitter_card":"summary_large_image","twitter_site":"@Center4CLTs","twitter_misc":{"Est. tempo de leitura":"3 minutos"},"schema":{"@context":"https:\/\/schema.org","@graph":[{"@type":"WebPage","@id":"https:\/\/www.cltweb.org\/pt-br\/event\/painel-de-discussao-sobre-o-uso-de-clts-para-fornecer-renovacao-de-energia-e-acessibilidade-permanente-as-moradias-existentes-2\/","url":"https:\/\/www.cltweb.org\/pt-br\/event\/painel-de-discussao-sobre-o-uso-de-clts-para-fornecer-renovacao-de-energia-e-acessibilidade-permanente-as-moradias-existentes-2\/","name":"Painel de discuss\u00e3o sobre o uso de CLTs para fornecer renova\u00e7\u00e3o de energia e acessibilidade permanente \u00e0s moradias existentes - International Center for Community Land Trusts","isPartOf":{"@id":"https:\/\/www.cltweb.org\/pt-br\/#website"},"primaryImageOfPage":{"@id":"https:\/\/www.cltweb.org\/pt-br\/event\/painel-de-discussao-sobre-o-uso-de-clts-para-fornecer-renovacao-de-energia-e-acessibilidade-permanente-as-moradias-existentes-2\/#primaryimage"},"image":{"@id":"https:\/\/www.cltweb.org\/pt-br\/event\/painel-de-discussao-sobre-o-uso-de-clts-para-fornecer-renovacao-de-energia-e-acessibilidade-permanente-as-moradias-existentes-2\/#primaryimage"},"thumbnailUrl":"https:\/\/www.cltweb.org\/wp-content\/uploads\/2024\/11\/Upcycling-Trust-Webinar-Org-Banner.png","datePublished":"2024-10-21T00:00:00+00:00","dateModified":"2024-11-02T20:50:41+00:00","breadcrumb":{"@id":"https:\/\/www.cltweb.org\/pt-br\/event\/painel-de-discussao-sobre-o-uso-de-clts-para-fornecer-renovacao-de-energia-e-acessibilidade-permanente-as-moradias-existentes-2\/#breadcrumb"},"inLanguage":"pt-BR","potentialAction":[{"@type":"ReadAction","target":["https:\/\/www.cltweb.org\/pt-br\/event\/painel-de-discussao-sobre-o-uso-de-clts-para-fornecer-renovacao-de-energia-e-acessibilidade-permanente-as-moradias-existentes-2\/"]}]},{"@type":"ImageObject","inLanguage":"pt-BR","@id":"https:\/\/www.cltweb.org\/pt-br\/event\/painel-de-discussao-sobre-o-uso-de-clts-para-fornecer-renovacao-de-energia-e-acessibilidade-permanente-as-moradias-existentes-2\/#primaryimage","url":"https:\/\/www.cltweb.org\/wp-content\/uploads\/2024\/11\/Upcycling-Trust-Webinar-Org-Banner.png","contentUrl":"https:\/\/www.cltweb.org\/wp-content\/uploads\/2024\/11\/Upcycling-Trust-Webinar-Org-Banner.png"},{"@type":"BreadcrumbList","@id":"https:\/\/www.cltweb.org\/pt-br\/event\/painel-de-discussao-sobre-o-uso-de-clts-para-fornecer-renovacao-de-energia-e-acessibilidade-permanente-as-moradias-existentes-2\/#breadcrumb","itemListElement":[{"@type":"ListItem","position":1,"name":"Home","item":"https:\/\/www.cltweb.org\/pt-br\/"},{"@type":"ListItem","position":2,"name":"Eventos","item":"https:\/\/www.cltweb.org\/pt-br\/events\/"},{"@type":"ListItem","position":3,"name":"Painel de discuss\u00e3o sobre o uso de CLTs para fornecer renova\u00e7\u00e3o de energia e acessibilidade permanente \u00e0s moradias existentes"}]},{"@type":"WebSite","@id":"https:\/\/www.cltweb.org\/pt-br\/#website","url":"https:\/\/www.cltweb.org\/pt-br\/","name":"International Center for Community Land Trusts","description":"","publisher":{"@id":"https:\/\/www.cltweb.org\/pt-br\/#organization"},"potentialAction":[{"@type":"SearchAction","target":{"@type":"EntryPoint","urlTemplate":"https:\/\/www.cltweb.org\/pt-br\/?s={search_term_string}"},"query-input":{"@type":"PropertyValueSpecification","valueRequired":true,"valueName":"search_term_string"}}],"inLanguage":"pt-BR"},{"@type":"Organization","@id":"https:\/\/www.cltweb.org\/pt-br\/#organization","name":"International Center for Community Land Trusts","url":"https:\/\/www.cltweb.org\/pt-br\/","logo":{"@type":"ImageObject","inLanguage":"pt-BR","@id":"https:\/\/www.cltweb.org\/pt-br\/#\/schema\/logo\/image\/","url":"https:\/\/www.cltweb.org\/wp-content\/uploads\/2024\/11\/New-CLT-Center-Text-logo.png","contentUrl":"https:\/\/www.cltweb.org\/wp-content\/uploads\/2024\/11\/New-CLT-Center-Text-logo.png","width":227,"height":80,"caption":"International Center for Community Land Trusts"},"image":{"@id":"https:\/\/www.cltweb.org\/pt-br\/#\/schema\/logo\/image\/"},"sameAs":["https:\/\/www.facebook.com\/cltcenter","https:\/\/x.com\/Center4CLTs","https:\/\/www.instagram.com\/cltcenter\/","https:\/\/www.linkedin.com\/company\/cltcenter","https:\/\/www.youtube.com\/@centerforcltinnovation5313"],"description":"The International Center for Community Land Trusts is a not-for-profit nongovernmental organization established in 2018 to promote and to support community land trusts and similar strategies of community-led development on community-owned land in countries throughout the world.","email":"info@communitylandtrust.net","legalName":"International Center for Community Land Trusts","foundingDate":"2018-12-01","taxID":"84-3858933","numberOfEmployees":{"@type":"QuantitativeValue","minValue":"1","maxValue":"10"}}]}},"taxonomy_info":{"post_tag":[{"value":279,"label":"apenas transi\u00e7\u00e3o"},{"value":280,"label":"renova\u00e7\u00e3o de energia"}]},"featured_image_src_large":false,"author_info":{"display_name":"Ben Harris","author_link":"https:\/\/www.cltweb.org\/pt-br\/author\/ben\/"},"comment_info":"","jetpack_sharing_enabled":true,"_links":{"self":[{"href":"https:\/\/www.cltweb.org\/pt-br\/wp-json\/wp\/v2\/tribe_events\/6723","targetHints":{"allow":["GET"]}}],"collection":[{"href":"https:\/\/www.cltweb.org\/pt-br\/wp-json\/wp\/v2\/tribe_events"}],"about":[{"href":"https:\/\/www.cltweb.org\/pt-br\/wp-json\/wp\/v2\/types\/tribe_events"}],"author":[{"embeddable":true,"href":"https:\/\/www.cltweb.org\/pt-br\/wp-json\/wp\/v2\/users\/2"}],"version-history":[{"count":6,"href":"https:\/\/www.cltweb.org\/pt-br\/wp-json\/wp\/v2\/tribe_events\/6723\/revisions"}],"predecessor-version":[{"id":7202,"href":"https:\/\/www.cltweb.org\/pt-br\/wp-json\/wp\/v2\/tribe_events\/6723\/revisions\/7202"}],"wp:attachment":[{"href":"https:\/\/www.cltweb.org\/pt-br\/wp-json\/wp\/v2\/media?parent=6723"}],"wp:term":[{"taxonomy":"post_tag","embeddable":true,"href":"https:\/\/www.cltweb.org\/pt-br\/wp-json\/wp\/v2\/tags?post=6723"},{"taxonomy":"tribe_events_cat","embeddable":true,"href":"https:\/\/www.cltweb.org\/pt-br\/wp-json\/wp\/v2\/tribe_events_cat?post=6723"}],"curies":[{"name":"wp","href":"https:\/\/api.w.org\/{rel}","templated":true}]}}