{"id":9553,"date":"2025-11-04T15:15:07","date_gmt":"2025-11-04T15:15:07","guid":{"rendered":"https:\/\/www.cltweb.org\/event\/parcerias-habitat-for-humanity-clt-para-acessibilidade-duradoura\/"},"modified":"2025-12-11T20:37:45","modified_gmt":"2025-12-11T20:37:45","slug":"parcerias-habitat-for-humanity-clt-para-acessibilidade-duradoura","status":"publish","type":"tribe_events","link":"https:\/\/www.cltweb.org\/pt-br\/event\/parcerias-habitat-for-humanity-clt-para-acessibilidade-duradoura\/","title":{"rendered":"Amplia\u00e7\u00e3o da oferta de moradias por meio de parcerias Habitat for Humanity-CLT"},"content":{"rendered":"<div  class=\"tribe-events-schedule tribe-clearfix\" >\n\t<p class=\"tribe-events-schedule__datetime\">\n\t\t<span class=\"tribe-events-schedule__date tribe-events-schedule__date--start\">\n\t\t\tdezembro 10, 2025\t\t<\/span>\n\n\t\t\t\t\t<span class=\"tribe-events-schedule__separator tribe-events-schedule__separator--date\">\n\t\t\t\t @ \t\t\t<\/span>\n\t\t\t<span class=\"tribe-events-schedule__time tribe-events-schedule__time--start\">\n\t\t\t\t15:00\t\t\t<\/span>\n\t\t\n\t\t\t\t\t\t\t\t\t<span class=\"tribe-events-schedule__separator tribe-events-schedule__separator--time\">\n\t\t\t\t\t &#8211; \t\t\t\t<\/span>\n\t\t\t\n\t\t\t\t\t\t\t<span class=\"tribe-events-schedule__time tribe-events-schedule__time--end\">\n\t\t\t\t\t16:30\t\t\t\t<\/span>\n\t\t\t\n\t\t\t\t\t\t\t<span class=\"tribe-events-schedule__timezone\">UTC+0<\/span>\n\t\t\t\t\t\t<\/p>\n<\/div>\n\n<h2 class=\"wp-block-heading\" id=\"h-recording\">Registro<\/h2>\n\n<figure class=\"wp-block-embed is-type-video is-provider-youtube wp-block-embed-youtube wp-embed-aspect-16-9 wp-has-aspect-ratio\"><div class=\"wp-block-embed__wrapper\">\n<iframe loading=\"lazy\" title=\"Scaling Housing Supply through Habitat for Humanity-CLT Partnerships\" width=\"1290\" height=\"726\" src=\"https:\/\/www.youtube.com\/embed\/pt6YLhfNeQg?feature=oembed\" frameborder=\"0\" allow=\"accelerometer; autoplay; clipboard-write; encrypted-media; gyroscope; picture-in-picture; web-share\" referrerpolicy=\"strict-origin-when-cross-origin\" allowfullscreen><\/iframe>\n<\/div><\/figure>\n\n<h2 class=\"wp-block-heading\" id=\"h-resources\">Recursos<\/h2>\n\n<ul class=\"wp-block-list\">\n<li><a href=\"https:\/\/www.cltweb.org\/wp-content\/uploads\/2025\/12\/CLT-Webinar-PPT.pdf\" target=\"_blank\" rel=\"noreferrer noopener\">Apresenta\u00e7\u00e3o de slides<\/a><\/li>\n\n\n\n<li><a href=\"https:\/\/www.cltweb.org\/wp-content\/uploads\/2025\/12\/Scaling-Housing-Supply-through-Habitat-for-Humanity-CLT-Partnerships.pdf\" target=\"_blank\" rel=\"noreferrer noopener\">Transcri\u00e7\u00e3o completa<\/a><\/li>\n<\/ul>\n\n<h2 class=\"wp-block-heading\" id=\"h-webinar-description\">Descri\u00e7\u00e3o do webinar<\/h2>\n\n<p>O segundo webinar da s\u00e9rie Lasting Affordability Webinar Series da Habitat for Humanity International explorar\u00e1 estrat\u00e9gias para a cria\u00e7\u00e3o de parcerias s\u00f3lidas e sustent\u00e1veis com os Community Land Trusts (CLTs) para promover a acessibilidade duradoura e a preserva\u00e7\u00e3o de moradias.  <\/p>\n\n<p>Com base nas li\u00e7\u00f5es das colabora\u00e7\u00f5es da Twin Cities Habitat for Humanity com a Homes Within Reach, outros parceiros CLT e o trabalho mais amplo de constru\u00e7\u00e3o de coaliz\u00e3o com a Minnesota Statewide CLT Coalition, este webinar examina os principais desafios, como a participa\u00e7\u00e3o orientada por financiamento, limita\u00e7\u00f5es de recompra, a evolu\u00e7\u00e3o da f\u00f3rmula de revenda e destaca abordagens bem-sucedidas para ampliar os CLTs em n\u00edvel estadual. Os palestrantes da Minnesota CLT Coalition, da Homes Within Reach e da Twin Cities Habitat for Humanity compartilharam percep\u00e7\u00f5es sobre parcerias com CLTs e afiliados da Habitat, influ\u00eancia pol\u00edtica e seu trabalho de forma\u00e7\u00e3o de coaliz\u00e3o.   <\/p>\n\n<p>Projetado para afiliados do Habitat, parceiros CLT, coaliz\u00f5es estaduais, defensores da habita\u00e7\u00e3o e formuladores de pol\u00edticas, os participantes sair\u00e3o com uma compreens\u00e3o mais clara de como envolver CLTs, navegar em ecossistemas de financiamento e promover parcerias baseadas em confian\u00e7a, flexibilidade e impacto comunit\u00e1rio de longo prazo.<\/p>\n\n<h2 class=\"wp-block-heading\" id=\"h-speakers-and-panelists\">Palestrantes e painelistas<\/h2>\n\n<figure class=\"wp-block-image alignright size-full is-resized\"><img decoding=\"async\" src=\"https:\/\/www.cltweb.org\/wp-content\/uploads\/2025\/06\/Screenshot-2025-06-13-at-11.34.34&#x202F;AM.png\" alt=\"\" class=\"wp-image-9587\" style=\"width:145px;height:auto\"\/><\/figure>\n\n<p><strong>Assan Sosseh<\/strong>, gerente do programa Lasting Affordability, <a href=\"https:\/\/www.habitat.org\/\">Habitat for Humanity International<\/a><\/p>\n\n<p>ASSAN SOSSEH \u00e9 um profissional experiente em moradias econ\u00f4micas que atualmente atua como Gerente do Programa de Acessibilidade Duradoura na Habitat for Humanity International (HFHI). Nessa fun\u00e7\u00e3o, ele lidera iniciativas com o objetivo de aumentar a ado\u00e7\u00e3o de modelos de propriedade de im\u00f3veis com acessibilidade duradoura na rede Habitat. Esses modelos incluem estrat\u00e9gias como community land trusts, arrendamentos de terrenos e restri\u00e7\u00f5es de escritura de longo prazo, todos projetados para garantir que as casas permane\u00e7am acess\u00edveis para as gera\u00e7\u00f5es futuras.  <\/p>\n\n<figure class=\"wp-block-image alignright size-full is-resized\"><img loading=\"lazy\" decoding=\"async\" width=\"2560\" height=\"1709\" src=\"https:\/\/www.cltweb.org\/wp-content\/uploads\/2025\/06\/Ben-Post-1-1-scaled.jpg\" alt=\"\" class=\"wp-image-10517\" style=\"aspect-ratio:1;object-fit:cover;width:142px;height:auto\" srcset=\"https:\/\/www.cltweb.org\/wp-content\/uploads\/2025\/06\/Ben-Post-1-1-scaled.jpg 2560w, https:\/\/www.cltweb.org\/wp-content\/uploads\/2025\/06\/Ben-Post-1-1-300x200.jpg 300w, https:\/\/www.cltweb.org\/wp-content\/uploads\/2025\/06\/Ben-Post-1-1-1024x684.jpg 1024w\" sizes=\"auto, (max-width: 2560px) 100vw, 2560px\" \/><\/figure>\n\n<p><strong>Ben Post, <\/strong>vice-presidente de estrat\u00e9gia e impacto da <a href=\"https:\/\/www.tchabitat.org\/\" target=\"_blank\" rel=\"noreferrer noopener\">Habitat for Humanity de Twin Cities<\/a><\/p>\n\n<p>BEN POST entrou para a Twin Cities Habitat em 2018. Ben lidera a equipe de Estrat\u00e9gia, que \u00e9 respons\u00e1vel por gerenciar o plano estrat\u00e9gico da organiza\u00e7\u00e3o. A equipe de Ben tamb\u00e9m implementa iniciativas novas e estrat\u00e9gicas criadas para melhorar e aumentar o impacto da Twin Cities Habitat. Ben \u00e9 bacharel pela Bethel University e trabalha com moradias populares h\u00e1 mais de 20 anos. Sua experi\u00eancia inclui aluguel de v\u00e1rias fam\u00edlias, propriedade, acessibilidade duradoura e modelos de capital compartilhado, entrega de programas e gerenciamento.    <\/p>\n\n<figure class=\"wp-block-image alignright size-full is-resized\"><img loading=\"lazy\" decoding=\"async\" width=\"264\" height=\"264\" src=\"https:\/\/www.cltweb.org\/wp-content\/uploads\/2025\/11\/Screenshot-2025-11-13-at-8.48.06-AM.png\" alt=\"\" class=\"wp-image-10645\" style=\"width:141px\" srcset=\"https:\/\/www.cltweb.org\/wp-content\/uploads\/2025\/11\/Screenshot-2025-11-13-at-8.48.06-AM.png 264w, https:\/\/www.cltweb.org\/wp-content\/uploads\/2025\/11\/Screenshot-2025-11-13-at-8.48.06-AM-150x150.png 150w\" sizes=\"auto, (max-width: 264px) 100vw, 264px\" \/><\/figure>\n\n<p><strong>Brenda Lano-Wolke,<\/strong> Diretora Executiva, <a href=\"https:\/\/homeswithinreach.org\/wp\/\" target=\"_blank\" rel=\"noreferrer noopener\">Homes Within Reach<\/a><\/p>\n\n<p>BRENDA LANO-WOLKE \u00e9 a diretora executiva da Homes Within Reach.<\/p>\n\n<figure class=\"wp-block-image alignright size-full is-resized\"><img decoding=\"async\" src=\"https:\/\/www.cltweb.org\/wp-content\/uploads\/2025\/06\/JW-Mug-2019.jpg\" alt=\"\" class=\"wp-image-10518\" style=\"aspect-ratio:1;object-fit:cover;width:141px;height:auto\"\/><\/figure>\n\n<p><strong>Jeff Washbourne,<\/strong> Administrador, <a href=\"https:\/\/habitatportlandregion.org\/\" target=\"_blank\" rel=\"noreferrer noopener\">Minnesota Community Land Trust Coalition<\/a><\/p>\n\n<p>JEFF WASHBOURNE \u00e9 s\u00f3cio da Burlington Associates e trabalha ou j\u00e1 trabalhou com mais de 50 community land trusts em todo o pa\u00eds. Ele saiu do City of Lakes Community Land Trust (CLCLT) em 2023, depois de ter atuado como diretor desde a sua funda\u00e7\u00e3o em novembro de 2002. Durante seus mais de 20 anos de mandato no CLCLT, a organiza\u00e7\u00e3o conseguiu ajudar mais de 490 propriet\u00e1rios de casas de baixa renda a se tornarem propriet\u00e1rios de im\u00f3veis do Community Land Trust, com mais de 375 casas em cust\u00f3dia. Durante sua gest\u00e3o, o CLCLT cresceu e se tornou o maior Community Land Trust de propriedade do estado de MN e o<g id=\"gid_0\">terceiro<\/g> maior do pa\u00eds, usando o Community Land Trust de forma criativa e inovadora. Com o passar do tempo, a CLCLT criou e gerou um Fundo de Terras Comercial, um Fundo de Terras Agr\u00edcolas e atualmente est\u00e1 trabalhando com organiza\u00e7\u00f5es parceiras para estabelecer o primeiro Fundo de Terras Comunit\u00e1rio Afro-Americano nas Cidades G\u00eameas.      <\/p>\n\n<p>Antes de ingressar na CLCLT, ele trabalhou na Twin Cities Neighborhood Housing Services de 1997 a 2000 e de 2001 a 2002, atuando como Diretor Executivo nos \u00faltimos dois anos. Antes de sua experi\u00eancia em moradias sem fins lucrativos, Jeff trabalhou como supervisor\/treinador de constru\u00e7\u00e3o para uma empresa de constru\u00e7\u00e3o residencial na Coreia do Sul, como gerente de programa da YMCA no Novo M\u00e9xico e como volunt\u00e1rio do Peace Corps em Honduras. Ele tem mestrado em Administra\u00e7\u00e3o P\u00fablica pela Hamline University e \u00e9 formado em Psicologia pela DePauw University. Ele recebeu certificados da Harvard Kennedy School\/NeighborWorks America Achieving Excellence e do Bank of America Neighborhood Builder Leadership Programs. Nos \u00faltimos 25 anos em Minneapolis, ele atuou em dezenas de conselhos sem fins lucrativos na comunidade. Ele mora em Minneapolis desde 1997.     <\/p>\n\n<p>Para o trabalho em Minnesota, onde Jeff tinha relacionamentos pr\u00e9-existentes, ele utiliza sua pr\u00f3pria consultoria LLC, a Everlong Consulting. Nessa fun\u00e7\u00e3o, ele atua como administrador de contratos para a MN CLT Coalition, apoiando os 14 fundos de terras comunit\u00e1rios em Minnesota com defesa, pol\u00edtica, assist\u00eancia t\u00e9cnica, capta\u00e7\u00e3o de recursos e forma\u00e7\u00e3o de coaliz\u00e3o. <\/p>\n\n<p><strong>John Emmeus Davis,<\/strong> Membro do Conselho, Editor-chefe, Centro Internacional para CLTs; Terra Nostra Press<\/p>\n\n<figure class=\"wp-block-image alignright size-full is-resized\"><img loading=\"lazy\" decoding=\"async\" width=\"206\" height=\"178\" src=\"https:\/\/www.cltweb.org\/wp-content\/uploads\/2025\/06\/John-Emmeus-Davis.png\" alt=\"\" class=\"wp-image-9567\" style=\"width:141px\"\/><\/figure>\n\n<p>JOHN EMMEUS DAVIS \u00e9 um planejador urbano que passou grande parte de sua carreira de 40 anos prestando assist\u00eancia t\u00e9cnica a CLTs e documentando sua hist\u00f3ria e desempenho. Ele \u00e9 coautor da publica\u00e7\u00e3o de 2008 do Lincoln Institute, <em>The City-CLT Partnership<\/em>. Anteriormente, atuou como diretor de habita\u00e7\u00e3o em Burlington, Vermont, e foi reitor da National CLT Academy. Ele \u00e9 s\u00f3cio da Burlington Associates in Community Development LLC, uma cooperativa nacional de consultoria. \u00c9 membro fundador da diretoria do International Center for CLTs e editor-chefe da marca do centro, Terra Nostra Press.    <br\/><\/p>\n<div  class=\"tribe-block tribe-block__organizer__details tribe-clearfix\" >\n\t<div class=\"tribe-block__organizer__title\">\n\t\t<h3><a href=\"https:\/\/www.cltweb.org\/organizador\/international-center-for-community-land-trusts\/\" title=\"International Center for Community Land Trusts\" target=\"_self\" rel=\"\">International Center for Community Land Trusts<\/a><\/h3>\n\t<\/div>\n\t\t\t\t<p class=\"tribe-block__organizer__website\"><a href=\"https:\/\/www.cltweb.org\" target=\"_blank\" rel=\"noopener noreferrer\">Ver site do Organizador<\/a><\/p>\n\t\t\t\t<p class=\"tribe-block__organizer__email\">i&#110;&#102;&#111;&#064;&#099;o&#109;mun&#105;&#116;y&#108;andtr&#117;&#115;t&#046;net<\/p>\n\t<\/div>\n<div  class=\"tribe-block tribe-block__venue tribe-clearfix\" >\n\t\n\t\t\n\t<\/div>\n\t<div  class=\"tribe-block tribe-block__events-link\" >\n\t\t<div class=\"tribe-events tribe-common\">\n\t\t\t<div class=\"tribe-events-c-subscribe-dropdown__container\">\n\t\t\t\t<div class=\"tribe-events-c-subscribe-dropdown\">\n\t\t\t\t\t<div class=\"tribe-common-c-btn-border tribe-events-c-subscribe-dropdown__button\">\n\t\t\t\t\t\t<svg\n\t class=\"tribe-common-c-svgicon tribe-common-c-svgicon--cal-export tribe-events-c-subscribe-dropdown__export-icon\" \taria-hidden=\"true\"\n\tviewBox=\"0 0 23 17\"\n\txmlns=\"http:\/\/www.w3.org\/2000\/svg\"\n>\n\t<path fill-rule=\"evenodd\" clip-rule=\"evenodd\" d=\"M.128.896V16.13c0 .211.145.383.323.383h15.354c.179 0 .323-.172.323-.383V.896c0-.212-.144-.383-.323-.383H.451C.273.513.128.684.128.896Zm16 6.742h-.901V4.679H1.009v10.729h14.218v-3.336h.901V7.638ZM1.01 1.614h14.218v2.058H1.009V1.614Z\" \/>\n\t<path d=\"M20.5 9.846H8.312M18.524 6.953l2.89 2.909-2.855 2.855\" stroke-width=\"1.2\" stroke-linecap=\"round\" stroke-linejoin=\"round\"\/>\n<\/svg>\n\t\t\t\t\t\t<button\n\t\t\t\t\t\t\tclass=\"tribe-events-c-subscribe-dropdown__button-text\"\n\t\t\t\t\t\t\taria-expanded=\"false\"\n\t\t\t\t\t\t\taria-controls=\"tribe-events-subscribe-dropdown-content\"\n\t\t\t\t\t\t\taria-label=\"View links to add events to your calendar\"\n\t\t\t\t\t\t>\n\t\t\t\t\t\t\tAdicionar ao calend\u00e1rio\t\t\t\t\t\t<\/button>\n\t\t\t\t\t\t<svg\n\t class=\"tribe-common-c-svgicon tribe-common-c-svgicon--caret-down tribe-events-c-subscribe-dropdown__button-icon\" \taria-hidden=\"true\"\n\tviewBox=\"0 0 10 7\"\n\txmlns=\"http:\/\/www.w3.org\/2000\/svg\"\n>\n\t<path fill-rule=\"evenodd\" clip-rule=\"evenodd\" d=\"M1.008.609L5 4.6 8.992.61l.958.958L5 6.517.05 1.566l.958-.958z\" class=\"tribe-common-c-svgicon__svg-fill\"\/>\n<\/svg>\n\t\t\t\t\t<\/div>\n\t\t\t\t\t<div id=\"tribe-events-subscribe-dropdown-content\" class=\"tribe-events-c-subscribe-dropdown__content\">\n\t\t\t\t\t\t<ul class=\"tribe-events-c-subscribe-dropdown__list\">\n\t\t\t\t\t\t\t\t\t\t\t\t\t\t\t<li class=\"tribe-events-c-subscribe-dropdown__list-item tribe-events-c-subscribe-dropdown__list-item--gcal\">\n\t\t\t\t\t\t\t\t\t<a\n\t\t\t\t\t\t\t\t\t\thref=\"https:\/\/www.google.com\/calendar\/event?action=TEMPLATE&#038;dates=20251210T150000\/20251210T163000&#038;text=Amplia%C3%A7%C3%A3o%20da%20oferta%20de%20moradias%20por%20meio%20de%20parcerias%20Habitat%20for%20Humanity-CLT&#038;details=%3Ch2+class%3D%22wp-block-heading%22+id%3D%22h-recording%22%3ERegistro%3C%2Fh2%3E%3Cfigure+class%3D%22wp-block-embed+is-type-video+is-provider-youtube+wp-block-embed-youtube+wp-embed-aspect-16-9+wp-has-aspect-ratio%22%3E%3Cdiv+class%3D%22wp-block-embed__wrapper%22%3Ehttps%3A%2F%2Fyoutu.be%2Fpt6YLhfNeQg%3C%2Fdiv%3E%3C%2Ffigure%3E%3Ch2+class%3D%22wp-block-heading%22+id%3D%22h-resources%22%3ERecursos%3C%2Fh2%3E%3Cul+class%3D%22wp-block-list%22%3E%3Cli%3E%3Ca+href%3D%22https%3A%2F%2Fwww.cltweb.org%2Fwp-content%2Fuploads%2F2025%2F12%2FCLT-Webinar-PPT.pdf%22+target%3D%22_blank%22+rel%3D%22noreferrer+noopener%22%3EApresenta%C3%A7%C3%A3o+de+slides%3C%2Fa%3E%3C%2Fli%3E%3Cli%3E%3Ca+href%3D%22https%3A%2F%2Fwww.cltweb.org%2Fwp-content%2Fuploads%2F2025%2F12%2FScaling-Housing-Supply-through-Habitat-for-Humanity-CLT-Partnerships.pdf%22+target%3D%22_blank%22+rel%3D%22noreferrer+noopener%22%3ETranscri%C3%A7%C3%A3o+completa%3C%2Fa%3E%3C%2Fli%3E%3C%2Ful%3E%3Ch2+class%3D%22wp-block-heading%22+id%3D%22h-webinar-description%22%3EDescri%C3%A7%C3%A3o+do+webinar%3C%2Fh2%3E%3Cp%3EO+segundo+webinar+da+s%C3%A9rie+Lasting+Affordability+Webinar+Series+da+Habitat+for+Humanity+International+explorar%C3%A1+estrat%C3%A9gias+para+a+cria%C3%A7%C3%A3o+de+parcerias+s%C3%B3lida%3C%2Fp%3E+%28Veja+a+descri%C3%A7%C3%A3o+completa+de+evento+aqui%3A+https%3A%2F%2Fwww.cltweb.org%2Fpt-br%2Fevent%2Fparcerias-habitat-for-humanity-clt-para-acessibilidade-duradoura%2F%29&#038;trp=false&#038;ctz=UTC+0&#038;sprop=website:https:\/\/www.cltweb.org\/pt-br\/\"\n\t\t\t\t\t\t\t\t\t\tclass=\"tribe-events-c-subscribe-dropdown__list-item-link\"\n\t\t\t\t\t\t\t\t\t\ttarget=\"_blank\"\n\t\t\t\t\t\t\t\t\t\trel=\"noopener noreferrer nofollow noindex\"\n\t\t\t\t\t\t\t\t\t>\n\t\t\t\t\t\t\t\t\t\tGoogle Agenda\t\t\t\t\t\t\t\t\t<\/a>\n\t\t\t\t\t\t\t\t<\/li>\n\t\t\t\t\t\t\t\t\t\t\t\t\t\t\t<li class=\"tribe-events-c-subscribe-dropdown__list-item tribe-events-c-subscribe-dropdown__list-item--ical\">\n\t\t\t\t\t\t\t\t\t<a\n\t\t\t\t\t\t\t\t\t\thref=\"\"\n\t\t\t\t\t\t\t\t\t\tclass=\"tribe-events-c-subscribe-dropdown__list-item-link\"\n\t\t\t\t\t\t\t\t\t\ttarget=\"_blank\"\n\t\t\t\t\t\t\t\t\t\trel=\"noopener noreferrer nofollow noindex\"\n\t\t\t\t\t\t\t\t\t>\n\t\t\t\t\t\t\t\t\t\tiCalendar\t\t\t\t\t\t\t\t\t<\/a>\n\t\t\t\t\t\t\t\t<\/li>\n\t\t\t\t\t\t\t\t\t\t\t\t\t\t\t<li class=\"tribe-events-c-subscribe-dropdown__list-item tribe-events-c-subscribe-dropdown__list-item--outlook-365\">\n\t\t\t\t\t\t\t\t\t<a\n\t\t\t\t\t\t\t\t\t\thref=\"\"\n\t\t\t\t\t\t\t\t\t\tclass=\"tribe-events-c-subscribe-dropdown__list-item-link\"\n\t\t\t\t\t\t\t\t\t\ttarget=\"_blank\"\n\t\t\t\t\t\t\t\t\t\trel=\"noopener noreferrer nofollow noindex\"\n\t\t\t\t\t\t\t\t\t>\n\t\t\t\t\t\t\t\t\t\tOutlook 365\t\t\t\t\t\t\t\t\t<\/a>\n\t\t\t\t\t\t\t\t<\/li>\n\t\t\t\t\t\t\t\t\t\t\t\t\t\t\t<li class=\"tribe-events-c-subscribe-dropdown__list-item tribe-events-c-subscribe-dropdown__list-item--outlook-live\">\n\t\t\t\t\t\t\t\t\t<a\n\t\t\t\t\t\t\t\t\t\thref=\"\"\n\t\t\t\t\t\t\t\t\t\tclass=\"tribe-events-c-subscribe-dropdown__list-item-link\"\n\t\t\t\t\t\t\t\t\t\ttarget=\"_blank\"\n\t\t\t\t\t\t\t\t\t\trel=\"noopener noreferrer nofollow noindex\"\n\t\t\t\t\t\t\t\t\t>\n\t\t\t\t\t\t\t\t\t\tOutlook Live\t\t\t\t\t\t\t\t\t<\/a>\n\t\t\t\t\t\t\t\t<\/li>\n\t\t\t\t\t\t\t\t\t\t\t\t\t<\/ul>\n\t\t\t\t\t<\/div>\n\t\t\t\t<\/div>\n\t\t\t<\/div>\n\t\t<\/div>\n\t<\/div>\n\n<h2 class=\"tribe-block__related-events__title\">Eventos relacionados<\/h2>\n\n<ul  class=\"tribe-related-events tribe-clearfix\" >\n\t\t\t<li>\n\t\n<div class=\"tribe-related-events-thumbnail\">\n\t<a href=\"https:\/\/www.cltweb.org\/pt-br\/event\/enraizado-na-justica-centrando-comunidades-carentes-na-pratica-do-clt\/\" class=\"url\" rel=\"bookmark\" tabindex=\"-1\" aria-hidden=\"true\"><img loading=\"lazy\" decoding=\"async\" width=\"1024\" height=\"1024\" src=\"https:\/\/www.cltweb.org\/wp-content\/uploads\/2026\/03\/Rondo-Event-Square-1-1024x1024.png\" class=\"attachment-large size-large wp-post-image\" alt=\"\" \/><\/a>\n<\/div>\n\t<div class=\"tribe-related-event-info\">\n\t<h3 class=\"tribe-related-events-title\">\n\t\t<a href=\"https:\/\/www.cltweb.org\/pt-br\/event\/enraizado-na-justica-centrando-comunidades-carentes-na-pratica-do-clt\/\" class=\"tribe-event-url\" rel=\"bookmark\">\n\t\t\tEnraizado na justi\u00e7a: Centrando comunidades carentes na pr\u00e1tica do CLT\t\t<\/a>\n\t<\/h3>\n\t<span class=\"tribe-event-date-start\">maio 5 @ 10:00<\/span> &#8211; <span class=\"tribe-event-time\">11:30<\/span> <span class='timezone'> UTC-4 <\/span><\/div>\n<\/li>\n\t\t\t<li>\n\t\n<div class=\"tribe-related-events-thumbnail\">\n\t<a href=\"https:\/\/www.cltweb.org\/pt-br\/event\/termos-territoriais-coletivos-no-brasil-aprendizados-desafios-e-perspectivas\/\" class=\"url\" rel=\"bookmark\" tabindex=\"-1\" aria-hidden=\"true\"><img loading=\"lazy\" decoding=\"async\" width=\"1024\" height=\"1024\" src=\"https:\/\/www.cltweb.org\/wp-content\/uploads\/2026\/03\/5-May_Brazil-1024x1024.png\" class=\"attachment-large size-large wp-post-image\" alt=\"\" \/><\/a>\n<\/div>\n\t<div class=\"tribe-related-event-info\">\n\t<h3 class=\"tribe-related-events-title\">\n\t\t<a href=\"https:\/\/www.cltweb.org\/pt-br\/event\/termos-territoriais-coletivos-no-brasil-aprendizados-desafios-e-perspectivas\/\" class=\"tribe-event-url\" rel=\"bookmark\">\n\t\t\tTermos Territoriais Coletivos no Brasil: Aprendizados, Desafios e Perspectivas\t\t<\/a>\n\t<\/h3>\n\t<span class=\"tribe-event-date-start\">maio 5 @ 13:00<\/span> &#8211; <span class=\"tribe-event-time\">14:30<\/span> <span class='timezone'> UTC-4 <\/span><\/div>\n<\/li>\n\t\t\t<li>\n\t\n<div class=\"tribe-related-events-thumbnail\">\n\t<a href=\"https:\/\/www.cltweb.org\/pt-br\/event\/o-que-estamos-aprendendo-no-sul-global-uma-conversa-sobre-clts-em-todos-os-contextos\/\" class=\"url\" rel=\"bookmark\" tabindex=\"-1\" aria-hidden=\"true\"><img loading=\"lazy\" decoding=\"async\" width=\"1024\" height=\"1024\" src=\"https:\/\/www.cltweb.org\/wp-content\/uploads\/2026\/03\/CLT-Center-Event-Square-1024x1024.png\" class=\"attachment-large size-large wp-post-image\" alt=\"\" \/><\/a>\n<\/div>\n\t<div class=\"tribe-related-event-info\">\n\t<h3 class=\"tribe-related-events-title\">\n\t\t<a href=\"https:\/\/www.cltweb.org\/pt-br\/event\/o-que-estamos-aprendendo-no-sul-global-uma-conversa-sobre-clts-em-todos-os-contextos\/\" class=\"tribe-event-url\" rel=\"bookmark\">\n\t\t\tO que estamos aprendendo no Sul Global: Uma conversa sobre CLTs em todos os contextos\t\t<\/a>\n\t<\/h3>\n\t<span class=\"tribe-event-date-start\">maio 12 @ 13:00<\/span> &#8211; <span class=\"tribe-event-time\">13:30<\/span> <span class='timezone'> UTC-3 <\/span><\/div>\n<\/li>\n\t<\/ul>\n","protected":false},"excerpt":{"rendered":"<p>Registro Recursos Descri\u00e7\u00e3o do webinar O segundo webinar da s\u00e9rie Lasting Affordability Webinar Series da Habitat for Humanity International explorar\u00e1 estrat\u00e9gias para a cria\u00e7\u00e3o de parcerias s\u00f3lidas e sustent\u00e1veis com [&hellip;]<\/p>\n","protected":false},"author":2,"featured_media":10639,"template":"","meta":{"give_campaign_id":0,"_tec_requires_first_save":false,"_kad_blocks_custom_css":"","_kad_blocks_head_custom_js":"","_kad_blocks_body_custom_js":"","_kad_blocks_footer_custom_js":"","_EventAllDay":false,"_EventTimezone":"UTC+0","_EventStartDate":"2025-12-10 15:00:00","_EventEndDate":"2025-12-10 16:30:00","_EventStartDateUTC":"2025-12-10 15:00:00","_EventEndDateUTC":"2025-12-10 16:30:00","_EventShowMap":false,"_EventShowMapLink":false,"_EventURL":"https:\/\/us06web.zoom.us\/webinar\/register\/WN_Dw8Ono2cSXC08TCyMWqauA","_EventCost":"","_EventCostDescription":"","_EventCurrencySymbol":"","_EventCurrencyCode":"","_EventCurrencyPosition":"","_EventDateTimeSeparator":"","_EventTimeRangeSeparator":"","_EventOrganizerID":[],"_EventVenueID":[],"_OrganizerEmail":"","_OrganizerPhone":"","_OrganizerWebsite":"","_VenueAddress":"","_VenueCity":"","_VenueCountry":"","_VenueProvince":"","_VenueState":"","_VenueZip":"","_VenuePhone":"","_VenueURL":"","_VenueStateProvince":"","_VenueLat":"","_VenueLng":"","_VenueShowMap":false,"_VenueShowMapLink":false,"_tribe_blocks_recurrence_rules":"","_tribe_blocks_recurrence_description":"","_tribe_blocks_recurrence_exclusions":"","_tribe_events_status":"","_tribe_events_status_reason":"","_tribe_events_is_hybrid":"","_tribe_events_is_virtual":"","_tribe_events_virtual_video_source":"","_tribe_events_virtual_embed_video":"","_tribe_events_virtual_linked_button_text":"","_tribe_events_virtual_linked_button":"","_tribe_events_virtual_show_embed_at":"","_tribe_events_virtual_show_embed_to":[],"_tribe_events_virtual_show_on_event":"","_tribe_events_virtual_show_on_views":"","_tribe_events_virtual_url":"","footnotes":""},"tags":[332,343,298],"tribe_events_cat":[],"class_list":["post-9553","tribe_events","type-tribe_events","status-publish","has-post-thumbnail","hentry","tag-fundo-de-terras-comunitario","tag-habitat-para-a-humanidade","tag-webinar-pt-br"],"blocksy_meta":[],"yoast_head":"<!-- This site is optimized with the Yoast SEO Premium plugin v27.5 (Yoast SEO v27.5) - https:\/\/yoast.com\/product\/yoast-seo-premium-wordpress\/ -->\n<title>Amplia\u00e7\u00e3o da oferta de moradias por meio de parcerias Habitat for Humanity-CLT - International Center for Community Land Trusts<\/title>\n<meta name=\"robots\" content=\"index, follow, max-snippet:-1, max-image-preview:large, max-video-preview:-1\" \/>\n<link rel=\"canonical\" href=\"https:\/\/www.cltweb.org\/pt-br\/event\/parcerias-habitat-for-humanity-clt-para-acessibilidade-duradoura\/\" \/>\n<meta property=\"og:locale\" content=\"pt_BR\" \/>\n<meta property=\"og:type\" content=\"article\" \/>\n<meta property=\"og:title\" content=\"Amplia\u00e7\u00e3o da oferta de moradias por meio de parcerias Habitat for Humanity-CLT\" \/>\n<meta property=\"og:description\" content=\"Registro Recursos Descri\u00e7\u00e3o do webinar O segundo webinar da s\u00e9rie Lasting Affordability Webinar Series da Habitat for Humanity International explorar\u00e1 estrat\u00e9gias para a cria\u00e7\u00e3o de parcerias s\u00f3lidas e sustent\u00e1veis com [&hellip;]\" \/>\n<meta property=\"og:url\" content=\"https:\/\/www.cltweb.org\/pt-br\/event\/parcerias-habitat-for-humanity-clt-para-acessibilidade-duradoura\/\" \/>\n<meta property=\"og:site_name\" content=\"International Center for Community Land Trusts\" \/>\n<meta property=\"article:publisher\" content=\"https:\/\/www.facebook.com\/cltcenter\" \/>\n<meta property=\"article:modified_time\" content=\"2025-12-11T20:37:45+00:00\" \/>\n<meta property=\"og:image\" content=\"https:\/\/www.cltweb.org\/wp-content\/uploads\/2025\/11\/Social-Graphic_Landscape-scaled.png\" \/>\n\t<meta property=\"og:image:width\" content=\"2560\" \/>\n\t<meta property=\"og:image:height\" content=\"1707\" \/>\n\t<meta property=\"og:image:type\" content=\"image\/png\" \/>\n<meta name=\"twitter:card\" content=\"summary_large_image\" \/>\n<meta name=\"twitter:site\" content=\"@Center4CLTs\" \/>\n<meta name=\"twitter:label1\" content=\"Est. tempo de leitura\" \/>\n\t<meta name=\"twitter:data1\" content=\"5 minutos\" \/>\n<script type=\"application\/ld+json\" class=\"yoast-schema-graph\">{\"@context\":\"https:\\\/\\\/schema.org\",\"@graph\":[{\"@type\":\"WebPage\",\"@id\":\"https:\\\/\\\/www.cltweb.org\\\/pt-br\\\/event\\\/parcerias-habitat-for-humanity-clt-para-acessibilidade-duradoura\\\/\",\"url\":\"https:\\\/\\\/www.cltweb.org\\\/pt-br\\\/event\\\/parcerias-habitat-for-humanity-clt-para-acessibilidade-duradoura\\\/\",\"name\":\"Amplia\u00e7\u00e3o da oferta de moradias por meio de parcerias Habitat for Humanity-CLT - International Center for Community Land Trusts\",\"isPartOf\":{\"@id\":\"https:\\\/\\\/www.cltweb.org\\\/pt-br\\\/#website\"},\"primaryImageOfPage\":{\"@id\":\"https:\\\/\\\/www.cltweb.org\\\/pt-br\\\/event\\\/parcerias-habitat-for-humanity-clt-para-acessibilidade-duradoura\\\/#primaryimage\"},\"image\":{\"@id\":\"https:\\\/\\\/www.cltweb.org\\\/pt-br\\\/event\\\/parcerias-habitat-for-humanity-clt-para-acessibilidade-duradoura\\\/#primaryimage\"},\"thumbnailUrl\":\"https:\\\/\\\/www.cltweb.org\\\/wp-content\\\/uploads\\\/2025\\\/11\\\/Social-Graphic_Landscape-scaled.png\",\"datePublished\":\"2025-11-04T15:15:07+00:00\",\"dateModified\":\"2025-12-11T20:37:45+00:00\",\"breadcrumb\":{\"@id\":\"https:\\\/\\\/www.cltweb.org\\\/pt-br\\\/event\\\/parcerias-habitat-for-humanity-clt-para-acessibilidade-duradoura\\\/#breadcrumb\"},\"inLanguage\":\"pt-BR\",\"potentialAction\":[{\"@type\":\"ReadAction\",\"target\":[\"https:\\\/\\\/www.cltweb.org\\\/pt-br\\\/event\\\/parcerias-habitat-for-humanity-clt-para-acessibilidade-duradoura\\\/\"]}]},{\"@type\":\"ImageObject\",\"inLanguage\":\"pt-BR\",\"@id\":\"https:\\\/\\\/www.cltweb.org\\\/pt-br\\\/event\\\/parcerias-habitat-for-humanity-clt-para-acessibilidade-duradoura\\\/#primaryimage\",\"url\":\"https:\\\/\\\/www.cltweb.org\\\/wp-content\\\/uploads\\\/2025\\\/11\\\/Social-Graphic_Landscape-scaled.png\",\"contentUrl\":\"https:\\\/\\\/www.cltweb.org\\\/wp-content\\\/uploads\\\/2025\\\/11\\\/Social-Graphic_Landscape-scaled.png\",\"width\":2560,\"height\":1707},{\"@type\":\"BreadcrumbList\",\"@id\":\"https:\\\/\\\/www.cltweb.org\\\/pt-br\\\/event\\\/parcerias-habitat-for-humanity-clt-para-acessibilidade-duradoura\\\/#breadcrumb\",\"itemListElement\":[{\"@type\":\"ListItem\",\"position\":1,\"name\":\"Home\",\"item\":\"https:\\\/\\\/www.cltweb.org\\\/pt-br\\\/\"},{\"@type\":\"ListItem\",\"position\":2,\"name\":\"Eventos\",\"item\":\"https:\\\/\\\/www.cltweb.org\\\/pt-br\\\/events\\\/\"},{\"@type\":\"ListItem\",\"position\":3,\"name\":\"Amplia\u00e7\u00e3o da oferta de moradias por meio de parcerias Habitat for Humanity-CLT\"}]},{\"@type\":\"WebSite\",\"@id\":\"https:\\\/\\\/www.cltweb.org\\\/pt-br\\\/#website\",\"url\":\"https:\\\/\\\/www.cltweb.org\\\/pt-br\\\/\",\"name\":\"International Center for Community Land Trusts\",\"description\":\"\",\"publisher\":{\"@id\":\"https:\\\/\\\/www.cltweb.org\\\/pt-br\\\/#organization\"},\"potentialAction\":[{\"@type\":\"SearchAction\",\"target\":{\"@type\":\"EntryPoint\",\"urlTemplate\":\"https:\\\/\\\/www.cltweb.org\\\/pt-br\\\/?s={search_term_string}\"},\"query-input\":{\"@type\":\"PropertyValueSpecification\",\"valueRequired\":true,\"valueName\":\"search_term_string\"}}],\"inLanguage\":\"pt-BR\"},{\"@type\":\"Organization\",\"@id\":\"https:\\\/\\\/www.cltweb.org\\\/pt-br\\\/#organization\",\"name\":\"International Center for Community Land Trusts\",\"url\":\"https:\\\/\\\/www.cltweb.org\\\/pt-br\\\/\",\"logo\":{\"@type\":\"ImageObject\",\"inLanguage\":\"pt-BR\",\"@id\":\"https:\\\/\\\/www.cltweb.org\\\/pt-br\\\/#\\\/schema\\\/logo\\\/image\\\/\",\"url\":\"https:\\\/\\\/www.cltweb.org\\\/wp-content\\\/uploads\\\/2024\\\/11\\\/New-CLT-Center-Text-logo.png\",\"contentUrl\":\"https:\\\/\\\/www.cltweb.org\\\/wp-content\\\/uploads\\\/2024\\\/11\\\/New-CLT-Center-Text-logo.png\",\"width\":227,\"height\":80,\"caption\":\"International Center for Community Land Trusts\"},\"image\":{\"@id\":\"https:\\\/\\\/www.cltweb.org\\\/pt-br\\\/#\\\/schema\\\/logo\\\/image\\\/\"},\"sameAs\":[\"https:\\\/\\\/www.facebook.com\\\/cltcenter\",\"https:\\\/\\\/x.com\\\/Center4CLTs\",\"https:\\\/\\\/www.instagram.com\\\/cltcenter\\\/\",\"https:\\\/\\\/www.linkedin.com\\\/company\\\/cltcenter\",\"https:\\\/\\\/www.youtube.com\\\/@centerforcltinnovation5313\"],\"description\":\"The International Center for Community Land Trusts is a not-for-profit nongovernmental organization established in 2018 to promote and to support community land trusts and similar strategies of community-led development on community-owned land in countries throughout the world.\",\"email\":\"info@communitylandtrust.net\",\"legalName\":\"International Center for Community Land Trusts\",\"foundingDate\":\"2018-12-01\",\"taxID\":\"84-3858933\",\"numberOfEmployees\":{\"@type\":\"QuantitativeValue\",\"minValue\":\"1\",\"maxValue\":\"10\"}}]}<\/script>\n<!-- \/ Yoast SEO Premium plugin. -->","yoast_head_json":{"title":"Amplia\u00e7\u00e3o da oferta de moradias por meio de parcerias Habitat for Humanity-CLT - International Center for Community Land Trusts","robots":{"index":"index","follow":"follow","max-snippet":"max-snippet:-1","max-image-preview":"max-image-preview:large","max-video-preview":"max-video-preview:-1"},"canonical":"https:\/\/www.cltweb.org\/pt-br\/event\/parcerias-habitat-for-humanity-clt-para-acessibilidade-duradoura\/","og_locale":"pt_BR","og_type":"article","og_title":"Amplia\u00e7\u00e3o da oferta de moradias por meio de parcerias Habitat for Humanity-CLT","og_description":"Registro Recursos Descri\u00e7\u00e3o do webinar O segundo webinar da s\u00e9rie Lasting Affordability Webinar Series da Habitat for Humanity International explorar\u00e1 estrat\u00e9gias para a cria\u00e7\u00e3o de parcerias s\u00f3lidas e sustent\u00e1veis com [&hellip;]","og_url":"https:\/\/www.cltweb.org\/pt-br\/event\/parcerias-habitat-for-humanity-clt-para-acessibilidade-duradoura\/","og_site_name":"International Center for Community Land Trusts","article_publisher":"https:\/\/www.facebook.com\/cltcenter","article_modified_time":"2025-12-11T20:37:45+00:00","og_image":[{"width":2560,"height":1707,"url":"https:\/\/www.cltweb.org\/wp-content\/uploads\/2025\/11\/Social-Graphic_Landscape-scaled.png","type":"image\/png"}],"twitter_card":"summary_large_image","twitter_site":"@Center4CLTs","twitter_misc":{"Est. tempo de leitura":"5 minutos"},"schema":{"@context":"https:\/\/schema.org","@graph":[{"@type":"WebPage","@id":"https:\/\/www.cltweb.org\/pt-br\/event\/parcerias-habitat-for-humanity-clt-para-acessibilidade-duradoura\/","url":"https:\/\/www.cltweb.org\/pt-br\/event\/parcerias-habitat-for-humanity-clt-para-acessibilidade-duradoura\/","name":"Amplia\u00e7\u00e3o da oferta de moradias por meio de parcerias Habitat for Humanity-CLT - International Center for Community Land Trusts","isPartOf":{"@id":"https:\/\/www.cltweb.org\/pt-br\/#website"},"primaryImageOfPage":{"@id":"https:\/\/www.cltweb.org\/pt-br\/event\/parcerias-habitat-for-humanity-clt-para-acessibilidade-duradoura\/#primaryimage"},"image":{"@id":"https:\/\/www.cltweb.org\/pt-br\/event\/parcerias-habitat-for-humanity-clt-para-acessibilidade-duradoura\/#primaryimage"},"thumbnailUrl":"https:\/\/www.cltweb.org\/wp-content\/uploads\/2025\/11\/Social-Graphic_Landscape-scaled.png","datePublished":"2025-11-04T15:15:07+00:00","dateModified":"2025-12-11T20:37:45+00:00","breadcrumb":{"@id":"https:\/\/www.cltweb.org\/pt-br\/event\/parcerias-habitat-for-humanity-clt-para-acessibilidade-duradoura\/#breadcrumb"},"inLanguage":"pt-BR","potentialAction":[{"@type":"ReadAction","target":["https:\/\/www.cltweb.org\/pt-br\/event\/parcerias-habitat-for-humanity-clt-para-acessibilidade-duradoura\/"]}]},{"@type":"ImageObject","inLanguage":"pt-BR","@id":"https:\/\/www.cltweb.org\/pt-br\/event\/parcerias-habitat-for-humanity-clt-para-acessibilidade-duradoura\/#primaryimage","url":"https:\/\/www.cltweb.org\/wp-content\/uploads\/2025\/11\/Social-Graphic_Landscape-scaled.png","contentUrl":"https:\/\/www.cltweb.org\/wp-content\/uploads\/2025\/11\/Social-Graphic_Landscape-scaled.png","width":2560,"height":1707},{"@type":"BreadcrumbList","@id":"https:\/\/www.cltweb.org\/pt-br\/event\/parcerias-habitat-for-humanity-clt-para-acessibilidade-duradoura\/#breadcrumb","itemListElement":[{"@type":"ListItem","position":1,"name":"Home","item":"https:\/\/www.cltweb.org\/pt-br\/"},{"@type":"ListItem","position":2,"name":"Eventos","item":"https:\/\/www.cltweb.org\/pt-br\/events\/"},{"@type":"ListItem","position":3,"name":"Amplia\u00e7\u00e3o da oferta de moradias por meio de parcerias Habitat for Humanity-CLT"}]},{"@type":"WebSite","@id":"https:\/\/www.cltweb.org\/pt-br\/#website","url":"https:\/\/www.cltweb.org\/pt-br\/","name":"International Center for Community Land Trusts","description":"","publisher":{"@id":"https:\/\/www.cltweb.org\/pt-br\/#organization"},"potentialAction":[{"@type":"SearchAction","target":{"@type":"EntryPoint","urlTemplate":"https:\/\/www.cltweb.org\/pt-br\/?s={search_term_string}"},"query-input":{"@type":"PropertyValueSpecification","valueRequired":true,"valueName":"search_term_string"}}],"inLanguage":"pt-BR"},{"@type":"Organization","@id":"https:\/\/www.cltweb.org\/pt-br\/#organization","name":"International Center for Community Land Trusts","url":"https:\/\/www.cltweb.org\/pt-br\/","logo":{"@type":"ImageObject","inLanguage":"pt-BR","@id":"https:\/\/www.cltweb.org\/pt-br\/#\/schema\/logo\/image\/","url":"https:\/\/www.cltweb.org\/wp-content\/uploads\/2024\/11\/New-CLT-Center-Text-logo.png","contentUrl":"https:\/\/www.cltweb.org\/wp-content\/uploads\/2024\/11\/New-CLT-Center-Text-logo.png","width":227,"height":80,"caption":"International Center for Community Land Trusts"},"image":{"@id":"https:\/\/www.cltweb.org\/pt-br\/#\/schema\/logo\/image\/"},"sameAs":["https:\/\/www.facebook.com\/cltcenter","https:\/\/x.com\/Center4CLTs","https:\/\/www.instagram.com\/cltcenter\/","https:\/\/www.linkedin.com\/company\/cltcenter","https:\/\/www.youtube.com\/@centerforcltinnovation5313"],"description":"The International Center for Community Land Trusts is a not-for-profit nongovernmental organization established in 2018 to promote and to support community land trusts and similar strategies of community-led development on community-owned land in countries throughout the world.","email":"info@communitylandtrust.net","legalName":"International Center for Community Land Trusts","foundingDate":"2018-12-01","taxID":"84-3858933","numberOfEmployees":{"@type":"QuantitativeValue","minValue":"1","maxValue":"10"}}]}},"taxonomy_info":{"post_tag":[{"value":332,"label":"fundo de terras comunit\u00e1rio"},{"value":343,"label":"habitat para a humanidade"},{"value":298,"label":"webinar"}]},"featured_image_src_large":["https:\/\/www.cltweb.org\/wp-content\/uploads\/2025\/11\/Social-Graphic_Landscape-scaled.png",1024,683,false],"author_info":{"display_name":"Ben Harris","author_link":"https:\/\/www.cltweb.org\/pt-br\/author\/ben\/"},"comment_info":"","jetpack_sharing_enabled":true,"_links":{"self":[{"href":"https:\/\/www.cltweb.org\/pt-br\/wp-json\/wp\/v2\/tribe_events\/9553","targetHints":{"allow":["GET"]}}],"collection":[{"href":"https:\/\/www.cltweb.org\/pt-br\/wp-json\/wp\/v2\/tribe_events"}],"about":[{"href":"https:\/\/www.cltweb.org\/pt-br\/wp-json\/wp\/v2\/types\/tribe_events"}],"author":[{"embeddable":true,"href":"https:\/\/www.cltweb.org\/pt-br\/wp-json\/wp\/v2\/users\/2"}],"version-history":[{"count":14,"href":"https:\/\/www.cltweb.org\/pt-br\/wp-json\/wp\/v2\/tribe_events\/9553\/revisions"}],"predecessor-version":[{"id":10955,"href":"https:\/\/www.cltweb.org\/pt-br\/wp-json\/wp\/v2\/tribe_events\/9553\/revisions\/10955"}],"wp:featuredmedia":[{"embeddable":true,"href":"https:\/\/www.cltweb.org\/pt-br\/wp-json\/wp\/v2\/media\/10639"}],"wp:attachment":[{"href":"https:\/\/www.cltweb.org\/pt-br\/wp-json\/wp\/v2\/media?parent=9553"}],"wp:term":[{"taxonomy":"post_tag","embeddable":true,"href":"https:\/\/www.cltweb.org\/pt-br\/wp-json\/wp\/v2\/tags?post=9553"},{"taxonomy":"tribe_events_cat","embeddable":true,"href":"https:\/\/www.cltweb.org\/pt-br\/wp-json\/wp\/v2\/tribe_events_cat?post=9553"}],"curies":[{"name":"wp","href":"https:\/\/api.w.org\/{rel}","templated":true}]}}